{"id":1225,"date":"2020-06-04T14:56:44","date_gmt":"2020-06-04T12:56:44","guid":{"rendered":"http:\/\/agora.xtec.cat\/cfasebastiajuanarbo\/?page_id=1225"},"modified":"2020-06-08T16:15:31","modified_gmt":"2020-06-08T14:15:31","slug":"certificats-i-titols","status":"publish","type":"page","link":"https:\/\/agora.xtec.cat\/cfasebastiajuanarbo\/secretaria\/certificats-i-titols\/","title":{"rendered":"Certificats i t\u00edtols"},"content":{"rendered":"<p><span style=\"color: #0056b8;\"><strong>Titulacions i certificacions segons ensenyaments<\/strong><\/span><\/p>\n<p><img loading=\"lazy\" decoding=\"async\" class=\"wp-image-751 aligncenter\" src=\"http:\/\/agora.xtec.cat\/cfasebastiajuanarbo\/wp-content\/uploads\/usu957\/2014\/09\/Captura-de-pantalla-2018-08-23-a-las-19.25.32.png\" alt=\"\" width=\"714\" height=\"529\" srcset=\"https:\/\/agora.xtec.cat\/cfasebastiajuanarbo\/wp-content\/uploads\/usu957\/2014\/09\/Captura-de-pantalla-2018-08-23-a-las-19.25.32.png 795w, https:\/\/agora.xtec.cat\/cfasebastiajuanarbo\/wp-content\/uploads\/usu957\/2014\/09\/Captura-de-pantalla-2018-08-23-a-las-19.25.32-300x222.png 300w, https:\/\/agora.xtec.cat\/cfasebastiajuanarbo\/wp-content\/uploads\/usu957\/2014\/09\/Captura-de-pantalla-2018-08-23-a-las-19.25.32-768x569.png 768w\" sizes=\"auto, (max-width: 714px) 100vw, 714px\" \/><\/p>\n<p><span style=\"color: #0056b8;\"><strong>Tramitaci\u00f3 de t\u00edtols\/certificats<\/strong><\/span><\/p>\n<p>Els certificats<strong>\u00a0s\u2019han de demanar amb un\u00a0m\u00ednim d\u2019una setmana d\u2019antelaci\u00f3\u00a0mitjan\u00e7ant el\u00a0model de <a href=\"https:\/\/drive.google.com\/file\/d\/1z95ryzE9JXnKBtLaWqw1zoDQmUWVudyt\/view?usp=sharing\">sol\u00b7licitud general<\/a>\u00a0i el DNI<\/strong>.<\/p>\n<h6><span style=\"color: #0056b8;\"><strong>Autoritzacions a terceres persones<\/strong><\/span><\/h6>\n<p>S&#8217;aconsella que cada alumne\/a reculli personalment el seu certificat o t\u00edtol, per\u00f2 en el cas excepcional que no es pugui recollir personalment podr\u00e0 autoritzar a una altra persona, la qual, a m\u00e9s del seu DNI, haur\u00e0 de presentar la seg\u00fcent documentaci\u00f3:<\/p>\n<p>\u00b7\u00a0\u00a0\u00a0\u00a0\u00a0\u00a0\u00a0\u00a0 Document d\u2019<a href=\"https:\/\/drive.google.com\/file\/d\/1BlnYW4pwUzK2HJsWvf0aYwNC6i19sRaK\/view?usp=sharing\"><strong>aut<\/strong><strong>oritzacio a <\/strong><strong>terceres <\/strong><strong>persones<\/strong><\/a><\/p>\n<p>\u00b7\u00a0\u00a0\u00a0\u00a0\u00a0\u00a0\u00a0\u00a0 Original i fotoc\u00f2pia simple del DNI del\/ la sol\u00b7licitant del certificat o t\u00edtol.<\/p>\n<p>Al document acreditatiu de l\u2019autoritzaci\u00f3 hi haur\u00e0 de constar el nom, cognoms i n\u00famero de DNI tant de l\u2019interessat\/da com de la persona autoritzada, els quals signaran el document, que expressar\u00e0 que l\u2019objecte de l\u2019autoritzaci\u00f3 \u00e9s recollir a la secretaria del centre l\u2019esmentat certificat o t\u00edtol.<\/p>\n","protected":false},"excerpt":{"rendered":"<p>Titulacions i certificacions segons ensenyaments<\/p>\n<p>Tramitaci\u00f3 de t\u00edtols\/certificats<br \/>\nEls certificats\u00a0s\u2019han de demanar amb un\u00a0m\u00ednim d\u2019una setmana d\u2019antelaci\u00f3\u00a0mitjan\u00e7ant el\u00a0model de <a href=\"https:\/\/drive.google.com\/file\/d\/1z95ryzE9JXnKBtLaWqw1zoDQmUWVudyt\/view?usp=sharing\">sol\u00b7licitud general<\/a>\u00a0i el DNI.<br \/>\nAutoritzacions a terceres persones<br \/>\nS&#8217;aconsella que cada alumne\/a reculli personalment el seu certificat o t\u00edtol, per\u00f2 en el cas excepcional que no es pugui recollir&hellip;  <a href=\"https:\/\/agora.xtec.cat\/cfasebastiajuanarbo\/secretaria\/certificats-i-titols\/\" title=\"Read Certificats i t\u00edtols\">Llegeix m\u00e9s\u00bb<\/a><\/p>\n","protected":false},"author":1,"featured_media":0,"parent":81,"menu_order":30,"comment_status":"closed","ping_status":"closed","template":"","meta":{"_bbp_topic_count":0,"_bbp_reply_count":0,"_bbp_total_topic_count":0,"_bbp_total_reply_count":0,"_bbp_voice_count":0,"_bbp_anonymous_reply_count":0,"_bbp_topic_count_hidden":0,"_bbp_reply_count_hidden":0,"_bbp_forum_subforum_count":0,"footnotes":""},"class_list":["post-1225","page","type-page","status-publish","hentry"],"post_mailing_queue_ids":[],"_links":{"self":[{"href":"https:\/\/agora.xtec.cat\/cfasebastiajuanarbo\/wp-json\/wp\/v2\/pages\/1225","targetHints":{"allow":["GET"]}}],"collection":[{"href":"https:\/\/agora.xtec.cat\/cfasebastiajuanarbo\/wp-json\/wp\/v2\/pages"}],"about":[{"href":"https:\/\/agora.xtec.cat\/cfasebastiajuanarbo\/wp-json\/wp\/v2\/types\/page"}],"author":[{"embeddable":true,"href":"https:\/\/agora.xtec.cat\/cfasebastiajuanarbo\/wp-json\/wp\/v2\/users\/1"}],"replies":[{"embeddable":true,"href":"https:\/\/agora.xtec.cat\/cfasebastiajuanarbo\/wp-json\/wp\/v2\/comments?post=1225"}],"version-history":[{"count":3,"href":"https:\/\/agora.xtec.cat\/cfasebastiajuanarbo\/wp-json\/wp\/v2\/pages\/1225\/revisions"}],"predecessor-version":[{"id":1365,"href":"https:\/\/agora.xtec.cat\/cfasebastiajuanarbo\/wp-json\/wp\/v2\/pages\/1225\/revisions\/1365"}],"up":[{"embeddable":true,"href":"https:\/\/agora.xtec.cat\/cfasebastiajuanarbo\/wp-json\/wp\/v2\/pages\/81"}],"wp:attachment":[{"href":"https:\/\/agora.xtec.cat\/cfasebastiajuanarbo\/wp-json\/wp\/v2\/media?parent=1225"}],"curies":[{"name":"wp","href":"https:\/\/api.w.org\/{rel}","templated":true}]}}