{"id":844,"date":"2019-05-30T12:58:31","date_gmt":"2019-05-30T10:58:31","guid":{"rendered":"http:\/\/agora.xtec.cat\/cfasantboi\/?page_id=844"},"modified":"2022-08-29T10:24:10","modified_gmt":"2022-08-29T08:24:10","slug":"frances-nivell-1","status":"publish","type":"page","link":"https:\/\/agora.xtec.cat\/cfasantboi\/ensenyaments\/ensenyaments-transprofessionals\/frances-nivell-1\/","title":{"rendered":"Llengua francesa"},"content":{"rendered":"<p style=\"text-align: center;\"><iframe loading=\"lazy\" src=\"https:\/\/www.youtube.com\/embed\/sOp1vxCxfjc\" width=\"280\" height=\"160\" frameborder=\"0\"><span data-mce-type=\"bookmark\" style=\"display: inline-block; width: 0px; overflow: hidden; line-height: 0;\" class=\"mce_SELRES_start\">\ufeff<\/span><\/iframe><\/p>\n<p style=\"text-align: center;\"><span style=\"font-weight: 400; color: #008000;\">A l\u2019escola CFA Sant Boi s\u2019ofereixen els seg\u00fcents cursos de franc\u00e8s:<\/span><\/p>\n<table class=\" aligncenter\" style=\"height: 196px; width: 34.943%; background-color: #ffffff; border-color: #000000;\" width=\"384\">\n<tbody>\n<tr style=\"height: 55px;\">\n<td style=\"height: 55px; width: 22.3039%;\"><span style=\"color: #000000;\"><strong>\u00a0 \u00a0Grup<\/strong><\/span><\/td>\n<td style=\"height: 55px; width: 18.6275%; text-align: center;\"><span style=\"color: #000000;\"><strong>Nivell<\/strong><\/span><\/td>\n<td style=\"height: 55px; width: 29.4118%; text-align: center;\"><span style=\"color: #000000;\"><strong>Hores\/setmana<\/strong><\/span><\/td>\n<\/tr>\n<tr style=\"height: 55px;\">\n<td style=\"height: 55px; width: 22.3039%; text-align: center;\"><b>Franc\u00e8s 1<\/b><\/td>\n<td style=\"height: 55px; width: 18.6275%; text-align: center;\"><strong><span style=\"color: #0000ff;\">A1<\/span><\/strong><\/td>\n<td style=\"height: 55px; width: 29.4118%; text-align: center;\"><span style=\"font-weight: 400;\">3<\/span><\/td>\n<\/tr>\n<tr style=\"height: 55px;\">\n<td style=\"height: 55px; width: 22.3039%; text-align: center;\"><b>Franc\u00e8s 2<\/b><\/td>\n<td style=\"height: 55px; width: 18.6275%; text-align: center;\"><strong><span style=\"color: #0000ff;\">A2.1<\/span><\/strong><\/td>\n<td style=\"height: 55px; width: 29.4118%; text-align: center;\"><span style=\"font-weight: 400;\">4<\/span><\/td>\n<\/tr>\n<tr style=\"height: 55px;\">\n<td style=\"height: 55px; width: 22.3039%; text-align: center;\"><b>Franc\u00e8s 3<\/b><\/td>\n<td style=\"width: 18.6275%; text-align: center; height: 31px;\"><strong><span style=\"color: #0000ff;\">A2+<\/span><\/strong><\/td>\n<td style=\"width: 29.4118%; text-align: center; height: 31px;\"><span style=\"font-weight: 400;\">4<\/span><\/td>\n<\/tr>\n<\/tbody>\n<\/table>\n<ul style=\"font-weight: 400;\">\n<li>Curs anuals, de setembre a juny.<\/li>\n<li>Classes en dos dies setmanals.<\/li>\n<li>Corresponen als nivell A1 , A2.1 i A2+ del marc europeu com\u00fa de refer\u00e8ncia per a les lleng\u00fces.<\/li>\n<\/ul>\n<p><b>Aquest certificat \u00e9s reconegut per les Escoles Oficials d\u2019Idiomes de Catalunya per a poder continuar aquests estudis a partir del 3r curs.\u00a0\u00a0<\/b><\/p>\n<p style=\"text-align: center;\"><b>L\u2019AVALUACI\u00d3<\/b><\/p>\n<p><span style=\"font-weight: 400;\">Com els nostres cursos s\u00f3n <\/span><b>oficials i reconeguts pel Departament d\u2019Ensenyament<\/b><span style=\"font-weight: 400;\">, es duu a terme avaluaci\u00f3 cont\u00ednua i <\/span><b>una prova fina<\/b><span style=\"font-weight: 400;\">l en concloure cada nivell.\u00a0<\/span><\/p>\n<p>Per a m\u00e9s informaci\u00f3, podeu consultar <a href=\"http:\/\/queestudiar.gencat.cat\/ca\/estudis\/adults\/estudis\/llengua-estrangera\/?p_id=2332&amp;estudi\" target=\"_blank\" rel=\"noopener noreferrer\">Llengua estrangera: franc\u00e8s<\/a><\/p>\n","protected":false},"excerpt":{"rendered":"<p>\ufeff<br \/>\nA l\u2019escola CFA Sant Boi s\u2019ofereixen els seg\u00fcents cursos de franc\u00e8s:<\/p>\n<p>\u00a0 \u00a0Grup<br \/>\nNivell<br \/>\nHores\/setmana<\/p>\n<p>Franc\u00e8s 1<br \/>\nA1<br \/>\n3<\/p>\n<p>Franc\u00e8s 2<br \/>\nA2.1<br \/>\n4<\/p>\n<p>Franc\u00e8s 3<br \/>\nA2+<br \/>\n4<\/p>\n<ul style=\"font-weight: 400;\">\n<li>Curs anuals, de setembre a juny.<\/li>\n<li>Classes en dos dies setmanals.<\/li>\n<li>Corresponen als nivell A1 , A2.1 i A2+ del marc europeu com\u00fa de refer\u00e8ncia per a les lleng\u00fces.<\/li>\n<\/ul>\n<p>Aquest certificat \u00e9s&hellip;  <a href=\"https:\/\/agora.xtec.cat\/cfasantboi\/ensenyaments\/ensenyaments-transprofessionals\/frances-nivell-1\/\" title=\"Read Llengua francesa\">Llegeix m\u00e9s\u00bb<\/a><\/p>\n","protected":false},"author":3,"featured_media":0,"parent":286,"menu_order":0,"comment_status":"closed","ping_status":"closed","template":"page-templates\/side-menu.php","meta":{"_bbp_topic_count":0,"_bbp_reply_count":0,"_bbp_total_topic_count":0,"_bbp_total_reply_count":0,"_bbp_voice_count":0,"_bbp_anonymous_reply_count":0,"_bbp_topic_count_hidden":0,"_bbp_reply_count_hidden":0,"_bbp_forum_subforum_count":0,"footnotes":""},"class_list":["post-844","page","type-page","status-publish","hentry"],"post_mailing_queue_ids":[],"_links":{"self":[{"href":"https:\/\/agora.xtec.cat\/cfasantboi\/wp-json\/wp\/v2\/pages\/844","targetHints":{"allow":["GET"]}}],"collection":[{"href":"https:\/\/agora.xtec.cat\/cfasantboi\/wp-json\/wp\/v2\/pages"}],"about":[{"href":"https:\/\/agora.xtec.cat\/cfasantboi\/wp-json\/wp\/v2\/types\/page"}],"author":[{"embeddable":true,"href":"https:\/\/agora.xtec.cat\/cfasantboi\/wp-json\/wp\/v2\/users\/3"}],"replies":[{"embeddable":true,"href":"https:\/\/agora.xtec.cat\/cfasantboi\/wp-json\/wp\/v2\/comments?post=844"}],"version-history":[{"count":4,"href":"https:\/\/agora.xtec.cat\/cfasantboi\/wp-json\/wp\/v2\/pages\/844\/revisions"}],"predecessor-version":[{"id":1941,"href":"https:\/\/agora.xtec.cat\/cfasantboi\/wp-json\/wp\/v2\/pages\/844\/revisions\/1941"}],"up":[{"embeddable":true,"href":"https:\/\/agora.xtec.cat\/cfasantboi\/wp-json\/wp\/v2\/pages\/286"}],"wp:attachment":[{"href":"https:\/\/agora.xtec.cat\/cfasantboi\/wp-json\/wp\/v2\/media?parent=844"}],"curies":[{"name":"wp","href":"https:\/\/api.w.org\/{rel}","templated":true}]}}