{"id":265,"date":"2015-01-27T17:28:56","date_gmt":"2015-01-27T16:28:56","guid":{"rendered":"http:\/\/agora.xtec.cat\/cfasantboi\/\/?page_id=265"},"modified":"2024-10-28T18:36:03","modified_gmt":"2024-10-28T17:36:03","slug":"organitzacio-interna","status":"publish","type":"page","link":"https:\/\/agora.xtec.cat\/cfasantboi\/el-centre\/organitzacio-interna\/","title":{"rendered":"Personal i c\u00e0rrecs del CFA Sant Boi"},"content":{"rendered":"<p>&nbsp;<\/p>\n\n\t\t<style type=\"text\/css\">\n\t\t\t#gallery-1 {\n\t\t\t\tmargin: auto;\n\t\t\t}\n\t\t\t#gallery-1 .gallery-item {\n\t\t\t\tfloat: left;\n\t\t\t\tmargin-top: 10px;\n\t\t\t\ttext-align: center;\n\t\t\t\twidth: 33%;\n\t\t\t}\n\t\t\t#gallery-1 img {\n\t\t\t\tborder: 2px solid #cfcfcf;\n\t\t\t}\n\t\t\t#gallery-1 .gallery-caption {\n\t\t\t\tmargin-left: 0;\n\t\t\t}\n\t\t\t\/* see gallery_shortcode() in wp-includes\/media.php *\/\n\t\t<\/style>\n\t\t<div id='gallery-1' class='gallery galleryid-265 gallery-columns-3 gallery-size-thumbnail'><dl class='gallery-item'>\n\t\t\t<dt class='gallery-icon landscape'>\n\t\t\t\t<img loading=\"lazy\" decoding=\"async\" width=\"150\" height=\"150\" src=\"https:\/\/agora.xtec.cat\/cfasantboi\/wp-content\/uploads\/usu255\/2024\/08\/Captura-de-pantalla-2024-08-11-222158-150x150.jpg\" class=\"attachment-thumbnail size-thumbnail\" alt=\"\" aria-describedby=\"gallery-1-2261\" \/>\n\t\t\t<\/dt>\n\t\t\t\t<dd class='wp-caption-text gallery-caption' id='gallery-1-2261'>\n\t\t\t\tAntoni P\u00e9rez. Director i prof. de ci\u00e8ncies.\n\t\t\t\t<\/dd><\/dl><dl class='gallery-item'>\n\t\t\t<dt class='gallery-icon portrait'>\n\t\t\t\t<img loading=\"lazy\" decoding=\"async\" width=\"150\" height=\"150\" src=\"https:\/\/agora.xtec.cat\/cfasantboi\/wp-content\/uploads\/usu255\/2024\/10\/admin-ajax-150x150.png\" class=\"attachment-thumbnail size-thumbnail\" alt=\"\" aria-describedby=\"gallery-1-2315\" \/>\n\t\t\t<\/dt>\n\t\t\t\t<dd class='wp-caption-text gallery-caption' id='gallery-1-2315'>\n\t\t\t\tJes\u00fas Rodr\u00edguez. Cap d&#8217;estudis.\n\t\t\t\t<\/dd><\/dl><dl class='gallery-item'>\n\t\t\t<dt class='gallery-icon portrait'>\n\t\t\t\t<img loading=\"lazy\" decoding=\"async\" width=\"150\" height=\"150\" src=\"https:\/\/agora.xtec.cat\/cfasantboi\/wp-content\/uploads\/usu255\/2024\/10\/admin-ajax-1-150x150.png\" class=\"attachment-thumbnail size-thumbnail\" alt=\"\" aria-describedby=\"gallery-1-2316\" \/>\n\t\t\t<\/dt>\n\t\t\t\t<dd class='wp-caption-text gallery-caption' id='gallery-1-2316'>\n\t\t\t\tS\u00f2nia Rodr\u00edguez. Secret\u00e0ria.\n\t\t\t\t<\/dd><\/dl><br style=\"clear: both\" \/><dl class='gallery-item'>\n\t\t\t<dt class='gallery-icon portrait'>\n\t\t\t\t<img loading=\"lazy\" decoding=\"async\" width=\"150\" height=\"150\" src=\"https:\/\/agora.xtec.cat\/cfasantboi\/wp-content\/uploads\/usu255\/2024\/10\/admin-ajax-2-150x150.png\" class=\"attachment-thumbnail size-thumbnail\" alt=\"\" aria-describedby=\"gallery-1-2318\" \/>\n\t\t\t<\/dt>\n\t\t\t\t<dd class='wp-caption-text gallery-caption' id='gallery-1-2318'>\n\t\t\t\tAl\u00edcia Pou. Prof. Lleng\u00fces.\n\t\t\t\t<\/dd><\/dl><dl class='gallery-item'>\n\t\t\t<dt class='gallery-icon landscape'>\n\t\t\t\t<img loading=\"lazy\" decoding=\"async\" width=\"150\" height=\"150\" src=\"https:\/\/agora.xtec.cat\/cfasantboi\/wp-content\/uploads\/usu255\/2024\/10\/admin-ajax-3-150x150.png\" class=\"attachment-thumbnail size-thumbnail\" alt=\"\" aria-describedby=\"gallery-1-2320\" srcset=\"https:\/\/agora.xtec.cat\/cfasantboi\/wp-content\/uploads\/usu255\/2024\/10\/admin-ajax-3-150x150.png 150w, https:\/\/agora.xtec.cat\/cfasantboi\/wp-content\/uploads\/usu255\/2024\/10\/admin-ajax-3.png 202w\" sizes=\"auto, (max-width: 150px) 100vw, 150px\" \/>\n\t\t\t<\/dt>\n\t\t\t\t<dd class='wp-caption-text gallery-caption' id='gallery-1-2320'>\n\t\t\t\tBerta Romero. Prof. Lleng\u00fces i Coord. LIC,\n\t\t\t\t<\/dd><\/dl><dl class='gallery-item'>\n\t\t\t<dt class='gallery-icon portrait'>\n\t\t\t\t<img loading=\"lazy\" decoding=\"async\" width=\"150\" height=\"150\" src=\"https:\/\/agora.xtec.cat\/cfasantboi\/wp-content\/uploads\/usu255\/2024\/10\/admin-ajax-4-150x150.png\" class=\"attachment-thumbnail size-thumbnail\" alt=\"\" aria-describedby=\"gallery-1-2321\" \/>\n\t\t\t<\/dt>\n\t\t\t\t<dd class='wp-caption-text gallery-caption' id='gallery-1-2321'>\n\t\t\t\tCarme Subrirana.  Prof ci\u00e8ncies i coord proves acc\u00e8s\n\t\t\t\t<\/dd><\/dl><br style=\"clear: both\" \/><dl class='gallery-item'>\n\t\t\t<dt class='gallery-icon portrait'>\n\t\t\t\t<img loading=\"lazy\" decoding=\"async\" width=\"150\" height=\"150\" src=\"https:\/\/agora.xtec.cat\/cfasantboi\/wp-content\/uploads\/usu255\/2022\/09\/foto-cole-150x150.jpeg\" class=\"attachment-thumbnail size-thumbnail\" alt=\"\" aria-describedby=\"gallery-1-1966\" \/>\n\t\t\t<\/dt>\n\t\t\t\t<dd class='wp-caption-text gallery-caption' id='gallery-1-1966'>\n\t\t\t\tMerche Navarro. Prof. ci\u00e8ncies i Coord TIC\n\t\t\t\t<\/dd><\/dl><dl class='gallery-item'>\n\t\t\t<dt class='gallery-icon landscape'>\n\t\t\t\t<img loading=\"lazy\" decoding=\"async\" width=\"150\" height=\"150\" src=\"https:\/\/agora.xtec.cat\/cfasantboi\/wp-content\/uploads\/usu255\/2022\/07\/Foto-Aitor-Arregui-150x150.jpg\" class=\"attachment-thumbnail size-thumbnail\" alt=\"\" aria-describedby=\"gallery-1-1921\" \/>\n\t\t\t<\/dt>\n\t\t\t\t<dd class='wp-caption-text gallery-caption' id='gallery-1-1921'>\n\t\t\t\tAitor Arregui. Prof. socials i Coord GES\n\t\t\t\t<\/dd><\/dl><dl class='gallery-item'>\n\t\t\t<dt class='gallery-icon portrait'>\n\t\t\t\t<img loading=\"lazy\" decoding=\"async\" width=\"150\" height=\"150\" src=\"https:\/\/agora.xtec.cat\/cfasantboi\/wp-content\/uploads\/usu255\/2022\/07\/1656869430317-150x150.jpg\" class=\"attachment-thumbnail size-thumbnail\" alt=\"\" aria-describedby=\"gallery-1-1920\" \/>\n\t\t\t<\/dt>\n\t\t\t\t<dd class='wp-caption-text gallery-caption' id='gallery-1-1920'>\n\t\t\t\tJos\u00e9 A. Moreno. Prof. lleng\u00fces i Coord COCOBE\n\t\t\t\t<\/dd><\/dl><br style=\"clear: both\" \/><dl class='gallery-item'>\n\t\t\t<dt class='gallery-icon portrait'>\n\t\t\t\t<img loading=\"lazy\" decoding=\"async\" width=\"150\" height=\"150\" src=\"https:\/\/agora.xtec.cat\/cfasantboi\/wp-content\/uploads\/usu255\/2024\/09\/IMG_20240814_1021154-150x150.jpg\" class=\"attachment-thumbnail size-thumbnail\" alt=\"\" aria-describedby=\"gallery-1-2269\" \/>\n\t\t\t<\/dt>\n\t\t\t\t<dd class='wp-caption-text gallery-caption' id='gallery-1-2269'>\n\t\t\t\tLoren Rentero. Administrativa.\n\t\t\t\t<\/dd><\/dl><dl class='gallery-item'>\n\t\t\t<dt class='gallery-icon portrait'>\n\t\t\t\t<img loading=\"lazy\" decoding=\"async\" width=\"150\" height=\"150\" src=\"https:\/\/agora.xtec.cat\/cfasantboi\/wp-content\/uploads\/usu255\/2024\/09\/foto_gran-150x150.png\" class=\"attachment-thumbnail size-thumbnail\" alt=\"\" aria-describedby=\"gallery-1-2271\" \/>\n\t\t\t<\/dt>\n\t\t\t\t<dd class='wp-caption-text gallery-caption' id='gallery-1-2271'>\n\t\t\t\tQuique Blasco. Prof. lleng\u00fces.. Coord Societat Informaci\u00f3.\n\t\t\t\t<\/dd><\/dl><dl class='gallery-item'>\n\t\t\t<dt class='gallery-icon portrait'>\n\t\t\t\t<img loading=\"lazy\" decoding=\"async\" width=\"150\" height=\"150\" src=\"https:\/\/agora.xtec.cat\/cfasantboi\/wp-content\/uploads\/usu255\/2024\/09\/image_123650291-1-150x150.jpg\" class=\"attachment-thumbnail size-thumbnail\" alt=\"\" aria-describedby=\"gallery-1-2289\" \/>\n\t\t\t<\/dt>\n\t\t\t\t<dd class='wp-caption-text gallery-caption' id='gallery-1-2289'>\n\t\t\t\tOscar Murillo. Prof. lleng\u00fces. Coord. riscos\n\t\t\t\t<\/dd><\/dl><br style=\"clear: both\" \/><dl class='gallery-item'>\n\t\t\t<dt class='gallery-icon portrait'>\n\t\t\t\t<img loading=\"lazy\" decoding=\"async\" width=\"150\" height=\"150\" src=\"https:\/\/agora.xtec.cat\/cfasantboi\/wp-content\/uploads\/usu255\/2024\/09\/image_123650291-150x150.jpg\" class=\"attachment-thumbnail size-thumbnail\" alt=\"\" aria-describedby=\"gallery-1-2290\" \/>\n\t\t\t<\/dt>\n\t\t\t\t<dd class='wp-caption-text gallery-caption' id='gallery-1-2290'>\n\t\t\t\tPaula Hernando. Prof. lleng\u00fces.\n\t\t\t\t<\/dd><\/dl>\n\t\t\t<br style='clear: both' \/>\n\t\t<\/div>\n\n","protected":false},"excerpt":{"rendered":"<p>&nbsp;<\/p>\n<p>\t\t\t#gallery-2 {<br \/>\n\t\t\t\tmargin: auto;<br \/>\n\t\t\t}<br \/>\n\t\t\t#gallery-2 .gallery-item {<br \/>\n\t\t\t\tfloat: left;<br \/>\n\t\t\t\tmargin-top: 10px;<br \/>\n\t\t\t\ttext-align: center;<br \/>\n\t\t\t\twidth: 33%;<br \/>\n\t\t\t}<br \/>\n\t\t\t#gallery-2 img {<br \/>\n\t\t\t\tborder: 2px solid #cfcfcf;<br \/>\n\t\t\t}<br \/>\n\t\t\t#gallery-2 .gallery-caption {<br \/>\n\t\t\t\tmargin-left: 0;<br \/>\n\t\t\t}<br \/>\n\t\t\t\/* see gallery_shortcode() in wp-includes\/media.php *\/<\/p>\n<p>\t\t\t\tAntoni P\u00e9rez. Director i prof. de ci\u00e8ncies.<\/p>\n<p>\t\t\t\tJes\u00fas Rodr\u00edguez. Cap d&#8217;estudis.<\/p>\n<p>\t\t\t\tS\u00f2nia Rodr\u00edguez. Secret\u00e0ria.<\/p>\n<p>\t\t\t\tAl\u00edcia Pou. Prof. Lleng\u00fces.<\/p>\n<p>\t\t\t\tBerta Romero. Prof. Lleng\u00fces i Coord. LIC,<\/p>\n<p>\t\t\t\tCarme Subrirana.  Prof&hellip;  <a href=\"https:\/\/agora.xtec.cat\/cfasantboi\/el-centre\/organitzacio-interna\/\" title=\"Read Personal i c\u00e0rrecs del CFA Sant Boi\">Llegeix m\u00e9s\u00bb<\/a><\/p>\n","protected":false},"author":2,"featured_media":0,"parent":261,"menu_order":40,"comment_status":"closed","ping_status":"closed","template":"page-templates\/side-menu.php","meta":{"_bbp_topic_count":0,"_bbp_reply_count":0,"_bbp_total_topic_count":0,"_bbp_total_reply_count":0,"_bbp_voice_count":0,"_bbp_anonymous_reply_count":0,"_bbp_topic_count_hidden":0,"_bbp_reply_count_hidden":0,"_bbp_forum_subforum_count":0,"footnotes":""},"class_list":["post-265","page","type-page","status-publish","hentry"],"post_mailing_queue_ids":[],"_links":{"self":[{"href":"https:\/\/agora.xtec.cat\/cfasantboi\/wp-json\/wp\/v2\/pages\/265","targetHints":{"allow":["GET"]}}],"collection":[{"href":"https:\/\/agora.xtec.cat\/cfasantboi\/wp-json\/wp\/v2\/pages"}],"about":[{"href":"https:\/\/agora.xtec.cat\/cfasantboi\/wp-json\/wp\/v2\/types\/page"}],"author":[{"embeddable":true,"href":"https:\/\/agora.xtec.cat\/cfasantboi\/wp-json\/wp\/v2\/users\/2"}],"replies":[{"embeddable":true,"href":"https:\/\/agora.xtec.cat\/cfasantboi\/wp-json\/wp\/v2\/comments?post=265"}],"version-history":[{"count":7,"href":"https:\/\/agora.xtec.cat\/cfasantboi\/wp-json\/wp\/v2\/pages\/265\/revisions"}],"predecessor-version":[{"id":2322,"href":"https:\/\/agora.xtec.cat\/cfasantboi\/wp-json\/wp\/v2\/pages\/265\/revisions\/2322"}],"up":[{"embeddable":true,"href":"https:\/\/agora.xtec.cat\/cfasantboi\/wp-json\/wp\/v2\/pages\/261"}],"wp:attachment":[{"href":"https:\/\/agora.xtec.cat\/cfasantboi\/wp-json\/wp\/v2\/media?parent=265"}],"curies":[{"name":"wp","href":"https:\/\/api.w.org\/{rel}","templated":true}]}}