{"id":305,"date":"2015-01-28T11:24:04","date_gmt":"2015-01-28T10:24:04","guid":{"rendered":"http:\/\/agora.xtec.cat\/cfasalvadordali\/?page_id=305"},"modified":"2024-01-20T00:48:14","modified_gmt":"2024-01-19T23:48:14","slug":"curs-dacces-als-cicles-de-grau-mitja","status":"publish","type":"page","link":"https:\/\/agora.xtec.cat\/cfasalvadordali\/ensenyaments\/ensenyaments-inicials-i-formacio-basica\/curs-dacces-als-cicles-de-grau-mitja\/","title":{"rendered":"Estudis a dist\u00e0ncia"},"content":{"rendered":"<p>&nbsp;<\/p>\n<p>Des del CFA Salvador Dal\u00ed, amb col\u00b7laboraci\u00f3 amb l\u2019Institut Obert de Catalunya (IOC), s\u2019ofereix l\u2019acc\u00e9s als estudis postobligatoris seg\u00fcents:<\/p>\n<ul>\n<li><strong>Cicles Formatius de Grau Mitj\u00e0:<\/strong>\n<ul>\n<li>Gesti\u00f3 administrativa<\/li>\n<li>Instal\u00b7lacions el\u00e8ctriques autom\u00e0tiques<\/li>\n<li>Cures auxiliar d&#8217;infermeria<\/li>\n<li>Atenci\u00f3 a persones en situaci\u00f3 de depend\u00e8ncia<\/li>\n<li>Sistemes microinform\u00e0tics i xarxes<\/li>\n<li>Producci\u00f3 agropecuaria<\/li>\n<\/ul>\n<\/li>\n<li><strong>Cicles Formatius de Grau Superior:<\/strong>\n<ul>\n<li>Administraci\u00f3 i finances<\/li>\n<li>Assist\u00e8ncia a la direcci\u00f3<\/li>\n<li>Integraci\u00f3 social<\/li>\n<li>Administraci\u00f3 de sistemes inform\u00e0tics en xarxa<\/li>\n<li>Desenvolupament d&#8217;aplicacions multiplataforma<\/li>\n<li>Desenvolupament d&#8217;aplicacions web<\/li>\n<li>Gesti\u00f3 de vendes i espais comercials<\/li>\n<li>Comer\u00e7 internacional<\/li>\n<li>Prevenci\u00f3 de riscos professionals<\/li>\n<li>Animacions 3D, jocs i entorns interactius<\/li>\n<li>Transport i log\u00edstica<\/li>\n<li>Documentaci\u00f3 i Administraci\u00f3\u00a0 sanit\u00e0ries<\/li>\n<li>M\u00e0rqueting i publicitat<\/li>\n<\/ul>\n<\/li>\n<\/ul>\n<ul>\n<li><strong>Batxillerat<\/strong><\/li>\n<\/ul>\n<p>Tamb\u00e9 oferim <strong>estudis universitaris<\/strong> de grau i m\u00e0sters amb conveni amb les universitats UNED i UOC<\/p>\n","protected":false},"excerpt":{"rendered":"<p>&nbsp;<br \/>\nDes del CFA Salvador Dal\u00ed, amb col\u00b7laboraci\u00f3 amb l\u2019Institut Obert de Catalunya (IOC), s\u2019ofereix l\u2019acc\u00e9s als estudis postobligatoris seg\u00fcents:<\/p>\n<ul>\n<li>Cicles Formatius de Grau Mitj\u00e0:\n<ul>\n<li>Gesti\u00f3 administrativa<\/li>\n<li>Instal\u00b7lacions el\u00e8ctriques autom\u00e0tiques<\/li>\n<li>Cures auxiliar d&#8217;infermeria<\/li>\n<li>Atenci\u00f3 a persones en situaci\u00f3 de depend\u00e8ncia<\/li>\n<li>Sistemes microinform\u00e0tics i xarxes<\/li>\n<li>Producci\u00f3 agropecuaria<\/li>\n<\/ul>\n<\/li>\n<li>Cicles Formatius de Grau Superior:\n<ul>\n<li>Administraci\u00f3 i finances<\/li>\n<li>Assist\u00e8ncia a&hellip;  <a href=\"https:\/\/agora.xtec.cat\/cfasalvadordali\/ensenyaments\/ensenyaments-inicials-i-formacio-basica\/curs-dacces-als-cicles-de-grau-mitja\/\" title=\"Read Estudis a dist\u00e0ncia\">Llegeix m\u00e9s\u00bb<\/a><br \/>\n","protected":false},"author":2,"featured_media":0,"parent":283,"menu_order":0,"comment_status":"closed","ping_status":"closed","template":"page-templates\/side-menu.php","meta":{"_bbp_topic_count":0,"_bbp_reply_count":0,"_bbp_total_topic_count":0,"_bbp_total_reply_count":0,"_bbp_voice_count":0,"_bbp_anonymous_reply_count":0,"_bbp_topic_count_hidden":0,"_bbp_reply_count_hidden":0,"_bbp_forum_subforum_count":0,"footnotes":""},"class_list":["post-305","page","type-page","status-publish","hentry"],"post_mailing_queue_ids":[],"_links":{"self":[{"href":"https:\/\/agora.xtec.cat\/cfasalvadordali\/wp-json\/wp\/v2\/pages\/305","targetHints":{"allow":["GET"]}}],"collection":[{"href":"https:\/\/agora.xtec.cat\/cfasalvadordali\/wp-json\/wp\/v2\/pages"}],"about":[{"href":"https:\/\/agora.xtec.cat\/cfasalvadordali\/wp-json\/wp\/v2\/types\/page"}],"author":[{"embeddable":true,"href":"https:\/\/agora.xtec.cat\/cfasalvadordali\/wp-json\/wp\/v2\/users\/2"}],"replies":[{"embeddable":true,"href":"https:\/\/agora.xtec.cat\/cfasalvadordali\/wp-json\/wp\/v2\/comments?post=305"}],"version-history":[{"count":6,"href":"https:\/\/agora.xtec.cat\/cfasalvadordali\/wp-json\/wp\/v2\/pages\/305\/revisions"}],"predecessor-version":[{"id":2598,"href":"https:\/\/agora.xtec.cat\/cfasalvadordali\/wp-json\/wp\/v2\/pages\/305\/revisions\/2598"}],"up":[{"embeddable":true,"href":"https:\/\/agora.xtec.cat\/cfasalvadordali\/wp-json\/wp\/v2\/pages\/283"}],"wp:attachment":[{"href":"https:\/\/agora.xtec.cat\/cfasalvadordali\/wp-json\/wp\/v2\/media?parent=305"}],"curies":[{"name":"wp","href":"https:\/\/api.w.org\/{rel}","templated":true}]}}