{"id":1339,"date":"2023-05-10T17:03:39","date_gmt":"2023-05-10T15:03:39","guid":{"rendered":"https:\/\/agora.xtec.cat\/cfamadrid\/?page_id=1339"},"modified":"2025-05-19T20:07:55","modified_gmt":"2025-05-19T18:07:55","slug":"aspectes-a-destacar","status":"publish","type":"page","link":"https:\/\/agora.xtec.cat\/cfamadrid\/el-centre\/estrategia-digital-de-centre\/estrategia\/aspectes-a-destacar\/","title":{"rendered":"Aspectes a destacar"},"content":{"rendered":"<p style=\"text-align: left;\" data-start=\"246\" data-end=\"380\"><span class=\"_fadeIn_m1hgl_8\">El <\/span><span class=\"_fadeIn_m1hgl_8\">dispositiu <\/span><span class=\"_fadeIn_m1hgl_8\">digital <\/span><span class=\"_fadeIn_m1hgl_8\">m\u00e9s <\/span><span class=\"_fadeIn_m1hgl_8\">accessible <\/span><span class=\"_fadeIn_m1hgl_8\">per <\/span><span class=\"_fadeIn_m1hgl_8\">a <\/span><span class=\"_fadeIn_m1hgl_8\">l\u2019alumnat <\/span><span class=\"_fadeIn_m1hgl_8\">\u00e9s <\/span><span class=\"_fadeIn_m1hgl_8\">el <\/span><span class=\"_fadeIn_m1hgl_8\">tel\u00e8fon <\/span><span class=\"_fadeIn_m1hgl_8\">m\u00f2bil, <\/span><span class=\"_fadeIn_m1hgl_8\">que <\/span><span class=\"_fadeIn_m1hgl_8\">s\u2019ha <\/span><span class=\"_fadeIn_m1hgl_8\">convertit <\/span><span class=\"_fadeIn_m1hgl_8\">en <\/span><span class=\"_fadeIn_m1hgl_8\">una<br \/>\n<\/span><span class=\"_fadeIn_m1hgl_8\">eina <\/span><span class=\"_fadeIn_m1hgl_8\">clau <\/span><span class=\"_fadeIn_m1hgl_8\">per <\/span><span class=\"_fadeIn_m1hgl_8\">al <\/span><span class=\"_fadeIn_m1hgl_8\">seu <\/span><span class=\"_fadeIn_m1hgl_8\">aprenentatge. <\/span><\/p>\n<p style=\"text-align: left;\" data-start=\"246\" data-end=\"380\"><span class=\"_fadeIn_m1hgl_8\">De <\/span><span class=\"_fadeIn_m1hgl_8\">manera <\/span><span class=\"_fadeIn_m1hgl_8\">progressiva, <\/span><span class=\"_fadeIn_m1hgl_8\">els <\/span><span class=\"_fadeIn_m1hgl_8\">alumnes <\/span><span class=\"_fadeIn_m1hgl_8\">prenen <\/span><span class=\"_fadeIn_m1hgl_8\">consci\u00e8ncia <\/span><span class=\"_fadeIn_m1hgl_8\">de <\/span><span class=\"_fadeIn_m1hgl_8\">la <\/span><span class=\"_fadeIn_m1hgl_8\">import\u00e0ncia <\/span><span class=\"_fadeIn_m1hgl_8\">de <\/span><span class=\"_fadeIn_m1hgl_8\">les <\/span><span class=\"_fadeIn_m1hgl_8\">compet\u00e8ncies<br \/>\n<\/span><span class=\"_fadeIn_m1hgl_8\">digitals <\/span><span class=\"_fadeIn_m1hgl_8\">en <\/span><span class=\"_fadeIn_m1hgl_8\">la <\/span><span class=\"_fadeIn_m1hgl_8\">vida <\/span><span class=\"_fadeIn_m1hgl_8\">quotidiana <\/span><span class=\"_fadeIn_m1hgl_8\">i <\/span><span class=\"_fadeIn_m1hgl_8\">expressen <\/span><span class=\"_fadeIn_m1hgl_8\">inter\u00e8s <\/span><span class=\"_fadeIn_m1hgl_8\">per <\/span><span class=\"_fadeIn_m1hgl_8\">incorporar <\/span><span class=\"_fadeIn_m1hgl_8\">m\u00e9s <\/span><span class=\"_fadeIn_m1hgl_8\">recursos <\/span><span class=\"_fadeIn_m1hgl_8\">virtuals <\/span><span class=\"_fadeIn_m1hgl_8\">a <\/span><span class=\"_fadeIn_m1hgl_8\">les <\/span><span class=\"_fadeIn_m1hgl_8\">seves<br \/>\n<\/span><span class=\"_fadeIn_m1hgl_8\">formacions. <\/span><span class=\"_fadeIn_m1hgl_8\">El <\/span><span class=\"_fadeIn_m1hgl_8\">nostre <\/span><span class=\"_fadeIn_m1hgl_8\">alumnat <\/span><span class=\"_fadeIn_m1hgl_8\">\u00e9s <\/span><span class=\"_fadeIn_m1hgl_8\">adult, <\/span><span class=\"_fadeIn_m1hgl_8\">ve <\/span><span class=\"_fadeIn_m1hgl_8\">al <\/span><span class=\"_fadeIn_m1hgl_8\">centre <\/span><span class=\"_fadeIn_m1hgl_8\">de <\/span><span class=\"_fadeIn_m1hgl_8\">manera <\/span><span class=\"_fadeIn_m1hgl_8\">volunt\u00e0ria <\/span><span class=\"_fadeIn_m1hgl_8\">i <\/span><span class=\"_fadeIn_m1hgl_8\">mostra <\/span><span class=\"_fadeIn_m1hgl_8\">un <\/span><span class=\"_fadeIn_m1hgl_8\">gran<br \/>\n<\/span><span class=\"_fadeIn_m1hgl_8\">comprom\u00eds <\/span><span class=\"_fadeIn_m1hgl_8\">amb <\/span><span class=\"_fadeIn_m1hgl_8\">el <\/span><span class=\"_fadeIn_m1hgl_8\">seu <\/span><span class=\"_fadeIn_m1hgl_8\">proc\u00e9s <\/span><span class=\"_fadeIn_m1hgl_8\">d\u2019aprenentatge. <\/span><span class=\"_fadeIn_m1hgl_8\">Aquesta <\/span><span class=\"_fadeIn_m1hgl_8\">motivaci\u00f3 <\/span><span class=\"_fadeIn_m1hgl_8\">\u00e9s <\/span><span class=\"_fadeIn_m1hgl_8\">un <\/span><span class=\"_fadeIn_m1hgl_8\">motor <\/span><span class=\"_fadeIn_m1hgl_8\">que <\/span><span class=\"_fadeIn_m1hgl_8\">ens <\/span><span class=\"_fadeIn_m1hgl_8\">permet<br \/>\n<\/span><span class=\"_fadeIn_m1hgl_8\">avan\u00e7ar <\/span><span class=\"_fadeIn_m1hgl_8\">en <\/span><span class=\"_fadeIn_m1hgl_8\">la <\/span><span class=\"_fadeIn_m1hgl_8\">integraci\u00f3 <\/span><span class=\"_fadeIn_m1hgl_8\">de <\/span><span class=\"_fadeIn_m1hgl_8\">les <\/span><span class=\"_fadeIn_m1hgl_8\">eines <\/span><span class=\"_fadeIn_m1hgl_8\">digitals, <\/span><span class=\"_fadeIn_m1hgl_8\">sempre <\/span><span class=\"_fadeIn_m1hgl_8\">respectant <\/span><span class=\"_fadeIn_m1hgl_8\">el <\/span><span class=\"_fadeIn_m1hgl_8\">ritme <\/span><span class=\"_fadeIn_m1hgl_8\">de <\/span><span class=\"_fadeIn_m1hgl_8\">cadasc\u00fa, <\/span><span class=\"_fadeIn_m1hgl_8\">ja <\/span><span class=\"_fadeIn_m1hgl_8\">que <\/span><span class=\"_fadeIn_m1hgl_8\">hi<br \/>\n<\/span><span class=\"_fadeIn_m1hgl_8\">ha <\/span><span class=\"_fadeIn_m1hgl_8\">una <\/span><span class=\"_fadeIn_m1hgl_8\">gran <\/span><span class=\"_fadeIn_m1hgl_8\">diversitat <\/span><span class=\"_fadeIn_m1hgl_8\">de <\/span><span class=\"_fadeIn_m1hgl_8\">nivells <\/span><span class=\"_fadeIn_m1hgl_8\">de <\/span><span class=\"_fadeIn_m1hgl_8\">compet\u00e8ncia <\/span><span class=\"_fadeIn_m1hgl_8\">digital <\/span><span class=\"_fadeIn_m1hgl_8\">dins <\/span><span class=\"_fadeIn_m1hgl_8\">dels <\/span><span class=\"_fadeIn_m1hgl_8\">grups.<br \/>\n<\/span><\/p>\n<p style=\"text-align: left;\" data-start=\"246\" data-end=\"380\"><span class=\"_fadeIn_m1hgl_8\" style=\"font-family: inherit; font-size: 1em;\">Un <\/span><span class=\"_fadeIn_m1hgl_8\" style=\"font-family: inherit; font-size: 1em;\">dels <\/span><span class=\"_fadeIn_m1hgl_8\" style=\"font-family: inherit; font-size: 1em;\">principals <\/span><span class=\"_fadeIn_m1hgl_8\" style=\"font-family: inherit; font-size: 1em;\">reptes <\/span><span class=\"_fadeIn_m1hgl_8\" style=\"font-family: inherit; font-size: 1em;\">que <\/span><span class=\"_fadeIn_m1hgl_8\" style=\"font-family: inherit; font-size: 1em;\">identifiquem <\/span><span class=\"_fadeIn_m1hgl_8\" style=\"font-family: inherit; font-size: 1em;\">\u00e9s <\/span><span class=\"_fadeIn_m1hgl_8\" style=\"font-family: inherit; font-size: 1em;\">millorar <\/span><span class=\"_fadeIn_m1hgl_8\" style=\"font-family: inherit; font-size: 1em;\">l\u2019autonomia <\/span><span class=\"_fadeIn_m1hgl_8\" style=\"font-family: inherit; font-size: 1em;\">digital <\/span><span class=\"_fadeIn_m1hgl_8\" style=\"font-family: inherit; font-size: 1em;\">de <\/span><span class=\"_fadeIn_m1hgl_8\" style=\"font-family: inherit; font-size: 1em;\">l\u2019alumnat <\/span><span class=\"_fadeIn_m1hgl_8\" style=\"font-family: inherit; font-size: 1em;\">i <\/span><span class=\"_fadeIn_m1hgl_8\" style=\"font-family: inherit; font-size: 1em;\">fomentar<br \/>\n<\/span><span class=\"_fadeIn_m1hgl_8\" style=\"font-family: inherit; font-size: 1em;\">una <\/span><span class=\"_fadeIn_m1hgl_8\" style=\"font-family: inherit; font-size: 1em;\">major <\/span><span class=\"_fadeIn_m1hgl_8\" style=\"font-family: inherit; font-size: 1em;\">interacci\u00f3 <\/span><span class=\"_fadeIn_m1hgl_8\" style=\"font-family: inherit; font-size: 1em;\">digital <\/span><span class=\"_fadeIn_m1hgl_8\" style=\"font-family: inherit; font-size: 1em;\">entre <\/span><span class=\"_fadeIn_m1hgl_8\" style=\"font-family: inherit; font-size: 1em;\">companys <\/span><span class=\"_fadeIn_m1hgl_8\" style=\"font-family: inherit; font-size: 1em;\">i <\/span><span class=\"_fadeIn_m1hgl_8\" style=\"font-family: inherit; font-size: 1em;\">companyes.<br \/>\n<\/span><\/p>\n<p style=\"text-align: left;\" data-start=\"246\" data-end=\"380\"><span class=\"_fadeIn_m1hgl_8\" style=\"font-family: inherit; font-size: 1em;\">Pel <\/span><span class=\"_fadeIn_m1hgl_8\" style=\"font-family: inherit; font-size: 1em;\">que <\/span><span class=\"_fadeIn_m1hgl_8\" style=\"font-family: inherit; font-size: 1em;\">fa <\/span><span class=\"_fadeIn_m1hgl_8\" style=\"font-family: inherit; font-size: 1em;\">a <\/span><span class=\"_fadeIn_m1hgl_8\" style=\"font-family: inherit; font-size: 1em;\">l\u2019equip <\/span><span class=\"_fadeIn_m1hgl_8\" style=\"font-family: inherit; font-size: 1em;\">docent, <\/span><span class=\"_fadeIn_m1hgl_8\" style=\"font-family: inherit; font-size: 1em;\">el <\/span><span class=\"_fadeIn_m1hgl_8\" style=\"font-family: inherit; font-size: 1em;\">fet <\/span><span class=\"_fadeIn_m1hgl_8\" style=\"font-family: inherit; font-size: 1em;\">de <\/span><span class=\"_fadeIn_m1hgl_8\" style=\"font-family: inherit; font-size: 1em;\">ser <\/span><span class=\"_fadeIn_m1hgl_8\" style=\"font-family: inherit; font-size: 1em;\">un <\/span><span class=\"_fadeIn_m1hgl_8\" style=\"font-family: inherit; font-size: 1em;\">grup <\/span><span class=\"_fadeIn_m1hgl_8\" style=\"font-family: inherit; font-size: 1em;\">redu\u00eft <\/span><span class=\"_fadeIn_m1hgl_8\" style=\"font-family: inherit; font-size: 1em;\">ens <\/span><span class=\"_fadeIn_m1hgl_8\" style=\"font-family: inherit; font-size: 1em;\">facilita <\/span><span class=\"_fadeIn_m1hgl_8\" style=\"font-family: inherit; font-size: 1em;\">la <\/span><span class=\"_fadeIn_m1hgl_8\" style=\"font-family: inherit; font-size: 1em;\">comunicaci\u00f3, <\/span><span class=\"_fadeIn_m1hgl_8\" style=\"font-family: inherit; font-size: 1em;\">la <\/span><span class=\"_fadeIn_m1hgl_8\" style=\"font-family: inherit; font-size: 1em;\">coordinaci\u00f3 <\/span><span class=\"_fadeIn_m1hgl_8\" style=\"font-family: inherit; font-size: 1em;\">i<br \/>\n<\/span><span class=\"_fadeIn_m1hgl_8\" style=\"font-family: inherit; font-size: 1em;\">la <\/span><span class=\"_fadeIn_m1hgl_8\" style=\"font-family: inherit; font-size: 1em;\">presa <\/span><span class=\"_fadeIn_m1hgl_8\" style=\"font-family: inherit; font-size: 1em;\">d\u2019acords, <\/span><span class=\"_fadeIn_m1hgl_8\" style=\"font-family: inherit; font-size: 1em;\">especialment <\/span><span class=\"_fadeIn_m1hgl_8\" style=\"font-family: inherit; font-size: 1em;\">pel <\/span><span class=\"_fadeIn_m1hgl_8\" style=\"font-family: inherit; font-size: 1em;\">que <\/span><span class=\"_fadeIn_m1hgl_8\" style=\"font-family: inherit; font-size: 1em;\">fa <\/span><span class=\"_fadeIn_m1hgl_8\" style=\"font-family: inherit; font-size: 1em;\">a <\/span><span class=\"_fadeIn_m1hgl_8\" style=\"font-family: inherit; font-size: 1em;\">l\u2019\u00fas <\/span><span class=\"_fadeIn_m1hgl_8\" style=\"font-family: inherit; font-size: 1em;\">i <\/span><span class=\"_fadeIn_m1hgl_8\" style=\"font-family: inherit; font-size: 1em;\">implementaci\u00f3 <\/span><span class=\"_fadeIn_m1hgl_8\" style=\"font-family: inherit; font-size: 1em;\">de <\/span><span class=\"_fadeIn_m1hgl_8\" style=\"font-family: inherit; font-size: 1em;\">les <\/span><span class=\"_fadeIn_m1hgl_8\" style=\"font-family: inherit; font-size: 1em;\">tecnologies <\/span><span class=\"_fadeIn_m1hgl_8\" style=\"font-family: inherit; font-size: 1em;\">digitals <\/span><span class=\"_fadeIn_m1hgl_8\" style=\"font-family: inherit; font-size: 1em;\">al <\/span><span class=\"_fadeIn_m1hgl_8\" style=\"font-family: inherit; font-size: 1em;\">centre.<\/span><\/p>\n<p>&nbsp;<\/p>\n","protected":false},"excerpt":{"rendered":"<p>El dispositiu digital m\u00e9s accessible per a l\u2019alumnat \u00e9s el tel\u00e8fon m\u00f2bil, que s\u2019ha convertit en una<br \/>\neina clau per al seu aprenentatge.<br \/>\nDe manera progressiva, els alumnes prenen consci\u00e8ncia de la import\u00e0ncia de les compet\u00e8ncies<br \/>\ndigitals en la vida quotidiana i expressen inter\u00e8s per incorporar m\u00e9s&hellip;  <a href=\"https:\/\/agora.xtec.cat\/cfamadrid\/el-centre\/estrategia-digital-de-centre\/estrategia\/aspectes-a-destacar\/\" title=\"Read Aspectes a destacar\">Llegeix m\u00e9s\u00bb<\/a><\/p>\n","protected":false},"author":1,"featured_media":0,"parent":1277,"menu_order":0,"comment_status":"closed","ping_status":"closed","template":"","meta":{"_bbp_topic_count":0,"_bbp_reply_count":0,"_bbp_total_topic_count":0,"_bbp_total_reply_count":0,"_bbp_voice_count":0,"_bbp_anonymous_reply_count":0,"_bbp_topic_count_hidden":0,"_bbp_reply_count_hidden":0,"_bbp_forum_subforum_count":0,"footnotes":""},"class_list":["post-1339","page","type-page","status-publish","hentry"],"post_mailing_queue_ids":[],"_links":{"self":[{"href":"https:\/\/agora.xtec.cat\/cfamadrid\/wp-json\/wp\/v2\/pages\/1339","targetHints":{"allow":["GET"]}}],"collection":[{"href":"https:\/\/agora.xtec.cat\/cfamadrid\/wp-json\/wp\/v2\/pages"}],"about":[{"href":"https:\/\/agora.xtec.cat\/cfamadrid\/wp-json\/wp\/v2\/types\/page"}],"author":[{"embeddable":true,"href":"https:\/\/agora.xtec.cat\/cfamadrid\/wp-json\/wp\/v2\/users\/1"}],"replies":[{"embeddable":true,"href":"https:\/\/agora.xtec.cat\/cfamadrid\/wp-json\/wp\/v2\/comments?post=1339"}],"version-history":[{"count":6,"href":"https:\/\/agora.xtec.cat\/cfamadrid\/wp-json\/wp\/v2\/pages\/1339\/revisions"}],"predecessor-version":[{"id":1863,"href":"https:\/\/agora.xtec.cat\/cfamadrid\/wp-json\/wp\/v2\/pages\/1339\/revisions\/1863"}],"up":[{"embeddable":true,"href":"https:\/\/agora.xtec.cat\/cfamadrid\/wp-json\/wp\/v2\/pages\/1277"}],"wp:attachment":[{"href":"https:\/\/agora.xtec.cat\/cfamadrid\/wp-json\/wp\/v2\/media?parent=1339"}],"curies":[{"name":"wp","href":"https:\/\/api.w.org\/{rel}","templated":true}]}}