{"id":316,"date":"2015-01-28T11:33:51","date_gmt":"2015-01-28T10:33:51","guid":{"rendered":"http:\/\/agora.xtec.cat\/cfalapau\/?page_id=316"},"modified":"2026-07-26T11:58:46","modified_gmt":"2026-07-26T09:58:46","slug":"competencia-digital-competic","status":"publish","type":"page","link":"https:\/\/agora.xtec.cat\/cfalapau\/ensenyaments\/competencia-digital-competic\/","title":{"rendered":"Ensenyaments d&#8217;Inform\u00e0tica (COMPETIC\/ACTIC)"},"content":{"rendered":"\n<h2 class=\"wp-block-heading\"><b>Descripci\u00f3<\/b><\/h2>\n\n\n\n<p>Els nostres cursos d\u2019inform\u00e0tica segueixen el programa reglat COMPETIC, establert per la Generalitat, i donen acc\u00e9s als certificats oficials d\u2019acreditaci\u00f3 ACTIC. Es basen en el desenvolupament de diferents compet\u00e8ncies (\u00fas de l\u2019ordinador, edici\u00f3 de textos, fulls de c\u00e0lcul, navegaci\u00f3 i comunicaci\u00f3, xarxes socials, presentaci\u00f3 de diapositives, multim\u00e8dia&#8230;) de manera gradual. Es comen\u00e7a des de la base i finalment s\u2019arriba a un coneixement profund i avan\u00e7at de les eines \u00fatil professionalment i tamb\u00e9 recreativament.<\/p>\n\n\n\n<p><a href=\"https:\/\/drive.google.com\/file\/d\/1nAnf1ve1GdhXaDX-o5QwaB_WykOTsJbq\/view?usp=sharing\">Descarrega el tr\u00edptic informatiu en PDF<\/a><\/p>\n\n\n\n<h2 class=\"wp-block-heading\">Quants nivells t\u00e9?<\/h2>\n\n\n\n<p>Al CFA la Pau oferim tres nivells de Competic:<\/p>\n\n\n\n<ul class=\"wp-block-list\">\n<li>Competic Inicial<\/li>\n\n\n\n<li>Competic 1<\/li>\n\n\n\n<li>Competic 2<\/li>\n<\/ul>\n\n\n\n<h2 class=\"wp-block-heading\">Durada del curs<\/h2>\n\n\n\n<p>Els cursos de Competic tenen una durada d\u2019un curs acad\u00e8mic. Comencen a finals de setembre i acaben la darrera quinzena de juny.<\/p>\n\n\n\n<figure class=\"wp-block-table is-style-stripes\"><table class=\"has-background\" style=\"background-color:#41c4c48a\"><thead><tr><th><\/th><th class=\"has-text-align-center\" data-align=\"center\">Hores totals<\/th><th class=\"has-text-align-center\" data-align=\"center\">Horari setmanal<\/th><\/tr><\/thead><tbody><tr><td>Competic Inicial<\/td><td class=\"has-text-align-center\" data-align=\"center\">105\u202fh.<\/td><td class=\"has-text-align-center\" data-align=\"center\">2 sessions d&#8217;una hora i mitja.<\/td><\/tr><tr><td>Competic 1<\/td><td class=\"has-text-align-center\" data-align=\"center\">105\u202fh.<\/td><td class=\"has-text-align-center\" data-align=\"center\">2 sessions d&#8217;una hora i mitja.<\/td><\/tr><tr><td>Competic 2<\/td><td class=\"has-text-align-center\" data-align=\"center\">140\u202fh.<\/td><td class=\"has-text-align-center\" data-align=\"center\">2 sessions de dues hores.<\/td><\/tr><\/tbody><\/table><\/figure>\n\n\n<h2>Inici i final del curs<\/h2>\n<p><strong>Inici del curs:<\/strong> dilluns 21 de setembre de 2026<\/p>\n<p><strong>Final del curs:<\/strong> divendres 18 de juny de 2027<\/p>\n<p>(Hi pot haver canvis)<\/p>\n<h2>Horaris oferts al centre &#8211; Curs 2026-2027<\/h2>\n\n\n<figure class=\"wp-block-table is-style-stripes\"><table class=\"has-background\" style=\"background-color:#41c4c48a\"><thead><tr><th><\/th><th class=\"has-text-align-center\" data-align=\"center\"><strong>Dilluns<\/strong><\/th><th class=\"has-text-align-center\" data-align=\"center\"><strong>Dimarts<\/strong><\/th><th class=\"has-text-align-center\" data-align=\"center\"><strong>Dimecres<\/strong><\/th><th class=\"has-text-align-center\" data-align=\"center\"><strong>Dijous<\/strong><\/th><th class=\"has-text-align-center\" data-align=\"center\"><strong>Divendres<\/strong><\/th><\/tr><\/thead><tbody><tr><td><strong>Competic Inicial (Mat\u00ed)<\/strong><\/td><td class=\"has-text-align-center\" data-align=\"center\"><\/td><td class=\"has-text-align-center\" data-align=\"center\"><\/td><td class=\"has-text-align-center\" data-align=\"center\">11:30-13:00<\/td><td class=\"has-text-align-center\" data-align=\"center\"><\/td><td class=\"has-text-align-center\" data-align=\"center\">11:30-13:00<\/td><\/tr><tr><td><strong>Competic 1 (Mat\u00ed)<\/strong><\/td><td class=\"has-text-align-center\" data-align=\"center\"><\/td><td class=\"has-text-align-center\" data-align=\"center\">11:30-13:00<\/td><td class=\"has-text-align-center\" data-align=\"center\"><\/td><td class=\"has-text-align-center\" data-align=\"center\">11:30-13:00<\/td><td class=\"has-text-align-center\" data-align=\"center\"><\/td><\/tr><tr><td><strong>Competic 2\u00a0 (Tarda)<\/strong><\/td><td class=\"has-text-align-center\" data-align=\"center\">18:30-20:30<\/td><td class=\"has-text-align-center\" data-align=\"center\"><\/td><td class=\"has-text-align-center\" data-align=\"center\"><\/td><td class=\"has-text-align-center\" data-align=\"center\">18:30-20:30<\/td><td class=\"has-text-align-center\" data-align=\"center\"><\/td><\/tr><\/tbody><\/table><\/figure>\n\n\n\n<h2 class=\"wp-block-heading\">Organitzaci\u00f3<\/h2>\n\n\n\n<p>A la nostra escola tenim una aula d\u2019inform\u00e0tica on cada alumne disposa d&#8217;un ordinador propi per a poder treballar, amb connexi\u00f3 a Internet. Tamb\u00e9 disposem de xarxa de wifi a tot el centre, per a les pr\u00e0ctiques amb m\u00f2bil i una aula d&#8217;inform\u00e0tica per a les pr\u00e0ctiques fora de l&#8217;horari de classe.<\/p>\n\n\n\n<p>Es donen explicacions i es demostra el funcionament de l\u2019ordinador i els diferents programes mitjan\u00e7ant la pantalla del projector, per\u00f2 una part important d\u2019aquest curso \u00e9s el treball individual, per a poder practicar i comprendre el funcionament de les eines aplicades a les necessitats individuals.<\/p>\n\n\n\n<p>A m\u00e9s a m\u00e9s, oferim als nostres alumnes un <a href=\"https:\/\/agora.xtec.cat\/cfalapau\/activitats\/taller-dinformatica\/\">espai de suport digital<\/a> per resoldre dubtes, assessorar i ajudar en l&#8217;\u00fas de les eines digitals.<\/p>\n\n\n\n<h2 class=\"wp-block-heading\">Resum de continguts de cada nivell<\/h2>\n\n\n\n<h6 class=\"wp-block-heading\">Competic Inicial<\/h6>\n\n\n\n<p>S\u2019apr\u00e8n a utilitzar l\u2019ordinador, el teclat, el ratol\u00ed, les carpetes, els fitxers, les unitats de disc com els USB&#8230; Tamb\u00e9 s\u2019aprenen nocions b\u00e0siques per navegar a Internet, fer cerques i enviar e-mails. Per\u00f2 principalment el curs es dedica a fer servir l&#8217;editor de textos.<\/p>\n\n\n\n<h6 class=\"wp-block-heading\">Competic 1<\/h6>\n\n\n\n<p>Continuem aprenent noves eines a un nivell b\u00e0sic, per\u00f2 coneixent m\u00e9s programes i utilitats: fulls de c\u00e0lcul, edici\u00f3 d\u2019imatges i d&#8217;\u00e0udio amb una introducci\u00f3 al v\u00eddeo i tamb\u00e9 dediquem una part del curs a aprendre a moure\u2019ns per Internet.<\/p>\n\n\n\n<h6 class=\"wp-block-heading\">Competic 2<\/h6>\n\n\n\n<p>Una part important del curs consisteix a augmentar la nostra cultura digital, tant pel que fa a dispositius i innovacions tecnol\u00f2giques, com navegaci\u00f3 a internet, \u00fas de les tecnologies de la comunicaci\u00f3 i la participaci\u00f3 en l\u00ednia. Es tracta de ser un ciutad\u00e0 que viu, compr\u00e8n i pot utilitzar les noves tecnologies sense quedar enrere.<\/p>\n\n\n\n<p>Es repassa i s\u2019aprofundeix en les eines pel tractament de la informaci\u00f3 escrita (editor de textos), tractament de la informaci\u00f3 gr\u00e0fica, sonora i de la imatge en moviment (edici\u00f3 d\u2019imatge, \u00e0udio i v\u00eddeo) i tractament de la informaci\u00f3 num\u00e8rica (full de c\u00e0lcul).<\/p>\n\n\n\n<p>Tamb\u00e9 s\u2019introdueixen les bases de dades i les presentacions de diapositives (conegudes com a PowerPoint)<\/p>\n\n\n\n<h6 class=\"wp-block-heading\">Competic 3*<\/h6>\n\n\n\n<p>\u00c9s el nivell final d&#8217;aquest ensenyament. Actualment no s&#8217;ofereix al nostre centre. Despr\u00e9s de fer el competic 2 amb nosaltres, us derivarem a un altre CFA on podreu continuar els vostres estudis.<\/p>\n\n\n\n<h2 class=\"wp-block-heading\">Recursos i enlla\u00e7os d\u2019inter\u00e8s<\/h2>\n\n\n\n<p>Blog de treball que utilitzen alguns dels grups: <a href=\"https:\/\/lapaucompetic.wordpress.com\/\">https:\/\/lapaucompetic.wordpress.com\/<\/a><\/p>\n\n\n\n<h2 class=\"wp-block-heading\">Avaluaci\u00f3<\/h2>\n\n\n\n<p>L\u2019avaluaci\u00f3 \u00e9s cont\u00ednua. Es basa en la comprensi\u00f3 de les diferents eines i procediments, i es demostra a trav\u00e9s de les pr\u00e0ctiques i exercicis que es realitzen a classe.<\/p>\n\n\n\n<p>No hi ha cap prova o examen final, per\u00f2 un 40% de la nota prov\u00e9 de l\u2019elaboraci\u00f3 d\u2019un projecte en el qual es fan servir les eines estudiades i que es realitza a classe al final del curs. \u00c9s necessari superar tant l&#8217;avaluaci\u00f3 continua com el projecte final. El nivell inicial tamb\u00e9 inclou un projecte per a repasar tot el que s&#8217;ha apr\u00e8s per\u00f2 forma part de l&#8217;avaluaci\u00f3 continua.<\/p>\n\n\n\n<h2 class=\"wp-block-heading\">Acc\u00e9s<\/h2>\n\n\n\n<p>Per accedir al nivell Inicial, no cal cap condici\u00f3 o coneixement previ.<\/p>\n\n\n\n<p>Per accedir a un altre nivell, hi ha tres vies:<\/p>\n\n\n\n<ul class=\"wp-block-list\">\n<li>Haver superat els nivells anteriors i aportar el certificat d\u2019aprofitament.<\/li>\n\n\n\n<li>Disposar de l\u2019acreditaci\u00f3 ACTIC equivalent al nivell anterior.<\/li>\n\n\n\n<li>Superar una prova de nivell al centre. Si voleu accedir al nivell 3 cal un t\u00edtol de competic 2 o activ mitj\u00e0 ja que no s&#8217;accepta accedir per prova de nivell.<\/li>\n<\/ul>\n\n\n\n<p>Tot i que el curs s\u2019inicia al setembre, es pot valorar la incorporaci\u00f3 d\u2019un alumne en qualsevol moment del curs.<\/p>\n\n\n\n<p><a href=\"https:\/\/docs.google.com\/document\/d\/1cEr4iCNBWQqt5qcWr006Mj4ombO3i4GS1ywq4boieNM\/edit?usp=sharing\">Material per a la prova de nivell<\/a><\/p>\n\n\n\n<h2 class=\"wp-block-heading\">Certificaci\u00f3 atorgada<\/h2>\n\n\n\n<p>Quan s\u2019acaba el curs i l\u2019alumne ha assolit els objectius d\u2019aprenentatge, el centre entrega un certificat d\u2019aprofitament del curs. Per\u00f2 cal dir que superar els cursos de Competic \u00e9s equivalent a obtenir els nivells ACTIC. S\u00f3n nivells d&#8217;\u201cacreditaci\u00f3 de compet\u00e8ncies en tecnologies de la informaci\u00f3 i la comunicaci\u00f3\u201d establerts com un est\u00e0ndard de coneixements d\u2019inform\u00e0tica per la Generalitat de Catalunya. Aquesta certificaci\u00f3 \u00e9s la m\u00e9s adient per valorar les compet\u00e8ncies en inform\u00e0tica (per exemple, al curr\u00edculum) i es demana en processos de selecci\u00f3 laboral o oposicions.<\/p>\n\n\n\n<p>M\u00e9s informaci\u00f3 sobre l\u2019ACTIC: <a href=\"http:\/\/acticweb.gencat.cat\/ca\/\">http:\/\/acticweb.gencat.cat\/ca\/<\/a><\/p>\n\n\n\n<p>La relaci\u00f3 entre els cursos que fem i l\u2019acreditaci\u00f3 de nivells ACTIC \u00e9s la seg\u00fcent:<\/p>\n\n\n\n<figure class=\"wp-block-table is-style-stripes\"><table class=\"has-background\" style=\"background-color:#41c4c48a\"><thead><tr><th class=\"has-text-align-left\" data-align=\"left\">Formaci\u00f3 en centres d&#8217;adults<\/th><th class=\"has-text-align-left\" data-align=\"left\">Equival\u00e8ncia amb l&#8217;ACTIC<\/th><\/tr><\/thead><tbody><tr><td class=\"has-text-align-left\" data-align=\"left\">Competic Inicial<\/td><td class=\"has-text-align-left\" data-align=\"left\">Cap<\/td><\/tr><tr><td class=\"has-text-align-left\" data-align=\"left\">Competic 1<\/td><td class=\"has-text-align-left\" data-align=\"left\"><a href=\"http:\/\/actic.gencat.cat\/ca\/actic_informacio\/actic_que_es_l_actic_\/index.html\"><strong>ACTIC<\/strong> <\/a> B\u00e0sic<\/td><\/tr><tr><td class=\"has-text-align-left\" data-align=\"left\">Competic 2<\/td><td class=\"has-text-align-left\" data-align=\"left\"><a href=\"http:\/\/actic.gencat.cat\/ca\/actic_informacio\/actic_que_es_l_actic_\/index.html\"><strong>ACTIC<\/strong>\u00a0<\/a> Mitj\u00e0<\/td><\/tr><tr><td class=\"has-text-align-left\" data-align=\"left\">Competic 3*<\/td><td class=\"has-text-align-left\" data-align=\"left\"><a href=\"http:\/\/actic.gencat.cat\/ca\/actic_informacio\/actic_que_es_l_actic_\/index.html\"><strong>ACTIC<\/strong>\u00a0<\/a> Avan\u00e7at<\/td><\/tr><\/tbody><\/table><\/figure>\n\n\n\n<p>*Al CFA La Pau no s&#8217;ofereix actualment el curs de Competic 3<\/p>\n\n\n\n<p><\/p>\n","protected":false},"excerpt":{"rendered":"<p>Descripci\u00f3 Els nostres cursos d\u2019inform\u00e0tica segueixen el programa reglat COMPETIC, establert per la Generalitat, i donen acc\u00e9s als certificats oficials d\u2019acreditaci\u00f3 ACTIC. Es basen en el desenvolupament de diferents compet\u00e8ncies (\u00fas de l\u2019ordinador, edici\u00f3 de textos, fulls de c\u00e0lcul, navegaci\u00f3 i comunicaci\u00f3, xarxes socials, presentaci\u00f3 de diapositives, multim\u00e8dia&#8230;) de manera gradual. Es comen\u00e7a des de [&hellip;]<\/p>\n","protected":false},"author":2,"featured_media":0,"parent":274,"menu_order":2,"comment_status":"closed","ping_status":"closed","template":"","meta":{"_bbp_topic_count":0,"_bbp_reply_count":0,"_bbp_total_topic_count":0,"_bbp_total_reply_count":0,"_bbp_voice_count":0,"_bbp_anonymous_reply_count":0,"_bbp_topic_count_hidden":0,"_bbp_reply_count_hidden":0,"_bbp_forum_subforum_count":0,"site-sidebar-layout":"default","site-content-layout":"","ast-site-content-layout":"default","site-content-style":"default","site-sidebar-style":"default","ast-global-header-display":"","ast-banner-title-visibility":"","ast-main-header-display":"","ast-hfb-above-header-display":"","ast-hfb-below-header-display":"","ast-hfb-mobile-header-display":"","site-post-title":"","ast-breadcrumbs-content":"","ast-featured-img":"","footer-sml-layout":"","theme-transparent-header-meta":"default","adv-header-id-meta":"","stick-header-meta":"","header-above-stick-meta":"","header-main-stick-meta":"","header-below-stick-meta":"","astra-migrate-meta-layouts":"set","ast-page-background-enabled":"default","ast-page-background-meta":{"desktop":{"background-color":"var(--ast-global-color-4)","background-image":"","background-repeat":"repeat","background-position":"center center","background-size":"auto","background-attachment":"scroll","background-type":"","background-media":"","overlay-type":"","overlay-color":"","overlay-opacity":"","overlay-gradient":""},"tablet":{"background-color":"","background-image":"","background-repeat":"repeat","background-position":"center center","background-size":"auto","background-attachment":"scroll","background-type":"","background-media":"","overlay-type":"","overlay-color":"","overlay-opacity":"","overlay-gradient":""},"mobile":{"background-color":"","background-image":"","background-repeat":"repeat","background-position":"center center","background-size":"auto","background-attachment":"scroll","background-type":"","background-media":"","overlay-type":"","overlay-color":"","overlay-opacity":"","overlay-gradient":""}},"ast-content-background-meta":{"desktop":{"background-color":"var(--ast-global-color-5)","background-image":"","background-repeat":"repeat","background-position":"center center","background-size":"auto","background-attachment":"scroll","background-type":"","background-media":"","overlay-type":"","overlay-color":"","overlay-opacity":"","overlay-gradient":""},"tablet":{"background-color":"var(--ast-global-color-5)","background-image":"","background-repeat":"repeat","background-position":"center center","background-size":"auto","background-attachment":"scroll","background-type":"","background-media":"","overlay-type":"","overlay-color":"","overlay-opacity":"","overlay-gradient":""},"mobile":{"background-color":"var(--ast-global-color-5)","background-image":"","background-repeat":"repeat","background-position":"center center","background-size":"auto","background-attachment":"scroll","background-type":"","background-media":"","overlay-type":"","overlay-color":"","overlay-opacity":"","overlay-gradient":""}},"footnotes":""},"class_list":["post-316","page","type-page","status-publish","hentry"],"post_mailing_queue_ids":[],"_links":{"self":[{"href":"https:\/\/agora.xtec.cat\/cfalapau\/wp-json\/wp\/v2\/pages\/316","targetHints":{"allow":["GET"]}}],"collection":[{"href":"https:\/\/agora.xtec.cat\/cfalapau\/wp-json\/wp\/v2\/pages"}],"about":[{"href":"https:\/\/agora.xtec.cat\/cfalapau\/wp-json\/wp\/v2\/types\/page"}],"author":[{"embeddable":true,"href":"https:\/\/agora.xtec.cat\/cfalapau\/wp-json\/wp\/v2\/users\/2"}],"replies":[{"embeddable":true,"href":"https:\/\/agora.xtec.cat\/cfalapau\/wp-json\/wp\/v2\/comments?post=316"}],"version-history":[{"count":5,"href":"https:\/\/agora.xtec.cat\/cfalapau\/wp-json\/wp\/v2\/pages\/316\/revisions"}],"predecessor-version":[{"id":3058,"href":"https:\/\/agora.xtec.cat\/cfalapau\/wp-json\/wp\/v2\/pages\/316\/revisions\/3058"}],"up":[{"embeddable":true,"href":"https:\/\/agora.xtec.cat\/cfalapau\/wp-json\/wp\/v2\/pages\/274"}],"wp:attachment":[{"href":"https:\/\/agora.xtec.cat\/cfalapau\/wp-json\/wp\/v2\/media?parent=316"}],"curies":[{"name":"wp","href":"https:\/\/api.w.org\/{rel}","templated":true}]}}