{"id":822,"date":"2022-05-06T13:15:32","date_gmt":"2022-05-06T11:15:32","guid":{"rendered":"https:\/\/agora.xtec.cat\/cfalacreudebarbera\/?page_id=822"},"modified":"2023-10-31T16:58:42","modified_gmt":"2023-10-31T15:58:42","slug":"estrategia-digital-de-centre","status":"publish","type":"page","link":"https:\/\/agora.xtec.cat\/cfalacreudebarbera\/estrategia-digital-de-centre\/","title":{"rendered":"Estrat\u00e8gia Digital de Centre"},"content":{"rendered":"<p><a href=\"https:\/\/agora.xtec.cat\/cfalacreudebarbera\/wp-content\/uploads\/usu2281\/2022\/05\/work-in-progress.png\"><img loading=\"lazy\" decoding=\"async\" class=\"alignnone size-medium wp-image-837\" src=\"https:\/\/agora.xtec.cat\/cfalacreudebarbera\/wp-content\/uploads\/usu2281\/2022\/05\/work-in-progress-300x275.png\" alt=\"\" width=\"300\" height=\"275\" srcset=\"https:\/\/agora.xtec.cat\/cfalacreudebarbera\/wp-content\/uploads\/usu2281\/2022\/05\/work-in-progress-300x275.png 300w, https:\/\/agora.xtec.cat\/cfalacreudebarbera\/wp-content\/uploads\/usu2281\/2022\/05\/work-in-progress-1024x938.png 1024w, https:\/\/agora.xtec.cat\/cfalacreudebarbera\/wp-content\/uploads\/usu2281\/2022\/05\/work-in-progress-768x703.png 768w, https:\/\/agora.xtec.cat\/cfalacreudebarbera\/wp-content\/uploads\/usu2281\/2022\/05\/work-in-progress.png 1280w\" sizes=\"auto, (max-width: 300px) 100vw, 300px\" \/><\/a><\/p>\n<p>L\u2019Estrat\u00e8gia Digital de Centre (EDC), aprovada pel Consell escolar el dia 27 d&#8217;octubre de 2023, \u00e9s un document que recull totes les accions que es realitzen en un centre, i les que es realitzaran a mitj\u00e0 termini, per aconseguir la m\u00e0xima compet\u00e8ncia digital de l\u2019alumnat, del professorat i del centre educatiu. Ha de tenir com a referent el Pla d\u2019educaci\u00f3 digital de Catalunya (PEDC), on s\u2019indica la necessitat d\u2019assolir la fita d\u2019una societat digitalment competent, fent \u00e8mfasi en l\u2019equitat i tenint en compte l\u2019evoluci\u00f3 del context social i tecnol\u00f2gic.<\/p>\n<p style=\"text-align: center;\"><iframe loading=\"lazy\" title=\"YouTube video player\" src=\"https:\/\/www.youtube.com\/embed\/uS5UUZIYLPQ\" width=\"560\" height=\"315\" frameborder=\"0\" allowfullscreen=\"allowfullscreen\"><\/iframe><\/p>\n<p style=\"text-align: justify;\">Enlla\u00e7 al web de suport EDC:\u00a0<a href=\"https:\/\/projectes.xtec.cat\/edc-suport\/\" target=\"_blank\" rel=\"noopener\">https:\/\/projectes.xtec.cat\/edc-suport\/<\/a><\/p>\n<p style=\"text-align: justify;\">El document de l\u2019EDC es divideix en dues parts diferenciades per\u00f2 complement\u00e0ries:<\/p>\n<ul>\n<li style=\"text-align: justify;\"><a href=\"https:\/\/agora.xtec.cat\/cfalacreudebarbera\/estrategia-digital-de-centre\/estrategia\/\" target=\"_blank\" rel=\"noopener\">Estrat\u00e8gia<\/a><\/li>\n<li style=\"text-align: justify;\"><a href=\"https:\/\/agora.xtec.cat\/cfalacreudebarbera\/estrategia-digital-de-centre\/cultura-digital\/\" target=\"_blank\" rel=\"noopener\">Cultura digital<\/a><\/li>\n<\/ul>\n","protected":false},"excerpt":{"rendered":"<p><a href=\"https:\/\/agora.xtec.cat\/cfalacreudebarbera\/wp-content\/uploads\/usu2281\/2022\/05\/work-in-progress.png\"><\/a><br \/>\nL\u2019Estrat\u00e8gia Digital de Centre (EDC), aprovada pel Consell escolar el dia 27 d&#8217;octubre de 2023, \u00e9s un document que recull totes les accions que es realitzen en un centre, i les que es realitzaran a mitj\u00e0 termini, per aconseguir la m\u00e0xima compet\u00e8ncia digital de&hellip;  <a href=\"https:\/\/agora.xtec.cat\/cfalacreudebarbera\/estrategia-digital-de-centre\/\" title=\"Read Estrat\u00e8gia Digital de Centre\">Llegeix m\u00e9s\u00bb<\/a><\/p>\n","protected":false},"author":1,"featured_media":0,"parent":0,"menu_order":0,"comment_status":"closed","ping_status":"closed","template":"page-templates\/side-menu.php","meta":{"_bbp_topic_count":0,"_bbp_reply_count":0,"_bbp_total_topic_count":0,"_bbp_total_reply_count":0,"_bbp_voice_count":0,"_bbp_anonymous_reply_count":0,"_bbp_topic_count_hidden":0,"_bbp_reply_count_hidden":0,"_bbp_forum_subforum_count":0,"footnotes":""},"class_list":["post-822","page","type-page","status-publish","hentry"],"post_mailing_queue_ids":[],"_links":{"self":[{"href":"https:\/\/agora.xtec.cat\/cfalacreudebarbera\/wp-json\/wp\/v2\/pages\/822","targetHints":{"allow":["GET"]}}],"collection":[{"href":"https:\/\/agora.xtec.cat\/cfalacreudebarbera\/wp-json\/wp\/v2\/pages"}],"about":[{"href":"https:\/\/agora.xtec.cat\/cfalacreudebarbera\/wp-json\/wp\/v2\/types\/page"}],"author":[{"embeddable":true,"href":"https:\/\/agora.xtec.cat\/cfalacreudebarbera\/wp-json\/wp\/v2\/users\/1"}],"replies":[{"embeddable":true,"href":"https:\/\/agora.xtec.cat\/cfalacreudebarbera\/wp-json\/wp\/v2\/comments?post=822"}],"version-history":[{"count":5,"href":"https:\/\/agora.xtec.cat\/cfalacreudebarbera\/wp-json\/wp\/v2\/pages\/822\/revisions"}],"predecessor-version":[{"id":1059,"href":"https:\/\/agora.xtec.cat\/cfalacreudebarbera\/wp-json\/wp\/v2\/pages\/822\/revisions\/1059"}],"wp:attachment":[{"href":"https:\/\/agora.xtec.cat\/cfalacreudebarbera\/wp-json\/wp\/v2\/media?parent=822"}],"curies":[{"name":"wp","href":"https:\/\/api.w.org\/{rel}","templated":true}]}}