{"id":574,"date":"2020-12-08T00:08:29","date_gmt":"2020-12-07T23:08:29","guid":{"rendered":"https:\/\/agora.xtec.cat\/cfalacreudebarbera\/?page_id=574"},"modified":"2020-12-08T00:08:29","modified_gmt":"2020-12-07T23:08:29","slug":"ensenyaments-esportius-grau-superior-prova-general","status":"publish","type":"page","link":"https:\/\/agora.xtec.cat\/cfalacreudebarbera\/ensenyaments\/a-cicles-formatius-de-grau-superior\/ensenyaments-esportius-grau-superior-prova-general\/","title":{"rendered":"Ensenyaments esportius. Grau superior (prova general)"},"content":{"rendered":"<p><strong>Per inscriure&#8217;s a la prova d&#8217;acc\u00e9s<\/strong> cal trobar-se en una de les situacions seg\u00fcents:<\/p>\n<ul>\n<li>Tenir complerts 19 anys (o b\u00e9 complir-los durant l&#8217;any en qu\u00e8 es realitza la prova) i disposar del t\u00edtol de t\u00e8cnic esportiu en la <a href=\"http:\/\/queestudiar.gencat.cat\/ca\/estudis\/esportius\/cicles-graus\/gs\" target=\"_blank\" rel=\"noopener noreferrer\">modalitat o especialitat esportiva<\/a> corresponent.<\/li>\n<li>Tenir complerts 18 anys (o b\u00e9 complir-los durant l&#8217;any en qu\u00e8 es realitza la prova) i disposar del t\u00edtol de t\u00e8cnic esportiu en la <a href=\"http:\/\/queestudiar.gencat.cat\/ca\/estudis\/esportius\/cicles-graus\/gs\" target=\"_blank\" rel=\"noopener noreferrer\">modalitat o especialitat esportiva corresponent<\/a> abans d&#8217;iniciar el curs acad\u00e8mic, i tenir un t\u00edtol de t\u00e8cnic relacionat amb el t\u00edtol al qual es vol accedir.<\/li>\n<\/ul>\n<p><strong>PART COMUNA<\/strong> de la prova: es prepara presencialment al nostre centre<\/p>\n<ul>\n<li>llengua catalana<\/li>\n<li>llengua castellana<\/li>\n<li>llengua estrangera (al nostre centre impartim angl\u00e8s. Si et vols preparar franc\u00e8s o alemany li ho comuniques al tutor i et matricularem d&#8217;aquesta mat\u00e8ria per cursar-la a dist\u00e0ncia a trav\u00e9s de l&#8217;IOC)<\/li>\n<li>una quarta a escollir entre hist\u00f2ria i matem\u00e0tiques (al nostre centre impartim matem\u00e0tiques. Si et vols preparar hist\u00f2ria li ho comuniques al tutor i et matricularem d&#8217;aquesta mat\u00e8ria per cursar-la a dist\u00e0ncia a trav\u00e9s de l&#8217;IOC)<\/li>\n<\/ul>\n<p>La prova est\u00e0 basada en els seg\u00fcents <a href=\"http:\/\/educacio.gencat.cat\/ca\/serveis-tramits\/proves\/proves-acces\/gs-esportius\/contingut-temaris-material\/temaris\/\" target=\"_blank\" rel=\"noopener noreferrer\">temaris<\/a><\/p>\n<p>Pots consultar <a href=\"http:\/\/educacio.gencat.cat\/ca\/serveis-tramits\/proves\/proves-acces\/gs-esportius\/mostres\/\" target=\"_blank\" rel=\"noopener noreferrer\">mostres<\/a> de la prova<\/p>\n<p>Pots consultar com ser\u00e0 la <a href=\"http:\/\/educacio.gencat.cat\/ca\/serveis-tramits\/proves\/proves-acces\/gs-esportius\/qualificacions-certificacions\/\" target=\"_blank\" rel=\"noopener noreferrer\">qualificaci\u00f3<\/a> de la prova.<\/p>\n<p>Pots consultar les <a href=\"http:\/\/educacio.gencat.cat\/ca\/serveis-tramits\/proves\/proves-acces\/gs-esportius\/exempcions\/\" target=\"_blank\" rel=\"noopener noreferrer\">exempcions<\/a> que es poden demanar segons les teves circumst\u00e0ncies laborals o acad\u00e8miques.<\/p>\n<p>Tens m\u00e9s informaci\u00f3 al seg\u00fcent <a href=\"http:\/\/educacio.gencat.cat\/ca\/serveis-tramits\/proves\/proves-acces\/gs-esportius\/\" target=\"_blank\" rel=\"noopener noreferrer\">enlla\u00e7<\/a><\/p>\n","protected":false},"excerpt":{"rendered":"<p>Per inscriure&#8217;s a la prova d&#8217;acc\u00e9s cal trobar-se en una de les situacions seg\u00fcents:<\/p>\n<ul>\n<li>Tenir complerts 19 anys (o b\u00e9 complir-los durant l&#8217;any en qu\u00e8 es realitza la prova) i disposar del t\u00edtol de t\u00e8cnic esportiu en la <a href=\"http:\/\/queestudiar.gencat.cat\/ca\/estudis\/esportius\/cicles-graus\/gs\" target=\"_blank\" rel=\"noopener noreferrer\">modalitat o especialitat esportiva<\/a>&hellip;  <a href=\"https:\/\/agora.xtec.cat\/cfalacreudebarbera\/ensenyaments\/a-cicles-formatius-de-grau-superior\/ensenyaments-esportius-grau-superior-prova-general\/\" title=\"Read Ensenyaments esportius. Grau superior (prova general)\">Llegeix m\u00e9s\u00bb<\/a><br \/>\n","protected":false},"author":1,"featured_media":0,"parent":320,"menu_order":3,"comment_status":"closed","ping_status":"closed","template":"page-templates\/side-menu.php","meta":{"_bbp_topic_count":0,"_bbp_reply_count":0,"_bbp_total_topic_count":0,"_bbp_total_reply_count":0,"_bbp_voice_count":0,"_bbp_anonymous_reply_count":0,"_bbp_topic_count_hidden":0,"_bbp_reply_count_hidden":0,"_bbp_forum_subforum_count":0,"footnotes":""},"class_list":["post-574","page","type-page","status-publish","hentry"],"post_mailing_queue_ids":[],"_links":{"self":[{"href":"https:\/\/agora.xtec.cat\/cfalacreudebarbera\/wp-json\/wp\/v2\/pages\/574","targetHints":{"allow":["GET"]}}],"collection":[{"href":"https:\/\/agora.xtec.cat\/cfalacreudebarbera\/wp-json\/wp\/v2\/pages"}],"about":[{"href":"https:\/\/agora.xtec.cat\/cfalacreudebarbera\/wp-json\/wp\/v2\/types\/page"}],"author":[{"embeddable":true,"href":"https:\/\/agora.xtec.cat\/cfalacreudebarbera\/wp-json\/wp\/v2\/users\/1"}],"replies":[{"embeddable":true,"href":"https:\/\/agora.xtec.cat\/cfalacreudebarbera\/wp-json\/wp\/v2\/comments?post=574"}],"version-history":[{"count":3,"href":"https:\/\/agora.xtec.cat\/cfalacreudebarbera\/wp-json\/wp\/v2\/pages\/574\/revisions"}],"predecessor-version":[{"id":577,"href":"https:\/\/agora.xtec.cat\/cfalacreudebarbera\/wp-json\/wp\/v2\/pages\/574\/revisions\/577"}],"up":[{"embeddable":true,"href":"https:\/\/agora.xtec.cat\/cfalacreudebarbera\/wp-json\/wp\/v2\/pages\/320"}],"wp:attachment":[{"href":"https:\/\/agora.xtec.cat\/cfalacreudebarbera\/wp-json\/wp\/v2\/media?parent=574"}],"curies":[{"name":"wp","href":"https:\/\/api.w.org\/{rel}","templated":true}]}}