{"id":540,"date":"2020-12-07T13:17:53","date_gmt":"2020-12-07T12:17:53","guid":{"rendered":"https:\/\/agora.xtec.cat\/cfalacreudebarbera\/?page_id=540"},"modified":"2020-12-07T13:22:58","modified_gmt":"2020-12-07T12:22:58","slug":"ges-a-distancia-ioc","status":"publish","type":"page","link":"https:\/\/agora.xtec.cat\/cfalacreudebarbera\/ensenyaments\/graduat-en-educacio-secundaria-per-adults\/ges-a-distancia-ioc\/","title":{"rendered":"GES a dist\u00e0ncia (IOC)"},"content":{"rendered":"<p style=\"text-align: justify;\">El CFA La Creu de Barber\u00e0 \u00e9s <em><strong>centre de suport de l&#8217;IOC per al GES<\/strong><\/em>. Les persones m\u00e9s grans de 18 anys que no tenen aquest t\u00edtol i el volen obtenir poden estudiar a dist\u00e0ncia a l&#8217;Institut Obert de Catalunya.<\/p>\n<p style=\"text-align: justify;\"><a href=\"https:\/\/ioc.xtec.cat\/educacio\/ges\" target=\"_blank\" rel=\"noopener noreferrer\">Vegeu els terminis de matr\u00edcula de l&#8217;IOC<\/a>.<\/p>\n<p style=\"text-align: justify;\">Generalment es necessiten uns sis trimestres fins obtenir el t\u00edtol de Graduat estudiant a dist\u00e0ncia a l&#8217;IOC. Aquesta durada, per\u00f2, no \u00e9s exactament igual per a tots els estudiants perqu\u00e8 no tothom pot dedicar el mateix temps als estudis i perqu\u00e8 cadasc\u00fa t\u00e9 el seu itinerari formatiu, que pot tenir o no tots els m\u00f2duls, segons els coneixements previs acreditats abans de fer la matr\u00edcula.<\/p>\n<p style=\"text-align: justify;\">L&#8217;obtenci\u00f3 del t\u00edtol de Graduat en educaci\u00f3 secund\u00e0ria, a m\u00e9s de millorar la formaci\u00f3 b\u00e0sica o la situaci\u00f3 professional i laboral, permet accedir al batxillerat i als cicles formatius de grau mitj\u00e0 de formaci\u00f3 professional.<\/p>\n<p style=\"text-align: justify;\">Les <strong>mat\u00e8ries<\/strong> dels estudis per l&#8217;obtenci\u00f3 del t\u00edtol de Graduat en educaci\u00f3 secund\u00e0ria s&#8217;organitzen en els tres <strong>\u00e0mbits<\/strong> seg\u00fcents:<\/p>\n<ul>\n<li style=\"text-align: justify;\"><strong>\u00c0mbit de la comunicaci\u00f3:<\/strong> llengua i literatura catalanes, llengua i literatura castellanes i llengua estrangera (angl\u00e8s, franc\u00e8s, alemany o itali\u00e0),<\/li>\n<li style=\"text-align: justify;\"><strong>\u00c0mbit cient\u00edfic:<\/strong> matem\u00e0tiques, ci\u00e8ncies i tecnologia i<\/li>\n<li style=\"text-align: justify;\"><strong>\u00c0mbit social:<\/strong> ci\u00e8ncies socials, m\u00fasica i educaci\u00f3 visual i pl\u00e0stica.<\/li>\n<\/ul>\n<p style=\"text-align: justify;\">Dins de cada \u00e0mbit, les mat\u00e8ries s&#8217;estructuren per <strong>m\u00f2duls<\/strong> trimestrals i progressius per\u00f2 independents.<\/p>\n<p style=\"text-align: justify;\">Cada m\u00f2dul equival a unes 35 hores d&#8217;estudi. L&#8217;IOC recomana estudiar-ne <strong>quatre el primer trimestre com a m\u00e0xim<\/strong>. Els seg\u00fcents trimestres, en funci\u00f3 de la disponibilitat hor\u00e0ria de cada persona, se&#8217;n podran cursar 6 com a m\u00e0xim.<\/p>\n","protected":false},"excerpt":{"rendered":"<p>El CFA La Creu de Barber\u00e0 \u00e9s centre de suport de l&#8217;IOC per al GES. Les persones m\u00e9s grans de 18 anys que no tenen aquest t\u00edtol i el volen obtenir poden estudiar a dist\u00e0ncia a l&#8217;Institut Obert de Catalunya.<br \/>\n<a href=\"https:\/\/ioc.xtec.cat\/educacio\/ges\" target=\"_blank\" rel=\"noopener noreferrer\">Vegeu els&hellip;  <a href=\"https:\/\/agora.xtec.cat\/cfalacreudebarbera\/ensenyaments\/graduat-en-educacio-secundaria-per-adults\/ges-a-distancia-ioc\/\" title=\"Read GES a dist\u00e0ncia (IOC)\">Llegeix m\u00e9s\u00bb<\/a><\/p>\n","protected":false},"author":1,"featured_media":0,"parent":303,"menu_order":2,"comment_status":"closed","ping_status":"closed","template":"page-templates\/side-menu.php","meta":{"_bbp_topic_count":0,"_bbp_reply_count":0,"_bbp_total_topic_count":0,"_bbp_total_reply_count":0,"_bbp_voice_count":0,"_bbp_anonymous_reply_count":0,"_bbp_topic_count_hidden":0,"_bbp_reply_count_hidden":0,"_bbp_forum_subforum_count":0,"footnotes":""},"class_list":["post-540","page","type-page","status-publish","hentry"],"post_mailing_queue_ids":[],"_links":{"self":[{"href":"https:\/\/agora.xtec.cat\/cfalacreudebarbera\/wp-json\/wp\/v2\/pages\/540","targetHints":{"allow":["GET"]}}],"collection":[{"href":"https:\/\/agora.xtec.cat\/cfalacreudebarbera\/wp-json\/wp\/v2\/pages"}],"about":[{"href":"https:\/\/agora.xtec.cat\/cfalacreudebarbera\/wp-json\/wp\/v2\/types\/page"}],"author":[{"embeddable":true,"href":"https:\/\/agora.xtec.cat\/cfalacreudebarbera\/wp-json\/wp\/v2\/users\/1"}],"replies":[{"embeddable":true,"href":"https:\/\/agora.xtec.cat\/cfalacreudebarbera\/wp-json\/wp\/v2\/comments?post=540"}],"version-history":[{"count":2,"href":"https:\/\/agora.xtec.cat\/cfalacreudebarbera\/wp-json\/wp\/v2\/pages\/540\/revisions"}],"predecessor-version":[{"id":542,"href":"https:\/\/agora.xtec.cat\/cfalacreudebarbera\/wp-json\/wp\/v2\/pages\/540\/revisions\/542"}],"up":[{"embeddable":true,"href":"https:\/\/agora.xtec.cat\/cfalacreudebarbera\/wp-json\/wp\/v2\/pages\/303"}],"wp:attachment":[{"href":"https:\/\/agora.xtec.cat\/cfalacreudebarbera\/wp-json\/wp\/v2\/media?parent=540"}],"curies":[{"name":"wp","href":"https:\/\/api.w.org\/{rel}","templated":true}]}}