{"id":49,"date":"2014-09-17T16:55:55","date_gmt":"2014-09-17T16:55:55","guid":{"rendered":"http:\/\/agora.xtec.cat\/cfalacreudebarbera\/?page_id=49"},"modified":"2025-11-07T10:15:06","modified_gmt":"2025-11-07T09:15:06","slug":"normes-i-funcionament-del-centre","status":"publish","type":"page","link":"https:\/\/agora.xtec.cat\/cfalacreudebarbera\/el-centre\/normes-i-funcionament-del-centre\/","title":{"rendered":"Normes i funcionament del centre"},"content":{"rendered":"<p style=\"text-align: justify;\"><strong>PROJECTE EDUCATIU DE CENTRE (PEC)<\/strong><\/p>\n<p style=\"text-align: justify;\">El Projecte educatiu de Centre (PEC) \u00e9s un document que recull la identitat del centre, n&#8217;explicita els objectius, n&#8217;orienta l&#8217;activitat i li d\u00f3na sentit amb la finalitat que els alumnes assoleixin les compet\u00e8ncies b\u00e0siques i el m\u00e0xim aprofitament educatiu.<\/p>\n<p style=\"text-align: justify;\">Enlla\u00e7 al PEC: <a href=\"https:\/\/agora.xtec.cat\/cfalacreudebarbera\/wp-content\/uploads\/usu2281\/2024\/05\/projecte-educatiu-de-centre-PEC.pdf\">Projecte educatiu de centre &#8211; PEC<\/a><\/p>\n<p style=\"text-align: justify;\"><strong>PROJECTE LING\u00dc\u00cdSTIC DE CENTRE (PLC)<\/strong><\/p>\n<p style=\"text-align: justify;\">El Projecte Ling\u00fc\u00edstic de Centre (PLC) \u00e9s un document necessari que possibilita que els centres educatius organitzin i gestionin, d&#8217;acord amb la normativa vigent, per\u00f2 de manera aut\u00f2noma, aspectes relacionats amb l&#8217;\u00fas de les lleng\u00fces que s&#8217;imparteixen als centres i al tractament curricular que se&#8217;ls hi d\u00f3na.<\/p>\n<p style=\"text-align: justify;\">Enlla\u00e7 al PLC: <a href=\"https:\/\/agora.xtec.cat\/cfalacreudebarbera\/wp-content\/uploads\/usu2281\/2024\/05\/Projecte-linguistic-de-centre-revisat-gener-2023.pdf\">Projecte ling\u00fc\u00edstic de centre<\/a><\/p>\n<p style=\"text-align: justify;\"><strong>NORMES D&#8217;ORGANITZACI\u00d3 I FUNCIONAMENT DE CENTRE (NOFC)<\/strong><\/p>\n<p style=\"text-align: justify;\">Enlla\u00e7 a les NOFC: <a href=\"https:\/\/agora.xtec.cat\/cfalacreudebarbera\/wp-content\/uploads\/usu2281\/2024\/06\/Normes-dorganitzacio-i-funcionament-de-centre_v5_juny-2023.pdf\">Normes d&#8217;organitzaci\u00f3 i funcionament de centre<\/a><\/p>\n<p style=\"text-align: justify;\"><strong>NORMATIVA PREPARACI\u00d3 PER A LES PROVES D&#8217;ACC\u00c9S A CFGS<\/strong><\/p>\n<p style=\"text-align: justify;\">Enlla\u00e7: <a href=\"https:\/\/agora.xtec.cat\/cfalacreudebarbera\/wp-content\/uploads\/usu2281\/2024\/06\/Normativa-CFGS.pdf\">Normativa CFGS<\/a><\/p>\n<p style=\"text-align: justify;\"><strong>NORMATIVA GRADUAT EN EDUCACI\u00d3 SECUND\u00c0RIA (GES)<\/strong><\/p>\n<p style=\"text-align: justify;\">Enlla\u00e7: <a href=\"https:\/\/agora.xtec.cat\/cfalacreudebarbera\/wp-content\/uploads\/usu2281\/2024\/06\/Normativa-GES-1.pdf\">Normativa GES<\/a><\/p>\n<p style=\"text-align: justify;\"><strong>PLA D&#8217;ACCI\u00d3 TUTORIAL<\/strong><\/p>\n<p style=\"text-align: justify;\">Enlla\u00e7: <a href=\"https:\/\/agora.xtec.cat\/cfalacreudebarbera\/wp-content\/uploads\/usu2281\/2024\/06\/Pla-daccio-tutorial-3.pdf\">Pla d&#8217;acci\u00f3 tutorial<\/a><\/p>\n<p style=\"text-align: justify;\"><strong>CARTES DE COMPROM\u00cdS<\/strong><\/p>\n<p style=\"text-align: justify;\">Enlla\u00e7: <a href=\"https:\/\/agora.xtec.cat\/cfalacreudebarbera\/wp-content\/uploads\/usu2281\/2025\/11\/Cartes-compromis-GES-i-CFGS-1.pdf\">Cartes comprom\u00eds GES i CFGS<\/a><\/p>\n<p><strong>PROJECTE DE CONVIV\u00c8NCIA<\/strong><\/p>\n<p>Enlla\u00e7: <a href=\"https:\/\/agora.xtec.cat\/cfalacreudebarbera\/wp-content\/uploads\/usu2281\/2024\/06\/PROJECTE-DE-CONVIVENCIA.pdf\">PROJECTE DE CONVIV\u00c8NCIA<\/a><\/p>\n","protected":false},"excerpt":{"rendered":"<p>PROJECTE EDUCATIU DE CENTRE (PEC)<br \/>\nEl Projecte educatiu de Centre (PEC) \u00e9s un document que recull la identitat del centre, n&#8217;explicita els objectius, n&#8217;orienta l&#8217;activitat i li d\u00f3na sentit amb la finalitat que els alumnes assoleixin les compet\u00e8ncies b\u00e0siques i el m\u00e0xim aprofitament educatiu.<br \/>\nEnlla\u00e7 al PEC:&hellip;  <a href=\"https:\/\/agora.xtec.cat\/cfalacreudebarbera\/el-centre\/normes-i-funcionament-del-centre\/\" title=\"Read Normes i funcionament del centre\">Llegeix m\u00e9s\u00bb<\/a><\/p>\n","protected":false},"author":1,"featured_media":0,"parent":261,"menu_order":60,"comment_status":"closed","ping_status":"closed","template":"page-templates\/side-menu.php","meta":{"_bbp_topic_count":0,"_bbp_reply_count":0,"_bbp_total_topic_count":0,"_bbp_total_reply_count":0,"_bbp_voice_count":0,"_bbp_anonymous_reply_count":0,"_bbp_topic_count_hidden":0,"_bbp_reply_count_hidden":0,"_bbp_forum_subforum_count":0,"footnotes":""},"class_list":["post-49","page","type-page","status-publish","hentry"],"post_mailing_queue_ids":[],"_links":{"self":[{"href":"https:\/\/agora.xtec.cat\/cfalacreudebarbera\/wp-json\/wp\/v2\/pages\/49","targetHints":{"allow":["GET"]}}],"collection":[{"href":"https:\/\/agora.xtec.cat\/cfalacreudebarbera\/wp-json\/wp\/v2\/pages"}],"about":[{"href":"https:\/\/agora.xtec.cat\/cfalacreudebarbera\/wp-json\/wp\/v2\/types\/page"}],"author":[{"embeddable":true,"href":"https:\/\/agora.xtec.cat\/cfalacreudebarbera\/wp-json\/wp\/v2\/users\/1"}],"replies":[{"embeddable":true,"href":"https:\/\/agora.xtec.cat\/cfalacreudebarbera\/wp-json\/wp\/v2\/comments?post=49"}],"version-history":[{"count":6,"href":"https:\/\/agora.xtec.cat\/cfalacreudebarbera\/wp-json\/wp\/v2\/pages\/49\/revisions"}],"predecessor-version":[{"id":1314,"href":"https:\/\/agora.xtec.cat\/cfalacreudebarbera\/wp-json\/wp\/v2\/pages\/49\/revisions\/1314"}],"up":[{"embeddable":true,"href":"https:\/\/agora.xtec.cat\/cfalacreudebarbera\/wp-json\/wp\/v2\/pages\/261"}],"wp:attachment":[{"href":"https:\/\/agora.xtec.cat\/cfalacreudebarbera\/wp-json\/wp\/v2\/media?parent=49"}],"curies":[{"name":"wp","href":"https:\/\/api.w.org\/{rel}","templated":true}]}}