{"id":316,"date":"2015-01-28T11:33:51","date_gmt":"2015-01-28T10:33:51","guid":{"rendered":"http:\/\/agora.xtec.cat\/cfalacreudebarbera\/?page_id=316"},"modified":"2025-10-21T16:42:35","modified_gmt":"2025-10-21T14:42:35","slug":"competencia-digital-competic","status":"publish","type":"page","link":"https:\/\/agora.xtec.cat\/cfalacreudebarbera\/ensenyaments\/competencia-digital-competic\/","title":{"rendered":"Inform\u00e0tica (COMPETIC)"},"content":{"rendered":"<p style=\"text-align: justify;\">Els ensenyaments d&#8217;inform\u00e0tica a l&#8217;educaci\u00f3 d&#8217;adults (COMPETIC) tenen com objectiu facilitar l&#8217;adquisici\u00f3 de la compet\u00e8ncia digital, entesa com la combinaci\u00f3 de coneixements, habilitats i actituds en l&#8217;\u00e0mbit de les tecnologies de la informaci\u00f3 i la comunicaci\u00f3 (TIC) per desenvolupar-se en la societat actual.<\/p>\n<p style=\"text-align: justify;\">Al nostre centre impartim <strong>dos nivells:<\/strong><\/p>\n<p style=\"text-align: justify;\"><strong>COMPETIC INICIAL<\/strong><\/p>\n<p style=\"text-align: justify;\">Curs adre\u00e7at a persones amb pocs coneixements de les tecnologies de la informaci\u00f3 i la comunicaci\u00f3.<\/p>\n<p style=\"text-align: justify;\">Es treballen tres compet\u00e8ncies:<\/p>\n<ul style=\"text-align: justify;\">\n<li>C2: Tecnologia digital, \u00fas de l&#8217;ordinador i del sistema operatiu.<\/li>\n<li>C3: Navegaci\u00f3 i comunicaci\u00f3 en el m\u00f3n digital.<\/li>\n<li>C4: Tractament de la informaci\u00f3 escrita.<\/li>\n<\/ul>\n<p style=\"text-align: justify;\"><strong>COMPETIC 1 (equivalent a l&#8217;<a href=\"https:\/\/actic.gencat.cat\/ca\/actic_informacio\/actic_competencies_i_nivells\/\" target=\"_blank\" rel=\"noopener noreferrer\">ACTIC b\u00e0sic<\/a>)<\/strong><\/p>\n<p style=\"text-align: justify;\">Curs adre\u00e7at a persones que hagin cursat el nivell inicial o que puguin acreditar uns coneixements elementals d&#8217;inform\u00e0tica mitjan\u00e7ant una prova de nivell.<\/p>\n<p style=\"text-align: justify;\">Es treballen sis compet\u00e8ncies:<\/p>\n<ul style=\"text-align: justify;\">\n<li>C1: Cultura, participaci\u00f3 i civisme digital.<\/li>\n<li>C2: Tecnologia digital, \u00fas de l\u2019ordinador i del sistema operatiu.<\/li>\n<li>C3: Navegaci\u00f3 i comunicaci\u00f3 en el m\u00f3n digital.<\/li>\n<li>C4: Tractament de la informaci\u00f3 escrita.<\/li>\n<li>C5: Tractament de la informaci\u00f3 gr\u00e0fica, sonora i de la imatge en moviment.<\/li>\n<li>C6: Tractament de la informaci\u00f3 num\u00e8rica.<\/li>\n<\/ul>\n<p style=\"text-align: justify;\">La superaci\u00f3 del nivell COMPETIC 1 d\u00f3na dret a l&#8217;obtenci\u00f3 d&#8217;un certificat acreditatiu, que emet el centre de formaci\u00f3 d&#8217;adults, on hi consta la correspond\u00e8ncia del nivell de COMPETIC 1 amb l&#8217;equivalent als certificats de l&#8217;acreditaci\u00f3 de compet\u00e8ncies en tecnologies de la informaci\u00f3 i la comunicaci\u00f3 (ACTIC b\u00e0sic).<\/p>\n<h3><span style=\"color: #993300;\"><strong>HORARIS<\/strong><\/span><\/h3>\n<p><img loading=\"lazy\" decoding=\"async\" class=\"aligncenter size-full wp-image-1289\" src=\"https:\/\/agora.xtec.cat\/cfalacreudebarbera\/wp-content\/uploads\/usu2281\/2025\/10\/COMPET.png\" alt=\"\" width=\"912\" height=\"341\" srcset=\"https:\/\/agora.xtec.cat\/cfalacreudebarbera\/wp-content\/uploads\/usu2281\/2025\/10\/COMPET.png 912w, https:\/\/agora.xtec.cat\/cfalacreudebarbera\/wp-content\/uploads\/usu2281\/2025\/10\/COMPET-300x112.png 300w, https:\/\/agora.xtec.cat\/cfalacreudebarbera\/wp-content\/uploads\/usu2281\/2025\/10\/COMPET-768x287.png 768w\" sizes=\"auto, (max-width: 912px) 100vw, 912px\" \/><\/p>\n","protected":false},"excerpt":{"rendered":"<p>Els ensenyaments d&#8217;inform\u00e0tica a l&#8217;educaci\u00f3 d&#8217;adults (COMPETIC) tenen com objectiu facilitar l&#8217;adquisici\u00f3 de la compet\u00e8ncia digital, entesa com la combinaci\u00f3 de coneixements, habilitats i actituds en l&#8217;\u00e0mbit de les tecnologies de la informaci\u00f3 i la comunicaci\u00f3 (TIC) per desenvolupar-se en la societat actual.<br \/>\nAl nostre centre&hellip;  <a href=\"https:\/\/agora.xtec.cat\/cfalacreudebarbera\/ensenyaments\/competencia-digital-competic\/\" title=\"Read Inform\u00e0tica (COMPETIC)\">Llegeix m\u00e9s\u00bb<\/a><\/p>\n","protected":false},"author":1,"featured_media":0,"parent":274,"menu_order":7,"comment_status":"closed","ping_status":"closed","template":"page-templates\/side-menu.php","meta":{"_bbp_topic_count":0,"_bbp_reply_count":0,"_bbp_total_topic_count":0,"_bbp_total_reply_count":0,"_bbp_voice_count":0,"_bbp_anonymous_reply_count":0,"_bbp_topic_count_hidden":0,"_bbp_reply_count_hidden":0,"_bbp_forum_subforum_count":0,"footnotes":""},"class_list":["post-316","page","type-page","status-publish","hentry"],"post_mailing_queue_ids":[],"_links":{"self":[{"href":"https:\/\/agora.xtec.cat\/cfalacreudebarbera\/wp-json\/wp\/v2\/pages\/316","targetHints":{"allow":["GET"]}}],"collection":[{"href":"https:\/\/agora.xtec.cat\/cfalacreudebarbera\/wp-json\/wp\/v2\/pages"}],"about":[{"href":"https:\/\/agora.xtec.cat\/cfalacreudebarbera\/wp-json\/wp\/v2\/types\/page"}],"author":[{"embeddable":true,"href":"https:\/\/agora.xtec.cat\/cfalacreudebarbera\/wp-json\/wp\/v2\/users\/1"}],"replies":[{"embeddable":true,"href":"https:\/\/agora.xtec.cat\/cfalacreudebarbera\/wp-json\/wp\/v2\/comments?post=316"}],"version-history":[{"count":5,"href":"https:\/\/agora.xtec.cat\/cfalacreudebarbera\/wp-json\/wp\/v2\/pages\/316\/revisions"}],"predecessor-version":[{"id":1290,"href":"https:\/\/agora.xtec.cat\/cfalacreudebarbera\/wp-json\/wp\/v2\/pages\/316\/revisions\/1290"}],"up":[{"embeddable":true,"href":"https:\/\/agora.xtec.cat\/cfalacreudebarbera\/wp-json\/wp\/v2\/pages\/274"}],"wp:attachment":[{"href":"https:\/\/agora.xtec.cat\/cfalacreudebarbera\/wp-json\/wp\/v2\/media?parent=316"}],"curies":[{"name":"wp","href":"https:\/\/api.w.org\/{rel}","templated":true}]}}