{"id":299,"date":"2015-01-28T11:21:22","date_gmt":"2015-01-28T10:21:22","guid":{"rendered":"http:\/\/agora.xtec.cat\/cfalacreudebarbera\/?page_id=299"},"modified":"2025-10-21T16:54:48","modified_gmt":"2025-10-21T14:54:48","slug":"llengua-castellana","status":"publish","type":"page","link":"https:\/\/agora.xtec.cat\/cfalacreudebarbera\/ensenyaments\/llengua-castellana\/","title":{"rendered":"Castell\u00e0"},"content":{"rendered":"<p style=\"text-align: justify;\">Els ensenyaments de llengua castellana a l&#8217;educaci\u00f3 d&#8217;adults tenen com a finalitat l&#8217;adquisici\u00f3 de la compet\u00e8ncia comunicativa ling\u00fc\u00edstica per formar parlants que puguin comunicar-se amb suficient flu\u00efdesa per resoldre la major part de situacions de la vida quotidiana, tant pel que fa a l&#8217;expressi\u00f3 com a la producci\u00f3, oral i escrita, en diferents suports i mitjan\u00e7ant tamb\u00e9 els llenguatges audiovisuals i, per tant, esdevinguin suficientment aut\u00f2noms per respondre a les seves necessitats personals, laborals, p\u00fabliques i educatives.<\/p>\n<p style=\"text-align: justify;\">L&#8217;ordenaci\u00f3 curricular dels ensenyaments de la llengua castellana per als adults tenen en compte les orientacions, les compet\u00e8ncies i els criteris establerts en el Marc europeu com\u00fa de refer\u00e8ncia (MECR).<\/p>\n<ul>\n<li style=\"text-align: justify;\">El <strong>nivell 1<\/strong> de llengua castellana, es correspon amb el nivell d&#8217;usuari\/\u00e0ria b\u00e0sic\/a A1 d&#8217;acord amb el MECR.<\/li>\n<li style=\"text-align: justify;\">El <strong>nivell 2<\/strong> de la llengua castellana, es correspon amb el nivell d&#8217;usuari\/\u00e0ria b\u00e0sic\/a A2 d&#8217;acord amb el MECR.<\/li>\n<\/ul>\n<h3><span style=\"color: #993300;\"><strong>HORARIS<\/strong><\/span><\/h3>\n<p><img loading=\"lazy\" decoding=\"async\" class=\"aligncenter size-full wp-image-1293\" src=\"https:\/\/agora.xtec.cat\/cfalacreudebarbera\/wp-content\/uploads\/usu2281\/2025\/10\/CAST-1.png\" alt=\"\" width=\"909\" height=\"614\" srcset=\"https:\/\/agora.xtec.cat\/cfalacreudebarbera\/wp-content\/uploads\/usu2281\/2025\/10\/CAST-1.png 909w, https:\/\/agora.xtec.cat\/cfalacreudebarbera\/wp-content\/uploads\/usu2281\/2025\/10\/CAST-1-300x203.png 300w, https:\/\/agora.xtec.cat\/cfalacreudebarbera\/wp-content\/uploads\/usu2281\/2025\/10\/CAST-1-768x519.png 768w\" sizes=\"auto, (max-width: 909px) 100vw, 909px\" \/><\/p>\n","protected":false},"excerpt":{"rendered":"<p>Els ensenyaments de llengua castellana a l&#8217;educaci\u00f3 d&#8217;adults tenen com a finalitat l&#8217;adquisici\u00f3 de la compet\u00e8ncia comunicativa ling\u00fc\u00edstica per formar parlants que puguin comunicar-se amb suficient flu\u00efdesa per resoldre la major part de situacions de la vida quotidiana, tant pel que fa a l&#8217;expressi\u00f3 com&hellip;  <a href=\"https:\/\/agora.xtec.cat\/cfalacreudebarbera\/ensenyaments\/llengua-castellana\/\" title=\"Read Castell\u00e0\">Llegeix m\u00e9s\u00bb<\/a><\/p>\n","protected":false},"author":1,"featured_media":0,"parent":274,"menu_order":5,"comment_status":"closed","ping_status":"closed","template":"page-templates\/side-menu.php","meta":{"_bbp_topic_count":0,"_bbp_reply_count":0,"_bbp_total_topic_count":0,"_bbp_total_reply_count":0,"_bbp_voice_count":0,"_bbp_anonymous_reply_count":0,"_bbp_topic_count_hidden":0,"_bbp_reply_count_hidden":0,"_bbp_forum_subforum_count":0,"footnotes":""},"class_list":["post-299","page","type-page","status-publish","hentry"],"post_mailing_queue_ids":[],"_links":{"self":[{"href":"https:\/\/agora.xtec.cat\/cfalacreudebarbera\/wp-json\/wp\/v2\/pages\/299","targetHints":{"allow":["GET"]}}],"collection":[{"href":"https:\/\/agora.xtec.cat\/cfalacreudebarbera\/wp-json\/wp\/v2\/pages"}],"about":[{"href":"https:\/\/agora.xtec.cat\/cfalacreudebarbera\/wp-json\/wp\/v2\/types\/page"}],"author":[{"embeddable":true,"href":"https:\/\/agora.xtec.cat\/cfalacreudebarbera\/wp-json\/wp\/v2\/users\/1"}],"replies":[{"embeddable":true,"href":"https:\/\/agora.xtec.cat\/cfalacreudebarbera\/wp-json\/wp\/v2\/comments?post=299"}],"version-history":[{"count":6,"href":"https:\/\/agora.xtec.cat\/cfalacreudebarbera\/wp-json\/wp\/v2\/pages\/299\/revisions"}],"predecessor-version":[{"id":1294,"href":"https:\/\/agora.xtec.cat\/cfalacreudebarbera\/wp-json\/wp\/v2\/pages\/299\/revisions\/1294"}],"up":[{"embeddable":true,"href":"https:\/\/agora.xtec.cat\/cfalacreudebarbera\/wp-json\/wp\/v2\/pages\/274"}],"wp:attachment":[{"href":"https:\/\/agora.xtec.cat\/cfalacreudebarbera\/wp-json\/wp\/v2\/media?parent=299"}],"curies":[{"name":"wp","href":"https:\/\/api.w.org\/{rel}","templated":true}]}}