{"id":261,"date":"2015-01-27T17:25:01","date_gmt":"2015-01-27T16:25:01","guid":{"rendered":"http:\/\/agora.xtec.cat\/cfalacreudebarbera\/?page_id=261"},"modified":"2020-12-07T13:32:14","modified_gmt":"2020-12-07T12:32:14","slug":"el-centre","status":"publish","type":"page","link":"https:\/\/agora.xtec.cat\/cfalacreudebarbera\/el-centre\/","title":{"rendered":"El Centre"},"content":{"rendered":"<p style=\"text-align: justify;\"><a href=\"https:\/\/agora.xtec.cat\/cfalacreudebarbera\/wp-content\/uploads\/usu2281\/2020\/10\/El-centre.jpg\"><img loading=\"lazy\" decoding=\"async\" class=\" wp-image-410 alignleft\" src=\"https:\/\/agora.xtec.cat\/cfalacreudebarbera\/wp-content\/uploads\/usu2281\/2020\/10\/El-centre.jpg\" alt=\"\" width=\"300\" height=\"225\" srcset=\"https:\/\/agora.xtec.cat\/cfalacreudebarbera\/wp-content\/uploads\/usu2281\/2020\/10\/El-centre.jpg 300w, https:\/\/agora.xtec.cat\/cfalacreudebarbera\/wp-content\/uploads\/usu2281\/2020\/10\/El-centre-200x150.jpg 200w\" sizes=\"auto, (max-width: 300px) 100vw, 300px\" \/><\/a>El <strong>Centre de Formaci\u00f3 d\u2019Adults La Creu de Barber\u00e0<\/strong> \u00e9s un centre p\u00fablic depenent del Departament d\u2019Educaci\u00f3.<\/p>\n<p style=\"text-align: justify;\">El Centre ofereix un gran ventall de cursos per tal d\u2019ampliar els vostres estudis i d\u2019enriquir la formaci\u00f3 global.<\/p>\n<p style=\"text-align: justify;\">Si voleu millorar la vostra formaci\u00f3 cultural, el nostre Centre us ofereix ajuda per planificar l\u2019itinerari educatiu que millor s\u2019adeq\u00fci als vostres interessos.<\/p>\n<p style=\"text-align: justify;\">\n<p>&nbsp;<\/p>\n","protected":false},"excerpt":{"rendered":"<p><a href=\"https:\/\/agora.xtec.cat\/cfalacreudebarbera\/wp-content\/uploads\/usu2281\/2020\/10\/El-centre.jpg\"><\/a>El Centre de Formaci\u00f3 d\u2019Adults La Creu de Barber\u00e0 \u00e9s un centre p\u00fablic depenent del Departament d\u2019Educaci\u00f3.<br \/>\nEl Centre ofereix un gran ventall de cursos per tal d\u2019ampliar els vostres estudis i d\u2019enriquir la formaci\u00f3 global.<br \/>\nSi voleu millorar la vostra formaci\u00f3 cultural, el nostre Centre&hellip;  <a href=\"https:\/\/agora.xtec.cat\/cfalacreudebarbera\/el-centre\/\" title=\"Read El Centre\">Llegeix m\u00e9s\u00bb<\/a><\/p>\n","protected":false},"author":1,"featured_media":0,"parent":0,"menu_order":0,"comment_status":"closed","ping_status":"closed","template":"page-templates\/side-menu.php","meta":{"_bbp_topic_count":0,"_bbp_reply_count":0,"_bbp_total_topic_count":0,"_bbp_total_reply_count":0,"_bbp_voice_count":0,"_bbp_anonymous_reply_count":0,"_bbp_topic_count_hidden":0,"_bbp_reply_count_hidden":0,"_bbp_forum_subforum_count":0,"footnotes":""},"class_list":["post-261","page","type-page","status-publish","hentry"],"post_mailing_queue_ids":[],"_links":{"self":[{"href":"https:\/\/agora.xtec.cat\/cfalacreudebarbera\/wp-json\/wp\/v2\/pages\/261","targetHints":{"allow":["GET"]}}],"collection":[{"href":"https:\/\/agora.xtec.cat\/cfalacreudebarbera\/wp-json\/wp\/v2\/pages"}],"about":[{"href":"https:\/\/agora.xtec.cat\/cfalacreudebarbera\/wp-json\/wp\/v2\/types\/page"}],"author":[{"embeddable":true,"href":"https:\/\/agora.xtec.cat\/cfalacreudebarbera\/wp-json\/wp\/v2\/users\/1"}],"replies":[{"embeddable":true,"href":"https:\/\/agora.xtec.cat\/cfalacreudebarbera\/wp-json\/wp\/v2\/comments?post=261"}],"version-history":[{"count":3,"href":"https:\/\/agora.xtec.cat\/cfalacreudebarbera\/wp-json\/wp\/v2\/pages\/261\/revisions"}],"predecessor-version":[{"id":547,"href":"https:\/\/agora.xtec.cat\/cfalacreudebarbera\/wp-json\/wp\/v2\/pages\/261\/revisions\/547"}],"wp:attachment":[{"href":"https:\/\/agora.xtec.cat\/cfalacreudebarbera\/wp-json\/wp\/v2\/media?parent=261"}],"curies":[{"name":"wp","href":"https:\/\/api.w.org\/{rel}","templated":true}]}}