{"id":21,"date":"2014-09-17T16:14:14","date_gmt":"2014-09-17T16:14:14","guid":{"rendered":"http:\/\/agora.xtec.cat\/cfalacreudebarbera\/?page_id=21"},"modified":"2020-12-17T18:06:42","modified_gmt":"2020-12-17T17:06:42","slug":"on-som","status":"publish","type":"page","link":"https:\/\/agora.xtec.cat\/cfalacreudebarbera\/el-centre\/on-som\/","title":{"rendered":"On som"},"content":{"rendered":"<p style=\"color: #666666;\">El <strong>CFA La Creu de Barber\u00e0<\/strong> \u00e9s un edifici d\u2019una sola planta sense barreres arquitect\u00f2niques. Est\u00e0 ubicat a la zona sud de Sabadell, al barri d\u2019Espronceda.<\/p>\n<p><strong>Adre\u00e7a:<\/strong><\/p>\n<p style=\"color: #666666;\">Carrer dels Carders, 14<br \/>\n08204 Sabadell<\/p>\n<p style=\"color: #666666;\">Tel. 93 711 64 48<br \/>\ncfalacreudebarbera<span class=\"atwho-query\">@xtec.cat<\/span><\/p>\n<p><iframe loading=\"lazy\" src=\"https:\/\/www.google.com\/maps\/embed?pb=!1m18!1m12!1m3!1d2986.862859359509!2d2.1106583156737186!3d41.5289111951721!2m3!1f0!2f0!3f0!3m2!1i1024!2i768!4f13.1!3m3!1m2!1s0x12a495b1036557f3%3A0x26c800a4b12753ee!2sCarrer%20dels%20Carders%2C%2014%2C%2008204%20Sabadell%2C%20Barcelona!5e0!3m2!1sca!2ses!4v1606415525916!5m2!1sca!2ses\" width=\"600\" height=\"450\" frameborder=\"0\" aria-hidden=\"false\"><\/iframe><\/p>\n<p><strong>Com arribar-hi:<br \/>\n<\/strong><\/p>\n<ul>\n<li>En tren: L\u2019estaci\u00f3 de tren m\u00e9s propera \u00e9s <strong>Sabadell Sud<\/strong> (l\u00ednia R4 de Rodalies) que est\u00e0 a 10 minuts.<\/li>\n<li>En bus: Tamb\u00e9 paren a prop les l\u00ednies de bus <strong>1<\/strong>, <strong>8<\/strong>, <strong>10<\/strong> i <strong>80<\/strong>.<\/li>\n<\/ul>\n<p><span style=\"color: #000000;\">Podeu veure-ho millor en aquest enlla\u00e7: <a href=\"http:\/\/www.tus.es\/index.php\/es\/informacion-de-las-lineas\">informaci\u00f3 de les l\u00ednies<\/a><\/span><\/p>\n","protected":false},"excerpt":{"rendered":"<p>El CFA La Creu de Barber\u00e0 \u00e9s un edifici d\u2019una sola planta sense barreres arquitect\u00f2niques. Est\u00e0 ubicat a la zona sud de Sabadell, al barri d\u2019Espronceda.<br \/>\nAdre\u00e7a:<br \/>\nCarrer dels Carders, 14<br \/>\n08204 Sabadell<br \/>\nTel. 93 711 64 48<br \/>\ncfalacreudebarbera@xtec.cat<\/p>\n<p>Com arribar-hi:<\/p>\n<ul>\n<li>En tren: L\u2019estaci\u00f3 de tren m\u00e9s propera \u00e9s Sabadell Sud (l\u00ednia&hellip;  <a href=\"https:\/\/agora.xtec.cat\/cfalacreudebarbera\/el-centre\/on-som\/\" title=\"Read On som\">Llegeix m\u00e9s\u00bb<\/a><br \/>\n","protected":false},"author":1,"featured_media":0,"parent":261,"menu_order":10,"comment_status":"closed","ping_status":"closed","template":"page-templates\/side-menu.php","meta":{"_bbp_topic_count":0,"_bbp_reply_count":0,"_bbp_total_topic_count":0,"_bbp_total_reply_count":0,"_bbp_voice_count":0,"_bbp_anonymous_reply_count":0,"_bbp_topic_count_hidden":0,"_bbp_reply_count_hidden":0,"_bbp_forum_subforum_count":0,"footnotes":""},"class_list":["post-21","page","type-page","status-publish","hentry"],"post_mailing_queue_ids":[],"_links":{"self":[{"href":"https:\/\/agora.xtec.cat\/cfalacreudebarbera\/wp-json\/wp\/v2\/pages\/21","targetHints":{"allow":["GET"]}}],"collection":[{"href":"https:\/\/agora.xtec.cat\/cfalacreudebarbera\/wp-json\/wp\/v2\/pages"}],"about":[{"href":"https:\/\/agora.xtec.cat\/cfalacreudebarbera\/wp-json\/wp\/v2\/types\/page"}],"author":[{"embeddable":true,"href":"https:\/\/agora.xtec.cat\/cfalacreudebarbera\/wp-json\/wp\/v2\/users\/1"}],"replies":[{"embeddable":true,"href":"https:\/\/agora.xtec.cat\/cfalacreudebarbera\/wp-json\/wp\/v2\/comments?post=21"}],"version-history":[{"count":4,"href":"https:\/\/agora.xtec.cat\/cfalacreudebarbera\/wp-json\/wp\/v2\/pages\/21\/revisions"}],"predecessor-version":[{"id":618,"href":"https:\/\/agora.xtec.cat\/cfalacreudebarbera\/wp-json\/wp\/v2\/pages\/21\/revisions\/618"}],"up":[{"embeddable":true,"href":"https:\/\/agora.xtec.cat\/cfalacreudebarbera\/wp-json\/wp\/v2\/pages\/261"}],"wp:attachment":[{"href":"https:\/\/agora.xtec.cat\/cfalacreudebarbera\/wp-json\/wp\/v2\/media?parent=21"}],"curies":[{"name":"wp","href":"https:\/\/api.w.org\/{rel}","templated":true}]}}