{"id":320,"date":"2015-01-28T11:35:13","date_gmt":"2015-01-28T10:35:13","guid":{"rendered":"http:\/\/agora.xtec.cat\/cfagransol\/\/?page_id=320"},"modified":"2020-05-24T20:55:45","modified_gmt":"2020-05-24T18:55:45","slug":"a-cicles-formatius-de-grau-superior","status":"publish","type":"page","link":"https:\/\/agora.xtec.cat\/cfagransol\/ensenyaments\/ensenyaments-per-a-la-preparacio-de-proves-dacces\/a-cicles-formatius-de-grau-superior\/","title":{"rendered":"A cicles formatius de grau superior"},"content":{"rendered":"<p>Aquests estudis preparen per presentar-se a les proves d&#8217;acc\u00e9s als cicles de grau superior de formaci\u00f3 professional, d&#8217;arts pl\u00e0stiques i disseny i d&#8217;ensenyaments esportius. L&#8217;alumnat pot \u00a0preparar la part comuna de la prova, la part espec\u00edfica, o totes dues.<\/p>\n<p>La durada m\u00ednima per a la preparaci\u00f3 de les proves d&#8217;acc\u00e9s al grau superior \u00e9s de 300 hores per a la part comuna i de 99 hores per a les dues mat\u00e8ries de la part espec\u00edfica.<\/p>\n<p>Poden accedir a aquests estudis les persones que tinguin m\u00e9s de 18 anys o els compleixen durant l&#8217;any natural en qu\u00e8 s&#8217;inicia la formaci\u00f3.<\/p>\n<p>Cal tenir en compte que per realitzar les proves d&#8217;acc\u00e9s als cicles formatius de grau superior s&#8217;han de tenir m\u00e9s de 19 anys o complir-los l&#8217;any natural en qu\u00e8 es realitza la prova.<\/p>\n<p>Aquest estudi \u00e9s gratu\u00eft en els centres dependents del Departament d&#8217;Ensenyament.<\/p>\n<ul>\n<li><strong>HORARIS<\/strong>\n<ul>\n<li>Matins de 9 a 11:30 de dilluns a dijous<\/li>\n<li>Tardes de 15 a 17h de dilluns a divendres<\/li>\n<\/ul>\n<\/li>\n<li><strong>MAT\u00c8RIES<\/strong><br \/>\n<strong>\u00a0Part comuna<\/strong>Llengua catalana i castellana<br \/>\nLlengua estrangera<br \/>\nMatem\u00e0tiques<br \/>\nHist\u00f2ria (\u00e9s mat\u00e8ria comuna nom\u00e9s per a les persones que vulguin accedir als ensenyaments art\u00edstics)<strong>Part espec\u00edfica<\/strong>Segons la fam\u00edlia professional o cicle al qual l&#8217;alumne vol accedir, cal escollir dues mat\u00e8ries de les opcions A, B, C o D.<\/p>\n<p><strong>Opcions de mat\u00e8ries de la part espec\u00edfica<\/strong><\/p>\n<p><strong>Opci\u00f3 A<\/strong><\/p>\n<p><em>Mat\u00e8ries<\/em><\/p>\n<ul>\n<li>Dibuix t\u00e8cnic<\/li>\n<li><strong>F\u00edsica<\/strong> (Es fa al centre)<\/li>\n<li>Tecnologia Industrial<\/li>\n<\/ul>\n<p><em>Fam\u00edlies professionals:<\/em><\/p>\n<ul>\n<li>Arts gr\u00e0fiques<\/li>\n<li>Edificaci\u00f3 i obra civil<\/li>\n<li>Electricitat i electr\u00f2nica<\/li>\n<li>Energia i aigua<\/li>\n<li>Fabricaci\u00f3 mec\u00e0nica<\/li>\n<li>Fusta, moble i suro<\/li>\n<li>Imatge i so<\/li>\n<li>Ind\u00fastries extractives<\/li>\n<li>Inform\u00e0tica i comunicacions<\/li>\n<li>Instal\u00b7laci\u00f3 i manteniment<\/li>\n<li>Maritimopesquera<\/li>\n<li>T\u00e8xtil, confecci\u00f3 i pell<\/li>\n<li>Transport i manteniment de vehicles<\/li>\n<li>Vidre i cer\u00e0mica<\/li>\n<li>Prevenci\u00f3 de riscos professionals (CFGS)<\/li>\n<\/ul>\n<p><strong>Opci\u00f3 B<\/strong><\/p>\n<p><em>Mat\u00e8ries<\/em><\/p>\n<ul>\n<li><strong>Biologia<\/strong>\u00a0(Es fa al centre)<\/li>\n<li>Ci\u00e8ncies de la terra i del medi ambient<\/li>\n<li>Quimica<\/li>\n<\/ul>\n<p><em>Fam\u00edlies professionals:<\/em><\/p>\n<ul>\n<li>Activitats f\u00edsiques i esportives<\/li>\n<li>Agr\u00e0ria<\/li>\n<li>Imatge personal<\/li>\n<li>Ind\u00fastries aliment\u00e0ries<\/li>\n<li>Qu\u00edmica<\/li>\n<li>Sanitat<\/li>\n<li>Seguretat i medi ambient<\/li>\n<li>Serveis socioculturals i a la comunitat<\/li>\n<li><em>Prevenci\u00f3 de riscos professionals (CFGS)<\/em><\/li>\n<\/ul>\n<p><strong>Opci\u00f3 C<\/strong><\/p>\n<p><em>Mat\u00e8ries<\/em><\/p>\n<ul>\n<li>Economia de l&#8217;empresa<\/li>\n<li><strong>Geografia\u00a0<\/strong>(Es fa al centre)<\/li>\n<li><strong>Psicologia i sociologia<\/strong>\u00a0(Es fa al centre)<\/li>\n<li>Segona llengua estrangera<\/li>\n<\/ul>\n<p><em>Fam\u00edlies professionals:<\/em><\/p>\n<ul>\n<li>Administraci\u00f3 i gesti\u00f3<\/li>\n<li>Comer\u00e7 i m\u00e0rqueting<\/li>\n<li>Hoteleria i turisme<\/li>\n<li>Inform\u00e0tica i comunicacions<\/li>\n<li>Serveis\u00a0socioculturals i a la comunitat<\/li>\n<li>Seguretat i medi ambient<\/li>\n<li><em>Prevenci\u00f3 de riscos professionals (CFGS)<\/em><\/li>\n<\/ul>\n<p><strong>Opci\u00f3 D<\/strong><\/p>\n<p><em>Mat\u00e8ries<\/em><\/p>\n<ul>\n<li>Educaci\u00f3 f\u00edsica i una de les mat\u00e8ries seg\u00fcents:<\/li>\n<li>Biologia<\/li>\n<li>Ci\u00e8ncies de la terra i del medi ambient<\/li>\n<li>Qu\u00edmica<\/li>\n<\/ul>\n<p><em>Fam\u00edlies professionals:<\/em><\/p>\n<ul>\n<li>Activitats f\u00edsiques i esportives<\/li>\n<li>Cicles d\u2019ensenyaments esportius (*)<\/li>\n<\/ul>\n<p>El temari i els criteris d&#8217;avaluaci\u00f3 de cadascuna de les mat\u00e8ries s\u00f3n els que consten a l&#8217;annex 1 de la <a title=\"V\u00e9s al DOGC\" href=\"http:\/\/dogc.gencat.cat\/ca\/pdogc_canals_interns\/pdogc_resultats_fitxa\/?action=fitxa&amp;mode=single&amp;documentId=567520&amp;language=ca_ES\" target=\"_blank\" rel=\"noopener noreferrer\">Resoluci\u00f3 EDU\/3983\/2010<\/a>, de 9 de desembre.<\/p>\n<p>* La resta de mat\u00e8ries espec\u00edfiques es fan a l&#8217;IOC<\/li>\n<li>Aula virtual (Moodle Cfa Gran sol)<\/li>\n<li>La qualificaci\u00f3 que s&#8217;obt\u00e9 en aquesta formaci\u00f3 (si es supeior a 5) \u00a0es multiplica pel coeficient 0,20 i se suma a la nota de la prova d&#8217;acc\u00e9s.<\/li>\n<\/ul>\n<p><a href=\"http:\/\/queestudiar.gencat.cat\/ca\/estudis\/adults\/estudis\/preparacio-proves-acces\/?p_id=284&amp;estudi\">M\u00e9s informaci\u00f3<\/a><\/p>\n","protected":false},"excerpt":{"rendered":"<p>Aquests estudis preparen per presentar-se a les proves d&#8217;acc\u00e9s als cicles de grau superior de formaci\u00f3 professional, d&#8217;arts pl\u00e0stiques i disseny i d&#8217;ensenyaments esportius. L&#8217;alumnat pot \u00a0preparar la part comuna de la prova, la part espec\u00edfica, o totes dues.<br \/>\nLa durada m\u00ednima per a la preparaci\u00f3&hellip;  <a href=\"https:\/\/agora.xtec.cat\/cfagransol\/ensenyaments\/ensenyaments-per-a-la-preparacio-de-proves-dacces\/a-cicles-formatius-de-grau-superior\/\" title=\"Read A cicles formatius de grau superior\">Llegeix m\u00e9s\u00bb<\/a><\/p>\n","protected":false},"author":2,"featured_media":0,"parent":288,"menu_order":0,"comment_status":"closed","ping_status":"closed","template":"page-templates\/side-menu.php","meta":{"_bbp_topic_count":0,"_bbp_reply_count":0,"_bbp_total_topic_count":0,"_bbp_total_reply_count":0,"_bbp_voice_count":0,"_bbp_anonymous_reply_count":0,"_bbp_topic_count_hidden":0,"_bbp_reply_count_hidden":0,"_bbp_forum_subforum_count":0,"footnotes":""},"class_list":["post-320","page","type-page","status-publish","hentry"],"post_mailing_queue_ids":[],"_links":{"self":[{"href":"https:\/\/agora.xtec.cat\/cfagransol\/wp-json\/wp\/v2\/pages\/320","targetHints":{"allow":["GET"]}}],"collection":[{"href":"https:\/\/agora.xtec.cat\/cfagransol\/wp-json\/wp\/v2\/pages"}],"about":[{"href":"https:\/\/agora.xtec.cat\/cfagransol\/wp-json\/wp\/v2\/types\/page"}],"author":[{"embeddable":true,"href":"https:\/\/agora.xtec.cat\/cfagransol\/wp-json\/wp\/v2\/users\/2"}],"replies":[{"embeddable":true,"href":"https:\/\/agora.xtec.cat\/cfagransol\/wp-json\/wp\/v2\/comments?post=320"}],"version-history":[{"count":4,"href":"https:\/\/agora.xtec.cat\/cfagransol\/wp-json\/wp\/v2\/pages\/320\/revisions"}],"predecessor-version":[{"id":2010,"href":"https:\/\/agora.xtec.cat\/cfagransol\/wp-json\/wp\/v2\/pages\/320\/revisions\/2010"}],"up":[{"embeddable":true,"href":"https:\/\/agora.xtec.cat\/cfagransol\/wp-json\/wp\/v2\/pages\/288"}],"wp:attachment":[{"href":"https:\/\/agora.xtec.cat\/cfagransol\/wp-json\/wp\/v2\/media?parent=320"}],"curies":[{"name":"wp","href":"https:\/\/api.w.org\/{rel}","templated":true}]}}