{"id":303,"date":"2015-01-28T11:23:05","date_gmt":"2015-01-28T10:23:05","guid":{"rendered":"http:\/\/agora.xtec.cat\/cfagransol\/\/?page_id=303"},"modified":"2020-05-24T20:49:09","modified_gmt":"2020-05-24T18:49:09","slug":"graduat-en-educacio-secundaria-per-adults","status":"publish","type":"page","link":"https:\/\/agora.xtec.cat\/cfagransol\/ensenyaments\/ensenyaments-inicials-i-formacio-basica\/graduat-en-educacio-secundaria-per-adults\/","title":{"rendered":"Graduat en educaci\u00f3 secundaria per adults (GESO)"},"content":{"rendered":"<ul>\n<li><strong>Nivells:<\/strong>\n<ul>\n<li>El curs per a l&#8217;obtenci\u00f3 de Graduat en Educaci\u00f3 Secund\u00e0ria ent\u00e0 estructurat en dos nivell: Ges 1 i Ges 2.<\/li>\n<li>Actualment oferim:\n<ul>\n<li>Mat\u00ed. GES 1 i GES 2<\/li>\n<li>Tarda: GES 1 i GES 2<\/li>\n<\/ul>\n<\/li>\n<\/ul>\n<\/li>\n<li><strong>Durada:<\/strong>\n<ul>\n<li>La durada per a cadascun dels nivells \u00e9s d&#8217;un curs escolar de setembre a juny.<\/li>\n<\/ul>\n<\/li>\n<\/ul>\n<ul>\n<li><strong>Curr\u00edculum:<\/strong>\n<ul>\n<li>El curriculum del GES s&#8217;enmarca dins la normativa publicada peL Departament d&#8217;Educaci\u00f3 de la Generalitat de Catalunya:\n<ul>\n<li><a href=\"http:\/\/xtec.gencat.cat\/web\/.content\/alfresco\/d\/d\/workspace\/SpacesStore\/0072\/a85381f7-9291-43b1-93c7-ae79f205da2c\/Decret_d_ordenacio_educacio_secundaria_obligatoria_adults.pdf\">DECRET 161\/2009, de 27 d\u2019octubre, d\u2019ordenaci\u00f3 dels ensenyaments de l\u2019educaci\u00f3 secund\u00e0ria obligat\u00f2ria per a les persones adultes.<\/a><\/li>\n<li>A continuaci\u00f3 teniu l&#8217;oferta modular del nostre centre corresponent als dos nivells de GES.<\/li>\n<\/ul>\n<\/li>\n<\/ul>\n<\/li>\n<\/ul>\n<table style=\"border-color: #000000;\">\n<tbody>\n<tr>\n<td style=\"border-color: #000000; text-align: center;\"><strong>GES 1<\/strong><\/td>\n<td style=\"border-color: #000000; text-align: center;\"><strong>GES 2<\/strong><\/td>\n<td style=\"border-color: #000000; text-align: center;\"><strong>M\u00d2DULS OPTATIUS<\/strong><\/td>\n<\/tr>\n<tr>\n<td style=\"border-color: #000000; text-align: center;\" colspan=\"3\"><strong>\u00c0mbit Comunicaci\u00f3<\/strong><\/td>\n<\/tr>\n<tr>\n<td style=\"border-color: #000000;\">Llengua catalana I<\/td>\n<td style=\"border-color: #000000;\">Llengua catalana III<\/td>\n<td style=\"border-color: #000000;\">Llengua estrangera, m\u00f2dul 0<\/td>\n<\/tr>\n<tr>\n<td style=\"border-color: #000000;\">Llengua castellana I<\/td>\n<td style=\"border-color: #000000;\">Llengua castellana III<\/td>\n<td style=\"border-color: #000000;\">\u00a0Llengua i TIC<\/td>\n<\/tr>\n<tr>\n<td style=\"border-color: #000000;\">Llengua catalana II<\/td>\n<td style=\"border-color: #000000;\">Llengua estrangera II<\/td>\n<td style=\"border-color: #000000;\"><\/td>\n<\/tr>\n<tr>\n<td style=\"border-color: #000000;\">Llengua castellana II<\/td>\n<td style=\"border-color: #000000;\">Llengua estrangera III<\/td>\n<td style=\"border-color: #000000;\"><\/td>\n<\/tr>\n<tr>\n<td style=\"border-color: #000000;\">Literatura<\/td>\n<td style=\"border-color: #000000;\">Literatura catalana<\/td>\n<td style=\"border-color: #000000;\"><\/td>\n<\/tr>\n<tr>\n<td style=\"border-color: #000000;\">Llengua estrangera I<\/td>\n<td style=\"border-color: #000000;\">Literatura castellana<\/td>\n<td style=\"border-color: #000000;\"><\/td>\n<\/tr>\n<tr>\n<td style=\"border-color: #000000; text-align: center;\" colspan=\"3\"><strong>\u00c0mbit de les matem\u00e0tiques, ci\u00e8ncia i tecnologia \u00a0\u00a0<\/strong><\/td>\n<\/tr>\n<tr>\n<td style=\"border-color: #000000;\">\u00a0Matem\u00e0tiques I<\/td>\n<td style=\"border-color: #000000;\">\u00a0Matem\u00e0tiques III<\/td>\n<td style=\"border-color: #000000;\">\u00a0Matem\u00e0tiques Inicials<\/td>\n<\/tr>\n<tr>\n<td style=\"border-color: #000000;\">\u00a0Matem\u00e0tiques II<\/td>\n<td style=\"border-color: #000000;\">\u00a0Matem\u00e0tiques IV<\/td>\n<td style=\"border-color: #000000;\">\u00a0Mediambient i canvi clim\u00e0tic<\/td>\n<\/tr>\n<tr>\n<td style=\"border-color: #000000;\">\u00a0F\u00edsica i Qu\u00edmica I<\/td>\n<td style=\"border-color: #000000;\">\u00a0Biologia i geologia<\/td>\n<td style=\"border-color: #000000;\">\u00a0TIC<\/td>\n<\/tr>\n<tr>\n<td style=\"border-color: #000000;\">\u00a0Ci\u00e8ncies naturals<\/td>\n<td style=\"border-color: #000000;\">\u00a0F\u00edsica i qu\u00edmica II<\/td>\n<td style=\"border-color: #000000;\"><\/td>\n<\/tr>\n<tr>\n<td style=\"border-color: #000000;\">\u00a0Educaci\u00f3 per la salut<\/td>\n<td style=\"border-color: #000000;\">\u00a0Tecnologia<\/td>\n<td style=\"border-color: #000000;\"><\/td>\n<\/tr>\n<tr>\n<td style=\"border-color: #000000; text-align: center;\" colspan=\"3\"><strong>\u00c0mbit de les ci\u00e8ncies socials<\/strong><\/td>\n<\/tr>\n<tr>\n<td style=\"border-color: #000000;\">Geografia I<\/td>\n<td style=\"border-color: #000000;\">Geografia II<\/td>\n<td style=\"border-color: #000000;\">Art i artistes<\/td>\n<\/tr>\n<tr>\n<td style=\"border-color: #000000;\">Hist\u00f2ria I<\/td>\n<td style=\"border-color: #000000;\">Hist\u00f2ria II<\/td>\n<td style=\"border-color: #000000;\"><\/td>\n<\/tr>\n<tr>\n<td style=\"border-color: #000000;\">C. socials i ed. per a la ciut.<\/td>\n<td style=\"border-color: #000000;\">C. soc. II i mov. migrat.<\/td>\n<td style=\"border-color: #000000;\"><\/td>\n<\/tr>\n<\/tbody>\n<\/table>\n<ul>\n<li>Organitzaci\u00f3:\n<ul>\n<li>Nivellament: Durant el mes de juny i\/o setembre (veure calendari) es realitzen unes proves de nivell adre\u00e7ades a aquells alumne que per expedient acad\u00e8mic no poden convalidar cap nivell o m\u00f2dul del curr\u00edculum. Consisteixen en valorar la compet\u00e8ncia ling\u00fc\u00edstica: catal\u00e0, castell\u00e0 i la matem\u00e0tica. En funci\u00f3 dels resultats d&#8217;aquesta prova i de l&#8217;entrevista inicial s&#8217;orienta al alumne cap al nivell m\u00e9s adient. L&#8217;acci\u00f3 tutorial que es realitza individualmet amb cada \u00a0alumne t\u00e9 com a objectiu suggerir itineraris individualitzats per tal d&#8217;ajudar a l&#8217;alumne que ho necessiti, m\u00f2duls de refor\u00e7.<\/li>\n<\/ul>\n<\/li>\n<li>Aula virtual<\/li>\n<li>Avaluaci\u00f3<\/li>\n<li>Promoci\u00f3 de curs i\/o obtenci\u00f3 de certificaci\u00f3<\/li>\n<\/ul>\n<p><a href=\"http:\/\/queestudiar.gencat.cat\/ca\/estudis\/adults\/estudis\/secundaria\/?p_id=280&amp;estudi\">M\u00e9s informaci\u00f3<\/a><\/p>\n","protected":false},"excerpt":{"rendered":"<ul>\n<li>Nivells:\n<ul>\n<li>El curs per a l&#8217;obtenci\u00f3 de Graduat en Educaci\u00f3 Secund\u00e0ria ent\u00e0 estructurat en dos nivell: Ges 1 i Ges 2.<\/li>\n<li>Actualment oferim:\n<ul>\n<li>Mat\u00ed. GES 1 i GES 2<\/li>\n<li>Tarda: GES 1 i GES 2<\/li>\n<\/ul>\n<\/li>\n<\/ul>\n<\/li>\n<li>Durada:\n<ul>\n<li>La durada per a cadascun dels nivells \u00e9s d&#8217;un curs escolar de setembre a juny.<\/li>\n<\/ul>\n<\/li>\n<\/ul>\n<ul>\n<li>Curr\u00edculum:\n<ul>\n<li>El&hellip;  <a href=\"https:\/\/agora.xtec.cat\/cfagransol\/ensenyaments\/ensenyaments-inicials-i-formacio-basica\/graduat-en-educacio-secundaria-per-adults\/\" title=\"Read Graduat en educaci\u00f3 secundaria per adults (GESO)\">Llegeix m\u00e9s\u00bb<\/a><br \/>\n","protected":false},"author":2,"featured_media":0,"parent":283,"menu_order":0,"comment_status":"closed","ping_status":"closed","template":"page-templates\/side-menu.php","meta":{"_bbp_topic_count":0,"_bbp_reply_count":0,"_bbp_total_topic_count":0,"_bbp_total_reply_count":0,"_bbp_voice_count":0,"_bbp_anonymous_reply_count":0,"_bbp_topic_count_hidden":0,"_bbp_reply_count_hidden":0,"_bbp_forum_subforum_count":0,"footnotes":""},"class_list":["post-303","page","type-page","status-publish","hentry"],"post_mailing_queue_ids":[],"_links":{"self":[{"href":"https:\/\/agora.xtec.cat\/cfagransol\/wp-json\/wp\/v2\/pages\/303","targetHints":{"allow":["GET"]}}],"collection":[{"href":"https:\/\/agora.xtec.cat\/cfagransol\/wp-json\/wp\/v2\/pages"}],"about":[{"href":"https:\/\/agora.xtec.cat\/cfagransol\/wp-json\/wp\/v2\/types\/page"}],"author":[{"embeddable":true,"href":"https:\/\/agora.xtec.cat\/cfagransol\/wp-json\/wp\/v2\/users\/2"}],"replies":[{"embeddable":true,"href":"https:\/\/agora.xtec.cat\/cfagransol\/wp-json\/wp\/v2\/comments?post=303"}],"version-history":[{"count":4,"href":"https:\/\/agora.xtec.cat\/cfagransol\/wp-json\/wp\/v2\/pages\/303\/revisions"}],"predecessor-version":[{"id":2007,"href":"https:\/\/agora.xtec.cat\/cfagransol\/wp-json\/wp\/v2\/pages\/303\/revisions\/2007"}],"up":[{"embeddable":true,"href":"https:\/\/agora.xtec.cat\/cfagransol\/wp-json\/wp\/v2\/pages\/283"}],"wp:attachment":[{"href":"https:\/\/agora.xtec.cat\/cfagransol\/wp-json\/wp\/v2\/media?parent=303"}],"curies":[{"name":"wp","href":"https:\/\/api.w.org\/{rel}","templated":true}]}}