{"id":67,"date":"2014-09-18T10:14:18","date_gmt":"2014-09-18T10:14:18","guid":{"rendered":"http:\/\/agora.xtec.cat\/cfajverdaguercastelldefels\/\/?page_id=67"},"modified":"2025-05-14T14:53:22","modified_gmt":"2025-05-14T12:53:22","slug":"acollida","status":"publish","type":"page","link":"https:\/\/agora.xtec.cat\/cfacastelldefels\/serveis\/acollida\/","title":{"rendered":"Acollida i orientaci\u00f3"},"content":{"rendered":"<h5><span style=\"color: #000000;\"><strong>Formaci\u00f3 d&#8217;adults<\/strong><\/span><\/h5>\n<div class=\"entry-content\">\n<p style=\"text-align: justify;\">La formaci\u00f3 de persones adultes \u00e9s el conjunt d\u2019activitats d\u2019aprenentatge que, en el marc de l\u2019educaci\u00f3 al llarg de tota la vida, permet que les persones adultes desenvolupin les seves capacitats, enriqueixin els seus coneixements i millorin les seves compet\u00e8ncies t\u00e8cniques i professionals. Aix\u00f2 fa que hi participin persones amb objectius diferents, com poden ser obtenir una titulaci\u00f3, posar-se al dia o ampliar els seus coneixements.<\/p>\n<p>L\u2019oferta educativa general dels centres de formaci\u00f3 d\u2019adults del Departament d\u2019Educaci\u00f3 \u00e9s la seg\u00fcent:<\/p>\n<ul>\n<li>Ensenyaments de lleng\u00fces (catal\u00e0, castell\u00e0, angl\u00e8s i franc\u00e8s)<\/li>\n<li>COMPETIC (inform\u00e0tica)<\/li>\n<li>Formaci\u00f3 instrumental (educaci\u00f3 prim\u00e0ria per a les persones adultes)<\/li>\n<li>Educaci\u00f3 secund\u00e0ria per a les persones adultes<\/li>\n<li>Curs espec\u00edfic per a l\u2019acc\u00e9s als cicles formatius de grau mitj\u00e0 (CAM)<\/li>\n<li>Preparaci\u00f3 per a les proves d\u2019acc\u00e9s (a cicles de grau mitj\u00e0 i superior, a la universitat per a majors de 25 anys)<\/li>\n<li style=\"list-style-type: none;\"><\/li>\n<\/ul>\n<\/div>\n<div id='gallery-1' class='gallery galleryid-67 gallery-columns-3 gallery-size-large'><figure class='gallery-item'>\n\t\t\t<div class='gallery-icon landscape'>\n\t\t\t\t<a href='https:\/\/agora.xtec.cat\/cfacastelldefels\/wp-content\/uploads\/usu251\/2023\/05\/Acreditacio-i-accesos.jpg'><img loading=\"lazy\" decoding=\"async\" width=\"1024\" height=\"720\" src=\"https:\/\/agora.xtec.cat\/cfacastelldefels\/wp-content\/uploads\/usu251\/2023\/05\/Acreditacio-i-accesos-1024x720.jpg\" class=\"attachment-large size-large\" alt=\"\" srcset=\"https:\/\/agora.xtec.cat\/cfacastelldefels\/wp-content\/uploads\/usu251\/2023\/05\/Acreditacio-i-accesos-1024x720.jpg 1024w, https:\/\/agora.xtec.cat\/cfacastelldefels\/wp-content\/uploads\/usu251\/2023\/05\/Acreditacio-i-accesos-300x211.jpg 300w, https:\/\/agora.xtec.cat\/cfacastelldefels\/wp-content\/uploads\/usu251\/2023\/05\/Acreditacio-i-accesos-768x540.jpg 768w, https:\/\/agora.xtec.cat\/cfacastelldefels\/wp-content\/uploads\/usu251\/2023\/05\/Acreditacio-i-accesos.jpg 1518w\" sizes=\"auto, (max-width: 1024px) 100vw, 1024px\" \/><\/a>\n\t\t\t<\/div><\/figure>\n\t\t<\/div>\n\n<h1><\/h1>\n<h3><a href=\"https:\/\/agora.xtec.cat\/cfacastelldefels\/wp-content\/uploads\/usu251\/2023\/05\/Full-informatiu-22-23.pdf\" target=\"_blank\" rel=\"noopener\">Full informatiu curs ensenyaments CFA Castelldefels<\/a><\/h3>\n<h5><span style=\"color: #000000;\"><strong>Orientaci\u00f3<\/strong><\/span><\/h5>\n<p>El nostre centre t\u00e9 un pla espec\u00edfic d&#8217;acollida i seguiment de l&#8217;alumnat:<\/p>\n<ul>\n<li>Els alumnes en horari d&#8217;atenci\u00f3 poden demanar informaci\u00f3 i ser orientats. Durant el proc\u00e9s d&#8217;orientaci\u00f3, en funci\u00f3 de les seves necessitats i \u00a0la seva experi\u00e8ncia pr\u00f2pia, es dissenya el seu curr\u00edculum i itinerari personal. En cas de no tenir l&#8217;oferta s&#8217;adre\u00e7a l&#8217;alumne a altres centre propers.<\/li>\n<li>L&#8217;alumne matriculat t\u00e9 un tutor de refer\u00e8ncia i disposa d&#8217;un horari d&#8217;atenci\u00f3 als alumnes espec\u00edfic de cada mat\u00e8ria.<\/li>\n<li>Disposem d&#8217;una sala d&#8217;estudi per poder treballar amb material de consulta f\u00edsic (biblioteca) i dispositius (equipaments inform\u00e0tics) per consulta en l\u00ednia.<\/li>\n<li>El nostre centre disposa d&#8217;un pla espec\u00edfic d&#8217;acollida per al professorat de nova incorporaci\u00f3 al nostre centre.<\/li>\n<\/ul>\n<h5><\/h5>\n<h5><span style=\"color: #000000;\"><strong>Llocs web per informar-se<\/strong><\/span><\/h5>\n<ul>\n<li><a href=\"http:\/\/queestudiar.gencat.cat\/ca\/index.html\" target=\"_blank\" rel=\"noopener noreferrer\">Qu\u00e8 estudiar a Catalunya<\/a>.<\/li>\n<li><a href=\"https:\/\/www.castelldefels.org\/ca\/guiaEducativa\/doc_generica.asp?dogid=2240\" target=\"_blank\" rel=\"noopener noreferrer\">Orientaci\u00f3 Guia Educativa Ajuntament Castelldefels<\/a>.<\/li>\n<li><a style=\"font-family: inherit; font-size: 1em;\" href=\"http:\/\/www.castelldefels.org\/a_Arees\/educacio\/file\/SLTET\/16%20Si%20vols%20formaci\u00f3_brain_nueva%20cabeza.pdf\" target=\"_blank\" rel=\"noopener noreferrer\">Formaci\u00f3 per +16 anys<\/a><\/li>\n<li><span style=\"color: #000000;\">Proves lliures GES majors de 18 anys<\/span>\n<ul>\n<li><a href=\"http:\/\/ensenyament.gencat.cat\/ca\/serveis-tramits\/proves\/proves-lliures-obtencio-titols\/obtencio-geso-mes-18-anys\/\" target=\"_blank\" rel=\"noopener noreferrer\">Informaci\u00f3 Oficial<\/a>.<\/li>\n<li><a href=\"http:\/\/xelu.net\/html\/materials\/materials_fitxa.php?materials_ID=26&amp;idioma=catala\" target=\"_blank\" rel=\"noopener noreferrer\">Models de proves<\/a>.<\/li>\n<\/ul>\n<\/li>\n<li><span style=\"color: #000000;\">Proves d&#8217;acc\u00e9s a Cicles Formatius de Grau Superior<\/span>\n<ul>\n<li><a href=\"http:\/\/queestudiar.gencat.cat\/ca\/preinscripcio\/estudis\/fp-gs\/documentacio\/\" target=\"_blank\" rel=\"noopener noreferrer\">Informaci\u00f3 a Qu\u00e8 estudiar en Catalunya PACFGS<\/a>.<\/li>\n<\/ul>\n<\/li>\n<\/ul>\n<table style=\"border-collapse: collapse; width: 100%;\" border=\"1\">\n<tbody>\n<tr>\n<td style=\"width: 25%;\"><a href=\"https:\/\/drive.google.com\/file\/d\/1BS0JTFSdMcZUefVdl8-SOQUQWxLa9bjC\/view?usp=sharing\" target=\"_blank\" rel=\"noopener\">Competic <\/a><\/td>\n<td style=\"width: 25%;\"><a href=\"https:\/\/drive.google.com\/file\/d\/1kYxObHAIkqL8FIMeoTdPEU-IZsSEQtFp\/view?usp=sharing\" target=\"_blank\" rel=\"noopener\">GES<\/a><\/td>\n<td style=\"width: 25%;\"><a href=\"https:\/\/drive.google.com\/file\/d\/19QxRck-Bpd5qQJgVZMOtHpBAdw-HsY2M\/view?usp=sharing\" target=\"_blank\" rel=\"noopener\">Acc\u00e9s a Universitat +25\/45 <\/a><\/td>\n<td style=\"width: 25%;\"><a href=\"https:\/\/drive.google.com\/file\/d\/1zTXCTaZx7HUDCwx3F0fgR1h_EUz5wJrh\/view?usp=sharing\" target=\"_blank\" rel=\"noopener\">Acc\u00e9s a PAGS <\/a><\/td>\n<\/tr>\n<tr>\n<td style=\"width: 25%;\"><a href=\"https:\/\/drive.google.com\/file\/d\/1yCjh5lYJECLK6vkSY6qoJJAwwUk4qkdw\/view?usp=sharing\" target=\"_blank\" rel=\"noopener\">Lleng\u00fces <\/a><\/td>\n<td style=\"width: 25%;\"><\/td>\n<td style=\"width: 25%;\"><\/td>\n<td style=\"width: 25%;\"><\/td>\n<\/tr>\n<\/tbody>\n<\/table>\n","protected":false},"excerpt":{"rendered":"<p>Formaci\u00f3 d&#8217;adults La formaci\u00f3 de persones adultes \u00e9s el conjunt d\u2019activitats d\u2019aprenentatge que, en el marc de l\u2019educaci\u00f3 al llarg de tota la vida, permet que les persones adultes desenvolupin les seves capacitats, enriqueixin els seus coneixements i millorin les seves compet\u00e8ncies t\u00e8cniques i professionals. Aix\u00f2 fa que hi participin persones amb objectius diferents, com [&hellip;]<\/p>\n","protected":false},"author":2,"featured_media":0,"parent":63,"menu_order":30,"comment_status":"closed","ping_status":"closed","template":"page-templates\/side-menu.php","meta":{"_bbp_topic_count":0,"_bbp_reply_count":0,"_bbp_total_topic_count":0,"_bbp_total_reply_count":0,"_bbp_voice_count":0,"_bbp_anonymous_reply_count":0,"_bbp_topic_count_hidden":0,"_bbp_reply_count_hidden":0,"_bbp_forum_subforum_count":0,"site-sidebar-layout":"default","site-content-layout":"","ast-site-content-layout":"","site-content-style":"default","site-sidebar-style":"default","ast-global-header-display":"","ast-banner-title-visibility":"","ast-main-header-display":"","ast-hfb-above-header-display":"","ast-hfb-below-header-display":"","ast-hfb-mobile-header-display":"","site-post-title":"","ast-breadcrumbs-content":"","ast-featured-img":"","footer-sml-layout":"","theme-transparent-header-meta":"","adv-header-id-meta":"","stick-header-meta":"","header-above-stick-meta":"","header-main-stick-meta":"","header-below-stick-meta":"","astra-migrate-meta-layouts":"default","ast-page-background-enabled":"default","ast-page-background-meta":{"desktop":{"background-color":"var(--ast-global-color-4)","background-image":"","background-repeat":"repeat","background-position":"center center","background-size":"auto","background-attachment":"scroll","background-type":"","background-media":"","overlay-type":"","overlay-color":"","overlay-opacity":"","overlay-gradient":""},"tablet":{"background-color":"","background-image":"","background-repeat":"repeat","background-position":"center center","background-size":"auto","background-attachment":"scroll","background-type":"","background-media":"","overlay-type":"","overlay-color":"","overlay-opacity":"","overlay-gradient":""},"mobile":{"background-color":"","background-image":"","background-repeat":"repeat","background-position":"center center","background-size":"auto","background-attachment":"scroll","background-type":"","background-media":"","overlay-type":"","overlay-color":"","overlay-opacity":"","overlay-gradient":""}},"ast-content-background-meta":{"desktop":{"background-color":"var(--ast-global-color-5)","background-image":"","background-repeat":"repeat","background-position":"center center","background-size":"auto","background-attachment":"scroll","background-type":"","background-media":"","overlay-type":"","overlay-color":"","overlay-opacity":"","overlay-gradient":""},"tablet":{"background-color":"var(--ast-global-color-5)","background-image":"","background-repeat":"repeat","background-position":"center center","background-size":"auto","background-attachment":"scroll","background-type":"","background-media":"","overlay-type":"","overlay-color":"","overlay-opacity":"","overlay-gradient":""},"mobile":{"background-color":"var(--ast-global-color-5)","background-image":"","background-repeat":"repeat","background-position":"center center","background-size":"auto","background-attachment":"scroll","background-type":"","background-media":"","overlay-type":"","overlay-color":"","overlay-opacity":"","overlay-gradient":""}},"footnotes":""},"class_list":["post-67","page","type-page","status-publish","hentry"],"post_mailing_queue_ids":[],"_links":{"self":[{"href":"https:\/\/agora.xtec.cat\/cfacastelldefels\/wp-json\/wp\/v2\/pages\/67","targetHints":{"allow":["GET"]}}],"collection":[{"href":"https:\/\/agora.xtec.cat\/cfacastelldefels\/wp-json\/wp\/v2\/pages"}],"about":[{"href":"https:\/\/agora.xtec.cat\/cfacastelldefels\/wp-json\/wp\/v2\/types\/page"}],"author":[{"embeddable":true,"href":"https:\/\/agora.xtec.cat\/cfacastelldefels\/wp-json\/wp\/v2\/users\/2"}],"replies":[{"embeddable":true,"href":"https:\/\/agora.xtec.cat\/cfacastelldefels\/wp-json\/wp\/v2\/comments?post=67"}],"version-history":[{"count":6,"href":"https:\/\/agora.xtec.cat\/cfacastelldefels\/wp-json\/wp\/v2\/pages\/67\/revisions"}],"predecessor-version":[{"id":5295,"href":"https:\/\/agora.xtec.cat\/cfacastelldefels\/wp-json\/wp\/v2\/pages\/67\/revisions\/5295"}],"up":[{"embeddable":true,"href":"https:\/\/agora.xtec.cat\/cfacastelldefels\/wp-json\/wp\/v2\/pages\/63"}],"wp:attachment":[{"href":"https:\/\/agora.xtec.cat\/cfacastelldefels\/wp-json\/wp\/v2\/media?parent=67"}],"curies":[{"name":"wp","href":"https:\/\/api.w.org\/{rel}","templated":true}]}}