{"id":274,"date":"2015-01-27T17:56:20","date_gmt":"2015-01-27T16:56:20","guid":{"rendered":"http:\/\/agora.xtec.cat\/cfajverdaguercastelldefels\/\/?page_id=274"},"modified":"2026-04-28T13:15:20","modified_gmt":"2026-04-28T11:15:20","slug":"ensenyaments","status":"publish","type":"page","link":"https:\/\/agora.xtec.cat\/cfacastelldefels\/ensenyaments\/","title":{"rendered":"Oferta Formativa \/ Ensenyaments"},"content":{"rendered":"\n<h4 class=\"wp-block-heading\">&nbsp; &nbsp; &nbsp;Formaci\u00f3 d&#8217;adults<\/h4>\n\n\n\n<p>La formaci\u00f3 de persones adultes \u00e9s el conjunt d\u2019activitats d\u2019aprenentatge que, en el marc de l\u2019educaci\u00f3 al llarg de tota la vida, permet que les persones adultes desenvolupin les seves capacitats, enriqueixin els seus coneixements i millorin les seves compet\u00e8ncies t\u00e8cniques i professionals. Aix\u00f2 fa que hi participin persones amb objectius diferents, com poden ser obtenir una titulaci\u00f3, posar-se al dia o ampliar els seus coneixements.<\/p>\n\n\n\n<p>L\u2019oferta educativa general dels centres de formaci\u00f3 d\u2019adults del Departament d\u2019Educaci\u00f3 \u00e9s la seg\u00fcent:<\/p>\n\n\n\n<ul class=\"wp-block-list\">\n<li>ensenyaments de lleng\u00fces (catal\u00e0, castell\u00e0, angl\u00e8s i franc\u00e8s);<\/li>\n\n\n\n<li>COMPETIC (inform\u00e0tica);<\/li>\n\n\n\n<li>formaci\u00f3 instrumental (educaci\u00f3 prim\u00e0ria per a les persones adultes);<\/li>\n\n\n\n<li>educaci\u00f3 secund\u00e0ria per a les persones adultes;<\/li>\n\n\n\n<li>curs espec\u00edfic per a l\u2019acc\u00e9s als cicles formatius de grau&nbsp;mitj\u00e0 (CAM);<\/li>\n\n\n\n<li>preparaci\u00f3 per a les proves d\u2019acc\u00e9s (a cicles formatius de grau mitj\u00e0 i superior, a la universitat per a majors de 25 anys).<br><br><h4>&nbsp;<\/h4><br><h4>Ensenyaments de les CFA i acreditacions oficials<\/h4><br><p>Clica a la imatge per ampliar-la.<\/p><br><figure><a href=\"https:\/\/agora.xtec.cat\/cfacastelldefels\/wp-content\/uploads\/usu251\/2023\/05\/Acreditacio-i-accesos.jpg\"><img loading=\"lazy\" decoding=\"async\" width=\"416\" height=\"292\" class=\" wp-image-3983 alignleft\" src=\"https:\/\/agora.xtec.cat\/cfacastelldefels\/wp-content\/uploads\/usu251\/2023\/05\/Acreditacio-i-accesos-300x211.jpg\" alt=\"\" srcset=\"https:\/\/agora.xtec.cat\/cfacastelldefels\/wp-content\/uploads\/usu251\/2023\/05\/Acreditacio-i-accesos-300x211.jpg 300w, https:\/\/agora.xtec.cat\/cfacastelldefels\/wp-content\/uploads\/usu251\/2023\/05\/Acreditacio-i-accesos-1024x720.jpg 1024w, https:\/\/agora.xtec.cat\/cfacastelldefels\/wp-content\/uploads\/usu251\/2023\/05\/Acreditacio-i-accesos-768x540.jpg 768w, https:\/\/agora.xtec.cat\/cfacastelldefels\/wp-content\/uploads\/usu251\/2023\/05\/Acreditacio-i-accesos.jpg 1518w\" sizes=\"auto, (max-width: 416px) 100vw, 416px\" \/><\/a><\/figure><br><h4>&nbsp;<\/h4><br><h4>&nbsp;<\/h4><br><h4>&nbsp;<\/h4><br><h4>&nbsp;<\/h4><\/li>\n<\/ul>\n\n\n\n<h4 class=\"wp-block-heading\">&nbsp; &nbsp; <\/h4>\n\n\n\n<p><\/p>\n\n\n\n<h4 class=\"wp-block-heading\">Oferta formativa prevista curs 2026-2027 al CFA Castelldefels<\/h4>\n\n\n\n<h4 class=\"wp-block-heading\">Ensenyaments inicials i formaci\u00f3 b\u00e0sica<\/h4>\n\n\n\n<ul class=\"wp-block-list\">\n<li><a title=\"Llengua catalana\" href=\"http:\/\/agora.xtec.cat\/cfajverdaguercastelldefels\/ensenyaments\/ensenyaments-inicials-i-formacio-basica\/llengua-catalana\/\">Llengua catalana<\/a> (nivell 1&nbsp;i 2&nbsp;: A1-A2)<\/li>\n\n\n\n<li><a title=\"Llengua castellana\" href=\"http:\/\/agora.xtec.cat\/cfajverdaguercastelldefels\/ensenyaments\/ensenyaments-inicials-i-formacio-basica\/llengua-castellana\/\">Llengua castellana<\/a> ( Nivell 1, 2 i 3: A1, A2, B1)<\/li>\n\n\n\n<li><a title=\"Graduat en educaci\u00f3 secundaria per adults (GESO)\" href=\"http:\/\/agora.xtec.cat\/cfajverdaguercastelldefels\/ensenyaments\/ensenyaments-inicials-i-formacio-basica\/graduat-en-educacio-secundaria-per-adults\/\">Graduat en educaci\u00f3 secund\u00e0ria per a persones adultes<\/a> (GESO) Presencial, semipresencial&nbsp; i a dist\u00e0ncia<\/li>\n<\/ul>\n\n\n\n<p>Marc Europeu de Refer\u00e8ncia de les Lleng\u00fces:<\/p>\n\n\n\n<figure class=\"wp-block-image aligncenter\"><img loading=\"lazy\" decoding=\"async\" width=\"491\" height=\"138\" src=\"https:\/\/agora.xtec.cat\/cfacastelldefels\/wp-content\/uploads\/usu251\/2020\/05\/marceuropeu-referencialleng\u00fces.png\" alt=\"\" class=\"wp-image-2345\" srcset=\"https:\/\/agora.xtec.cat\/cfacastelldefels\/wp-content\/uploads\/usu251\/2020\/05\/marceuropeu-referencialleng\u00fces.png 491w, https:\/\/agora.xtec.cat\/cfacastelldefels\/wp-content\/uploads\/usu251\/2020\/05\/marceuropeu-referencialleng\u00fces-300x84.png 300w\" sizes=\"auto, (max-width: 491px) 100vw, 491px\" \/><\/figure>\n\n\n\n<figure class=\"wp-block-image aligncenter\"><a href=\"https:\/\/agora.xtec.cat\/cfacastelldefels\/wp-content\/uploads\/usu251\/2020\/05\/a1.png\"><img loading=\"lazy\" decoding=\"async\" width=\"496\" height=\"144\" src=\"https:\/\/agora.xtec.cat\/cfacastelldefels\/wp-content\/uploads\/usu251\/2020\/05\/a1.png\" alt=\"\" class=\"wp-image-2342\" srcset=\"https:\/\/agora.xtec.cat\/cfacastelldefels\/wp-content\/uploads\/usu251\/2020\/05\/a1.png 496w, https:\/\/agora.xtec.cat\/cfacastelldefels\/wp-content\/uploads\/usu251\/2020\/05\/a1-300x87.png 300w\" sizes=\"auto, (max-width: 496px) 100vw, 496px\" \/><\/a><\/figure>\n\n\n\n<figure class=\"wp-block-image aligncenter\"><a href=\"https:\/\/agora.xtec.cat\/cfacastelldefels\/wp-content\/uploads\/usu251\/2020\/05\/a2.png\"><img loading=\"lazy\" decoding=\"async\" width=\"491\" height=\"170\" src=\"https:\/\/agora.xtec.cat\/cfacastelldefels\/wp-content\/uploads\/usu251\/2020\/05\/a2.png\" alt=\"\" class=\"wp-image-2343\" srcset=\"https:\/\/agora.xtec.cat\/cfacastelldefels\/wp-content\/uploads\/usu251\/2020\/05\/a2.png 491w, https:\/\/agora.xtec.cat\/cfacastelldefels\/wp-content\/uploads\/usu251\/2020\/05\/a2-300x104.png 300w\" sizes=\"auto, (max-width: 491px) 100vw, 491px\" \/><\/a><\/figure>\n\n\n\n<figure class=\"wp-block-image aligncenter\"><a href=\"https:\/\/agora.xtec.cat\/cfacastelldefels\/wp-content\/uploads\/usu251\/2020\/05\/b1.png\"><img loading=\"lazy\" decoding=\"async\" width=\"490\" height=\"152\" src=\"https:\/\/agora.xtec.cat\/cfacastelldefels\/wp-content\/uploads\/usu251\/2020\/05\/b1.png\" alt=\"\" class=\"wp-image-2344\" srcset=\"https:\/\/agora.xtec.cat\/cfacastelldefels\/wp-content\/uploads\/usu251\/2020\/05\/b1.png 490w, https:\/\/agora.xtec.cat\/cfacastelldefels\/wp-content\/uploads\/usu251\/2020\/05\/b1-300x93.png 300w\" sizes=\"auto, (max-width: 490px) 100vw, 490px\" \/><\/a><\/figure>\n\n\n\n<p><\/p>\n\n\n\n<p><\/p>\n\n\n\n<p><\/p>\n\n\n\n<h4 class=\"wp-block-heading\">Ensenyaments transprofessionals<\/h4>\n\n\n\n<ul class=\"wp-block-list\">\n<li><a href=\"https:\/\/agora.xtec.cat\/cfacastelldefels\/ensenyaments\/ensenyaments-transprofessionals\/llengua-anglesa\/\" target=\"_blank\" rel=\"noopener noreferrer\">Llengua anglesa<\/a> ( nivell 1, 2, 3: A1, A2.1, A2+). Nivell 3 dona acc\u00e9s a 3rEOI sense prova nivell<\/li>\n\n\n\n<li><a href=\"https:\/\/agora.xtec.cat\/cfacastelldefels\/ensenyaments\/ensenyaments-transprofessionals\/llengua-francesa\/\">Llengua Francesa (nivell 1, 2 A1,A2.1,A2+)<\/a><\/li>\n\n\n\n<li><a href=\"https:\/\/agora.xtec.cat\/cfacastelldefels\/ensenyaments\/ensenyaments-transprofessionals\/competencia-digital-competic\/\" target=\"_blank\" rel=\"noopener noreferrer\">Compet\u00e8ncia digital COMPETIC<\/a> (inicial,&nbsp; nivell&nbsp; 1, 2, 3. &nbsp;Els nivell 1 al 3 equivalen a Actic B\u00e0sic, Mitj\u00e0, avan\u00e7at) Competic 3&nbsp; (podr\u00e0 ser tamb\u00e9 a dist\u00e0ncia o presencial)<\/li>\n<\/ul>\n\n\n\n<figure class=\"wp-block-image\"><img decoding=\"async\" src=\"http:\/\/actic.gencat.cat\/web\/.content\/01_informacio\/imatges\/arxius\/qacredita.jpg_1698165886.jpg\" alt=\"\"\/><\/figure>\n\n\n\n<p><\/p>\n\n\n\n<p><\/p>\n\n\n\n<h4 class=\"wp-block-heading\">Ensenyament per a la preparaci\u00f3 de proves d\u2019acc\u00e9s<\/h4>\n\n\n\n<ul class=\"wp-block-list\">\n<li><a href=\"http:\/\/agora.xtec.cat\/cfajverdaguercastelldefels\/ensenyaments\/ensenyaments-per-a-la-preparacio-de-proves-dacces\/a-cicles-formatius-de-grau-superior\/\" target=\"_blank\" rel=\"noopener noreferrer\">A cicles formatius de grau superior Comuns i espec\u00edfiques<\/a><\/li>\n\n\n\n<li><a href=\"http:\/\/agora.xtec.cat\/cfajverdaguercastelldefels\/ensenyaments\/ensenyaments-per-a-la-preparacio-de-proves-dacces\/a-la-universitat-per-a-majors-de-25-anys\/\" target=\"_blank\" rel=\"noopener noreferrer\">Acc\u00e9s a la Universitat per majors de 25, 40 i 45 anys<\/a><\/li>\n<\/ul>\n\n\n\n<p>El certificat de proves acc\u00e9s Universitat i de CFGS amb el graduat de l&#8217;ESO equival al batxillerat a efectes administratius, laborals o oposicions.<\/p>\n\n\n\n<p>Els nostres cursos s\u00f3n anuals de setembre a juny (excepte proves acc\u00e9s que s\u00f3n fins el dia de les proves).<\/p>\n\n\n\n<p><\/p>\n\n\n\n<p><\/p>\n\n\n\n<figure class=\"wp-block-image size-large is-resized\"><a href=\"https:\/\/agora.xtec.cat\/cfacastelldefels\/wp-content\/uploads\/usu251\/2024\/09\/Imatge-de-mapa-de-bits-nova.jpg\"><img loading=\"lazy\" decoding=\"async\" width=\"1024\" height=\"724\" src=\"https:\/\/agora.xtec.cat\/cfacastelldefels\/wp-content\/uploads\/usu251\/2024\/09\/Imatge-de-mapa-de-bits-nova-1024x724.jpg\" alt=\"\" class=\"wp-image-4989\" style=\"width:603px;height:auto\" srcset=\"https:\/\/agora.xtec.cat\/cfacastelldefels\/wp-content\/uploads\/usu251\/2024\/09\/Imatge-de-mapa-de-bits-nova-1024x724.jpg 1024w, https:\/\/agora.xtec.cat\/cfacastelldefels\/wp-content\/uploads\/usu251\/2024\/09\/Imatge-de-mapa-de-bits-nova-300x212.jpg 300w, https:\/\/agora.xtec.cat\/cfacastelldefels\/wp-content\/uploads\/usu251\/2024\/09\/Imatge-de-mapa-de-bits-nova-768x543.jpg 768w, https:\/\/agora.xtec.cat\/cfacastelldefels\/wp-content\/uploads\/usu251\/2024\/09\/Imatge-de-mapa-de-bits-nova.jpg 1063w\" sizes=\"auto, (max-width: 1024px) 100vw, 1024px\" \/><\/a><\/figure>\n\n\n\n<p><\/p>\n\n\n\n<h4 class=\"wp-block-heading\"><strong>Formaci\u00f3 de persones adultes<\/strong><\/h4>\n\n\n\n<ul class=\"wp-block-list\">\n<li><h5><a href=\"https:\/\/triaeducativa.gencat.cat\/ca\/al-llarg-vida\/\" target=\"_blank\" rel=\"noopener\">Ensenyaments de formaci\u00f3 d\u2019adults al portal de la&nbsp;<em>\u201cTria Educativa\u201d<\/em><\/a><\/h5><\/li>\n\n\n\n<li><h5><a href=\"http:\/\/xtec.gencat.cat\/ca\/curriculum\/educacio-llarg-vida\/\">Educaci\u00f3 al llarg de la vida (Xarxa Telem\u00e0tica Educativa de Catalunya)<\/a><\/h5><\/li>\n\n\n\n<li><h5><a href=\"https:\/\/triaeducativa.gencat.cat\/ca\/al-llarg-vida\/dubtes\/\" target=\"_blank\" rel=\"noopener\">Preguntes m\u00e9s freq\u00fcents sobre formaci\u00f3 d\u2019adults<\/a><\/h5><\/li>\n\n\n\n<li><h5><a href=\"http:\/\/www.gencat.cat\/ensenyament\/eac\/pdf\/APA_CA.pdf\" target=\"_blank\" rel=\"noopener\">Educaci\u00f3 d\u2019Adults (Guia informativa)<\/a><\/h5><\/li>\n\n\n\n<li><h5><a href=\"https:\/\/educacio.gencat.cat\/ca\/departament\/serveis-territorials\/lleida\/centres-serveis-educatius\/#bloc3\" target=\"_blank\" rel=\"noopener\">Formaci\u00f3 d\u2019adults als SSTT d\u2019Educaci\u00f3 a Lleida<\/a><\/h5><\/li>\n\n\n\n<li><h5><a href=\"https:\/\/triaeducativa.gencat.cat\/ca\/al-llarg-vida\/normativa\/\" target=\"_blank\" rel=\"noopener\">Lleis i normativa<\/a><\/h5><\/li>\n<\/ul>\n\n\n\n<p><iframe loading=\"lazy\" src=\"\/\/www.youtube.com\/embed\/9SdzV2eL8M4\" width=\"360\" height=\"202\" allowfullscreen=\"allowfullscreen\"><\/iframe><\/p>\n\n\n\n<p><iframe loading=\"lazy\" src=\"\/\/www.youtube.com\/embed\/PLjki7e14XU\" width=\"360\" height=\"202\" allowfullscreen=\"allowfullscreen\"><\/iframe><\/p>\n\n\n\n<p><iframe loading=\"lazy\" src=\"\/\/www.youtube.com\/embed\/VuAkZ-GBaUk\" width=\"360\" height=\"202\" allowfullscreen=\"allowfullscreen\"><\/iframe><\/p>\n\n\n\n<p><iframe loading=\"lazy\" src=\"\/\/www.youtube.com\/embed\/rIqIgHxA_-w\" width=\"360\" height=\"202\" allowfullscreen=\"allowfullscreen\"><\/iframe><\/p>\n\n\n\n<p><iframe loading=\"lazy\" src=\"\/\/www.youtube.com\/embed\/OEexY6uc8F8\" width=\"360\" height=\"202\" allowfullscreen=\"allowfullscreen\"><\/iframe><\/p>\n\n\n\n<p><iframe loading=\"lazy\" src=\"\/\/www.youtube.com\/embed\/afmvqC4wECU\" width=\"360\" height=\"202\" allowfullscreen=\"allowfullscreen\"><\/iframe><\/p>\n\n\n\n<p><iframe loading=\"lazy\" src=\"\/\/www.youtube.com\/embed\/bFrSwbhe8Bo\" width=\"360\" height=\"202\" allowfullscreen=\"allowfullscreen\"><\/iframe><\/p>\n\n\n\n<figure class=\"wp-block-image alignleft\"><img loading=\"lazy\" decoding=\"async\" width=\"300\" height=\"124\" src=\"https:\/\/agora.xtec.cat\/cfacastelldefels\/wp-content\/uploads\/usu251\/2023\/07\/Sense-titol-300x124.jpg\" alt=\"\" class=\"wp-image-4174\" srcset=\"https:\/\/agora.xtec.cat\/cfacastelldefels\/wp-content\/uploads\/usu251\/2023\/07\/Sense-titol-300x124.jpg 300w, https:\/\/agora.xtec.cat\/cfacastelldefels\/wp-content\/uploads\/usu251\/2023\/07\/Sense-titol.jpg 565w\" sizes=\"auto, (max-width: 300px) 100vw, 300px\" \/><\/figure>\n\n\n\n<p><a href=\"https:\/\/open.spotify.com\/episode\/592bDlRX1kzUq7Lo6TSjpP\" target=\"_blank\" rel=\"noopener\"> <\/a><\/p>\n\n\n\n\n","protected":false},"excerpt":{"rendered":"<p>&nbsp; &nbsp; &nbsp;Formaci\u00f3 d&#8217;adults La formaci\u00f3 de persones adultes \u00e9s el conjunt d\u2019activitats d\u2019aprenentatge que, en el marc de l\u2019educaci\u00f3 al llarg de tota la vida, permet que les persones adultes desenvolupin les seves capacitats, enriqueixin els seus coneixements i millorin les seves compet\u00e8ncies t\u00e8cniques i professionals. Aix\u00f2 fa que hi participin persones amb objectius [&hellip;]<\/p>\n","protected":false},"author":2,"featured_media":0,"parent":0,"menu_order":0,"comment_status":"closed","ping_status":"closed","template":"","meta":{"_bbp_topic_count":0,"_bbp_reply_count":0,"_bbp_total_topic_count":0,"_bbp_total_reply_count":0,"_bbp_voice_count":0,"_bbp_anonymous_reply_count":0,"_bbp_topic_count_hidden":0,"_bbp_reply_count_hidden":0,"_bbp_forum_subforum_count":0,"site-sidebar-layout":"default","site-content-layout":"","ast-site-content-layout":"default","site-content-style":"default","site-sidebar-style":"default","ast-global-header-display":"","ast-banner-title-visibility":"","ast-main-header-display":"","ast-hfb-above-header-display":"","ast-hfb-below-header-display":"","ast-hfb-mobile-header-display":"","site-post-title":"","ast-breadcrumbs-content":"","ast-featured-img":"","footer-sml-layout":"","theme-transparent-header-meta":"","adv-header-id-meta":"","stick-header-meta":"","header-above-stick-meta":"","header-main-stick-meta":"","header-below-stick-meta":"","astra-migrate-meta-layouts":"set","ast-page-background-enabled":"default","ast-page-background-meta":{"desktop":{"background-color":"var(--ast-global-color-4)","background-image":"","background-repeat":"repeat","background-position":"center center","background-size":"auto","background-attachment":"scroll","background-type":"","background-media":"","overlay-type":"","overlay-color":"","overlay-opacity":"","overlay-gradient":""},"tablet":{"background-color":"","background-image":"","background-repeat":"repeat","background-position":"center center","background-size":"auto","background-attachment":"scroll","background-type":"","background-media":"","overlay-type":"","overlay-color":"","overlay-opacity":"","overlay-gradient":""},"mobile":{"background-color":"","background-image":"","background-repeat":"repeat","background-position":"center center","background-size":"auto","background-attachment":"scroll","background-type":"","background-media":"","overlay-type":"","overlay-color":"","overlay-opacity":"","overlay-gradient":""}},"ast-content-background-meta":{"desktop":{"background-color":"var(--ast-global-color-5)","background-image":"","background-repeat":"repeat","background-position":"center center","background-size":"auto","background-attachment":"scroll","background-type":"","background-media":"","overlay-type":"","overlay-color":"","overlay-opacity":"","overlay-gradient":""},"tablet":{"background-color":"var(--ast-global-color-5)","background-image":"","background-repeat":"repeat","background-position":"center center","background-size":"auto","background-attachment":"scroll","background-type":"","background-media":"","overlay-type":"","overlay-color":"","overlay-opacity":"","overlay-gradient":""},"mobile":{"background-color":"var(--ast-global-color-5)","background-image":"","background-repeat":"repeat","background-position":"center center","background-size":"auto","background-attachment":"scroll","background-type":"","background-media":"","overlay-type":"","overlay-color":"","overlay-opacity":"","overlay-gradient":""}},"footnotes":""},"class_list":["post-274","page","type-page","status-publish","hentry"],"post_mailing_queue_ids":[],"_links":{"self":[{"href":"https:\/\/agora.xtec.cat\/cfacastelldefels\/wp-json\/wp\/v2\/pages\/274","targetHints":{"allow":["GET"]}}],"collection":[{"href":"https:\/\/agora.xtec.cat\/cfacastelldefels\/wp-json\/wp\/v2\/pages"}],"about":[{"href":"https:\/\/agora.xtec.cat\/cfacastelldefels\/wp-json\/wp\/v2\/types\/page"}],"author":[{"embeddable":true,"href":"https:\/\/agora.xtec.cat\/cfacastelldefels\/wp-json\/wp\/v2\/users\/2"}],"replies":[{"embeddable":true,"href":"https:\/\/agora.xtec.cat\/cfacastelldefels\/wp-json\/wp\/v2\/comments?post=274"}],"version-history":[{"count":6,"href":"https:\/\/agora.xtec.cat\/cfacastelldefels\/wp-json\/wp\/v2\/pages\/274\/revisions"}],"predecessor-version":[{"id":5619,"href":"https:\/\/agora.xtec.cat\/cfacastelldefels\/wp-json\/wp\/v2\/pages\/274\/revisions\/5619"}],"wp:attachment":[{"href":"https:\/\/agora.xtec.cat\/cfacastelldefels\/wp-json\/wp\/v2\/media?parent=274"}],"curies":[{"name":"wp","href":"https:\/\/api.w.org\/{rel}","templated":true}]}}