{"id":4608,"date":"2023-02-01T15:32:17","date_gmt":"2023-02-01T14:32:17","guid":{"rendered":"https:\/\/agora.xtec.cat\/cfacanovelles\/?page_id=4608"},"modified":"2024-03-19T17:01:34","modified_gmt":"2024-03-19T16:01:34","slug":"premis-maria-lluisa-prat","status":"publish","type":"page","link":"https:\/\/agora.xtec.cat\/cfacanovelles\/el-centre\/premis-maria-lluisa-prat\/","title":{"rendered":"PREMIS MARIA LLU\u00cfSA PRAT"},"content":{"rendered":"<h2>Maria Llu\u00efsa Prat<\/h2>\n<figure class=\"figure wp-caption alignleft\"><a href=\"https:\/\/agora.xtec.cat\/cfacanovelles\/wp-content\/uploads\/usu1982\/2023\/02\/Lluisa-a-lescola.jpg\"><img loading=\"lazy\" decoding=\"async\" class=\"wp-image-4694 size-full\" src=\"https:\/\/agora.xtec.cat\/cfacanovelles\/wp-content\/uploads\/usu1982\/2023\/02\/Lluisa-a-lescola.jpg\" alt=\"\" width=\"342\" height=\"257\" srcset=\"https:\/\/agora.xtec.cat\/cfacanovelles\/wp-content\/uploads\/usu1982\/2023\/02\/Lluisa-a-lescola.jpg 342w, https:\/\/agora.xtec.cat\/cfacanovelles\/wp-content\/uploads\/usu1982\/2023\/02\/Lluisa-a-lescola-300x225.jpg 300w, https:\/\/agora.xtec.cat\/cfacanovelles\/wp-content\/uploads\/usu1982\/2023\/02\/Lluisa-a-lescola-200x150.jpg 200w\" sizes=\"auto, (max-width: 342px) 100vw, 342px\" \/><\/a><figcaption class=\"wp-caption-text\"><strong>Maria Llu\u00efsa Prat en una visita al centre<\/strong><\/figcaption><\/figure>\n<p style=\"text-align: justify;\">M. Llu\u00efsa Prat Gonz\u00e1lez, mestra i pol\u00edtica de Canovelles va ser una dona apassionada per la seva feina i una gran defensora de l&#8217;Escola P\u00fablica de Canovelles. Aquestes dues passions les va poder desenvolupar des la seva vessant de mestra i de regidora del seu estimat poble, Canovelles.<\/p>\n<p style=\"text-align: justify;\">Va estar vinculada a la nostra Escola d&#8217;Adults des dels seus inicis d&#8217;estudiant de magisteri realitzant-hi les pr\u00e0ctiques durant dos cursos i de mestra en una f\u00e0brica del municipi. I ja m\u00e9s tard, en la lluita per aconseguir l&#8217;edifici on est\u00e0 ubicada actualment l&#8217;Escola d&#8217;Adults.<\/p>\n<p style=\"text-align: justify;\">Ning\u00fa, com ella, tenia tant clar que l&#8217;educaci\u00f3 permanent d&#8217;adults \u00e9s un dret i una necessitat que cal defensar i mimar.<\/p>\n<p style=\"text-align: justify;\">La Comunitat Educativa de Canovelles amb aquest premi vol recordar la seva il\u00b7lusi\u00f3, la seva capacitat de treball i la seva emprenedoria d&#8217;estar oberta als nous reptes i necessitats educatives de Canovelles per consolidar l&#8217;\u00e8xit i l&#8217;excel\u00b7l\u00e8ncia de totes les escoles del nostre poble.<\/p>\n<p style=\"text-align: justify;\">Gr\u00e0cies Llu\u00efsa!<\/p>\n<p>&nbsp;<\/p>\n<p>BASES CURS 2023-24<\/p>\n<p><a href=\"https:\/\/agora.xtec.cat\/cfacanovelles\/wp-content\/uploads\/usu1982\/2024\/03\/Acta-bases-premis-2024.pdf\" target=\"_blank\" rel=\"noopener\">Acta bases premis 2024<\/a><\/p>\n<p>&nbsp;<\/p>\n<p>&nbsp;<\/p>\n<p>&nbsp;<\/p>\n<p>&nbsp;<\/p>\n<p>OBRES FINALISTES INSTRUMENTAL CURS 2021-22<\/p>\n<p><a href=\"https:\/\/agora.xtec.cat\/cfacanovelles\/wp-content\/uploads\/usu1982\/2023\/02\/Historia-ZoJard.pdf\" target=\"_blank\" rel=\"noopener\">Hist\u00f2ria ZoJard<\/a><\/p>\n<p><a href=\"https:\/\/agora.xtec.cat\/cfacanovelles\/wp-content\/uploads\/usu1982\/2023\/02\/Canovelles.pdf\" target=\"_blank\" rel=\"noopener\">Canovelles<\/a><\/p>\n<p><a href=\"https:\/\/agora.xtec.cat\/cfacanovelles\/wp-content\/uploads\/usu1982\/2023\/02\/Lovella.pdf\" target=\"_blank\" rel=\"noopener\">L&#8217;ovella<\/a><\/p>\n<p>&nbsp;<\/p>\n<p>OBRES FINALISTES GES CURS 2021-22<\/p>\n<p><a href=\"https:\/\/agora.xtec.cat\/cfacanovelles\/wp-content\/uploads\/usu1982\/2023\/02\/Hi-havia-una-vegada.pdf\" target=\"_blank\" rel=\"noopener\">Hi havia una vegada<\/a><\/p>\n<p><a href=\"https:\/\/agora.xtec.cat\/cfacanovelles\/wp-content\/uploads\/usu1982\/2023\/02\/Los-ultimos-de-la-Tierra.pdf\" target=\"_blank\" rel=\"noopener\">Los \u00faltimos de la Tierra<\/a><\/p>\n<p><a href=\"https:\/\/agora.xtec.cat\/cfacanovelles\/wp-content\/uploads\/usu1982\/2023\/02\/La-valiente-de-sus-miedos.docx.pdf\" target=\"_blank\" rel=\"noopener\">La valiente de sus miedos.docx<\/a><\/p>\n","protected":false},"excerpt":{"rendered":"<p>Maria Llu\u00efsa Prat<br \/>\n<a href=\"https:\/\/agora.xtec.cat\/cfacanovelles\/wp-content\/uploads\/usu1982\/2023\/02\/Lluisa-a-lescola.jpg\"><\/a>Maria Llu\u00efsa Prat en una visita al centre<br \/>\nM. Llu\u00efsa Prat Gonz\u00e1lez, mestra i pol\u00edtica de Canovelles va ser una dona apassionada per la seva feina i una gran defensora de l&#8217;Escola P\u00fablica de Canovelles. Aquestes dues passions les va poder desenvolupar des&hellip;  <a href=\"https:\/\/agora.xtec.cat\/cfacanovelles\/el-centre\/premis-maria-lluisa-prat\/\" title=\"Read PREMIS MARIA LLU\u00cfSA PRAT\">Llegeix m\u00e9s\u00bb<\/a><\/p>\n","protected":false},"author":4,"featured_media":0,"parent":261,"menu_order":0,"comment_status":"closed","ping_status":"closed","template":"","meta":{"_bbp_topic_count":0,"_bbp_reply_count":0,"_bbp_total_topic_count":0,"_bbp_total_reply_count":0,"_bbp_voice_count":0,"_bbp_anonymous_reply_count":0,"_bbp_topic_count_hidden":0,"_bbp_reply_count_hidden":0,"_bbp_forum_subforum_count":0,"footnotes":""},"class_list":["post-4608","page","type-page","status-publish","hentry"],"post_mailing_queue_ids":[],"_links":{"self":[{"href":"https:\/\/agora.xtec.cat\/cfacanovelles\/wp-json\/wp\/v2\/pages\/4608","targetHints":{"allow":["GET"]}}],"collection":[{"href":"https:\/\/agora.xtec.cat\/cfacanovelles\/wp-json\/wp\/v2\/pages"}],"about":[{"href":"https:\/\/agora.xtec.cat\/cfacanovelles\/wp-json\/wp\/v2\/types\/page"}],"author":[{"embeddable":true,"href":"https:\/\/agora.xtec.cat\/cfacanovelles\/wp-json\/wp\/v2\/users\/4"}],"replies":[{"embeddable":true,"href":"https:\/\/agora.xtec.cat\/cfacanovelles\/wp-json\/wp\/v2\/comments?post=4608"}],"version-history":[{"count":5,"href":"https:\/\/agora.xtec.cat\/cfacanovelles\/wp-json\/wp\/v2\/pages\/4608\/revisions"}],"predecessor-version":[{"id":5300,"href":"https:\/\/agora.xtec.cat\/cfacanovelles\/wp-json\/wp\/v2\/pages\/4608\/revisions\/5300"}],"up":[{"embeddable":true,"href":"https:\/\/agora.xtec.cat\/cfacanovelles\/wp-json\/wp\/v2\/pages\/261"}],"wp:attachment":[{"href":"https:\/\/agora.xtec.cat\/cfacanovelles\/wp-json\/wp\/v2\/media?parent=4608"}],"curies":[{"name":"wp","href":"https:\/\/api.w.org\/{rel}","templated":true}]}}