{"id":265,"date":"2015-01-27T17:28:56","date_gmt":"2015-01-27T16:28:56","guid":{"rendered":"http:\/\/agora.xtec.cat\/cfacanovelles\/?page_id=265"},"modified":"2025-01-11T18:21:32","modified_gmt":"2025-01-11T17:21:32","slug":"organitzacio-interna","status":"publish","type":"page","link":"https:\/\/agora.xtec.cat\/cfacanovelles\/el-centre\/organitzacio-interna\/","title":{"rendered":"Organitzaci\u00f3 interna"},"content":{"rendered":"<p>Equip directiu curs 2024-2025<\/p>\n<p>L&#8217;equip directiu est\u00e0 format per:<\/p>\n<ul>\n<li>Director: Antoni Ll\u00e0cer (professor \u00e0mbit social de secund\u00e0ria)<\/li>\n<li>Cap d&#8217;estudis: Montserrat Altimires (mestra de prim\u00e0ria\/PAN)<\/li>\n<li>Secret\u00e0ria: Cristina Mir\u00f3n (mestra de prim\u00e0ria)<\/li>\n<\/ul>\n<p>Claustre:<\/p>\n<p>Mestres de prim\u00e0ria<\/p>\n<ul>\n<li>\u00a05 mestres de prim\u00e0ria<\/li>\n<li>\u00a01 mestra PAN<\/li>\n<\/ul>\n<p>Professorat secund\u00e0ria<\/p>\n<ul>\n<li>1 professora \u00e0mbit matem\u00e0tic, cient\u00edfic i tecnol\u00f2gic<\/li>\n<li>1 professor \u00e0mbit comunicaci\u00f3<\/li>\n<li>1 professor \u00e0mbit social<\/li>\n<\/ul>\n<p>Coordinacions:<\/p>\n<ul>\n<li>L&#8217;educaci\u00f3 general i l&#8217;acc\u00e9s al sistema educatiu(secund\u00e0ria d\u2019adults i etapa Instrumental)<\/li>\n<li>Coordinaci\u00f3 de cohesi\u00f3 i participaci\u00f3 social (catal\u00e0 i castell\u00e0)<\/li>\n<li>Coordinaci\u00f3 de compet\u00e8ncies transprofessionals (Competic i lleng\u00fces estrangeres)<\/li>\n<\/ul>\n<p>Consell Escolar<\/p>\n<p>Format per:<\/p>\n<ul>\n<li>Equip directiu ( 3 membres)<\/li>\n<li>1 representant de l&#8217;ajuntament<\/li>\n<li>1 representant PAS<\/li>\n<li>5 representants sector alumnat<\/li>\n<li>5 representants sector professorat<\/li>\n<\/ul>\n<p>PAS:<\/p>\n<ul>\n<li>1 auxiliar administrativa<\/li>\n<\/ul>\n","protected":false},"excerpt":{"rendered":"<p>Equip directiu curs 2024-2025<br \/>\nL&#8217;equip directiu est\u00e0 format per:<\/p>\n<ul>\n<li>Director: Antoni Ll\u00e0cer (professor \u00e0mbit social de secund\u00e0ria)<\/li>\n<li>Cap d&#8217;estudis: Montserrat Altimires (mestra de prim\u00e0ria\/PAN)<\/li>\n<li>Secret\u00e0ria: Cristina Mir\u00f3n (mestra de prim\u00e0ria)<\/li>\n<\/ul>\n<p>Claustre:<br \/>\nMestres de prim\u00e0ria<\/p>\n<ul>\n<li>\u00a05 mestres de prim\u00e0ria<\/li>\n<li>\u00a01 mestra PAN<\/li>\n<\/ul>\n<p>Professorat secund\u00e0ria<\/p>\n<ul>\n<li>1 professora \u00e0mbit matem\u00e0tic, cient\u00edfic i tecnol\u00f2gic<\/li>\n<li>1 professor \u00e0mbit comunicaci\u00f3<\/li>\n<li>1 professor \u00e0mbit&hellip;  <a href=\"https:\/\/agora.xtec.cat\/cfacanovelles\/el-centre\/organitzacio-interna\/\" title=\"Read Organitzaci\u00f3 interna\">Llegeix m\u00e9s\u00bb<\/a><br \/>\n","protected":false},"author":1,"featured_media":0,"parent":261,"menu_order":40,"comment_status":"closed","ping_status":"closed","template":"page-templates\/side-menu.php","meta":{"_bbp_topic_count":0,"_bbp_reply_count":0,"_bbp_total_topic_count":0,"_bbp_total_reply_count":0,"_bbp_voice_count":0,"_bbp_anonymous_reply_count":0,"_bbp_topic_count_hidden":0,"_bbp_reply_count_hidden":0,"_bbp_forum_subforum_count":0,"footnotes":""},"class_list":["post-265","page","type-page","status-publish","hentry"],"post_mailing_queue_ids":[],"_links":{"self":[{"href":"https:\/\/agora.xtec.cat\/cfacanovelles\/wp-json\/wp\/v2\/pages\/265","targetHints":{"allow":["GET"]}}],"collection":[{"href":"https:\/\/agora.xtec.cat\/cfacanovelles\/wp-json\/wp\/v2\/pages"}],"about":[{"href":"https:\/\/agora.xtec.cat\/cfacanovelles\/wp-json\/wp\/v2\/types\/page"}],"author":[{"embeddable":true,"href":"https:\/\/agora.xtec.cat\/cfacanovelles\/wp-json\/wp\/v2\/users\/1"}],"replies":[{"embeddable":true,"href":"https:\/\/agora.xtec.cat\/cfacanovelles\/wp-json\/wp\/v2\/comments?post=265"}],"version-history":[{"count":4,"href":"https:\/\/agora.xtec.cat\/cfacanovelles\/wp-json\/wp\/v2\/pages\/265\/revisions"}],"predecessor-version":[{"id":5807,"href":"https:\/\/agora.xtec.cat\/cfacanovelles\/wp-json\/wp\/v2\/pages\/265\/revisions\/5807"}],"up":[{"embeddable":true,"href":"https:\/\/agora.xtec.cat\/cfacanovelles\/wp-json\/wp\/v2\/pages\/261"}],"wp:attachment":[{"href":"https:\/\/agora.xtec.cat\/cfacanovelles\/wp-json\/wp\/v2\/media?parent=265"}],"curies":[{"name":"wp","href":"https:\/\/api.w.org\/{rel}","templated":true}]}}