{"id":1171,"date":"2020-06-03T11:29:27","date_gmt":"2020-06-03T09:29:27","guid":{"rendered":"https:\/\/agora.xtec.cat\/cfacanovelles\/?page_id=1171"},"modified":"2025-04-01T15:00:48","modified_gmt":"2025-04-01T13:00:48","slug":"calendari-de-preinscripcio","status":"publish","type":"page","link":"https:\/\/agora.xtec.cat\/cfacanovelles\/preinscripcio\/calendari-de-preinscripcio\/","title":{"rendered":"Calendari de preinscripci\u00f3"},"content":{"rendered":"<div class=\"FW_sArticleFoto\">\n<div class=\"FW_sEditPro\">\n<table class=\"ms-rteTable-7\" style=\"width: 64.901%;\" width=\"100%\" cellspacing=\"0\">\n<tbody>\n<tr class=\"ms-rteTableHeaderRow-7\" style=\"background-color: #db257d;\">\n<th class=\"ms-rteTableHeaderFirstCol-7\" style=\"width: 42.8571%; background-color: #e31b1b;\" colspan=\"1\" rowspan=\"1\"><span class=\"ms-rteThemeForeColor-1-0\"><strong>F\u200b\u200bases de la preinscripci\u00f3<\/strong><br \/>\n<\/span><\/th>\n<th class=\"ms-rteTableHeaderOddCol-7\" style=\"width: 21.8999%; background-color: #e31b1b;\" colspan=\"1\" rowspan=\"1\"><span class=\"ms-rteThemeForeColor-1-0\"><strong>Dates<\/strong><\/span><\/th>\n<\/tr>\n<tr class=\"ms-rteTableOddRow-7\">\n<th class=\"ms-rteTableFirstCol-7\" style=\"width: 42.8571%;\" colspan=\"1\" rowspan=\"1\">Publicaci\u00f3 de l&#8217;oferta d&#8217;ensenyaments<\/th>\n<td class=\"ms-rteTableOddCol-7\" style=\"width: 21.8999%;\">23 de maig\u200b<\/td>\n<\/tr>\n<tr class=\"ms-rteTableEvenRow-7\">\n<th class=\"ms-rteTableFirstCol-7\" style=\"width: 42.8571%;\" colspan=\"1\" rowspan=\"1\">Gesti\u00f3 de l&#8217;oferta (reserva per a alumnes del centre)<\/th>\n<td class=\"ms-rteTableOddCol-7\" style=\"width: 21.8999%;\">Del 13 al 16 de juny<\/td>\n<\/tr>\n<tr class=\"ms-rteTableOddRow-7\">\n<th class=\"ms-rteTableFirstCol-7\" style=\"width: 42.8571%;\" colspan=\"1\" rowspan=\"1\">Difusi\u00f3 de les vacants<\/th>\n<td class=\"ms-rteTableOddCol-7\" style=\"width: 21.8999%;\">18 de juny<\/td>\n<\/tr>\n<tr class=\"ms-rteTableEvenRow-7\">\n<th class=\"ms-rteTableFirstCol-7\" style=\"width: 42.8571%;\" colspan=\"1\" rowspan=\"1\">Proc\u00e9s de informaci\u00f3 i orientaci\u00f3 en els centres<\/th>\n<td class=\"ms-rteTableOddCol-7\" style=\"width: 21.8999%;\">Del 2 de juny al 27 de juny<\/td>\n<\/tr>\n<tr class=\"ms-rteTableOddRow-7\">\n<th class=\"ms-rteTableFirstCol-7\" style=\"width: 42.8571%;\" colspan=\"1\" rowspan=\"1\">Matricula de l&#8217;alumnat propi<\/th>\n<td class=\"ms-rteTableOddCol-7\" style=\"width: 21.8999%;\">Del 3 al 9 de juliol<\/td>\n<\/tr>\n<tr class=\"ms-rteTableEvenRow-7\">\n<th class=\"ms-rteTableFirstCol-7\" style=\"width: 42.8571%;\" colspan=\"1\" rowspan=\"1\"><strong>Presentaci\u00f3 de sol\u00b7licituds<\/strong><\/th>\n<td class=\"ms-rteTableOddCol-7\" style=\"width: 21.8999%;\"><strong>Del 19 al 27 \u200bde juny<\/strong><\/td>\n<\/tr>\n<tr class=\"ms-rteTableOddRow-7\">\n<th class=\"ms-rteTableFirstCol-7\" style=\"width: 42.8571%;\" colspan=\"1\" rowspan=\"1\">Entrada de sol\u00b7licituds<\/th>\n<td class=\"ms-rteTableOddCol-7\" style=\"width: 21.8999%;\">Del 19 al 2 de juliol<\/td>\n<\/tr>\n<tr class=\"ms-rteTableEvenRow-7\">\n<th class=\"ms-rteTableFirstCol-7\" style=\"width: 42.8571%;\" colspan=\"1\" rowspan=\"1\">Llistes amb el barem provisional<\/th>\n<td class=\"ms-rteTableOddCol-7\" style=\"width: 21.8999%;\">4 de juliol (tarda)<\/td>\n<\/tr>\n<tr class=\"ms-rteTableOddRow-7\">\n<th class=\"ms-rteTableFirstCol-7\" style=\"width: 42.8571%;\" colspan=\"1\" rowspan=\"1\"><strong>Sorteig<\/strong><\/th>\n<td class=\"ms-rteTableOddCol-7\" style=\"width: 21.8999%;\"><strong>7 de juliol<\/strong><\/td>\n<\/tr>\n<tr class=\"ms-rteTableEvenRow-7\">\n<th class=\"ms-rteTableFirstCol-7\" style=\"width: 42.8571%;\" colspan=\"1\" rowspan=\"1\">Reclamacions<\/th>\n<td class=\"ms-rteTableOddCol-7\" style=\"width: 21.8999%;\">Del 4 al 9 de juliol<\/td>\n<\/tr>\n<tr class=\"ms-rteTableOddRow-7\">\n<th class=\"ms-rteTableFirstCol-7\" style=\"width: 42.8571%;\" colspan=\"1\" rowspan=\"1\">Entrada\u00a0de\u00a0resoluci\u00f3 de reclamacions<\/th>\n<td class=\"ms-rteTableOddCol-7\" style=\"width: 21.8999%;\">Del 4\u00a0al 10\u00a0de juliol<\/td>\n<\/tr>\n<tr class=\"ms-rteTableEvenRow-7\">\n<th class=\"ms-rteTableFirstCol-7\" style=\"width: 42.8571%;\" colspan=\"1\" rowspan=\"1\">Llistes amb el barem definitiu (despr\u00e9s d&#8217;entrar\u00a0la resoluci\u00f3 de les reclamacions)<\/th>\n<td class=\"ms-rteTableOddCol-7\" style=\"width: 21.8999%;\">11 de juliol (tarda)<\/td>\n<\/tr>\n<tr class=\"ms-rteTableOddRow-7\">\n<th class=\"ms-rteTableFirstCol-7\" style=\"width: 42.8571%;\" colspan=\"1\" rowspan=\"1\">Publicaci\u00f3 de les llistes d&#8217;admesos<\/th>\n<td class=\"ms-rteTableOddCol-7\" style=\"width: 21.8999%;\">16 de juliol<\/td>\n<\/tr>\n<tr class=\"ms-rteTableEvenRow-7\">\n<th class=\"ms-rteTableFirstCol-7\" style=\"width: 42.8571%;\" colspan=\"1\" rowspan=\"1\">Per\u00edode de matriculaci\u00f3<\/th>\n<td class=\"ms-rteTableOddCol-7\" style=\"width: 21.8999%;\">Del 2 al 9 de setembre<\/td>\n<\/tr>\n<tr class=\"ms-rteTableOddRow-7\">\n<th class=\"ms-rteTableFirstCol-7\" style=\"width: 42.8571%;\" colspan=\"1\" rowspan=\"1\">Matricula de l&#8217;alumnat de la llista d&#8217;espera<\/th>\n<td class=\"ms-rteTableOddCol-7\" style=\"width: 21.8999%;\">Del 10 al 17 de setembre<\/td>\n<\/tr>\n<\/tbody>\n<\/table>\n<\/div>\n<\/div>\n","protected":false},"excerpt":{"rendered":"<p>F\u200b\u200bases de la preinscripci\u00f3<\/p>\n<p>Dates<\/p>\n<p>Publicaci\u00f3 de l&#8217;oferta d&#8217;ensenyaments<br \/>\n23 de maig\u200b<\/p>\n<p>Gesti\u00f3 de l&#8217;oferta (reserva per a alumnes del centre)<br \/>\nDel 13 al 16 de juny<\/p>\n<p>Difusi\u00f3 de les vacants<br \/>\n18 de juny<\/p>\n<p>Proc\u00e9s de informaci\u00f3 i orientaci\u00f3 en els centres<br \/>\nDel 2 de juny al 27 de juny<\/p>\n<p>Matricula de l&#8217;alumnat propi<br \/>\nDel 3&hellip;  <a href=\"https:\/\/agora.xtec.cat\/cfacanovelles\/preinscripcio\/calendari-de-preinscripcio\/\" title=\"Read Calendari de preinscripci\u00f3\">Llegeix m\u00e9s\u00bb<\/a><\/p>\n","protected":false},"author":4,"featured_media":0,"parent":1162,"menu_order":0,"comment_status":"closed","ping_status":"closed","template":"","meta":{"_bbp_topic_count":0,"_bbp_reply_count":0,"_bbp_total_topic_count":0,"_bbp_total_reply_count":0,"_bbp_voice_count":0,"_bbp_anonymous_reply_count":0,"_bbp_topic_count_hidden":0,"_bbp_reply_count_hidden":0,"_bbp_forum_subforum_count":0,"footnotes":""},"class_list":["post-1171","page","type-page","status-publish","hentry"],"post_mailing_queue_ids":[],"_links":{"self":[{"href":"https:\/\/agora.xtec.cat\/cfacanovelles\/wp-json\/wp\/v2\/pages\/1171","targetHints":{"allow":["GET"]}}],"collection":[{"href":"https:\/\/agora.xtec.cat\/cfacanovelles\/wp-json\/wp\/v2\/pages"}],"about":[{"href":"https:\/\/agora.xtec.cat\/cfacanovelles\/wp-json\/wp\/v2\/types\/page"}],"author":[{"embeddable":true,"href":"https:\/\/agora.xtec.cat\/cfacanovelles\/wp-json\/wp\/v2\/users\/4"}],"replies":[{"embeddable":true,"href":"https:\/\/agora.xtec.cat\/cfacanovelles\/wp-json\/wp\/v2\/comments?post=1171"}],"version-history":[{"count":6,"href":"https:\/\/agora.xtec.cat\/cfacanovelles\/wp-json\/wp\/v2\/pages\/1171\/revisions"}],"predecessor-version":[{"id":5989,"href":"https:\/\/agora.xtec.cat\/cfacanovelles\/wp-json\/wp\/v2\/pages\/1171\/revisions\/5989"}],"up":[{"embeddable":true,"href":"https:\/\/agora.xtec.cat\/cfacanovelles\/wp-json\/wp\/v2\/pages\/1162"}],"wp:attachment":[{"href":"https:\/\/agora.xtec.cat\/cfacanovelles\/wp-json\/wp\/v2\/media?parent=1171"}],"curies":[{"name":"wp","href":"https:\/\/api.w.org\/{rel}","templated":true}]}}