{"id":288,"date":"2015-01-28T11:08:02","date_gmt":"2015-01-28T10:08:02","guid":{"rendered":"http:\/\/agora.xtec.cat\/cfacalbolava\/?page_id=288"},"modified":"2026-01-22T12:35:06","modified_gmt":"2026-01-22T11:35:06","slug":"ensenyaments-per-a-la-preparacio-de-proves-dacces","status":"publish","type":"page","link":"https:\/\/agora.xtec.cat\/cfacalbolava\/ensenyaments\/ensenyaments-per-a-la-preparacio-de-proves-dacces\/","title":{"rendered":"Preparaci\u00f3 Prova d&#8217;aptitud personal (PAP)"},"content":{"rendered":"<p style=\"text-align: justify;\" data-pm-slice=\"1 1 []\"><strong>Qu\u00e8 \u00e9s la prova d&#8217;aptitud personal PAP?<\/strong><\/p>\n<p style=\"text-align: justify;\">Les PAP avaluen les compet\u00e8ncies ling\u00fc\u00edstiques i el raonament cr\u00edtic, i les compet\u00e8ncies logicomatem\u00e0tiques per accedir als graus d&#8217;Educaci\u00f3 infantil o d&#8217;Educaci\u00f3 Prim\u00e0ria.<\/p>\n<p style=\"text-align: justify;\">Aquestes proves es realitzen en totes les universitats, tant p\u00fabliques com privades de Catalunya.<\/p>\n<h3 style=\"text-align: justify;\"><span style=\"color: #ff6600;\">Preparaci\u00f3 Prova d&#8217;aptitud personal (PAP)<\/span><\/h3>\n<p style=\"text-align: justify;\">Vols accedir al Grau en Educaci\u00f3 Infantil o Prim\u00e0ria?<\/p>\n<p style=\"text-align: justify;\">Prepara la PAP amb nosaltres al CFA Cal Bolav\u00e0!<\/p>\n<p style=\"text-align: justify;\">Despr\u00e9s de l&#8217;\u00e8xit rotund del curs passat, en qu\u00e8 el 100% de l\u2019alumnat va superar la Prova d\u2019Aptitud Personal (PAP), al CFA Cal Bolav\u00e0 ens complau anunciar que el curs 2025-2026 tornem a oferir la preparaci\u00f3 espec\u00edfica per a la PAP<\/p>\n<p style=\"text-align: justify;\">La PAP \u00e9s una prova obligat\u00f2ria per accedir als graus en Educaci\u00f3 Infantil i Prim\u00e0ria, i pot marcar la difer\u00e8ncia entre fer realitat la teva vocaci\u00f3 o haver d\u2019esperar un any m\u00e9s. A Cal Bolav\u00e0 t\u2019acompanyem pas a pas, amb professors especialitzats, materials actualitzats i un ambient proper i motivador.<\/p>\n<p style=\"text-align: justify;\">Qu\u00e8 t\u2019oferim?<\/p>\n<p style=\"padding-left: 40px; text-align: justify;\">* Classes adaptades al teu ritme.<\/p>\n<p style=\"padding-left: 40px; text-align: justify;\">* Pr\u00e0ctiques espec\u00edfiques dels continguts de la prova.<\/p>\n<p style=\"padding-left: 40px; text-align: justify;\">* Suport i orientaci\u00f3 cont\u00ednua.<\/p>\n<p style=\"padding-left: 40px; text-align: justify;\">* Grup redu\u00eft i seguiment personalitzat.<\/p>\n<p style=\"text-align: justify;\">Si est\u00e0s cursant batxillerat i tens clar que vols dedicar-te a l\u2019educaci\u00f3, **inscriu-te al CFA Cal Bolav\u00e0 i vine a preparar la PAP amb garanties d\u2019\u00e8xit.<\/p>\n<p style=\"text-align: justify;\">Les places s\u00f3n limitades, no et quedis fora!<\/p>\n<p><a href=\"https:\/\/agora.xtec.cat\/cfacalbolava\/wp-content\/uploads\/usu2382\/2026\/01\/Poster-PAP-CFA.jpg\"><img loading=\"lazy\" decoding=\"async\" class=\"alignnone wp-image-1109\" src=\"https:\/\/agora.xtec.cat\/cfacalbolava\/wp-content\/uploads\/usu2382\/2026\/01\/Poster-PAP-CFA.jpg\" alt=\"\" width=\"564\" height=\"800\" srcset=\"https:\/\/agora.xtec.cat\/cfacalbolava\/wp-content\/uploads\/usu2382\/2026\/01\/Poster-PAP-CFA.jpg 659w, https:\/\/agora.xtec.cat\/cfacalbolava\/wp-content\/uploads\/usu2382\/2026\/01\/Poster-PAP-CFA-211x300.jpg 211w\" sizes=\"auto, (max-width: 564px) 100vw, 564px\" \/><\/a> <a href=\"https:\/\/agora.xtec.cat\/cfacalbolava\/wp-content\/uploads\/usu2382\/2025\/07\/Flyer-PAP-pag2.jpg\"><img loading=\"lazy\" decoding=\"async\" class=\"alignnone wp-image-907\" src=\"https:\/\/agora.xtec.cat\/cfacalbolava\/wp-content\/uploads\/usu2382\/2025\/07\/Flyer-PAP-pag2-499x1024.jpg\" alt=\"\" width=\"390\" height=\"800\" srcset=\"https:\/\/agora.xtec.cat\/cfacalbolava\/wp-content\/uploads\/usu2382\/2025\/07\/Flyer-PAP-pag2-499x1024.jpg 499w, https:\/\/agora.xtec.cat\/cfacalbolava\/wp-content\/uploads\/usu2382\/2025\/07\/Flyer-PAP-pag2-146x300.jpg 146w, https:\/\/agora.xtec.cat\/cfacalbolava\/wp-content\/uploads\/usu2382\/2025\/07\/Flyer-PAP-pag2-768x1577.jpg 768w, https:\/\/agora.xtec.cat\/cfacalbolava\/wp-content\/uploads\/usu2382\/2025\/07\/Flyer-PAP-pag2-748x1536.jpg 748w, https:\/\/agora.xtec.cat\/cfacalbolava\/wp-content\/uploads\/usu2382\/2025\/07\/Flyer-PAP-pag2.jpg 974w\" sizes=\"auto, (max-width: 390px) 100vw, 390px\" \/><\/a><\/p>\n<p><a href=\"https:\/\/agora.xtec.cat\/cfacalbolava\/wp-content\/uploads\/usu2382\/2025\/07\/Flyer_PAP_CFA_Cal_Bolava.pdf\">Descarrega Flyer_PAP_CFA_Cal_Bolava<\/a><\/p>\n","protected":false},"excerpt":{"rendered":"<p>Qu\u00e8 \u00e9s la prova d&#8217;aptitud personal PAP?<br \/>\nLes PAP avaluen les compet\u00e8ncies ling\u00fc\u00edstiques i el raonament cr\u00edtic, i les compet\u00e8ncies logicomatem\u00e0tiques per accedir als graus d&#8217;Educaci\u00f3 infantil o d&#8217;Educaci\u00f3 Prim\u00e0ria.<br \/>\nAquestes proves es realitzen en totes les universitats, tant p\u00fabliques com privades de Catalunya.<br \/>\nPreparaci\u00f3 Prova d&#8217;aptitud personal&hellip;  <a href=\"https:\/\/agora.xtec.cat\/cfacalbolava\/ensenyaments\/ensenyaments-per-a-la-preparacio-de-proves-dacces\/\" title=\"Read Preparaci\u00f3 Prova d&#8217;aptitud personal (PAP)\">Llegeix m\u00e9s\u00bb<\/a><\/p>\n","protected":false},"author":1,"featured_media":0,"parent":274,"menu_order":5,"comment_status":"closed","ping_status":"closed","template":"page-templates\/side-menu.php","meta":{"_bbp_topic_count":0,"_bbp_reply_count":0,"_bbp_total_topic_count":0,"_bbp_total_reply_count":0,"_bbp_voice_count":0,"_bbp_anonymous_reply_count":0,"_bbp_topic_count_hidden":0,"_bbp_reply_count_hidden":0,"_bbp_forum_subforum_count":0,"footnotes":""},"class_list":["post-288","page","type-page","status-publish","hentry"],"post_mailing_queue_ids":[],"_links":{"self":[{"href":"https:\/\/agora.xtec.cat\/cfacalbolava\/wp-json\/wp\/v2\/pages\/288","targetHints":{"allow":["GET"]}}],"collection":[{"href":"https:\/\/agora.xtec.cat\/cfacalbolava\/wp-json\/wp\/v2\/pages"}],"about":[{"href":"https:\/\/agora.xtec.cat\/cfacalbolava\/wp-json\/wp\/v2\/types\/page"}],"author":[{"embeddable":true,"href":"https:\/\/agora.xtec.cat\/cfacalbolava\/wp-json\/wp\/v2\/users\/1"}],"replies":[{"embeddable":true,"href":"https:\/\/agora.xtec.cat\/cfacalbolava\/wp-json\/wp\/v2\/comments?post=288"}],"version-history":[{"count":6,"href":"https:\/\/agora.xtec.cat\/cfacalbolava\/wp-json\/wp\/v2\/pages\/288\/revisions"}],"predecessor-version":[{"id":1111,"href":"https:\/\/agora.xtec.cat\/cfacalbolava\/wp-json\/wp\/v2\/pages\/288\/revisions\/1111"}],"up":[{"embeddable":true,"href":"https:\/\/agora.xtec.cat\/cfacalbolava\/wp-json\/wp\/v2\/pages\/274"}],"wp:attachment":[{"href":"https:\/\/agora.xtec.cat\/cfacalbolava\/wp-json\/wp\/v2\/media?parent=288"}],"curies":[{"name":"wp","href":"https:\/\/api.w.org\/{rel}","templated":true}]}}