{"id":265,"date":"2015-01-27T17:28:56","date_gmt":"2015-01-27T16:28:56","guid":{"rendered":"http:\/\/agora.xtec.cat\/cfacalbolava\/?page_id=265"},"modified":"2026-04-17T12:19:25","modified_gmt":"2026-04-17T10:19:25","slug":"documents-del-centre","status":"publish","type":"page","link":"https:\/\/agora.xtec.cat\/cfacalbolava\/el-centre\/documents-del-centre\/","title":{"rendered":"Documents del centre"},"content":{"rendered":"<h2>Documents del centre CFA Cal Bolav\u00e0<\/h2>\n<p>Consulta aqu\u00ed els documents que defineixen l\u2019organitzaci\u00f3, el funcionament i les l\u00ednies pedag\u00f2giques del nostre centre:<\/p>\n<p><a href=\"https:\/\/agora.xtec.cat\/cfacalbolava\/wp-content\/uploads\/usu2382\/2026\/03\/PEC_Projecte-Educatiu-del-Centre.Revisat.comprimido-1.pdf\">PEC<\/a> &#8211; Projecte Educatiu del Centre<\/p>\n<p><a href=\"https:\/\/agora.xtec.cat\/cfacalbolava\/wp-content\/uploads\/usu2382\/2025\/07\/projecte-linguistic-Cal-Bolava.pdf\" target=\"_blank\" rel=\"noopener\">PL<\/a> &#8211; Projecte Ling\u00fc\u00edstic<\/p>\n<p><a href=\"https:\/\/agora.xtec.cat\/cfacalbolava\/wp-content\/uploads\/usu2382\/2025\/07\/EstrategiaDigitaldeCentre.docx.pdf\" target=\"_blank\" rel=\"noopener\">EDC<\/a> &#8211; Estrat\u00e8gia Digital del Centre<\/p>\n<p><a href=\"https:\/\/cemssa.sharepoint.com\/:b:\/s\/CFA\/IQCFP22zCR2XQ5MZWYFyKfh2AZN9oJaeq7RyHVVIi6MtXI4?e=otdaFq\">PAT &#8211; Pla d&#8217;Acci\u00f3 Tutorial.pdf<\/a><\/p>\n<p><a href=\"https:\/\/agora.xtec.cat\/cfacalbolava\/wp-content\/uploads\/usu2382\/2026\/03\/NOFC-Normes-dorganitzacio-i-funcionament-del-centre-2025-2026.revisat.pdf\" target=\"_blank\" rel=\"noopener\">NOFC<\/a> &#8211; Normes d&#8217;Organitzaci\u00f3 i Funcionament del Centre<\/p>\n<p><a href=\"https:\/\/agora.xtec.cat\/cfacalbolava\/wp-content\/uploads\/usu2382\/2025\/10\/PDD_Projecte_de_didreccio_Cal_Bolava-_2024_2028.pdf\" target=\"_blank\" rel=\"noopener\">PdD<\/a> &#8211; Projecte de Direcci\u00f3<\/p>\n<p><a href=\"https:\/\/agora.xtec.cat\/cfacalbolava\/wp-content\/uploads\/usu2382\/2025\/12\/PGA_CFA_Cal_Bolava_25-26-3.pdf\" target=\"_blank\" rel=\"noopener\">PGA<\/a> &#8211; Programaci\u00f3 General Anual<\/p>\n<p><a href=\"https:\/\/agora.xtec.cat\/cfacalbolava\/wp-content\/uploads\/usu2382\/2025\/12\/memoria_CFA_Cal_Bolava24.25.1.docx.pdf\" target=\"_blank\" rel=\"noopener\">MA<\/a> &#8211; Mem\u00f2ria Anual<\/p>\n<p><a href=\"https:\/\/agora.xtec.cat\/cfacalbolava\/wp-content\/uploads\/usu2382\/2025\/07\/Pla-AcollidaPAC.CalBolava.1.pdf\" target=\"_blank\" rel=\"noopener\">Pla d&#8217;acollida<\/a><\/p>\n<p><a href=\"https:\/\/agora.xtec.cat\/cfacalbolava\/wp-content\/uploads\/usu2382\/2025\/10\/1_ACTA_FUNDACIONAL_SGQ-XQ.pdf\" target=\"_blank\" rel=\"noopener\">Acta Fundacional Sistema de Gesti\u00f3 de Qualitat (SGQ)<\/a><\/p>\n","protected":false},"excerpt":{"rendered":"<p>Documents del centre CFA Cal Bolav\u00e0<br \/>\nConsulta aqu\u00ed els documents que defineixen l\u2019organitzaci\u00f3, el funcionament i les l\u00ednies pedag\u00f2giques del nostre centre:<br \/>\n<a href=\"https:\/\/agora.xtec.cat\/cfacalbolava\/wp-content\/uploads\/usu2382\/2026\/03\/PEC_Projecte-Educatiu-del-Centre.Revisat.comprimido-1.pdf\">PEC<\/a> &#8211; Projecte Educatiu del Centre<br \/>\n<a href=\"https:\/\/agora.xtec.cat\/cfacalbolava\/wp-content\/uploads\/usu2382\/2025\/07\/projecte-linguistic-Cal-Bolava.pdf\" target=\"_blank\" rel=\"noopener\">PL<\/a> &#8211; Projecte Ling\u00fc\u00edstic<br \/>\n<a href=\"https:\/\/agora.xtec.cat\/cfacalbolava\/wp-content\/uploads\/usu2382\/2025\/07\/EstrategiaDigitaldeCentre.docx.pdf\" target=\"_blank\" rel=\"noopener\">EDC<\/a> &#8211; Estrat\u00e8gia Digital del Centre<br \/>\n<a href=\"https:\/\/cemssa.sharepoint.com\/:b:\/s\/CFA\/IQCFP22zCR2XQ5MZWYFyKfh2AZN9oJaeq7RyHVVIi6MtXI4?e=otdaFq\">PAT &#8211; Pla d&#8217;Acci\u00f3&hellip;  <a href=\"https:\/\/agora.xtec.cat\/cfacalbolava\/el-centre\/documents-del-centre\/\" title=\"Read Documents del centre\">Llegeix m\u00e9s\u00bb<\/a><\/p>\n","protected":false},"author":1,"featured_media":0,"parent":261,"menu_order":4,"comment_status":"closed","ping_status":"closed","template":"page-templates\/side-menu.php","meta":{"_bbp_topic_count":0,"_bbp_reply_count":0,"_bbp_total_topic_count":0,"_bbp_total_reply_count":0,"_bbp_voice_count":0,"_bbp_anonymous_reply_count":0,"_bbp_topic_count_hidden":0,"_bbp_reply_count_hidden":0,"_bbp_forum_subforum_count":0,"footnotes":""},"class_list":["post-265","page","type-page","status-publish","hentry"],"post_mailing_queue_ids":[],"_links":{"self":[{"href":"https:\/\/agora.xtec.cat\/cfacalbolava\/wp-json\/wp\/v2\/pages\/265","targetHints":{"allow":["GET"]}}],"collection":[{"href":"https:\/\/agora.xtec.cat\/cfacalbolava\/wp-json\/wp\/v2\/pages"}],"about":[{"href":"https:\/\/agora.xtec.cat\/cfacalbolava\/wp-json\/wp\/v2\/types\/page"}],"author":[{"embeddable":true,"href":"https:\/\/agora.xtec.cat\/cfacalbolava\/wp-json\/wp\/v2\/users\/1"}],"replies":[{"embeddable":true,"href":"https:\/\/agora.xtec.cat\/cfacalbolava\/wp-json\/wp\/v2\/comments?post=265"}],"version-history":[{"count":5,"href":"https:\/\/agora.xtec.cat\/cfacalbolava\/wp-json\/wp\/v2\/pages\/265\/revisions"}],"predecessor-version":[{"id":1510,"href":"https:\/\/agora.xtec.cat\/cfacalbolava\/wp-json\/wp\/v2\/pages\/265\/revisions\/1510"}],"up":[{"embeddable":true,"href":"https:\/\/agora.xtec.cat\/cfacalbolava\/wp-json\/wp\/v2\/pages\/261"}],"wp:attachment":[{"href":"https:\/\/agora.xtec.cat\/cfacalbolava\/wp-json\/wp\/v2\/media?parent=265"}],"curies":[{"name":"wp","href":"https:\/\/api.w.org\/{rel}","templated":true}]}}