{"id":867,"date":"2022-05-09T19:05:36","date_gmt":"2022-05-09T17:05:36","guid":{"rendered":"https:\/\/agora.xtec.cat\/cfa-vallirana\/?page_id=867"},"modified":"2025-09-11T21:42:49","modified_gmt":"2025-09-11T19:42:49","slug":"servei-dorientacio","status":"publish","type":"page","link":"https:\/\/agora.xtec.cat\/cfa-vallirana\/serveis\/projectes\/servei-dorientacio\/","title":{"rendered":"Servei d&#8217;Orientaci\u00f3"},"content":{"rendered":"<h3>Activitats per als serveis d&#8217;orientaci\u00f3 i transici\u00f3 de les EMPA<\/h3>\n<p>La Diputaci\u00f3 de Barcelona ofereix aquest servei adre\u00e7at a les Escoles Municipals d\u2019Adults.<\/p>\n<p>Les activitats d&#8217;aquest servei contribueixen a ampliar les garanties de perman\u00e8ncia i retorn al sistema educatiu de la ciutadania i a millorar-ne els nivells competencials i les qualificacions per facilitar possibilitats d\u2019\u00e8xit personal i professional.<\/p>\n<h3>Orientaci\u00f3 en les transicions de l&#8217;alumnat jove<\/h3>\n<p>Es tracta d&#8217;una activitat adre\u00e7ada a joves que estan cursant un PFI, cursos a les Escoles municipals de persones adultes o es troben en situaci\u00f3 d\u2019AEP i a les seves fam\u00edlies. T\u00e9 per objectiu posar en valor la import\u00e0ncia de continuar estudiant, identificar els factors clau en la presa de decisions i la superaci\u00f3 de les dificultats per aconseguir els objectius marcats. Inclou activitats grupals per al grup classe, hores d\u2019orientaci\u00f3 personalitzada i coordinaci\u00f3 amb tutors.<\/p>\n<p><img loading=\"lazy\" decoding=\"async\" class=\"size-full wp-image-1518 aligncenter\" src=\"https:\/\/agora.xtec.cat\/cfa-vallirana\/wp-content\/uploads\/usu2577\/2024\/10\/Frase-Servei-Orientacio.png\" alt=\"\" width=\"194\" height=\"100\" \/><\/p>\n<h4>Objectius:<\/h4>\n<ul>\n<li>Oferir orientaci\u00f3 personalitzada i acompanyament per evitar l\u2019abandonament de l\u2019alumnat jove matriculat a les EMPA.<\/li>\n<li>Incrementar el nombre d\u2019alumnes que aproven els estudis cursats a les EMPA.<\/li>\n<li>Augmentar el nombre d\u2019alumnes que continuen amb la seva formaci\u00f3 per assolir un t\u00edtol oficial.<\/li>\n<li>Complementar les tasques d\u2019orientaci\u00f3 que es realitzen a les EMPA.<\/li>\n<li>Enfortir les estrat\u00e8gies d\u2019orientaci\u00f3 dels ajuntaments per facilitar transicions educatives exitoses i la lluita contra l\u2019abandonament escolar prematur.<\/li>\n<li>Enfortir les traject\u00f2ries individuals i les noves oportunitats educatives que s\u2019ofereixen des dels municipis.<\/li>\n<\/ul>\n<h4>Destinataris:<\/h4>\n<ul>\n<li style=\"list-style-type: none;\">\n<ul>\n<li>Joves matriculats a l\u2019EMPA<\/li>\n<\/ul>\n<\/li>\n<\/ul>\n<h4>Durada:<\/h4>\n<ul>\n<li style=\"list-style-type: none;\">\n<ul>\n<li>Fins a 20 hores que inclouen com a m\u00ednim una activitat grupal de dues hores i coordinaci\u00f3 amb el tutor.<\/li>\n<\/ul>\n<\/li>\n<\/ul>\n<h4>Municipis que programaran l&#8217;activitat durant el 2024:<\/h4>\n<ul>\n<li style=\"list-style-type: none;\">\n<ul>\n<li style=\"list-style-type: none;\">\n<ul>\n<li>Ajuntament de Caldes de Montbui<\/li>\n<li>Ajuntament de Castellar del Vall\u00e8s<\/li>\n<li>Ajuntament de Centelles<\/li>\n<li>Ajuntament de Llinars del Vall\u00e8s<\/li>\n<li>Ajuntament de Malgrat de Mar<\/li>\n<li>Ajuntament de Matar\u00f3<\/li>\n<li>Ajuntament de Sant Celoni<\/li>\n<li>Ajuntament de Sant Pere de Ribes<\/li>\n<li>Ajuntament de Terrassa<\/li>\n<li>Ajuntament de Tona<\/li>\n<li>Ajuntament de Tordera<\/li>\n<li><strong>Ajuntament de Vallirana<\/strong><\/li>\n<li>Ajuntament del Masnou<\/li>\n<\/ul>\n<\/li>\n<\/ul>\n<\/li>\n<\/ul>\n<p>M\u00e9s informaci\u00f3 a <a href=\"https:\/\/www.diba.cat\/es\/web\/educacio\/-\/orientacio-transicions-joves\" target=\"_blank\" rel=\"noopener\">https:\/\/www.diba.cat\/es\/web\/educacio\/-\/orientacio-transicions-joves<\/a><\/p>\n<p><img loading=\"lazy\" decoding=\"async\" class=\"alignnone size-large wp-image-1522\" src=\"https:\/\/agora.xtec.cat\/cfa-vallirana\/wp-content\/uploads\/usu2577\/2024\/10\/TallerOrientacio1_Tots-1-1024x431.jpg\" alt=\"\" width=\"1024\" height=\"431\" srcset=\"https:\/\/agora.xtec.cat\/cfa-vallirana\/wp-content\/uploads\/usu2577\/2024\/10\/TallerOrientacio1_Tots-1-1024x431.jpg 1024w, https:\/\/agora.xtec.cat\/cfa-vallirana\/wp-content\/uploads\/usu2577\/2024\/10\/TallerOrientacio1_Tots-1-300x126.jpg 300w, https:\/\/agora.xtec.cat\/cfa-vallirana\/wp-content\/uploads\/usu2577\/2024\/10\/TallerOrientacio1_Tots-1-768x323.jpg 768w, https:\/\/agora.xtec.cat\/cfa-vallirana\/wp-content\/uploads\/usu2577\/2024\/10\/TallerOrientacio1_Tots-1-1536x647.jpg 1536w, https:\/\/agora.xtec.cat\/cfa-vallirana\/wp-content\/uploads\/usu2577\/2024\/10\/TallerOrientacio1_Tots-1.jpg 1900w\" sizes=\"auto, (max-width: 1024px) 100vw, 1024px\" \/><\/p>\n<h3>Programaci\u00f3 Primer Trimestre (curs 24\/25)<\/h3>\n<p style=\"text-align: center;\"><span style=\"text-decoration: underline;\"><strong>Grup d&#8217;alumnes que es presenten a les proves d&#8217;acc\u00e9s de CFGM:<\/strong><\/span><\/p>\n<p><strong><em>30\/09\/24<\/em><\/strong>\u00a0T\u00e8cniques i estrat\u00e8gies d\u2019estudi. Es treballen estrat\u00e8gies i pr\u00e0ctiques a l\u2019hora d\u2019estudiar i organitzar-se basant-se en les fortaleses i en l\u2019estil de cada persona.<\/p>\n<p><strong><em>10\/10\/24<\/em><\/strong>\u00a0Toca escollir! Qu\u00e8 fer per prendre la millor decisi\u00f3. Es treballen les opcions formatives de continu\u00eftat i la motivaci\u00f3 per encarar el curs.<\/p>\n<p><strong><em>14\/11\/24<\/em><\/strong>\u00a0Aposta per tu! Es treballa la motivaci\u00f3, la identificaci\u00f3 de fortaleses i la definici\u00f3 d\u2019un pla d\u2019acci\u00f3 per a seguir endavant.<\/p>\n<p style=\"text-align: center;\"><span style=\"text-decoration: underline;\"><strong>Grup d&#8217;alumnes que es presenten a les proves d&#8217;acc\u00e9s de CFGS:<\/strong><\/span><\/p>\n<p><strong><em>26\/09\/24<\/em><\/strong> Troba solucions als darrers dubtes! Espec\u00edfiques i entorn IOC. Es resolen dubtes respecte a la tria de les espec\u00edfiques i es donen estrat\u00e8gies per a l\u2019estudi online i la familiaritzaci\u00f3 a trav\u00e9s de la IOC.<\/p>\n<p><strong><em>3\/10\/24<\/em><\/strong> T\u00e8cniques i estrat\u00e8gies d\u2019estudi. Es treballen estrat\u00e8gies i pr\u00e0ctiques a l\u2019hora d\u2019estudiar i organitzar-se basant-se en les fortaleses i en l\u2019estil de cada persona.<\/p>\n","protected":false},"excerpt":{"rendered":"<p>Activitats per als serveis d&#8217;orientaci\u00f3 i transici\u00f3 de les EMPA<br \/>\nLa Diputaci\u00f3 de Barcelona ofereix aquest servei adre\u00e7at a les Escoles Municipals d\u2019Adults.<br \/>\nLes activitats d&#8217;aquest servei contribueixen a ampliar les garanties de perman\u00e8ncia i retorn al sistema educatiu de la ciutadania i a millorar-ne els nivells&hellip;  <a href=\"https:\/\/agora.xtec.cat\/cfa-vallirana\/serveis\/projectes\/servei-dorientacio\/\" title=\"Read Servei d&#8217;Orientaci\u00f3\">Llegeix m\u00e9s\u00bb<\/a><\/p>\n","protected":false},"author":1,"featured_media":0,"parent":863,"menu_order":60,"comment_status":"closed","ping_status":"closed","template":"page-templates\/side-menu.php","meta":{"_bbp_topic_count":0,"_bbp_reply_count":0,"_bbp_total_topic_count":0,"_bbp_total_reply_count":0,"_bbp_voice_count":0,"_bbp_anonymous_reply_count":0,"_bbp_topic_count_hidden":0,"_bbp_reply_count_hidden":0,"_bbp_forum_subforum_count":0,"footnotes":""},"class_list":["post-867","page","type-page","status-publish","hentry"],"post_mailing_queue_ids":[],"_links":{"self":[{"href":"https:\/\/agora.xtec.cat\/cfa-vallirana\/wp-json\/wp\/v2\/pages\/867","targetHints":{"allow":["GET"]}}],"collection":[{"href":"https:\/\/agora.xtec.cat\/cfa-vallirana\/wp-json\/wp\/v2\/pages"}],"about":[{"href":"https:\/\/agora.xtec.cat\/cfa-vallirana\/wp-json\/wp\/v2\/types\/page"}],"author":[{"embeddable":true,"href":"https:\/\/agora.xtec.cat\/cfa-vallirana\/wp-json\/wp\/v2\/users\/1"}],"replies":[{"embeddable":true,"href":"https:\/\/agora.xtec.cat\/cfa-vallirana\/wp-json\/wp\/v2\/comments?post=867"}],"version-history":[{"count":6,"href":"https:\/\/agora.xtec.cat\/cfa-vallirana\/wp-json\/wp\/v2\/pages\/867\/revisions"}],"predecessor-version":[{"id":896,"href":"https:\/\/agora.xtec.cat\/cfa-vallirana\/wp-json\/wp\/v2\/pages\/867\/revisions\/896"}],"up":[{"embeddable":true,"href":"https:\/\/agora.xtec.cat\/cfa-vallirana\/wp-json\/wp\/v2\/pages\/863"}],"wp:attachment":[{"href":"https:\/\/agora.xtec.cat\/cfa-vallirana\/wp-json\/wp\/v2\/media?parent=867"}],"curies":[{"name":"wp","href":"https:\/\/api.w.org\/{rel}","templated":true}]}}