{"id":27,"date":"2014-09-17T16:24:03","date_gmt":"2014-09-17T16:24:03","guid":{"rendered":"http:\/\/agora.xtec.cat\/cfa-vallirana\/?page_id=27"},"modified":"2025-09-11T21:25:53","modified_gmt":"2025-09-11T19:25:53","slug":"historia","status":"publish","type":"page","link":"https:\/\/agora.xtec.cat\/cfa-vallirana\/el-centre\/historia\/","title":{"rendered":"Hist\u00f2ria"},"content":{"rendered":"<p style=\"text-align: justify;\">El Centre de Formaci\u00f3 d\u2019Adults de Vallirana CFA Vallirana \u00e9s de titularitat municipal i \u00e9s l\u2019\u00fanic centre municipal del Baix Llobregat homologat pel Departament d\u2019Educaci\u00f3 de la Generalitat de Catalunya.<\/p>\n<p style=\"text-align: justify;\">Es va iniciar com a Escola Municipal d\u2019Adults l\u2019any 1984 per iniciativa municipal, a fi i efecte d\u2019oferir a la poblaci\u00f3 de Vallirana la possibilitat de formar-se per a una millor integraci\u00f3 en el m\u00f3n laboral i en la societat, sense haver de despla\u00e7ar-se fora del municipi.<\/p>\n<p style=\"text-align: justify;\">En els seus inicis, el centre estava orientat a cobrir dos tipus concrets de necessitats de formaci\u00f3:<\/p>\n<ul>\n<li>L\u2019ensenyament adre\u00e7at a la societat analfabeta o neolectora, principalment alumnes adults i de la tercera edat.<\/li>\n<li>L\u2019ensenyament adre\u00e7at a l\u2019obtenci\u00f3 del Graduat escolar, per a alumnes procedents del frac\u00e0s escolar o adults que necessitaven reciclar-se per al m\u00f3n laboral.<\/li>\n<\/ul>\n<p style=\"text-align: justify;\">Aquesta oferta inicial es va mantenir fins a l\u2019inici dels noranta, \u00e8poca en la qual Vallirana va comen\u00e7ar a rebre un fort flux de poblaci\u00f3 immigrant procedent d\u2019altres pa\u00efsos, principalment del Marroc. Aquest fet va provocar que el centre adopt\u00e9s noves formes d\u2019actuaci\u00f3, obligat per la nova demanda.<\/p>\n<p style=\"text-align: justify;\">Per b\u00e9 que els fills d\u2019aquesta poblaci\u00f3 s\u2019integraven correctament en la nostra societat a trav\u00e9s de l\u2019escolaritzaci\u00f3 obligat\u00f2ria en els centres del municipi, la poblaci\u00f3 jove de m\u00e9s de setze anys no ho tenia ni ho t\u00e9 tan f\u00e0cil. Per aix\u00f2, el centre va comen\u00e7ar a treballar amb aquest col\u00b7lectiu a partir de 1995. S\u2019integrava aquests nous alumnes al grup d\u2019alfabetitzaci\u00f3 de la poblaci\u00f3 aut\u00f2ctona, ja que no havien estat mai escolaritzats.<\/p>\n<p style=\"text-align: justify;\">El que va comen\u00e7ar com una acci\u00f3 quasi individual donat que era un grup molt redu\u00eft, ha acabat esdevenint un aut\u00e8ntic centre d\u2019acollida d\u2019aquest col\u00b7lectiu, entre el qual gaudeix d\u2019un important reconeixement. Els alumnes del centre hi adrecen els nouvinguts i els ajuden en la seva matriculaci\u00f3.<\/p>\n<p style=\"text-align: justify;\">Es pret\u00e9n que l\u2019alumnat concebi la seva assist\u00e8ncia al centre com un projecte amb continu\u00eftat per tal d\u2019adquirir un domini sobre la llengua a nivell oral i escrit que els permeti incorporar-se al m\u00f3n laboral i adaptar-se a la societat.<\/p>\n<p style=\"text-align: justify;\">Motivat tamb\u00e9 per la demanda educativa, l\u2019antic nivell de Graduat escolar ha estat substitu\u00eft pel curs de Preparaci\u00f3 a les proves d\u2019acc\u00e9s a cicles formatius de Grau mitj\u00e0. \u00c9s un curs que cobreix la demanda d\u2019un sector de poblaci\u00f3 jove i de mitjana edat: b\u00e9 els que no han acabat els seus estudis de quart d\u2019ESO, b\u00e9 els que es reincorporen al sistema educatiu per a accedir a la formaci\u00f3 professional.<\/p>\n<p style=\"text-align: justify;\">Amb l\u2019evoluci\u00f3 del perfil educatiu de la poblaci\u00f3, s\u2019ha incorporat la formaci\u00f3 instrumental, nivells I a IV. Est\u00e0 format per poblaci\u00f3 aut\u00f2ctona adulta, propera a la tercera edat, que no vol quedar endarrerida respecte els seus nets, o per alumnes migrats que necessiten o b\u00e9 alfabetitzar-se en la nostra llengua o b\u00e9 adquirir els coneixements necessaris per integrar-se a la societat i al m\u00f3n laboral plenament.<\/p>\n<p style=\"text-align: justify;\">En els darrers anys, s\u2019ha ampliat l\u2019oferta amb el grup de Preparaci\u00f3 a les proves d&#8217;acc\u00e9s a cicles formatius de Grau superior i amb la col\u00b7laboraci\u00f3 amb l\u2019IOC com a centre de suport per al Graduat en ESO a dist\u00e0ncia i per les mat\u00e8ries espec\u00edfiques de grau superior.<\/p>\n","protected":false},"excerpt":{"rendered":"<p>El Centre de Formaci\u00f3 d\u2019Adults de Vallirana CFA Vallirana \u00e9s de titularitat municipal i \u00e9s l\u2019\u00fanic centre municipal del Baix Llobregat homologat pel Departament d\u2019Educaci\u00f3 de la Generalitat de Catalunya.<br \/>\nEs va iniciar com a Escola Municipal d\u2019Adults l\u2019any 1984 per iniciativa municipal, a fi i&hellip;  <a href=\"https:\/\/agora.xtec.cat\/cfa-vallirana\/el-centre\/historia\/\" title=\"Read Hist\u00f2ria\">Llegeix m\u00e9s\u00bb<\/a><\/p>\n","protected":false},"author":1,"featured_media":0,"parent":261,"menu_order":20,"comment_status":"closed","ping_status":"closed","template":"page-templates\/side-menu.php","meta":{"_bbp_topic_count":0,"_bbp_reply_count":0,"_bbp_total_topic_count":0,"_bbp_total_reply_count":0,"_bbp_voice_count":0,"_bbp_anonymous_reply_count":0,"_bbp_topic_count_hidden":0,"_bbp_reply_count_hidden":0,"_bbp_forum_subforum_count":0,"footnotes":""},"class_list":["post-27","page","type-page","status-publish","hentry"],"post_mailing_queue_ids":[],"_links":{"self":[{"href":"https:\/\/agora.xtec.cat\/cfa-vallirana\/wp-json\/wp\/v2\/pages\/27","targetHints":{"allow":["GET"]}}],"collection":[{"href":"https:\/\/agora.xtec.cat\/cfa-vallirana\/wp-json\/wp\/v2\/pages"}],"about":[{"href":"https:\/\/agora.xtec.cat\/cfa-vallirana\/wp-json\/wp\/v2\/types\/page"}],"author":[{"embeddable":true,"href":"https:\/\/agora.xtec.cat\/cfa-vallirana\/wp-json\/wp\/v2\/users\/1"}],"replies":[{"embeddable":true,"href":"https:\/\/agora.xtec.cat\/cfa-vallirana\/wp-json\/wp\/v2\/comments?post=27"}],"version-history":[{"count":5,"href":"https:\/\/agora.xtec.cat\/cfa-vallirana\/wp-json\/wp\/v2\/pages\/27\/revisions"}],"predecessor-version":[{"id":2010,"href":"https:\/\/agora.xtec.cat\/cfa-vallirana\/wp-json\/wp\/v2\/pages\/27\/revisions\/2010"}],"up":[{"embeddable":true,"href":"https:\/\/agora.xtec.cat\/cfa-vallirana\/wp-json\/wp\/v2\/pages\/261"}],"wp:attachment":[{"href":"https:\/\/agora.xtec.cat\/cfa-vallirana\/wp-json\/wp\/v2\/media?parent=27"}],"curies":[{"name":"wp","href":"https:\/\/api.w.org\/{rel}","templated":true}]}}