{"id":265,"date":"2015-01-27T17:28:56","date_gmt":"2015-01-27T16:28:56","guid":{"rendered":"http:\/\/agora.xtec.cat\/cfa-vallirana\/?page_id=265"},"modified":"2025-09-11T20:56:47","modified_gmt":"2025-09-11T18:56:47","slug":"organitzacio-interna","status":"publish","type":"page","link":"https:\/\/agora.xtec.cat\/cfa-vallirana\/el-centre\/organitzacio-interna\/","title":{"rendered":"Organitzaci\u00f3 interna"},"content":{"rendered":"<h2 style=\"text-align: justify;\"><strong>\u00d2rgans i funcions<\/strong><\/h2>\n<p style=\"text-align: justify;\"><b>Equip directiu<\/b><\/p>\n<p style=\"text-align: justify;\"><span style=\"font-weight: 400;\">L\u2019equip directiu est\u00e0 format pels seg\u00fcents c\u00e0rrecs: director i cap d\u2019estudis.<\/span><\/p>\n<p style=\"text-align: justify;\"><b>Claustre<\/b><\/p>\n<p style=\"text-align: justify;\"><span style=\"font-weight: 400;\">El claustre \u00e9s l\u2019\u00f2rgan de participaci\u00f3 del professorat en el control i la gesti\u00f3 de l\u2019ordenaci\u00f3 de les activitats educatives i del conjunt dels aspectes educatius del centre. \u00c9s integrat per tot el professorat i el presideix el director o directora del centre. Les seves funcions s\u00f3n:<\/span><\/p>\n<p style=\"text-align: justify;\"><span style=\"font-weight: 400;\">a) Intervenir en l\u2019elaboraci\u00f3 i la modificaci\u00f3 del projecte educatiu.<\/span><span style=\"font-weight: 400;\"><br \/>\n<\/span><span style=\"font-weight: 400;\">c) Establir directrius per a la coordinaci\u00f3 docent i l\u2019acci\u00f3 tutorial.<\/span><span style=\"font-weight: 400;\"><br \/>\n<\/span><span style=\"font-weight: 400;\">d) Decidir els criteris per a l\u2019avaluaci\u00f3 i seguiment dels alumnes. Coordinar les funcions d\u2019orientaci\u00f3 i tutoria dels alumnes.<\/span><span style=\"font-weight: 400;\"><br \/>\n<\/span><span style=\"font-weight: 400;\">e) Promoure iniciatives dins l\u2019\u00e0mbit de l\u2019experimentaci\u00f3 o la investigaci\u00f3 pedag\u00f2gica.<\/span><span style=\"font-weight: 400;\"><br \/>\n<\/span><span style=\"font-weight: 400;\">f) Organitzar les festes populars.<\/span><span style=\"font-weight: 400;\"><br \/>\n<\/span><span style=\"font-weight: 400;\">g) Programar les activitats educatives del centre i avaluar-ne el desenvolupament i els resultats.<\/span><span style=\"font-weight: 400;\"><br \/>\n<\/span><span style=\"font-weight: 400;\">h) Elegir els representants del professorat en el consell escolar.<\/span><span style=\"font-weight: 400;\"><br \/>\n<\/span><span style=\"font-weight: 400;\">i) Donar suport a l\u2019equip directiu en el compliment de la programaci\u00f3 general del centre.<\/span><span style=\"font-weight: 400;\"><br \/>\n<\/span><span style=\"font-weight: 400;\">j) Les que li atribueixin les normes d\u2019organitzaci\u00f3 i funcionament del centre.<\/span><\/p>\n<h2 style=\"text-align: justify;\"><strong>Consell Escolar de Centre<\/strong><\/h2>\n<p style=\"text-align: justify;\"><span style=\"font-weight: 400;\">El consell escolar del centre \u00e9s l\u2019<\/span><b>\u00f2rgan col\u00b7legiat de participaci\u00f3<\/b><span style=\"font-weight: 400;\"> de la comunitat escolar en el govern del centre. En el consell escolar hi ha representats tots els col\u00b7lectius que intervenen en la comunitat educativa: director, professorat, alumnat i representant de l\u2019ajuntament.<\/span><\/p>\n<p style=\"text-align: justify;\"><span style=\"font-weight: 400;\">El Consell de Centre est\u00e0 format per la directora, que el presideix, la secret\u00e0ria, 1 professor\/a, un representant de l\u2019Ajuntamentde la Regidoria d\u2019Educaci\u00f3 , un representant dels\/les alumnes.\u00a0<\/span><\/p>\n<p style=\"text-align: justify;\"><span style=\"font-weight: 400;\">El Consell de Centre tindr\u00e0 les funcions seg\u00fcents, entre d\u2019altres:<\/span><\/p>\n<p style=\"text-align: justify;\"><span style=\"font-weight: 400;\">a) Aprovar el projecte educatiu i les modificacions corresponents.<\/span><span style=\"font-weight: 400;\"><br \/>\n<\/span><span style=\"font-weight: 400;\">b) Aprovar la programaci\u00f3 general anual del centre i avaluar-ne el desenvolupament i els resultats.<\/span><span style=\"font-weight: 400;\"><br \/>\n<\/span><span style=\"font-weight: 400;\">c) Aprovar les normes d\u2019organitzaci\u00f3 i funcionament i les modificacions corresponents.<\/span><span style=\"font-weight: 400;\"><br \/>\n<\/span><span style=\"font-weight: 400;\">d) Intervenir en la resoluci\u00f3 dels conflictes i, si escau, revisar les sancions als alumnes.<\/span><span style=\"font-weight: 400;\"><br \/>\n<\/span><span style=\"font-weight: 400;\">e) Participar en les an\u00e0lisis i les avaluacions del funcionament general del centre i con\u00e8ixer l\u2019evoluci\u00f3 del rendiment escolar.<\/span><span style=\"font-weight: 400;\"><br \/>\n<\/span><\/p>\n<h2 style=\"text-align: justify;\"><strong>ESTRAT\u00c8GIA DIGITAL<\/strong><\/h2>\n<p style=\"text-align: justify;\"><span style=\"font-weight: 400;\">L\u2019estrat\u00e8gia digital de centre (EDC) defineix i concreta les l\u00ednies d\u2019actuaci\u00f3 d\u2019un centre que fan possible que docents, alumnat i centre assoleixin la compet\u00e8ncia digital. Per aconseguir aquesta compet\u00e8ncia digital, l\u2019EDC compr\u00e8n tots els \u00e0mbits del centre: organitzatius, metodol\u00f2gics, curriculars i comunicatius, els quals s\u2019han de veure necess\u00e0riament implicats i, si escau, transformats, des d\u2019una perspectiva d\u2019innovaci\u00f3 i de millora cont\u00ednua.<\/span><\/p>\n<p><a href=\"https:\/\/agora.xtec.cat\/cfa-vallirana\/wp-content\/uploads\/usu2577\/2022\/04\/edc-5.png\"><img loading=\"lazy\" decoding=\"async\" class=\" wp-image-471 aligncenter\" src=\"https:\/\/agora.xtec.cat\/cfa-vallirana\/wp-content\/uploads\/usu2577\/2022\/04\/edc-5.png\" alt=\"\" width=\"524\" height=\"319\" srcset=\"https:\/\/agora.xtec.cat\/cfa-vallirana\/wp-content\/uploads\/usu2577\/2022\/04\/edc-5.png 626w, https:\/\/agora.xtec.cat\/cfa-vallirana\/wp-content\/uploads\/usu2577\/2022\/04\/edc-5-300x183.png 300w\" sizes=\"auto, (max-width: 524px) 100vw, 524px\" \/><\/a><\/p>\n<p style=\"text-align: justify;\"><span style=\"font-weight: 400;\">Ha de tenir com a referent el Pla d\u2019Educaci\u00f3 Digital de Catalunya (PEDC), on s\u2019indica la necessitat d\u2019assolir la fita d\u2019una societat digitalment competent, fent \u00e8mfasi en l\u2019equitat i tenint en compte l\u2019evoluci\u00f3 del context social i tecnol\u00f2gic. Un alumnat digitalment competent ser\u00e0 garantia d\u2019una ciutadania digitalment competent, cr\u00edtica i responsable en l\u2019\u00fas de la tecnologia<\/span><\/p>\n","protected":false},"excerpt":{"rendered":"<p>\u00d2rgans i funcions<br \/>\nEquip directiu<br \/>\nL\u2019equip directiu est\u00e0 format pels seg\u00fcents c\u00e0rrecs: director i cap d\u2019estudis.<br \/>\nClaustre<br \/>\nEl claustre \u00e9s l\u2019\u00f2rgan de participaci\u00f3 del professorat en el control i la gesti\u00f3 de l\u2019ordenaci\u00f3 de les activitats educatives i del conjunt dels aspectes educatius del centre. \u00c9s integrat per tot&hellip;  <a href=\"https:\/\/agora.xtec.cat\/cfa-vallirana\/el-centre\/organitzacio-interna\/\" title=\"Read Organitzaci\u00f3 interna\">Llegeix m\u00e9s\u00bb<\/a><\/p>\n","protected":false},"author":1,"featured_media":0,"parent":261,"menu_order":40,"comment_status":"closed","ping_status":"closed","template":"page-templates\/side-menu.php","meta":{"_bbp_topic_count":0,"_bbp_reply_count":0,"_bbp_total_topic_count":0,"_bbp_total_reply_count":0,"_bbp_voice_count":0,"_bbp_anonymous_reply_count":0,"_bbp_topic_count_hidden":0,"_bbp_reply_count_hidden":0,"_bbp_forum_subforum_count":0,"footnotes":""},"class_list":["post-265","page","type-page","status-publish","hentry"],"post_mailing_queue_ids":[],"_links":{"self":[{"href":"https:\/\/agora.xtec.cat\/cfa-vallirana\/wp-json\/wp\/v2\/pages\/265","targetHints":{"allow":["GET"]}}],"collection":[{"href":"https:\/\/agora.xtec.cat\/cfa-vallirana\/wp-json\/wp\/v2\/pages"}],"about":[{"href":"https:\/\/agora.xtec.cat\/cfa-vallirana\/wp-json\/wp\/v2\/types\/page"}],"author":[{"embeddable":true,"href":"https:\/\/agora.xtec.cat\/cfa-vallirana\/wp-json\/wp\/v2\/users\/1"}],"replies":[{"embeddable":true,"href":"https:\/\/agora.xtec.cat\/cfa-vallirana\/wp-json\/wp\/v2\/comments?post=265"}],"version-history":[{"count":4,"href":"https:\/\/agora.xtec.cat\/cfa-vallirana\/wp-json\/wp\/v2\/pages\/265\/revisions"}],"predecessor-version":[{"id":1847,"href":"https:\/\/agora.xtec.cat\/cfa-vallirana\/wp-json\/wp\/v2\/pages\/265\/revisions\/1847"}],"up":[{"embeddable":true,"href":"https:\/\/agora.xtec.cat\/cfa-vallirana\/wp-json\/wp\/v2\/pages\/261"}],"wp:attachment":[{"href":"https:\/\/agora.xtec.cat\/cfa-vallirana\/wp-json\/wp\/v2\/media?parent=265"}],"curies":[{"name":"wp","href":"https:\/\/api.w.org\/{rel}","templated":true}]}}