{"id":1012,"date":"2022-06-02T18:37:04","date_gmt":"2022-06-02T16:37:04","guid":{"rendered":"https:\/\/agora.xtec.cat\/cfa-vallirana\/?page_id=1012"},"modified":"2024-02-29T13:12:22","modified_gmt":"2024-02-29T12:12:22","slug":"cultura-digital","status":"publish","type":"page","link":"https:\/\/agora.xtec.cat\/cfa-vallirana\/normes-dorganitzacio-i-funcionament\/estrategia-digital-de-centre-edc\/cultura-digital\/","title":{"rendered":"Cultura digital"},"content":{"rendered":"\r\n<p style=\"text-align: justify;\">En aquest apartat de l\u2019EDC es recullen unificades totes les accions que el centre ja realitza en l\u2019\u00e0mbit digital. Fruit de l\u2019experi\u00e8ncia del centre, per\u00f2 tamb\u00e9 de l\u2019aplicaci\u00f3 de la part m\u00e9s estrat\u00e8gica de l\u2019EDC, els centre defineix procediments, protocols, normes, acords i plans per assolir les compet\u00e8ncies digitals.\u00a0<\/p>\r\n\r\n<p><img decoding=\"async\" class=\"aligncenter\" src=\"https:\/\/projectes.xtec.cat\/edc-suport\/wp-content\/uploads\/usu2435\/2021\/03\/edc7-768x556.jpg\" alt=\"infog cult dig\" \/><\/p>\r\n<p>&nbsp;<\/p>\r\n<p>&nbsp;<\/p>\r\n\r\n<div class=\"wp-block-buttons is-layout-flex wp-block-buttons-is-layout-flex\">\r\n<div class=\"wp-block-button has-custom-width wp-block-button__width-50 is-style-fill\"><a class=\"wp-block-button__link has-white-color has-text-color has-background no-border-radius\" style=\"background-color: #763333;\" href=\"https:\/\/agora.xtec.cat\/cfa-vallirana\/normes-dorganitzacio-i-funcionament\/estrategia-digital-de-centre-edc\/cultura-digital\/documentacio-basica\"><span class=\"tadv-color\" style=\"color: #ffffff;\">DOCUMENTACI\u00d3 B\u00c0SICA<\/span><\/a><\/div>\r\n\r\n\r\n\r\n\r\n\r\n<div class=\"wp-block-button has-custom-width wp-block-button__width-50 is-style-fill\"><a class=\"wp-block-button__link has-white-color has-text-color has-background no-border-radius\" style=\"background-color: #763333;\" href=\"https:\/\/agora.xtec.cat\/cfa-vallirana\/normes-dorganitzacio-i-funcionament\/estrategia-digital-de-centre-edc\/cultura-digital\/acolliment-digital\/\"><span class=\"tadv-color\" style=\"color: #ffffff;\">ACOLLIMENT DIGITAL<\/span><\/a><\/div>\r\n\r\n\r\n\r\n<div class=\"wp-block-button has-custom-width wp-block-button__width-50 is-style-fill\"><a class=\"wp-block-button__link has-white-color has-text-color has-background no-border-radius\" style=\"background-color: #763333;\" href=\"https:\/\/agora.xtec.cat\/cfa-vallirana\/normes-dorganitzacio-i-funcionament\/estrategia-digital-de-centre-edc\/%c2%b7-avaluacio\/\"><span class=\"tadv-color\" style=\"color: #ffffff;\">COMUNICACIONS<\/span><\/a><\/div>\r\n<div><a class=\"wp-block-button__link has-white-color has-text-color has-background no-border-radius\" style=\"background-color: #763333;\" href=\"https:\/\/agora.xtec.cat\/cfa-vallirana\/normes-dorganitzacio-i-funcionament\/estrategia-digital-de-centre-edc\/part-estrategica\/serveis-digitals\/\"><span class=\"tadv-color\" style=\"color: #ffffff;\">\u00a0 \u00a0 \u00a0 \u00a0 \u00a0 SERVEIS DIGITALS\u00a0 \u00a0 \u00a0 \u00a0 \u00a0 \u00a0 \u00a0 \u00a0<\/span><\/a><\/div>\r\n<div>\u00a0<\/div>\r\n<div><span style=\"color: #ffffff;\">SERVEIS DI<\/span><\/div>\r\n<\/div>\r\n\r\n\r\n\r\n<div class=\"wp-block-buttons is-layout-flex wp-block-buttons-is-layout-flex\">\u00a0<\/div>\r\n","protected":false},"excerpt":{"rendered":"<p>En aquest apartat de l\u2019EDC es recullen unificades totes les accions que el centre ja realitza en l\u2019\u00e0mbit digital. Fruit de l\u2019experi\u00e8ncia del centre, per\u00f2 tamb\u00e9 de l\u2019aplicaci\u00f3 de la part m\u00e9s estrat\u00e8gica de l\u2019EDC, els centre defineix procediments, protocols, normes, acords i plans per&hellip;  <a href=\"https:\/\/agora.xtec.cat\/cfa-vallirana\/normes-dorganitzacio-i-funcionament\/estrategia-digital-de-centre-edc\/cultura-digital\/\" title=\"Read Cultura digital\">Llegeix m\u00e9s\u00bb<\/a><\/p>\n","protected":false},"author":1,"featured_media":0,"parent":976,"menu_order":40,"comment_status":"closed","ping_status":"closed","template":"page-templates\/side-menu.php","meta":{"_bbp_topic_count":0,"_bbp_reply_count":0,"_bbp_total_topic_count":0,"_bbp_total_reply_count":0,"_bbp_voice_count":0,"_bbp_anonymous_reply_count":0,"_bbp_topic_count_hidden":0,"_bbp_reply_count_hidden":0,"_bbp_forum_subforum_count":0,"footnotes":""},"class_list":["post-1012","page","type-page","status-publish","hentry"],"post_mailing_queue_ids":[],"_links":{"self":[{"href":"https:\/\/agora.xtec.cat\/cfa-vallirana\/wp-json\/wp\/v2\/pages\/1012","targetHints":{"allow":["GET"]}}],"collection":[{"href":"https:\/\/agora.xtec.cat\/cfa-vallirana\/wp-json\/wp\/v2\/pages"}],"about":[{"href":"https:\/\/agora.xtec.cat\/cfa-vallirana\/wp-json\/wp\/v2\/types\/page"}],"author":[{"embeddable":true,"href":"https:\/\/agora.xtec.cat\/cfa-vallirana\/wp-json\/wp\/v2\/users\/1"}],"replies":[{"embeddable":true,"href":"https:\/\/agora.xtec.cat\/cfa-vallirana\/wp-json\/wp\/v2\/comments?post=1012"}],"version-history":[{"count":6,"href":"https:\/\/agora.xtec.cat\/cfa-vallirana\/wp-json\/wp\/v2\/pages\/1012\/revisions"}],"predecessor-version":[{"id":1369,"href":"https:\/\/agora.xtec.cat\/cfa-vallirana\/wp-json\/wp\/v2\/pages\/1012\/revisions\/1369"}],"up":[{"embeddable":true,"href":"https:\/\/agora.xtec.cat\/cfa-vallirana\/wp-json\/wp\/v2\/pages\/976"}],"wp:attachment":[{"href":"https:\/\/agora.xtec.cat\/cfa-vallirana\/wp-json\/wp\/v2\/media?parent=1012"}],"curies":[{"name":"wp","href":"https:\/\/api.w.org\/{rel}","templated":true}]}}