{"id":57,"date":"2014-09-17T17:01:07","date_gmt":"2014-09-17T17:01:07","guid":{"rendered":"http:\/\/agora.xtec.cat\/cfa-santadriadebesos\/?page_id=57"},"modified":"2025-05-30T23:42:21","modified_gmt":"2025-05-30T21:42:21","slug":"projecte-educatiu","status":"publish","type":"page","link":"https:\/\/agora.xtec.cat\/cfa-santadriadebesos\/el-centre\/projecte-educatiu\/","title":{"rendered":"Documents de centre"},"content":{"rendered":"<p data-start=\"170\" data-end=\"289\">Consulta aqu\u00ed els documents que defineixen l\u2019organitzaci\u00f3, el funcionament i les l\u00ednies pedag\u00f2giques del nostre centre:<\/p>\n<ul>\n<li><a href=\"https:\/\/agora.xtec.cat\/cfa-santadriadebesos\/wp-content\/uploads\/usu1359\/2022\/02\/PEC.pdf\">PEC<\/a> \u2013 <strong data-start=\"293\" data-end=\"330\">\u2013 Projecte Educatiu de Centre<\/strong><br data-start=\"330\" data-end=\"333\" \/>Marc general que recull els valors, objectius i criteris pedag\u00f2gics del CFA Sant Adri\u00e0 de Bes\u00f2s.<\/li>\n<li><a href=\"https:\/\/agora.xtec.cat\/cfa-santadriadebesos\/wp-content\/uploads\/usu1359\/2022\/02\/NOFC.pdf\">NOFC<\/a> \u2013 <strong data-start=\"435\" data-end=\"493\">Normes d\u2019Organitzaci\u00f3 i Funcionament del Centre<\/strong><br data-start=\"493\" data-end=\"496\" \/>Regula l\u2019organitzaci\u00f3 interna, la conviv\u00e8ncia i el funcionament diari del centre.<\/li>\n<li><a href=\"https:\/\/agora.xtec.cat\/cfa-santadriadebesos\/wp-content\/uploads\/usu1359\/2022\/06\/Projecte-linguistic-22.pdf\">PL<\/a> &#8211; <strong data-start=\"583\" data-end=\"611\">Projecte Ling\u00fc\u00edstic<\/strong><br data-start=\"611\" data-end=\"614\" \/>Defineix els criteris d\u2019\u00fas, ensenyament i aprenentatge de les lleng\u00fces al centre.<\/li>\n<li><a href=\"https:\/\/sites.google.com\/xtec.cat\/edccfasab\/inici\">EDC<\/a> &#8211; <strong data-start=\"701\" data-end=\"739\">Estrat\u00e8gia Digital de Centre<\/strong><br data-start=\"739\" data-end=\"742\" \/>Estableix com integrem les tecnologies digitals en els processos d\u2019ensenyament i aprenentatge, entre d&#8217;altres.<\/li>\n<\/ul>\n","protected":false},"excerpt":{"rendered":"<p>Consulta aqu\u00ed els documents que defineixen l\u2019organitzaci\u00f3, el funcionament i les l\u00ednies pedag\u00f2giques del nostre centre: PEC \u2013 \u2013 Projecte Educatiu de CentreMarc general que recull els valors, objectius i criteris pedag\u00f2gics del CFA Sant Adri\u00e0 de Bes\u00f2s. NOFC \u2013 Normes d\u2019Organitzaci\u00f3 i Funcionament del CentreRegula l\u2019organitzaci\u00f3 interna, la conviv\u00e8ncia i el funcionament diari del [&hellip;]<\/p>\n","protected":false},"author":1,"featured_media":0,"parent":261,"menu_order":4,"comment_status":"closed","ping_status":"closed","template":"","meta":{"_bbp_topic_count":0,"_bbp_reply_count":0,"_bbp_total_topic_count":0,"_bbp_total_reply_count":0,"_bbp_voice_count":0,"_bbp_anonymous_reply_count":0,"_bbp_topic_count_hidden":0,"_bbp_reply_count_hidden":0,"_bbp_forum_subforum_count":0,"site-sidebar-layout":"default","site-content-layout":"","ast-site-content-layout":"default","site-content-style":"default","site-sidebar-style":"default","ast-global-header-display":"","ast-banner-title-visibility":"","ast-main-header-display":"","ast-hfb-above-header-display":"","ast-hfb-below-header-display":"","ast-hfb-mobile-header-display":"","site-post-title":"","ast-breadcrumbs-content":"","ast-featured-img":"","footer-sml-layout":"","theme-transparent-header-meta":"default","adv-header-id-meta":"","stick-header-meta":"","header-above-stick-meta":"","header-main-stick-meta":"","header-below-stick-meta":"","astra-migrate-meta-layouts":"set","ast-page-background-enabled":"default","ast-page-background-meta":{"desktop":{"background-color":"var(--ast-global-color-4)","background-image":"","background-repeat":"repeat","background-position":"center center","background-size":"auto","background-attachment":"scroll","background-type":"","background-media":"","overlay-type":"","overlay-color":"","overlay-opacity":"","overlay-gradient":""},"tablet":{"background-color":"","background-image":"","background-repeat":"repeat","background-position":"center center","background-size":"auto","background-attachment":"scroll","background-type":"","background-media":"","overlay-type":"","overlay-color":"","overlay-opacity":"","overlay-gradient":""},"mobile":{"background-color":"","background-image":"","background-repeat":"repeat","background-position":"center center","background-size":"auto","background-attachment":"scroll","background-type":"","background-media":"","overlay-type":"","overlay-color":"","overlay-opacity":"","overlay-gradient":""}},"ast-content-background-meta":{"desktop":{"background-color":"var(--ast-global-color-5)","background-image":"","background-repeat":"repeat","background-position":"center center","background-size":"auto","background-attachment":"scroll","background-type":"","background-media":"","overlay-type":"","overlay-color":"","overlay-opacity":"","overlay-gradient":""},"tablet":{"background-color":"var(--ast-global-color-5)","background-image":"","background-repeat":"repeat","background-position":"center center","background-size":"auto","background-attachment":"scroll","background-type":"","background-media":"","overlay-type":"","overlay-color":"","overlay-opacity":"","overlay-gradient":""},"mobile":{"background-color":"var(--ast-global-color-5)","background-image":"","background-repeat":"repeat","background-position":"center center","background-size":"auto","background-attachment":"scroll","background-type":"","background-media":"","overlay-type":"","overlay-color":"","overlay-opacity":"","overlay-gradient":""}},"footnotes":""},"class_list":["post-57","page","type-page","status-publish","hentry"],"post_mailing_queue_ids":[],"_links":{"self":[{"href":"https:\/\/agora.xtec.cat\/cfa-santadriadebesos\/wp-json\/wp\/v2\/pages\/57","targetHints":{"allow":["GET"]}}],"collection":[{"href":"https:\/\/agora.xtec.cat\/cfa-santadriadebesos\/wp-json\/wp\/v2\/pages"}],"about":[{"href":"https:\/\/agora.xtec.cat\/cfa-santadriadebesos\/wp-json\/wp\/v2\/types\/page"}],"author":[{"embeddable":true,"href":"https:\/\/agora.xtec.cat\/cfa-santadriadebesos\/wp-json\/wp\/v2\/users\/1"}],"replies":[{"embeddable":true,"href":"https:\/\/agora.xtec.cat\/cfa-santadriadebesos\/wp-json\/wp\/v2\/comments?post=57"}],"version-history":[{"count":7,"href":"https:\/\/agora.xtec.cat\/cfa-santadriadebesos\/wp-json\/wp\/v2\/pages\/57\/revisions"}],"predecessor-version":[{"id":2633,"href":"https:\/\/agora.xtec.cat\/cfa-santadriadebesos\/wp-json\/wp\/v2\/pages\/57\/revisions\/2633"}],"up":[{"embeddable":true,"href":"https:\/\/agora.xtec.cat\/cfa-santadriadebesos\/wp-json\/wp\/v2\/pages\/261"}],"wp:attachment":[{"href":"https:\/\/agora.xtec.cat\/cfa-santadriadebesos\/wp-json\/wp\/v2\/media?parent=57"}],"curies":[{"name":"wp","href":"https:\/\/api.w.org\/{rel}","templated":true}]}}