{"id":339,"date":"2015-01-28T12:22:56","date_gmt":"2015-01-28T11:22:56","guid":{"rendered":"http:\/\/agora.xtec.cat\/cfa-santadriadebesos\/?page_id=339"},"modified":"2025-11-07T11:02:25","modified_gmt":"2025-11-07T10:02:25","slug":"contacte","status":"publish","type":"page","link":"https:\/\/agora.xtec.cat\/cfa-santadriadebesos\/el-centre\/contacte\/","title":{"rendered":"Contacte"},"content":{"rendered":"<p data-start=\"155\" data-end=\"199\"><strong data-start=\"155\" data-end=\"179\">Correu electr\u00f2nic: <\/strong><a class=\"cursor-pointer\" rel=\"noopener\" data-start=\"182\" data-end=\"199\">a8076650@xtec.cat<\/a><\/p>\n<p data-start=\"206\" data-end=\"220\"><strong data-start=\"206\" data-end=\"220\">Adreces:<br \/>\n<\/strong><strong data-start=\"222\" data-end=\"243\">\u00a0 \u00a0 \u00a0 \u00a0 \u00a0Seu Joan Fiveller<\/strong><br data-start=\"243\" data-end=\"246\" \/>\u00a0 \u00a0 \u00a0 \u00a0 \u00a0 Carrer Joan Fiveller, 11 \u2013 1a planta<br data-start=\"282\" data-end=\"285\" \/>\u00a0 \u00a0 \u00a0 \u00a0 \u00a0 08930 Sant Adri\u00e0 de Bes\u00f2s<\/p>\n<p style=\"padding-left: 40px;\" data-start=\"312\" data-end=\"409\"><strong data-start=\"312\" data-end=\"338\">Seu Frederica Montseny<\/strong><br data-start=\"338\" data-end=\"341\" \/>Carrer Frederica Montseny, 1 \u2013 1a planta<br data-start=\"381\" data-end=\"384\" \/>08930 Sant Adri\u00e0 de Bes\u00f2s<\/p>\n<p data-start=\"416\" data-end=\"445\"><strong data-start=\"416\" data-end=\"430\">Tel\u00e8fon: <\/strong>93 381 70 74<\/p>\n<p><span style=\"text-decoration: underline;\"><a href=\"https:\/\/agora.xtec.cat\/cfa-santadriadebesos\/el-centre\/calendari-del-curs\/horari-datencio-al-public\/\"><strong>Horari d&#8217;atenci\u00f3 de secretaria<\/strong><\/a><\/span><\/p>\n<p>&nbsp;<\/p>\n","protected":false},"excerpt":{"rendered":"<p>Correu electr\u00f2nic: a8076650@xtec.cat Adreces: \u00a0 \u00a0 \u00a0 \u00a0 \u00a0Seu Joan Fiveller\u00a0 \u00a0 \u00a0 \u00a0 \u00a0 Carrer Joan Fiveller, 11 \u2013 1a planta\u00a0 \u00a0 \u00a0 \u00a0 \u00a0 08930 Sant Adri\u00e0 de Bes\u00f2s Seu Frederica MontsenyCarrer Frederica Montseny, 1 \u2013 1a planta08930 Sant Adri\u00e0 de Bes\u00f2s Tel\u00e8fon: 93 381 70 74 Horari d&#8217;atenci\u00f3 de secretaria &nbsp;<\/p>\n","protected":false},"author":1,"featured_media":0,"parent":261,"menu_order":60,"comment_status":"closed","ping_status":"closed","template":"","meta":{"_bbp_topic_count":0,"_bbp_reply_count":0,"_bbp_total_topic_count":0,"_bbp_total_reply_count":0,"_bbp_voice_count":0,"_bbp_anonymous_reply_count":0,"_bbp_topic_count_hidden":0,"_bbp_reply_count_hidden":0,"_bbp_forum_subforum_count":0,"site-sidebar-layout":"default","site-content-layout":"","ast-site-content-layout":"default","site-content-style":"default","site-sidebar-style":"default","ast-global-header-display":"","ast-banner-title-visibility":"","ast-main-header-display":"","ast-hfb-above-header-display":"","ast-hfb-below-header-display":"","ast-hfb-mobile-header-display":"","site-post-title":"","ast-breadcrumbs-content":"","ast-featured-img":"","footer-sml-layout":"","theme-transparent-header-meta":"default","adv-header-id-meta":"","stick-header-meta":"","header-above-stick-meta":"","header-main-stick-meta":"","header-below-stick-meta":"","astra-migrate-meta-layouts":"set","ast-page-background-enabled":"default","ast-page-background-meta":{"desktop":{"background-color":"var(--ast-global-color-4)","background-image":"","background-repeat":"repeat","background-position":"center center","background-size":"auto","background-attachment":"scroll","background-type":"","background-media":"","overlay-type":"","overlay-color":"","overlay-opacity":"","overlay-gradient":""},"tablet":{"background-color":"","background-image":"","background-repeat":"repeat","background-position":"center center","background-size":"auto","background-attachment":"scroll","background-type":"","background-media":"","overlay-type":"","overlay-color":"","overlay-opacity":"","overlay-gradient":""},"mobile":{"background-color":"","background-image":"","background-repeat":"repeat","background-position":"center center","background-size":"auto","background-attachment":"scroll","background-type":"","background-media":"","overlay-type":"","overlay-color":"","overlay-opacity":"","overlay-gradient":""}},"ast-content-background-meta":{"desktop":{"background-color":"var(--ast-global-color-5)","background-image":"","background-repeat":"repeat","background-position":"center center","background-size":"auto","background-attachment":"scroll","background-type":"","background-media":"","overlay-type":"","overlay-color":"","overlay-opacity":"","overlay-gradient":""},"tablet":{"background-color":"var(--ast-global-color-5)","background-image":"","background-repeat":"repeat","background-position":"center center","background-size":"auto","background-attachment":"scroll","background-type":"","background-media":"","overlay-type":"","overlay-color":"","overlay-opacity":"","overlay-gradient":""},"mobile":{"background-color":"var(--ast-global-color-5)","background-image":"","background-repeat":"repeat","background-position":"center center","background-size":"auto","background-attachment":"scroll","background-type":"","background-media":"","overlay-type":"","overlay-color":"","overlay-opacity":"","overlay-gradient":""}},"footnotes":""},"class_list":["post-339","page","type-page","status-publish","hentry"],"post_mailing_queue_ids":[],"_links":{"self":[{"href":"https:\/\/agora.xtec.cat\/cfa-santadriadebesos\/wp-json\/wp\/v2\/pages\/339","targetHints":{"allow":["GET"]}}],"collection":[{"href":"https:\/\/agora.xtec.cat\/cfa-santadriadebesos\/wp-json\/wp\/v2\/pages"}],"about":[{"href":"https:\/\/agora.xtec.cat\/cfa-santadriadebesos\/wp-json\/wp\/v2\/types\/page"}],"author":[{"embeddable":true,"href":"https:\/\/agora.xtec.cat\/cfa-santadriadebesos\/wp-json\/wp\/v2\/users\/1"}],"replies":[{"embeddable":true,"href":"https:\/\/agora.xtec.cat\/cfa-santadriadebesos\/wp-json\/wp\/v2\/comments?post=339"}],"version-history":[{"count":6,"href":"https:\/\/agora.xtec.cat\/cfa-santadriadebesos\/wp-json\/wp\/v2\/pages\/339\/revisions"}],"predecessor-version":[{"id":2811,"href":"https:\/\/agora.xtec.cat\/cfa-santadriadebesos\/wp-json\/wp\/v2\/pages\/339\/revisions\/2811"}],"up":[{"embeddable":true,"href":"https:\/\/agora.xtec.cat\/cfa-santadriadebesos\/wp-json\/wp\/v2\/pages\/261"}],"wp:attachment":[{"href":"https:\/\/agora.xtec.cat\/cfa-santadriadebesos\/wp-json\/wp\/v2\/media?parent=339"}],"curies":[{"name":"wp","href":"https:\/\/api.w.org\/{rel}","templated":true}]}}