{"id":301,"date":"2015-01-28T11:21:46","date_gmt":"2015-01-28T10:21:46","guid":{"rendered":"http:\/\/agora.xtec.cat\/cfa-santadriadebesos\/?page_id=301"},"modified":"2025-05-31T00:16:32","modified_gmt":"2025-05-30T22:16:32","slug":"formacio-instrumental","status":"publish","type":"page","link":"https:\/\/agora.xtec.cat\/cfa-santadriadebesos\/ensenyaments\/formacio-basica-i-educacio-secundaria\/formacio-instrumental\/","title":{"rendered":"Formaci\u00f3 instrumental"},"content":{"rendered":"<p data-start=\"116\" data-end=\"380\">Aquests ensenyaments tenen com a objectiu que les persones adultes <strong data-start=\"183\" data-end=\"242\">adquireixin de manera progressiva les compet\u00e8ncies clau<\/strong> equivalents a l\u2019educaci\u00f3 prim\u00e0ria. Aix\u00f2 afavoreix tant el <strong data-start=\"301\" data-end=\"340\">desenvolupament personal i acad\u00e8mic<\/strong> com la <strong data-start=\"348\" data-end=\"379\">integraci\u00f3 social i laboral<\/strong>.<\/p>\n<h3 data-start=\"382\" data-end=\"401\">A qui s\u2019adre\u00e7a?<\/h3>\n<p data-start=\"403\" data-end=\"440\">A persones <strong data-start=\"414\" data-end=\"435\">adultes<\/strong> que:<\/p>\n<ul data-start=\"441\" data-end=\"643\">\n<li data-start=\"441\" data-end=\"499\">\n<p data-start=\"443\" data-end=\"499\">Volen <strong data-start=\"449\" data-end=\"499\">refor\u00e7ar o actualitzar la seva formaci\u00f3 b\u00e0sica<\/strong><\/p>\n<\/li>\n<li data-start=\"500\" data-end=\"643\">\n<p data-start=\"502\" data-end=\"643\">Necessiten adquirir habilitats en <strong data-start=\"536\" data-end=\"569\">llengua catalana i castellana<\/strong>, <strong data-start=\"571\" data-end=\"587\">matem\u00e0tiques<\/strong> i <strong data-start=\"590\" data-end=\"614\">coneixement del medi<\/strong> (natural, social i cultural)<\/p>\n<\/li>\n<\/ul>\n<h3 data-start=\"645\" data-end=\"667\">Qu\u00e8 s\u2019hi treballa?<\/h3>\n<ul data-start=\"669\" data-end=\"819\">\n<li data-start=\"669\" data-end=\"708\">\n<p data-start=\"671\" data-end=\"708\">Comprensi\u00f3 i expressi\u00f3 oral i escrita<\/p>\n<\/li>\n<li data-start=\"709\" data-end=\"749\">\n<p data-start=\"711\" data-end=\"749\">C\u00e0lcul i resoluci\u00f3 de problemes b\u00e0sics<\/p>\n<\/li>\n<li data-start=\"750\" data-end=\"786\">\n<p data-start=\"752\" data-end=\"786\">Coneixement del m\u00f3n f\u00edsic i social<\/p>\n<\/li>\n<li data-start=\"787\" data-end=\"819\">\n<p data-start=\"789\" data-end=\"819\">Compet\u00e8ncies digitals b\u00e0siques<\/p>\n<\/li>\n<\/ul>\n<h3 data-start=\"821\" data-end=\"848\">Estructura dels estudis<\/h3>\n<p data-start=\"850\" data-end=\"1067\">Al CFA Sant Adri\u00e0 de Bes\u00f2s impartim aquest ensenyament en <strong data-start=\"908\" data-end=\"939\">dos cicles i quatre nivells<\/strong>, segons el que estableix el curr\u00edculum oficial. L\u2019itinerari \u00e9s <strong data-start=\"1003\" data-end=\"1015\">flexible<\/strong> i s\u2019adapta al ritme d\u2019aprenentatge de cada persona.<\/p>\n<h3 data-start=\"1069\" data-end=\"1085\">Certificaci\u00f3<\/h3>\n<ul data-start=\"1087\" data-end=\"1319\">\n<li data-start=\"1087\" data-end=\"1170\">\n<p data-start=\"1089\" data-end=\"1170\">Superar aquests estudis permet obtenir el <strong data-start=\"1131\" data-end=\"1170\">certificat de formaci\u00f3 instrumental<\/strong><\/p>\n<\/li>\n<li data-start=\"1171\" data-end=\"1319\">\n<p data-start=\"1173\" data-end=\"1319\">Tamb\u00e9 s\u2019acrediten els <strong data-start=\"1195\" data-end=\"1214\">nivells A1 i A2<\/strong> de llengua catalana i castellana segons el <strong data-start=\"1258\" data-end=\"1319\">Marc Europeu Com\u00fa de Refer\u00e8ncia per a les Lleng\u00fces (MECR)<\/strong><\/p>\n<\/li>\n<\/ul>\n","protected":false},"excerpt":{"rendered":"<p>Aquests ensenyaments tenen com a objectiu que les persones adultes adquireixin de manera progressiva les compet\u00e8ncies clau equivalents a l\u2019educaci\u00f3 prim\u00e0ria. Aix\u00f2 afavoreix tant el desenvolupament personal i acad\u00e8mic com la integraci\u00f3 social i laboral. A qui s\u2019adre\u00e7a? A persones adultes que: Volen refor\u00e7ar o actualitzar la seva formaci\u00f3 b\u00e0sica Necessiten adquirir habilitats en llengua [&hellip;]<\/p>\n","protected":false},"author":1,"featured_media":0,"parent":2620,"menu_order":1,"comment_status":"closed","ping_status":"closed","template":"","meta":{"_bbp_topic_count":0,"_bbp_reply_count":0,"_bbp_total_topic_count":0,"_bbp_total_reply_count":0,"_bbp_voice_count":0,"_bbp_anonymous_reply_count":0,"_bbp_topic_count_hidden":0,"_bbp_reply_count_hidden":0,"_bbp_forum_subforum_count":0,"site-sidebar-layout":"default","site-content-layout":"","ast-site-content-layout":"default","site-content-style":"default","site-sidebar-style":"default","ast-global-header-display":"","ast-banner-title-visibility":"","ast-main-header-display":"","ast-hfb-above-header-display":"","ast-hfb-below-header-display":"","ast-hfb-mobile-header-display":"","site-post-title":"","ast-breadcrumbs-content":"","ast-featured-img":"","footer-sml-layout":"","theme-transparent-header-meta":"default","adv-header-id-meta":"","stick-header-meta":"","header-above-stick-meta":"","header-main-stick-meta":"","header-below-stick-meta":"","astra-migrate-meta-layouts":"set","ast-page-background-enabled":"default","ast-page-background-meta":{"desktop":{"background-color":"var(--ast-global-color-4)","background-image":"","background-repeat":"repeat","background-position":"center center","background-size":"auto","background-attachment":"scroll","background-type":"","background-media":"","overlay-type":"","overlay-color":"","overlay-opacity":"","overlay-gradient":""},"tablet":{"background-color":"","background-image":"","background-repeat":"repeat","background-position":"center center","background-size":"auto","background-attachment":"scroll","background-type":"","background-media":"","overlay-type":"","overlay-color":"","overlay-opacity":"","overlay-gradient":""},"mobile":{"background-color":"","background-image":"","background-repeat":"repeat","background-position":"center center","background-size":"auto","background-attachment":"scroll","background-type":"","background-media":"","overlay-type":"","overlay-color":"","overlay-opacity":"","overlay-gradient":""}},"ast-content-background-meta":{"desktop":{"background-color":"var(--ast-global-color-5)","background-image":"","background-repeat":"repeat","background-position":"center center","background-size":"auto","background-attachment":"scroll","background-type":"","background-media":"","overlay-type":"","overlay-color":"","overlay-opacity":"","overlay-gradient":""},"tablet":{"background-color":"var(--ast-global-color-5)","background-image":"","background-repeat":"repeat","background-position":"center center","background-size":"auto","background-attachment":"scroll","background-type":"","background-media":"","overlay-type":"","overlay-color":"","overlay-opacity":"","overlay-gradient":""},"mobile":{"background-color":"var(--ast-global-color-5)","background-image":"","background-repeat":"repeat","background-position":"center center","background-size":"auto","background-attachment":"scroll","background-type":"","background-media":"","overlay-type":"","overlay-color":"","overlay-opacity":"","overlay-gradient":""}},"footnotes":""},"class_list":["post-301","page","type-page","status-publish","hentry"],"post_mailing_queue_ids":[],"_links":{"self":[{"href":"https:\/\/agora.xtec.cat\/cfa-santadriadebesos\/wp-json\/wp\/v2\/pages\/301","targetHints":{"allow":["GET"]}}],"collection":[{"href":"https:\/\/agora.xtec.cat\/cfa-santadriadebesos\/wp-json\/wp\/v2\/pages"}],"about":[{"href":"https:\/\/agora.xtec.cat\/cfa-santadriadebesos\/wp-json\/wp\/v2\/types\/page"}],"author":[{"embeddable":true,"href":"https:\/\/agora.xtec.cat\/cfa-santadriadebesos\/wp-json\/wp\/v2\/users\/1"}],"replies":[{"embeddable":true,"href":"https:\/\/agora.xtec.cat\/cfa-santadriadebesos\/wp-json\/wp\/v2\/comments?post=301"}],"version-history":[{"count":6,"href":"https:\/\/agora.xtec.cat\/cfa-santadriadebesos\/wp-json\/wp\/v2\/pages\/301\/revisions"}],"predecessor-version":[{"id":2646,"href":"https:\/\/agora.xtec.cat\/cfa-santadriadebesos\/wp-json\/wp\/v2\/pages\/301\/revisions\/2646"}],"up":[{"embeddable":true,"href":"https:\/\/agora.xtec.cat\/cfa-santadriadebesos\/wp-json\/wp\/v2\/pages\/2620"}],"wp:attachment":[{"href":"https:\/\/agora.xtec.cat\/cfa-santadriadebesos\/wp-json\/wp\/v2\/media?parent=301"}],"curies":[{"name":"wp","href":"https:\/\/api.w.org\/{rel}","templated":true}]}}