{"id":274,"date":"2015-01-27T17:56:20","date_gmt":"2015-01-27T16:56:20","guid":{"rendered":"http:\/\/agora.xtec.cat\/cfa-santadriadebesos\/?page_id=274"},"modified":"2025-10-31T11:50:27","modified_gmt":"2025-10-31T10:50:27","slug":"ensenyaments","status":"publish","type":"page","link":"https:\/\/agora.xtec.cat\/cfa-santadriadebesos\/ensenyaments\/","title":{"rendered":"Ensenyaments"},"content":{"rendered":"<p data-start=\"189\" data-end=\"278\">Descobreix la nostra oferta formativa adaptada a les necessitats de les persones adultes:<\/p>\n<hr data-start=\"280\" data-end=\"283\" \/>\n<h4 data-start=\"285\" data-end=\"306\"><strong data-start=\"294\" data-end=\"306\">Lleng\u00fces<\/strong><\/h4>\n<ul>\n<li><a href=\"https:\/\/agora.xtec.cat\/cfa-santadriadebesos\/ensenyaments\/ensenyaments-inicials-i-formacio-basica\/llengua-catalana\/\">Llengua catalana<\/a><\/li>\n<li><a href=\"https:\/\/agora.xtec.cat\/cfa-santadriadebesos\/ensenyaments\/ensenyaments-inicials-i-formacio-basica\/llengua-castellana\/\">Llengua castellana<\/a><\/li>\n<li><a href=\"https:\/\/agora.xtec.cat\/cfa-santadriadebesos\/ensenyaments\/ensenyaments-transprofessionals\/llengua-anglesa\/\">Angl\u00e8s<\/a><\/li>\n<li><a href=\"https:\/\/agora.xtec.cat\/cfa-santadriadebesos\/ensenyaments\/ensenyaments-transprofessionals\/llengua-francesa\/\">Franc\u00e8s<\/a><\/li>\n<\/ul>\n<hr data-start=\"374\" data-end=\"377\" \/>\n<h4 data-start=\"379\" data-end=\"415\"><a href=\"https:\/\/agora.xtec.cat\/cfa-santadriadebesos\/ensenyaments\/competencia-digital-competic\/\"><strong data-start=\"387\" data-end=\"413\">Inform\u00e0tica (COMPETIC)<\/strong><\/a><\/h4>\n<p data-start=\"416\" data-end=\"514\">Cursos per adquirir i acreditar compet\u00e8ncies digitals, des del nivell inicial fins al m\u00e9s avan\u00e7at.<\/p>\n<hr data-start=\"516\" data-end=\"519\" \/>\n<h4 data-start=\"521\" data-end=\"556\"><a href=\"https:\/\/agora.xtec.cat\/cfa-santadriadebesos\/ensenyaments\/formacio-basica-i-educacio-secundaria\/formacio-instrumental\/\"><strong data-start=\"529\" data-end=\"554\">Formaci\u00f3 instrumental<\/strong><\/a><\/h4>\n<p data-start=\"557\" data-end=\"622\">Per refor\u00e7ar coneixements b\u00e0sics de lectura, escriptura i c\u00e0lcul.<\/p>\n<hr data-start=\"624\" data-end=\"627\" \/>\n<h4 data-start=\"629\" data-end=\"703\"><a href=\"https:\/\/agora.xtec.cat\/cfa-santadriadebesos\/ensenyaments\/formacio-basica-i-educacio-secundaria\/graduat-en-educacio-secundaria-per-adults\/\"><strong data-start=\"637\" data-end=\"701\">GESO \u2013 Graduat en Educaci\u00f3 Secund\u00e0ria per a persones adultes<\/strong><\/a><\/h4>\n<p data-start=\"704\" data-end=\"776\">Obtingues el t\u00edtol oficial d\u2019ESO amb els continguts adaptats a la formaci\u00f3 d\u2019adults.<\/p>\n<hr data-start=\"778\" data-end=\"781\" \/>\n<h4 data-start=\"783\" data-end=\"826\"><strong data-start=\"791\" data-end=\"826\">Preparaci\u00f3 per a proves d\u2019acc\u00e9s<\/strong><\/h4>\n<ul data-start=\"828\" data-end=\"926\">\n<li data-start=\"828\" data-end=\"871\">\n<p data-start=\"830\" data-end=\"871\"><a href=\"https:\/\/agora.xtec.cat\/cfa-santadriadebesos\/ensenyaments\/ensenyaments-per-a-la-preparacio-de-proves-dacces\/a-cicles-formatius-de-grau-superior\/\"><strong data-start=\"830\" data-end=\"869\">A cicles formatius de grau superior<\/strong><\/a><\/p>\n<\/li>\n<li data-start=\"872\" data-end=\"926\">\n<p data-start=\"874\" data-end=\"926\"><a href=\"https:\/\/agora.xtec.cat\/cfa-santadriadebesos\/ensenyaments\/ensenyaments-per-a-la-preparacio-de-proves-dacces\/a-la-universitat-per-a-majors-de-25-anys\/\"><strong data-start=\"874\" data-end=\"926\">A la universitat per a m\u00e9s grans de 25 i 45 anys<\/strong><\/a><\/p>\n<\/li>\n<\/ul>\n","protected":false},"excerpt":{"rendered":"<p>Descobreix la nostra oferta formativa adaptada a les necessitats de les persones adultes: Lleng\u00fces Llengua catalana Llengua castellana Angl\u00e8s Franc\u00e8s Inform\u00e0tica (COMPETIC) Cursos per adquirir i acreditar compet\u00e8ncies digitals, des del nivell inicial fins al m\u00e9s avan\u00e7at. Formaci\u00f3 instrumental Per refor\u00e7ar coneixements b\u00e0sics de lectura, escriptura i c\u00e0lcul. GESO \u2013 Graduat en Educaci\u00f3 Secund\u00e0ria per [&hellip;]<\/p>\n","protected":false},"author":1,"featured_media":0,"parent":0,"menu_order":0,"comment_status":"closed","ping_status":"closed","template":"","meta":{"_bbp_topic_count":0,"_bbp_reply_count":0,"_bbp_total_topic_count":0,"_bbp_total_reply_count":0,"_bbp_voice_count":0,"_bbp_anonymous_reply_count":0,"_bbp_topic_count_hidden":0,"_bbp_reply_count_hidden":0,"_bbp_forum_subforum_count":0,"site-sidebar-layout":"default","site-content-layout":"","ast-site-content-layout":"default","site-content-style":"default","site-sidebar-style":"default","ast-global-header-display":"","ast-banner-title-visibility":"","ast-main-header-display":"","ast-hfb-above-header-display":"","ast-hfb-below-header-display":"","ast-hfb-mobile-header-display":"","site-post-title":"","ast-breadcrumbs-content":"","ast-featured-img":"","footer-sml-layout":"","theme-transparent-header-meta":"default","adv-header-id-meta":"","stick-header-meta":"","header-above-stick-meta":"","header-main-stick-meta":"","header-below-stick-meta":"","astra-migrate-meta-layouts":"set","ast-page-background-enabled":"default","ast-page-background-meta":{"desktop":{"background-color":"var(--ast-global-color-4)","background-image":"","background-repeat":"repeat","background-position":"center center","background-size":"auto","background-attachment":"scroll","background-type":"","background-media":"","overlay-type":"","overlay-color":"","overlay-opacity":"","overlay-gradient":""},"tablet":{"background-color":"","background-image":"","background-repeat":"repeat","background-position":"center center","background-size":"auto","background-attachment":"scroll","background-type":"","background-media":"","overlay-type":"","overlay-color":"","overlay-opacity":"","overlay-gradient":""},"mobile":{"background-color":"","background-image":"","background-repeat":"repeat","background-position":"center center","background-size":"auto","background-attachment":"scroll","background-type":"","background-media":"","overlay-type":"","overlay-color":"","overlay-opacity":"","overlay-gradient":""}},"ast-content-background-meta":{"desktop":{"background-color":"var(--ast-global-color-5)","background-image":"","background-repeat":"repeat","background-position":"center center","background-size":"auto","background-attachment":"scroll","background-type":"","background-media":"","overlay-type":"","overlay-color":"","overlay-opacity":"","overlay-gradient":""},"tablet":{"background-color":"var(--ast-global-color-5)","background-image":"","background-repeat":"repeat","background-position":"center center","background-size":"auto","background-attachment":"scroll","background-type":"","background-media":"","overlay-type":"","overlay-color":"","overlay-opacity":"","overlay-gradient":""},"mobile":{"background-color":"var(--ast-global-color-5)","background-image":"","background-repeat":"repeat","background-position":"center center","background-size":"auto","background-attachment":"scroll","background-type":"","background-media":"","overlay-type":"","overlay-color":"","overlay-opacity":"","overlay-gradient":""}},"footnotes":""},"class_list":["post-274","page","type-page","status-publish","hentry"],"post_mailing_queue_ids":[],"_links":{"self":[{"href":"https:\/\/agora.xtec.cat\/cfa-santadriadebesos\/wp-json\/wp\/v2\/pages\/274","targetHints":{"allow":["GET"]}}],"collection":[{"href":"https:\/\/agora.xtec.cat\/cfa-santadriadebesos\/wp-json\/wp\/v2\/pages"}],"about":[{"href":"https:\/\/agora.xtec.cat\/cfa-santadriadebesos\/wp-json\/wp\/v2\/types\/page"}],"author":[{"embeddable":true,"href":"https:\/\/agora.xtec.cat\/cfa-santadriadebesos\/wp-json\/wp\/v2\/users\/1"}],"replies":[{"embeddable":true,"href":"https:\/\/agora.xtec.cat\/cfa-santadriadebesos\/wp-json\/wp\/v2\/comments?post=274"}],"version-history":[{"count":6,"href":"https:\/\/agora.xtec.cat\/cfa-santadriadebesos\/wp-json\/wp\/v2\/pages\/274\/revisions"}],"predecessor-version":[{"id":2798,"href":"https:\/\/agora.xtec.cat\/cfa-santadriadebesos\/wp-json\/wp\/v2\/pages\/274\/revisions\/2798"}],"wp:attachment":[{"href":"https:\/\/agora.xtec.cat\/cfa-santadriadebesos\/wp-json\/wp\/v2\/media?parent=274"}],"curies":[{"name":"wp","href":"https:\/\/api.w.org\/{rel}","templated":true}]}}