{"id":296,"date":"2015-01-28T11:18:08","date_gmt":"2015-01-28T10:18:08","guid":{"rendered":"http:\/\/agora.xtec.cat\/cfa-martorell\/?page_id=296"},"modified":"2025-11-05T17:28:13","modified_gmt":"2025-11-05T16:28:13","slug":"llengua-catalana","status":"publish","type":"page","link":"https:\/\/agora.xtec.cat\/cfa-martorell\/ensenyaments\/ensenyaments-inicials-i-formacio-basica\/llengua-catalana\/","title":{"rendered":"Llengua catalana"},"content":{"rendered":"<h4><strong>Descripci\u00f3<\/strong><\/h4>\n<p>Aquests estudis tenen com a objectiu que les persones adultes assoleixin un grau de compet\u00e8ncia m\u00ednima per a comunicar-se en llengua catalana i s&#8217;imparteixen en tres nivells. En el nostre centre, s\u2019imparteix el primer nivell:<\/p>\n<ul>\n<li><span style=\"color: #993300;\"><strong>Llengua catalana nivell 1<\/strong><\/span>\u00a0(3 h\/setmana), que correspon al <strong>nivell A1<\/strong>\u00a0del MECR (Marc europeu com\u00fa de refer\u00e8ncia per a les lleng\u00fces).<\/li>\n<\/ul>\n<p>Els altres nivells es poden cursar al <a href=\"https:\/\/www.cpnl.cat\/xarxa\/centres\/231\/slc-de-martorell\" target=\"_blank\" rel=\"noopener noreferrer\">Consorci per a la Normalitzaci\u00f3 Ling\u00fc\u00edstica<\/a>, dins el mateix Complex Educatiu de Martorell.<\/p>\n<h4><strong>Continguts<\/strong><\/h4>\n<p>Es treballen, b\u00e0sicament, les habilitats de comprensi\u00f3 i expressi\u00f3 orals que permeten fer front a la major part de situacions ling\u00fc\u00edstiques de la vida quotidiana. Vegeu el <a href=\"https:\/\/www.gencat.cat\/ensenyament\/eac\/pdf\/FANR____LCAT_CA.pdf\" target=\"_blank\" rel=\"noopener noreferrer\">curr\u00edculum<\/a>\u00a0d\u2019aquests estudis.<\/p>\n<h4><strong>Acc\u00e9s<\/strong><\/h4>\n<p>Poden accedir a aquests estudis totes les persones que tenen m\u00e9s de 18 anys o b\u00e9 els compleixen durant l&#8217;any natural en qu\u00e8 inicien la formaci\u00f3.<\/p>\n<p>Quan hi ha un motiu justificat, tamb\u00e9 hi poden accedir les persones m\u00e9s grans de 16 anys o que els compleixen durant l&#8217;any natural en qu\u00e8 inicien la formaci\u00f3.<\/p>\n<h4><strong>Tr\u00e0mits<\/strong><\/h4>\n<p>Per cursar aquests estudis cal formalitzar la matr\u00edcula d&#8217;acord amb els criteris fixats pel Departament d&#8217;Educaci\u00f3.<\/p>\n<p>Aquest ensenyament \u00e9s <strong>gratu\u00eft<\/strong>. Cal fer el pagament del material did\u00e0ctic (dossiers, llibres,&#8230;), que s\u00f3n 10 euros per trimestre com es contempla a les NOFC del centre.<\/p>\n","protected":false},"excerpt":{"rendered":"<p>Descripci\u00f3<br \/>\nAquests estudis tenen com a objectiu que les persones adultes assoleixin un grau de compet\u00e8ncia m\u00ednima per a comunicar-se en llengua catalana i s&#8217;imparteixen en tres nivells. En el nostre centre, s\u2019imparteix el primer nivell:<\/p>\n<ul>\n<li>Llengua catalana nivell 1\u00a0(3 h\/setmana), que correspon al nivell A1\u00a0del MECR&hellip;  <a href=\"https:\/\/agora.xtec.cat\/cfa-martorell\/ensenyaments\/ensenyaments-inicials-i-formacio-basica\/llengua-catalana\/\" title=\"Read Llengua catalana\">Llegeix m\u00e9s\u00bb<\/a><br \/>\n","protected":false},"author":1,"featured_media":0,"parent":283,"menu_order":10,"comment_status":"closed","ping_status":"closed","template":"page-templates\/side-menu.php","meta":{"_bbp_topic_count":0,"_bbp_reply_count":0,"_bbp_total_topic_count":0,"_bbp_total_reply_count":0,"_bbp_voice_count":0,"_bbp_anonymous_reply_count":0,"_bbp_topic_count_hidden":0,"_bbp_reply_count_hidden":0,"_bbp_forum_subforum_count":0,"footnotes":""},"class_list":["post-296","page","type-page","status-publish","hentry"],"post_mailing_queue_ids":[],"_links":{"self":[{"href":"https:\/\/agora.xtec.cat\/cfa-martorell\/wp-json\/wp\/v2\/pages\/296","targetHints":{"allow":["GET"]}}],"collection":[{"href":"https:\/\/agora.xtec.cat\/cfa-martorell\/wp-json\/wp\/v2\/pages"}],"about":[{"href":"https:\/\/agora.xtec.cat\/cfa-martorell\/wp-json\/wp\/v2\/types\/page"}],"author":[{"embeddable":true,"href":"https:\/\/agora.xtec.cat\/cfa-martorell\/wp-json\/wp\/v2\/users\/1"}],"replies":[{"embeddable":true,"href":"https:\/\/agora.xtec.cat\/cfa-martorell\/wp-json\/wp\/v2\/comments?post=296"}],"version-history":[{"count":5,"href":"https:\/\/agora.xtec.cat\/cfa-martorell\/wp-json\/wp\/v2\/pages\/296\/revisions"}],"predecessor-version":[{"id":2917,"href":"https:\/\/agora.xtec.cat\/cfa-martorell\/wp-json\/wp\/v2\/pages\/296\/revisions\/2917"}],"up":[{"embeddable":true,"href":"https:\/\/agora.xtec.cat\/cfa-martorell\/wp-json\/wp\/v2\/pages\/283"}],"wp:attachment":[{"href":"https:\/\/agora.xtec.cat\/cfa-martorell\/wp-json\/wp\/v2\/media?parent=296"}],"curies":[{"name":"wp","href":"https:\/\/api.w.org\/{rel}","templated":true}]}}