{"id":322,"date":"2015-01-28T11:36:17","date_gmt":"2015-01-28T10:36:17","guid":{"rendered":"http:\/\/pwc-int.educacio.intranet\/agora\/mastercfa\/?page_id=322"},"modified":"2025-05-19T16:40:49","modified_gmt":"2025-05-19T14:40:49","slug":"a-la-universitat-per-a-majors-de-25-anys","status":"publish","type":"page","link":"https:\/\/agora.xtec.cat\/cfa-espiteus\/ensenyaments\/ensenyaments-per-a-la-preparacio-de-proves-dacces\/a-la-universitat-per-a-majors-de-25-anys\/","title":{"rendered":"Preparaci\u00f3 prova acc\u00e9s universitat +25\/45 anys"},"content":{"rendered":"<p><strong>HORARIS DEL CURS 2025-2026<\/strong><\/p>\n<p><span style=\"color: #008000;\"><strong>PART COMUNA<\/strong><\/span><\/p>\n<p>Dimarts i dijous, 9:30 \u2013 13:30h<\/p>\n<p>Divendres, 9:30 \u2013 12:30h<\/p>\n<p><span style=\"color: #008000;\"><strong>PART ESPEC\u00cdFICA (Nom\u00e9s algunes mat\u00e8ries)<\/strong><\/span><\/p>\n<ul>\n<li><strong>BIOLOGIA I QU\u00cdMICA:<\/strong>\u00a0a determinar (INS Sa Palomera).<\/li>\n<\/ul>\n<p>&nbsp;<\/p>\n<h4><span style=\"color: #000000;\"><strong>CURS DE PREPARACI\u00d3 A LA PROVA D&#8217;ACC\u00c9S PER A M\u00c9S GRANS DE 25\/45 ANYS<\/strong><\/span><\/h4>\n<p style=\"text-align: justify;\">\u00c9s un curs adre\u00e7at a totes aquelles persones interessades a seguir estudis universitaris i que no tinguin superades les PAU (o equivalent), que no estiguin en possessi\u00f3 d&#8217;un t\u00edtol de t\u00e8cnic superior de formaci\u00f3 professional, d&#8217;arts pl\u00e0stiques i disseny, o d&#8217;esports (o equivalent)\u00a0i que no tinguin cap titulaci\u00f3 universit\u00e0ria. Oferim la preparaci\u00f3 de la prova comuna al centre i d\u2019algunes assignatures espec\u00edfiques.<\/p>\n<h4><span style=\"color: #0000ff;\"><b>Informacions sobre la\u00a0<\/b><strong style=\"font-family: inherit; font-size: 1em; line-height: 1.6;\">PROVA D\u2019ACC\u00c9S A UNIVERSITAT<\/strong><\/span><\/h4>\n<p><span style=\"color: #339966;\"><b>1. \u00a0 Qu\u00e8 \u00e9s la prova d\u2019acc\u00e9s?<\/b><\/span><\/p>\n<p>Les proves d\u2019acc\u00e9s tenen lloc un cop l\u2019any. Cada candidat disposa d\u2019un nombre il\u00b7limitat de convocat\u00f2ries per superar-les. Una vegada superada la prova d\u2019acc\u00e9s, els candidats podran presentar-se de nou en convocat\u00f2ries posteriors per millorar la qualificaci\u00f3 i sempre es prendr\u00e0 en consideraci\u00f3 la millor de les qualificacions.<\/p>\n<p>La qualificaci\u00f3 de qualsevol de les dues fases de la prova, sempre que sigui igual o superior a cinc punts, tamb\u00e9 ser\u00e0 v\u00e0lida durant les tres convocat\u00f2ries seg\u00fcents, la caducitat de la fase superada \u00e9s de tres anys m\u00e9s.<\/p>\n<p>La prova d\u2019acc\u00e9s a la universitat per a <b>m\u00e9s grans de 25 anys<\/b>, un cop superada, t\u00e9 validesa indefinida.<\/p>\n<p>Per accedir a la universitat via <b>m\u00e9s grans de 45 anys<\/b> cal superar una prova d\u2019acc\u00e9s (sense idioma estranger ni mat\u00e8ries espec\u00edfiques) i realitzar una entrevista personal. La prova d\u2019acc\u00e9s, un cop superada, t\u00e9 validesa indefinida, mentre que l\u2019entrevista personal, obligat\u00f2ria i amb resoluci\u00f3 final d\u2019apte, nom\u00e9s tindr\u00e0 validesa l\u2019any en qu\u00e8 es realitza i per accedir a un sol centre-estudi.<\/p>\n<p>Tamb\u00e9 es pot, de forma simult\u00e0nia, presentar-se a les proves d&#8217;acc\u00e9s per als m\u00e9s grans de 25 anys.<\/p>\n<p>La <b>superaci\u00f3 de les proves d\u2019acc\u00e9s a la universitat <\/b>per a majors de 25 anys permet sol\u00b7licitar pla\u00e7a en <b>estudis universitaris oficials de grau<\/b>, amb prefer\u00e8ncia d&#8217;admissi\u00f3 als graus adscrits a la branca de coneixement corresponent a l&#8217;opci\u00f3 per la qual s&#8217;han superat les proves .<\/p>\n<p>La superaci\u00f3 de les proves d&#8217;acc\u00e9s per a majors de 25 anys permet<b>\u00a0<\/b><b>accedir a estudis de Formaci\u00f3 Professional<\/b>\u00a0(Grau Mitj\u00e0 i Grau Superior) sense necessitat de realitzar les proves espec\u00edfiques d&#8217;admissi\u00f3 a aquests estudis.<\/p>\n<p><span style=\"color: #339966;\"><b>2. \u00a0 Requisits per presentar-se a aquesta prova<\/b><\/span><\/p>\n<p><b>\u00a0<\/b>Poden presentar-se a les proves d\u2019acc\u00e9s\u00a0a la universitat per a\u00a0<b>m\u00e9s grans de 25 anys <\/b>totes les persones que reuneixin els requisits seg\u00fcents:<\/p>\n<ul>\n<li style=\"list-style-type: none;\">\n<ul>\n<li style=\"list-style-type: none;\">\n<ul>\n<li>Tenir 25 anys l\u2019any\u00a0natural en qu\u00e8 es realitzar\u00e0 la prova.<\/li>\n<li>No tenir superades les PAU (o equivalent).<\/li>\n<li>No estar en possessi\u00f3 d&#8217;un t\u00edtol de t\u00e8cnic superior de formaci\u00f3 professional, d&#8217;arts pl\u00e0stiques i disseny, o d&#8217;esports (o equivalent).<\/li>\n<li>No tenir cap titulaci\u00f3 universit\u00e0ria.<\/li>\n<\/ul>\n<\/li>\n<\/ul>\n<\/li>\n<\/ul>\n<p>Poden presentar-se a les proves d\u2019acc\u00e9s\u00a0a la universitat per a <b>m\u00e9s grans de 45 anys<\/b> els candidats que reuneixin els requisits seg\u00fcents:<\/p>\n<ul>\n<li style=\"list-style-type: none;\">\n<ul>\n<li style=\"list-style-type: none;\">\n<ul>\n<li>Tenir 45 anys l\u2019any natural en qu\u00e8 es realitzar\u00e0 la prova.<\/li>\n<li>No\u00a0posseir cap titulaci\u00f3\u00a0que habiliti per accedir a la universitat.<\/li>\n<\/ul>\n<\/li>\n<\/ul>\n<\/li>\n<\/ul>\n<h4><\/h4>\n<h4><span style=\"color: #0000ff;\">ESTRUCTURA I CONTINGUT DE LA PROVA PER A M\u00c9S GRANS DE 25 ANYS<\/span><\/h4>\n<p>L\u2019organitzaci\u00f3 de la prova d\u2019acc\u00e9s als estudis universitaris dels m\u00e9s grans de 25 anys \u00e9s comuna per al conjunt de les universitats de Catalunya.<\/p>\n<p>La prova consta de <b>dues fases<\/b>:<\/p>\n<ul>\n<li style=\"list-style-type: none;\">\n<ul>\n<li style=\"list-style-type: none;\">\n<ul>\n<li><strong>Fase general<\/strong>, igual per a tots els candidats de qualsevol de les Universitats de Catalunya.<\/li>\n<li><strong>Fase espec\u00edfica<\/strong>, segons l\u2019opci\u00f3 triada, en funci\u00f3 dels estudis que es desitgin cursar.<\/li>\n<\/ul>\n<\/li>\n<\/ul>\n<\/li>\n<\/ul>\n<h5><\/h5>\n<h5><span style=\"color: #993366;\">FASE GENERAL<\/span><\/h5>\n<p style=\"padding-left: 40px;\">La FASE GENERAL t\u00e9 com a objectiu determinar la maduresa i la idone\u00eftat dels candidats, la capacitat de raonament i de comprensi\u00f3 i d\u2019expressi\u00f3 escrita en qualsevol de les dues lleng\u00fces oficials a Catalunya, i el coneixement d\u2019una llengua estrangera per poder cursar uns estudis universitaris.<\/p>\n<p style=\"padding-left: 40px;\">Percentatge de la nota global de la prova comuna:<\/p>\n<ol>\n<li style=\"list-style-type: none;\">\n<ol>\n<li style=\"list-style-type: none;\">\n<ol>\n<li style=\"list-style-type: none;\">\n<ol>\n<li style=\"list-style-type: none;\">\n<ol>\n<li style=\"list-style-type: none;\">\n<ol style=\"list-style-type: lower-alpha;\">\n<li>Comentari de Text: 25%<\/li>\n<li>Catal\u00e0: 25%<\/li>\n<li>Castell\u00e0: 25%<\/li>\n<li>Llengua Estrangera (a triar entre angl\u00e8s, franc\u00e8s, alemany, itali\u00e0, portugu\u00e8s): 25%<\/li>\n<\/ol>\n<\/li>\n<\/ol>\n<\/li>\n<\/ol>\n<\/li>\n<\/ol>\n<\/li>\n<\/ol>\n<\/li>\n<\/ol>\n<h5><span style=\"color: #993366;\">FASE ESPEC\u00cdFICA<\/span><\/h5>\n<p style=\"padding-left: 40px;\">La FASE ESPEC\u00cdFICA t\u00e9 com a finalitat valorar les habilitats, les capacitats i les aptituds dels candidats per seguir i superar estudis vinculats a l&#8217;opci\u00f3 d&#8217;acc\u00e9s a la universitat escollida.<\/p>\n<p style=\"padding-left: 40px;\">El candidat s\u2019examinar\u00e0 de DUES mat\u00e8ries de l\u2019opci\u00f3 triada.<\/p>\n<h4><\/h4>\n<h4><span style=\"color: #0000ff;\"><b>QUALIFICACI\u00d3 FINAL I SUPERACI\u00d3 DE LA PROVA <\/b><\/span><\/h4>\n<p><b>\u00a0<\/b>Resultats i qualificaci\u00f3 final per a m\u00e9s grans de 25 anys<\/p>\n<ul>\n<li style=\"list-style-type: none;\">\n<ul>\n<li style=\"list-style-type: none;\">\n<ul>\n<li>Cadascun dels exercicis es qualifica amb una puntuaci\u00f3 de 0 a 10 punts.<\/li>\n<li>\u00c9s obligatori lliurar tots els exercicis per obtenir la qualificaci\u00f3 final.<\/li>\n<li>La qualificaci\u00f3 de la fase general s&#8217;obt\u00e9 de la mitjana aritm\u00e8tica dels quatre exercicis.<\/li>\n<li>La qualificaci\u00f3 de la fase espec\u00edfica s&#8217;obt\u00e9 de la mitjana aritm\u00e8tica dels dos exercicis<\/li>\n<li>La qualificaci\u00f3 final de la prova s&#8217;obt\u00e9 de la mitjana aritm\u00e8tica de la qualificaci\u00f3 obtinguda en cadascuna de les fases. Nom\u00e9s es podr\u00e0 fer la mitjana quan la qualificaci\u00f3 de cadascuna de les dues fases sigui igual o superior a quatre punts.<\/li>\n<li>El candidat ha superat la prova d\u2019acc\u00e9s quan obtingui un m\u00ednim de cinc punts en la qualificaci\u00f3 final.<\/li>\n<li>Per als <strong>m\u00e9s grans de 45<\/strong>: la qualificaci\u00f3 final de les proves s&#8217;obt\u00e9 de la\u00a0mitjana aritm\u00e8tica\u00a0dels tres exercicis que integren les proves (comentari de text, llengua catalana i llengua castellana). <strong>Nom\u00e9s es podr\u00e0 fer la mitjana<\/strong> quan la qualificaci\u00f3 de cadascun dels ex\u00e0mens sigui igual o superior a <strong>4<\/strong> punts.<\/li>\n<\/ul>\n<\/li>\n<\/ul>\n<\/li>\n<\/ul>\n<p><b>\u00a0<\/b><b>Places<\/b><\/p>\n<ul>\n<li style=\"list-style-type: none;\">\n<ul>\n<li style=\"list-style-type: none;\">\n<ul>\n<li>Els\/les candidats que accedeixin a la universitat mitjan\u00e7ant les proves d&#8217;acc\u00e9s per a m\u00e9s grans de 25 anys tenen reservat com a m\u00ednim un 3% de les places de cada ensenyament.<\/li>\n<\/ul>\n<\/li>\n<\/ul>\n<\/li>\n<\/ul>\n<p><b><a href=\"https:\/\/triaeducativa.gencat.cat\/ca\/estudis\/?preparacio-proves-acces-universitat&amp;p_id=285\" target=\"_blank\" rel=\"noopener noreferrer\">M\u00c9S INFORMACI\u00d3<\/a><\/b><\/p>\n<p>&nbsp;<\/p>\n<table style=\"height: 383px;\" width=\"493\">\n<tbody>\n<tr>\n<td>\n<h4><span style=\"color: #993366;\"><b> OPCIONS D&#8217;ACC\u00c9S\u00a0 \u00a0<\/b><\/span><\/h4>\n<\/td>\n<td>\n<h4><span style=\"color: #993366;\"><b> MAT\u00c8RIES<\/b><\/span><\/h4>\n<\/td>\n<\/tr>\n<tr>\n<td>A) ARTS I HUMANITATS<\/td>\n<td>Filosofia<\/p>\n<p><b>Geografia<\/b><\/p>\n<p>Hist\u00f2ria contempor\u00e0nia<\/p>\n<p>Hist\u00f2ria de l\u2019art<\/p>\n<p>Literatura<\/td>\n<\/tr>\n<tr>\n<td>B) CI\u00c8NCIES<\/td>\n<td><strong>Biologia<\/strong><\/p>\n<p>Estad\u00edstica<\/p>\n<p><strong>F\u00edsica<\/strong><\/p>\n<p>Matem\u00e0tiques<\/p>\n<p><b>Qu\u00edmica<\/b><\/td>\n<\/tr>\n<tr>\n<td>C) CI\u00c8NCIES DE LA SALUT<\/td>\n<td><strong>Biologia<\/strong><\/p>\n<p>Estad\u00edstica<\/p>\n<p><strong>F\u00edsica<\/strong><\/p>\n<p>Matem\u00e0tiques<\/p>\n<p><b>Qu\u00edmica<\/b><\/td>\n<\/tr>\n<tr>\n<td>D) CI\u00c8NCIES SOCIALS I JUR\u00cdDIQUES<\/td>\n<td>Economia i Organitzaci\u00f3 d\u2019Empresa<\/p>\n<p>Estad\u00edstica<\/p>\n<p><b>Geografia<\/b><\/p>\n<p>Hist\u00f2ria Contempor\u00e0nia<\/p>\n<p>Matem\u00e0tiques<\/td>\n<\/tr>\n<tr>\n<td>E) ENGINYERIA I ARQUITECTURA<\/td>\n<td>Dibuix T\u00e8cnic<\/p>\n<p><b>Economia i Organitzaci\u00f3 d\u2019Empresa <\/b>F\u00edsica<\/p>\n<p>Matem\u00e0tiques<\/p>\n<p><b>Qu\u00edmica<\/b><\/td>\n<\/tr>\n<\/tbody>\n<\/table>\n<p>&nbsp;<\/p>\n","protected":false},"excerpt":{"rendered":"<p>HORARIS DEL CURS 2025-2026<br \/>\nPART COMUNA<br \/>\nDimarts i dijous, 9:30 \u2013 13:30h<br \/>\nDivendres, 9:30 \u2013 12:30h<br \/>\nPART ESPEC\u00cdFICA (Nom\u00e9s algunes mat\u00e8ries)<\/p>\n<ul>\n<li>BIOLOGIA I QU\u00cdMICA:\u00a0a determinar (INS Sa Palomera).<\/li>\n<\/ul>\n<p>&nbsp;<br \/>\nCURS DE PREPARACI\u00d3 A LA PROVA D&#8217;ACC\u00c9S PER A M\u00c9S GRANS DE 25\/45 ANYS<br \/>\n\u00c9s un curs adre\u00e7at a totes aquelles persones interessades a&hellip;  <a href=\"https:\/\/agora.xtec.cat\/cfa-espiteus\/ensenyaments\/ensenyaments-per-a-la-preparacio-de-proves-dacces\/a-la-universitat-per-a-majors-de-25-anys\/\" title=\"Read Preparaci\u00f3 prova acc\u00e9s universitat +25\/45 anys\">Llegeix m\u00e9s\u00bb<\/a><\/p>\n","protected":false},"author":2,"featured_media":0,"parent":288,"menu_order":4,"comment_status":"closed","ping_status":"closed","template":"page-templates\/side-menu.php","meta":{"_bbp_topic_count":0,"_bbp_reply_count":0,"_bbp_total_topic_count":0,"_bbp_total_reply_count":0,"_bbp_voice_count":0,"_bbp_anonymous_reply_count":0,"_bbp_topic_count_hidden":0,"_bbp_reply_count_hidden":0,"_bbp_forum_subforum_count":0,"footnotes":""},"class_list":["post-322","page","type-page","status-publish","hentry"],"post_mailing_queue_ids":[],"_links":{"self":[{"href":"https:\/\/agora.xtec.cat\/cfa-espiteus\/wp-json\/wp\/v2\/pages\/322","targetHints":{"allow":["GET"]}}],"collection":[{"href":"https:\/\/agora.xtec.cat\/cfa-espiteus\/wp-json\/wp\/v2\/pages"}],"about":[{"href":"https:\/\/agora.xtec.cat\/cfa-espiteus\/wp-json\/wp\/v2\/types\/page"}],"author":[{"embeddable":true,"href":"https:\/\/agora.xtec.cat\/cfa-espiteus\/wp-json\/wp\/v2\/users\/2"}],"replies":[{"embeddable":true,"href":"https:\/\/agora.xtec.cat\/cfa-espiteus\/wp-json\/wp\/v2\/comments?post=322"}],"version-history":[{"count":9,"href":"https:\/\/agora.xtec.cat\/cfa-espiteus\/wp-json\/wp\/v2\/pages\/322\/revisions"}],"predecessor-version":[{"id":4119,"href":"https:\/\/agora.xtec.cat\/cfa-espiteus\/wp-json\/wp\/v2\/pages\/322\/revisions\/4119"}],"up":[{"embeddable":true,"href":"https:\/\/agora.xtec.cat\/cfa-espiteus\/wp-json\/wp\/v2\/pages\/288"}],"wp:attachment":[{"href":"https:\/\/agora.xtec.cat\/cfa-espiteus\/wp-json\/wp\/v2\/media?parent=322"}],"curies":[{"name":"wp","href":"https:\/\/api.w.org\/{rel}","templated":true}]}}