{"id":303,"date":"2015-01-28T11:23:05","date_gmt":"2015-01-28T10:23:05","guid":{"rendered":"http:\/\/pwc-int.educacio.intranet\/agora\/mastercfa\/?page_id=303"},"modified":"2025-05-20T12:15:41","modified_gmt":"2025-05-20T10:15:41","slug":"graduat-en-educacio-secundaria-per-adults","status":"publish","type":"page","link":"https:\/\/agora.xtec.cat\/cfa-espiteus\/ensenyaments\/ensenyaments-inicials-i-formacio-basica\/graduat-en-educacio-secundaria-per-adults\/","title":{"rendered":"Graduat en educaci\u00f3 secundaria (GESO)"},"content":{"rendered":"<p><strong>HORARIS DEL CURS 2025-2026<\/strong><\/p>\n<p style=\"padding-left: 40px;\"><span style=\"color: #333399;\"><strong>GES 1 Mat\u00ed: <span style=\"color: #ff0000;\">de dimarts a divendres, 9:30 &#8211; 13:30h (15 hores setmanals + 2 hores no presencials).<\/span><\/strong><\/span><\/p>\n<p style=\"padding-left: 40px;\"><span style=\"color: #333399;\"><strong>GES 2 Mat\u00ed: <span style=\"color: #ff0000;\">de dimarts a divendres, 9:30 &#8211; 13:30h (15 hores setmanals + 2 hores no presencials).<\/span><\/strong><\/span><\/p>\n<p>&nbsp;<\/p>\n<p>\u00c9s un ensenyament adre\u00e7at a <strong>persones que tinguin 18 anys <\/strong>o que els compleixin durant l\u2019any en qu\u00e8 es matriculen i que vulguin obtenir el <strong>t\u00edtol d\u2019ESO (Graduat en Educaci\u00f3 Secund\u00e0ria).<\/strong><\/p>\n<p>Tamb\u00e9 <strong>hi poden accedir <\/strong>les persones que compleixin com a m\u00ednim 16 anys l&#8217;any natural en qu\u00e8 inicien la formaci\u00f3, si tenen un contracte laboral que els impedeixi assistir als centres educatius en r\u00e8gim ordinari, si es troben en proc\u00e9s d\u2019obtenci\u00f3 d\u2019un perm\u00eds de treball, si s\u00f3n esportistes d\u2019alt rendiment, si estan cursant o han cursat els m\u00f2duls obligatoris dels programes de qualificaci\u00f3 professional inicial o un programa de formaci\u00f3 i inserci\u00f3, si volen cursar la formaci\u00f3 per a proves d\u2019acc\u00e9s als cicles formatius de grau mitj\u00e0 o si participen al programa d\u2019experi\u00e8ncia professional per a l\u2019ocupaci\u00f3 juvenil a Catalunya, Joves per l\u2019ocupaci\u00f3. Aquest ensenyament s\u2019imparteix en 2 cursos (GESO 1 i GESO 2). Les mat\u00e8ries que es cursen estan dividides en m\u00f2duls trimestrals, cadascun dels quals s\u2019imparteix una vegada a l\u2019any. Cada trimestre s\u2019ofereixen 6 m\u00f2duls.<\/p>\n<p><span style=\"color: #000000;\"><strong>L\u2019assist\u00e8ncia \u00e9s obligat\u00f2ria.<\/strong><\/span><\/p>\n<p>La totalitat del cicle compr\u00e8n 36 m\u00f2duls, repartits en dos nivells, per\u00f2 ser\u00e0 l\u2019expedient previ de l\u2019alumne i la prova d\u2019avaluaci\u00f3 inicial el que determinar\u00e0 la quantitat de m\u00f2duls que cadasc\u00fa haur\u00e0 de cursar per obtenir-ne el t\u00edtol.<\/p>\n<p>&nbsp;<\/p>\n<p><span style=\"color: #008000;\"><b>Per\u00edode de <\/b><b>preinscripci\u00f3<\/b><b>:<\/b><\/span><\/p>\n<ul>\n<li style=\"list-style-type: none;\">\n<ul>\n<li><b>Juny: <\/b>aproximadament la segona quinzena del mes de juny.<\/li>\n<li><b>Setembre: <\/b>hi ha una per\u00edode extraordinari de preinscripcions si queden places lliures de les inscripcions del mes de juny.<\/li>\n<li>Es poden sol\u00b7licitar places tamb\u00e9 per a iniciar aquests ensenyaments al <strong>segon o tercer trimestre al llarg del curs escolar.<\/strong><\/li>\n<\/ul>\n<\/li>\n<\/ul>\n<p><b>\u00a0\u00a0\u00a0\u00a0\u00a0\u00a0\u00a0\u00a0\u00a0\u00a0 <\/b><\/p>\n<p><b>\u00a0<\/b><span style=\"color: #008000;\"><b>Documentaci\u00f3 per a la inscripci\u00f3:<\/b><\/span><\/p>\n<ul>\n<li style=\"list-style-type: none;\">\n<ul>\n<li>Original i fotoc\u00f2pia del DNI o de la targeta de resid\u00e8ncia on consta el NIE (en cas d\u2019alumnat estranger).<\/li>\n<li>Original i fotoc\u00f2pia del DNI o NIE del pare, mare o tutor\/a, si l\u2019alumne\/a \u00e9s menor d\u2019edat.<\/li>\n<li>Expedient acad\u00e8mic i\/o informe del PQPI cursat o comprovant de matriculaci\u00f3 a un curs de PQPI, o PFI si \u00e9s el cas.<\/li>\n<li>Original i fotoc\u00f2pia del llibre de fam\u00edlia o altres documents relatius a la filiaci\u00f3 i el consentiment del pare o mare o tutor legal del menor. Si est\u00e0 en situaci\u00f3 d&#8217;acolliment, la resoluci\u00f3 d&#8217;acolliment del Departament de Treball, Afers Socials i Fam\u00edlies.<\/li>\n<\/ul>\n<\/li>\n<li style=\"list-style-type: none;\"><\/li>\n<li style=\"list-style-type: none;\">(alumnes menors d&#8217;edat)\n<ul>\n<li><a href=\"https:\/\/agora.xtec.cat\/cfa-espiteus\/wp-content\/uploads\/usu71\/2019\/06\/Sol\u00b7licitud-de-menors.pdf\" target=\"_blank\" rel=\"noopener noreferrer\">Sol\u00b7licitud de menors d&#8217;edat per cursar ensenyaments de formaci\u00f3 d&#8217;adults si l&#8217;alumne \u00e9s menor d&#8217;edat<\/a><\/li>\n<li><a href=\"https:\/\/agora.xtec.cat\/cfa-espiteus\/wp-content\/uploads\/usu71\/2019\/06\/Autoritzaci\u00f3-de-menors.pdf\" target=\"_blank\" rel=\"noopener noreferrer\">Autoritzaci\u00f3 de menors d&#8217;edat per cursar ensenyaments d&#8217;educaci\u00f3 d&#8217;adults si l&#8217;alumne \u00e9s menor d&#8217;edat<\/a><\/li>\n<\/ul>\n<\/li>\n<\/ul>\n<p>&nbsp;<\/p>\n<p><span style=\"color: #008000;\"><b>Informacions sobre <\/b><b>l\u2019EDUCACI\u00d3 SECUND\u00c0RIA OBLIGAT\u00d2RIA PER A LES PERSONES ADULTES <\/b><\/span><b>(<\/b><b>GESO<\/b><b>)<\/b><\/p>\n<p style=\"padding-left: 40px;\"><span style=\"color: #339966;\"><b>1. <\/b><b><span style=\"color: #339966;\">Qu\u00e8<\/span> \u00e9s <\/b><b>el GESO<\/b><b>?<\/b><\/span><\/p>\n<p style=\"padding-left: 80px;\">\u00c9s un ensenyament organitzat en 6 trimestres i impartit en 2 cursos, que cont\u00e9 b\u00e0sicament els coneixements corresponents a l\u2019etapa de l\u2019ESO. <b>La superaci\u00f3 d\u2019aquests cursos dona dret a\u00a0 l\u2019obtenci\u00f3 del t\u00edtol de graduat en educaci\u00f3 secund\u00e0ria (GESO). No cal realitzar cap prova externa.<\/b><\/p>\n<p style=\"padding-left: 80px;\"><b>Assist\u00e8ncia: <\/b>\u00c9s un ensenyament presencial, \u00e9s a dir, l\u2019assist\u00e8ncia \u00e9s obligat\u00f2ria i s\u2019ha d\u2019haver assistit un 80% per tal de tenir dret a ser avaluat.<\/p>\n<p style=\"padding-left: 40px;\"><span style=\"color: #339966;\"><b>2<\/b><b>. <\/b><b>Mat\u00e8ries a cursar:<\/b><\/span><\/p>\n<p style=\"padding-left: 80px;\"><b>\u00a0<\/b>Les mat\u00e8ries s&#8217;agrupen en <strong>3 \u00e0mbits<\/strong>:<\/p>\n<ul>\n<li style=\"list-style-type: none;\">\n<ul>\n<li style=\"list-style-type: none;\">\n<ul>\n<li style=\"list-style-type: none;\">\n<ul>\n<li style=\"list-style-type: none;\">\n<ul>\n<li style=\"list-style-type: none;\">\n<ul>\n<li><strong><em>SCO<\/em>:<\/strong> \u00c0mbit de la Comunicaci\u00f3 (catal\u00e0, castell\u00e0 i angl\u00e8s o franc\u00e8s).<\/li>\n<li><strong><em>SMA<\/em>:<\/strong> \u00c0mbit de les matem\u00e0tiques, la ci\u00e8ncia i la tecnologia.<\/li>\n<li><strong><em>SCS<\/em>:<\/strong> \u00c0mbit de les ci\u00e8ncies socials.<\/li>\n<\/ul>\n<\/li>\n<\/ul>\n<\/li>\n<\/ul>\n<\/li>\n<\/ul>\n<\/li>\n<\/ul>\n<\/li>\n<\/ul>\n<p style=\"padding-left: 80px;\">S&#8217;imparteixen <strong>6 m\u00f2duls trimestral<\/strong>s (en general\u00a0 cada trimestre es fan: 3 de comunicaci\u00f3, 1 de socials i 2 de ci\u00e8ncies), que nom\u00e9s es poden superar dins del mateix trimestre.<\/p>\n<p style=\"padding-left: 80px;\">Els m\u00f2duls s\u2019imparteixen en catal\u00e0. Hi ha 5 m\u00f2duls de 3 hores i 1 de 2 hores.<\/p>\n<p style=\"padding-left: 80px;\"><b>Exempci\u00f3 de la llengua catalana: <\/b>la poden sol\u00b7licitar les persones que acreditin menys de 2 anys de resid\u00e8ncia a Catalunya fins al dia de l\u2019obtenci\u00f3 del t\u00edtol.<\/p>\n<p style=\"padding-left: 40px;\"><span style=\"color: #339966;\"><b>3. <\/b><b>Convalidaci\u00f3 i\/o acreditaci\u00f3 de mat\u00e8ries:<\/b><\/span><\/p>\n<p style=\"padding-left: 80px;\">Es poden convalidar m\u00f2duls en funci\u00f3 de les notes de l\u2019expedient aportat per cada alumne\/a.<\/p>\n<ul>\n<li style=\"list-style-type: none;\">\n<ul>\n<li style=\"list-style-type: none;\">\n<ul>\n<li style=\"list-style-type: none;\">\n<ul>\n<li style=\"list-style-type: none;\">\n<ul>\n<li style=\"list-style-type: none;\">\n<ul>\n<li><b>L\u2019antic Graduat Escolar (EGB) convalida el primer curs. <\/b><\/li>\n<li><b>El primer cicle d\u2019FP convalida tot el GESO.\u00a0 <\/b><\/li>\n<li><b>El 1r i 2n de BUP (amb un m\u00e0xim de dos mat\u00e8ries suspeses entre els dos cursos) convalida a tots els efectes el GESO <\/b><b>(s\u2019ha de demanar l\u2019equival\u00e8ncia a Ensenyament). <\/b><\/li>\n<\/ul>\n<\/li>\n<\/ul>\n<\/li>\n<\/ul>\n<\/li>\n<\/ul>\n<\/li>\n<\/ul>\n<\/li>\n<\/ul>\n<p style=\"padding-left: 80px;\">Es pot demanar fer una prova de nivell per acreditar coneixements del GES 1.<\/p>\n<p style=\"padding-left: 40px;\"><b><span style=\"color: #339966;\">4. Avaluaci\u00f3:\u00a0 <\/span><\/b><\/p>\n<p style=\"padding-left: 80px;\">Les mat\u00e8ries estan distribu\u00efdes en m\u00f2duls trimestrals i els superats cada trimestre ja queden aprovats. En cas que quedin pendents despr\u00e9s de la recuperaci\u00f3 que es fa al final del m\u00f2dul, no es poden cursar fins al curs vinent. Hi ha la possibilitat d\u2019apuntar-se a l\u2019IOC (Institut Obert de Catalunya) per fer-los a dist\u00e0ncia.<\/p>\n<p style=\"padding-left: 40px;\"><span style=\"color: #339966;\"><strong>5. Altres<\/strong><b> formes d\u2019obtenir el t\u00edtol de Graduat en ESO:<\/b><\/span><\/p>\n<ul>\n<li style=\"list-style-type: none;\">\n<ul>\n<li style=\"list-style-type: none;\">\n<ul>\n<li style=\"list-style-type: none;\">\n<ul>\n<li>Accedint a les <a href=\"http:\/\/ensenyament.gencat.cat\/ca\/serveis-tramits\/proves\/proves-lliures-obtencio-titols\/obtencio-geso-mes-18-anys\/#\">proves lliures<\/a> que convoca dues vegades a l\u2019any el Departament d\u2019Ensenyament. Aquestes proves permeten a les persones aspirants que les superin, obtenir el t\u00edtol de graduat en ESO o b\u00e9 superar m\u00f2duls per \u00e0mbits (SOC, COM i MCT), i els capacita per seguir estudis superiors, matricular-se a qualsevol cicle formatiu de grau mitj\u00e0, o b\u00e9 incorporar-se al m\u00f3n laboral.<\/li>\n<\/ul>\n<\/li>\n<\/ul>\n<\/li>\n<\/ul>\n<\/li>\n<\/ul>\n<p style=\"padding-left: 120px;\"><b style=\"font-family: inherit; font-size: 1em;\">Requisits per presentar-se a aquesta prova<\/b><b style=\"font-family: inherit; font-size: 1em;\">\u00a0lliure<\/b><b style=\"font-family: inherit; font-size: 1em;\">:\u00a0<\/b><b style=\"font-family: inherit; font-size: 1em;\">\u00a0<\/b><span style=\"font-family: inherit; font-size: 1em;\">Tenir complerts 18 anys o tenir-los el dia de l\u2019examen.<\/span><\/p>\n<p style=\"padding-left: 120px;\"><b>Inscripci\u00f3:\u00a0<\/b>El CFA d\u00f3na la informaci\u00f3 pertinent quan\u00a0surt la convocat\u00f2ria.<\/p>\n<p style=\"padding-left: 120px;\"><strong>Taxes:<\/strong> gratu\u00eft.<\/p>\n<p style=\"padding-left: 120px;\"><a style=\"color: #2795b6;\" href=\"http:\/\/ensenyament.gencat.cat\/ca\/serveis-tramits\/proves\/proves-lliures-obtencio-titols\/obtencio-geso-mes-18-anys\/#\">M\u00c9S INFORMACI\u00d3 SOBRE LES PROVES LLIURES<\/a><\/p>\n<ul>\n<li style=\"list-style-type: none;\">\n<ul>\n<li style=\"list-style-type: none;\">\n<ul>\n<li style=\"list-style-type: none;\">\n<ul>\n<li>Realitzant estudis a dist\u00e0ncia \u2013no presencials\u2013 a <a href=\"http:\/\/ioc.xtec.cat\/educacio\/\">l\u2019IOC (Institut Obert de Catalunya)<\/a> per mitj\u00e0 d\u2019un centre autoritzat com el <a href=\"https:\/\/agora.xtec.cat\/cfalloretdemar\/\">CFA de Lloret de Mar<\/a>.<\/li>\n<li>Modalitat semipresencial: es poden cursar alguns m\u00f2duls a l\u2019IOC (mai m\u00e9s del 50% dels que es cursen presencialment) i la resta en un centre presencial, com \u00e9s el nostre.<\/li>\n<\/ul>\n<\/li>\n<\/ul>\n<\/li>\n<\/ul>\n<\/li>\n<\/ul>\n<p style=\"padding-left: 120px;\"><b>Requisits per apuntar-se a l\u2019IOC: <\/b><span style=\"font-family: inherit; font-size: 1em;\">Ajustar-se al calendari de matriculaci\u00f3 i c<\/span><span style=\"font-family: inherit; font-size: 1em;\">ursar-hi els m\u00f2duls del nivell m\u00e9s alt.<\/span><\/p>\n<p>&nbsp;<\/p>\n<p>&nbsp;<\/p>\n<p><b style=\"color: #339966; font-family: inherit; font-size: 1em;\">Per a m\u00e9s informaci\u00f3 adreceu-vos a :<\/b><\/p>\n<ul>\n<li>http:\/\/<a href=\"http:\/\/www20.gencat.cat\/portal\/site\/queestudiar\/\">www20.gencat.cat\/portal\/site\/queestudiar\/<\/a><\/li>\n<li>http:\/\/www.xtec.cat\/cfa-espiteus\/<\/li>\n<li>Correu: cfa-espiteus@xtec.cat<\/li>\n<li>Tel\u00e8fon 972350918<\/li>\n<li>Tel\u00e8fon 935516900 del servei d\u2019informaci\u00f3 del Departament d\u2019Ensenyament.<\/li>\n<\/ul>\n<p><a href=\"https:\/\/triaeducativa.gencat.cat\/ca\/estudis\/?graduat-educacio-secundaria-obligatoria-persones-adultes-geso&amp;p_id=280\" target=\"_blank\" rel=\"noopener noreferrer\">M\u00c9S INFORMACI\u00d3<\/a><\/p>\n","protected":false},"excerpt":{"rendered":"<p>HORARIS DEL CURS 2025-2026<br \/>\nGES 1 Mat\u00ed: de dimarts a divendres, 9:30 &#8211; 13:30h (15 hores setmanals + 2 hores no presencials).<br \/>\nGES 2 Mat\u00ed: de dimarts a divendres, 9:30 &#8211; 13:30h (15 hores setmanals + 2 hores no presencials).<br \/>\n&nbsp;<br \/>\n\u00c9s un ensenyament adre\u00e7at a persones que tinguin&hellip;  <a href=\"https:\/\/agora.xtec.cat\/cfa-espiteus\/ensenyaments\/ensenyaments-inicials-i-formacio-basica\/graduat-en-educacio-secundaria-per-adults\/\" title=\"Read Graduat en educaci\u00f3 secundaria (GESO)\">Llegeix m\u00e9s\u00bb<\/a><\/p>\n","protected":false},"author":2,"featured_media":0,"parent":283,"menu_order":4,"comment_status":"closed","ping_status":"closed","template":"page-templates\/side-menu.php","meta":{"_bbp_topic_count":0,"_bbp_reply_count":0,"_bbp_total_topic_count":0,"_bbp_total_reply_count":0,"_bbp_voice_count":0,"_bbp_anonymous_reply_count":0,"_bbp_topic_count_hidden":0,"_bbp_reply_count_hidden":0,"_bbp_forum_subforum_count":0,"footnotes":""},"class_list":["post-303","page","type-page","status-publish","hentry"],"post_mailing_queue_ids":[],"_links":{"self":[{"href":"https:\/\/agora.xtec.cat\/cfa-espiteus\/wp-json\/wp\/v2\/pages\/303","targetHints":{"allow":["GET"]}}],"collection":[{"href":"https:\/\/agora.xtec.cat\/cfa-espiteus\/wp-json\/wp\/v2\/pages"}],"about":[{"href":"https:\/\/agora.xtec.cat\/cfa-espiteus\/wp-json\/wp\/v2\/types\/page"}],"author":[{"embeddable":true,"href":"https:\/\/agora.xtec.cat\/cfa-espiteus\/wp-json\/wp\/v2\/users\/2"}],"replies":[{"embeddable":true,"href":"https:\/\/agora.xtec.cat\/cfa-espiteus\/wp-json\/wp\/v2\/comments?post=303"}],"version-history":[{"count":8,"href":"https:\/\/agora.xtec.cat\/cfa-espiteus\/wp-json\/wp\/v2\/pages\/303\/revisions"}],"predecessor-version":[{"id":4085,"href":"https:\/\/agora.xtec.cat\/cfa-espiteus\/wp-json\/wp\/v2\/pages\/303\/revisions\/4085"}],"up":[{"embeddable":true,"href":"https:\/\/agora.xtec.cat\/cfa-espiteus\/wp-json\/wp\/v2\/pages\/283"}],"wp:attachment":[{"href":"https:\/\/agora.xtec.cat\/cfa-espiteus\/wp-json\/wp\/v2\/media?parent=303"}],"curies":[{"name":"wp","href":"https:\/\/api.w.org\/{rel}","templated":true}]}}