{"id":2166,"date":"2017-10-20T08:51:54","date_gmt":"2017-10-20T06:51:54","guid":{"rendered":"http:\/\/agora.xtec.cat\/cesire_historic\/\/?page_id=2166"},"modified":"2021-02-26T10:41:17","modified_gmt":"2021-02-26T09:41:17","slug":"llengua-i-tecnologia","status":"publish","type":"page","link":"https:\/\/agora.xtec.cat\/cesire_historic\/projectes\/llengua-a-totes-les-arees\/llengua-i-tecnologia\/","title":{"rendered":"Llengua i tecnologia"},"content":{"rendered":"<h4>Aprenc llengua fent tecnologia<\/h4>\n<p>El car\u00e0cter interdisciplinari d\u2019aquestes activitats constitueix una aportaci\u00f3 a la necess\u00e0ria conflu\u00e8ncia en la integraci\u00f3 de coneixements. El treball competencial al voltant de la capacitat comunicativa \u00e9s transversal al curr\u00edculum i constitueix una de les compet\u00e8ncies b\u00e0siques que l\u2019alumnat ha d\u2019assolir al llarg de l\u2019educaci\u00f3 obligat\u00f2ria.<\/p>\n<p>L\u2019estructura dels recursos \u00e9s flexible de forma que cada docent pot adaptar-los al curs i grup espec\u00edfics, aix\u00ed com integrar-los en les seq\u00fc\u00e8ncies did\u00e0ctiques previstes durant el curs escolars.<\/p>\n<p>Els materials did\u00e0ctics que acompanyen les activitats\u00a0 s\u00f3n editables i es poden descarregar per permetre la realitzaci\u00f3 d\u2019adaptacions i canvis que en facilitin el seu \u00fas. Tot i que estan pensats b\u00e0sicament per emprar-los en suport paper, f\u00e0cilment poden integrar-se en plataformes digitals.<\/p>\n<p><img loading=\"lazy\" decoding=\"async\" class=\"aligncenter wp-image-10385\" src=\"https:\/\/agora.xtec.cat\/cesire_historic\/\/wp-content\/uploads\/usu397\/2020\/12\/Aprenc_Llengua.jpg\" alt=\"\" width=\"634\" height=\"167\" srcset=\"https:\/\/agora.xtec.cat\/cesire_historic\/wp-content\/uploads\/usu397\/2020\/12\/Aprenc_Llengua.jpg 850w, https:\/\/agora.xtec.cat\/cesire_historic\/wp-content\/uploads\/usu397\/2020\/12\/Aprenc_Llengua-300x79.jpg 300w, https:\/\/agora.xtec.cat\/cesire_historic\/wp-content\/uploads\/usu397\/2020\/12\/Aprenc_Llengua-768x202.jpg 768w\" sizes=\"auto, (max-width: 634px) 100vw, 634px\" \/><\/p>\n<p><a href=\"https:\/\/sites.google.com\/xtec.cat\/aprenc-llengua-fent-tecnologia\/inici\" target=\"_blank\" rel=\"noopener noreferrer\">Acc\u00e9s als materials<\/a><\/p>\n<hr \/>\n<h4 class=\"entry-title\"><a href=\"https:\/\/agora.xtec.cat\/cesire_historic\/\/general\/circumrelator-joguina-creativa-per-fomentar-lescriptura\/\" target=\"_blank\" rel=\"noopener noreferrer\">El circumrelator. Construeix un poema lul\u00b7li\u00e0<\/a><\/h4>\n<p>Els alumnes, amb l\u2019ajuda d\u2019un circumrelator que hauran de dissenyar i fabricar, escriuran un poema inspirat en el <em>Llibre de les b\u00e8sties <\/em>de Ramon Llull<em>.<\/em><\/p>\n<p>El circumrelator \u00e9s una\u00a0 joguina creativa basada en l\u2019Ars combinat\u00f2ria lul\u00b7liana, que ajuda els nens i nenes, nois i noies, a estimular i accelerar els processos creatius relacionats amb la composici\u00f3 de contes, poemes, o d\u2019altres g\u00e8neres literaris. Esdev\u00e9, tamb\u00e9, una eina que serveix de guia a l\u2019hora de cercar idees i d\u2019obtenir material creatiu.<\/p>\n<p><img loading=\"lazy\" decoding=\"async\" class=\"aligncenter size-full wp-image-911\" src=\"http:\/\/agora.xtec.cat\/cesire_historic\/\/wp-content\/uploads\/usu397\/2016\/09\/Imatgel_llull_circumrelator.jpg\" alt=\"\" width=\"300\" height=\"225\" srcset=\"https:\/\/agora.xtec.cat\/cesire_historic\/wp-content\/uploads\/usu397\/2016\/09\/Imatgel_llull_circumrelator.jpg 300w, https:\/\/agora.xtec.cat\/cesire_historic\/wp-content\/uploads\/usu397\/2016\/09\/Imatgel_llull_circumrelator-200x150.jpg 200w\" sizes=\"auto, (max-width: 300px) 100vw, 300px\" \/><\/p>\n<p>Aquest treball \u00a0interdisciplinari t\u00e9 com a objectius: estimular la creativitat tant ling\u00fc\u00edstica com liter\u00e0ria i art\u00edstica; aprofundir en la composici\u00f3 de textos literaris; estimular un \u00fas ric i est\u00e8tic de la llengua; utilitzar programes i dispositius inform\u00e0tics relacionats amb la impressi\u00f3 3D, i potenciar les habilitats art\u00edstiques relacionades amb la il\u00b7lustraci\u00f3.<\/p>\n<p>Intervenen en l\u2019activitat els \u00e0mbits de llengua, tecnologia i \u00a0visual i pl\u00e0stica.<\/p>\n<p><strong>Materials<\/strong><\/p>\n<ul>\n<li><a href=\"http:\/\/agora.xtec.cat\/cesire_historic\/\/wp-content\/uploads\/usu397\/2016\/09\/Que-es-un-circumrelator.pdf\" target=\"_blank\" rel=\"noopener noreferrer\">Qu\u00e8 \u00e9s un circumrelator?<\/a><\/li>\n<li><a href=\"http:\/\/agora.xtec.cat\/cesire_historic\/\/wp-content\/uploads\/usu397\/2016\/11\/Proposta-did%C3%A0ctica.pdf\">Proposta did\u00e0ctica<\/a><\/li>\n<li><a href=\"http:\/\/agora.xtec.cat\/cesire_historic\/\/wp-content\/uploads\/usu397\/2016\/09\/Instruccions-per-crear-un-poema-llull.pdf\" target=\"_blank\" rel=\"noopener noreferrer\">Instruccions per crear un poema lul\u00b7li\u00e0 a l\u2019esprint!<\/a><\/li>\n<li><a href=\"http:\/\/agora.xtec.cat\/cesire_historic\/\/wp-content\/uploads\/usu397\/2016\/09\/personatgesitextos.jpg\" target=\"_blank\" rel=\"noopener noreferrer\">Personatges i textos<\/a><\/li>\n<li><a href=\"http:\/\/agora.xtec.cat\/cesire_historic\/\/wp-content\/uploads\/usu397\/2016\/09\/Textos-Llibre-de-les-besties-.pdf\" target=\"_blank\" rel=\"noopener noreferrer\">Textos del llibre de les b\u00e8sties<\/a><\/li>\n<li><a href=\"http:\/\/agora.xtec.cat\/cesire_historic\/\/wp-content\/uploads\/usu397\/2016\/11\/Plantilles_textos_circumrelator-1.zip\" target=\"_blank\" rel=\"noopener noreferrer\">Plantilles del circumrelator<\/a><\/li>\n<li><a href=\"http:\/\/agora.xtec.cat\/cesire_historic\/\/wp-content\/uploads\/usu397\/2016\/09\/Circumrelator_Impressio3D_v1.zip\">impressora<\/a><\/li>\n<li><a href=\"https:\/\/snap.berkeley.edu\/snap\/snap.html#present:Username=jferran6&amp;ProjectName=circumrelator\" target=\"_blank\" rel=\"noopener noreferrer\">Snap<\/a><\/li>\n<li><a href=\"http:\/\/agora.xtec.cat\/cesire_historic\/\/wp-content\/uploads\/usu397\/2016\/09\/Circumrelator_Impressio3D_v1.zip\">Fitxers per a la 3D<\/a><br \/>\n<hr \/>\n<\/li>\n<\/ul>\n<h4 class=\"entry-title\">Una entrevista animada: juguem a entrevistar en Moussa<\/h4>\n<table class=\" aligncenter\">\n<tbody>\n<tr>\n<td>La seq\u00fc\u00e8ncia did\u00e0ctica desplega els diferents objectius d\u2019aprenentatge al voltant de l\u2019\u00e0mbit ling\u00fc\u00edstic i del tecnol\u00f2gic. Els primers relacionats amb el g\u00e8nere period\u00edstic de l\u2019entrevista, i els segons amb els del llenguatge de programaci\u00f3 Scratch. El producte final de la seq\u00fc\u00e8ncia \u00e9s la creaci\u00f3 d\u2019una entrevista animada utilitzant un nivell elemental de programaci\u00f3 amb Scratch.<\/td>\n<td><img loading=\"lazy\" decoding=\"async\" class=\"aligncenter\" src=\"https:\/\/s-media-cache-ak0.pinimg.com\/736x\/1d\/98\/8e\/1d988e1bd452691e5d9e96019b1519f7.jpg\" alt=\"\" width=\"728\" height=\"546\" \/><\/td>\n<\/tr>\n<\/tbody>\n<\/table>\n<p><strong>Material per elaborar la seq\u00fc\u00e8ncia did\u00e0ctica<\/strong><\/p>\n<p><a href=\"http:\/\/agora.xtec.cat\/cesire_historic\/\/wp-content\/uploads\/usu397\/2016\/04\/desplegament_activitat_quadern_alumne1.pdf\" target=\"_blank\" rel=\"noopener noreferrer\">Desplegament de les activitats. Quadern per a l\u2019alumne<\/a><\/p>\n<blockquote>\n<ul>\n<li><a href=\"http:\/\/agora.xtec.cat\/cesire_historic\/\/wp-content\/uploads\/usu397\/2016\/04\/homes_blaus1.pdf\" target=\"_blank\" rel=\"noopener noreferrer\">Els homes blaus<\/a><\/li>\n<li><a href=\"http:\/\/agora.xtec.cat\/cesire_historic\/\/wp-content\/uploads\/usu397\/2016\/05\/Los-hombres-azules-.pdf\" target=\"_blank\" rel=\"noopener noreferrer\">Los Hombres azules<\/a><\/li>\n<li><a href=\"http:\/\/agora.xtec.cat\/cesire_historic\/\/wp-content\/uploads\/usu397\/2016\/05\/plantilla_comprensio_lectora.pptx\" target=\"_blank\" rel=\"noopener noreferrer\">Plantilla comprensi\u00f3 lectora<\/a><\/li>\n<li><a href=\"http:\/\/agora.xtec.cat\/cesire_historic\/\/wp-content\/uploads\/usu397\/2016\/05\/plantilles_descripcio.pptx\" target=\"_blank\" rel=\"noopener noreferrer\">Plantilles per descriure els personatges principals, secundaris i espais<\/a><\/li>\n<li><a href=\"http:\/\/agora.xtec.cat\/cesire_historic\/\/wp-content\/uploads\/usu397\/2016\/05\/plantilles_storyboard.pptx\" target=\"_blank\" rel=\"noopener noreferrer\">Plantilles per preparar les escenes per a l\u2019Scratch<\/a><\/li>\n<\/ul>\n<\/blockquote>\n<p>Tutorial activitat Scratch<\/p>\n<blockquote>\n<ul>\n<li><a href=\"https:\/\/scratch2016blog.wordpress.com\" target=\"_blank\" rel=\"noopener noreferrer\">Seguim les passes al tutorial<\/a><\/li>\n<\/ul>\n<\/blockquote>\n","protected":false},"excerpt":{"rendered":"<p>Aprenc llengua fent tecnologia<br \/>\nEl car\u00e0cter interdisciplinari d\u2019aquestes activitats constitueix una aportaci\u00f3 a la necess\u00e0ria conflu\u00e8ncia en la integraci\u00f3 de coneixements. El treball competencial al voltant de la capacitat comunicativa \u00e9s transversal al curr\u00edculum i constitueix una de les compet\u00e8ncies b\u00e0siques que l\u2019alumnat ha d\u2019assolir al&hellip;  <a href=\"https:\/\/agora.xtec.cat\/cesire_historic\/projectes\/llengua-a-totes-les-arees\/llengua-i-tecnologia\/\" title=\"Read Llengua i tecnologia\">Llegeix m\u00e9s\u00bb<\/a><\/p>\n","protected":false},"author":1,"featured_media":0,"parent":2151,"menu_order":3,"comment_status":"closed","ping_status":"closed","template":"page-templates\/side-menu.php","meta":{"_bbp_topic_count":0,"_bbp_reply_count":0,"_bbp_total_topic_count":0,"_bbp_total_reply_count":0,"_bbp_voice_count":0,"_bbp_anonymous_reply_count":0,"_bbp_topic_count_hidden":0,"_bbp_reply_count_hidden":0,"_bbp_forum_subforum_count":0,"footnotes":""},"class_list":["post-2166","page","type-page","status-publish","hentry"],"post_mailing_queue_ids":[],"_links":{"self":[{"href":"https:\/\/agora.xtec.cat\/cesire_historic\/wp-json\/wp\/v2\/pages\/2166","targetHints":{"allow":["GET"]}}],"collection":[{"href":"https:\/\/agora.xtec.cat\/cesire_historic\/wp-json\/wp\/v2\/pages"}],"about":[{"href":"https:\/\/agora.xtec.cat\/cesire_historic\/wp-json\/wp\/v2\/types\/page"}],"author":[{"embeddable":true,"href":"https:\/\/agora.xtec.cat\/cesire_historic\/wp-json\/wp\/v2\/users\/1"}],"replies":[{"embeddable":true,"href":"https:\/\/agora.xtec.cat\/cesire_historic\/wp-json\/wp\/v2\/comments?post=2166"}],"version-history":[{"count":4,"href":"https:\/\/agora.xtec.cat\/cesire_historic\/wp-json\/wp\/v2\/pages\/2166\/revisions"}],"predecessor-version":[{"id":10913,"href":"https:\/\/agora.xtec.cat\/cesire_historic\/wp-json\/wp\/v2\/pages\/2166\/revisions\/10913"}],"up":[{"embeddable":true,"href":"https:\/\/agora.xtec.cat\/cesire_historic\/wp-json\/wp\/v2\/pages\/2151"}],"wp:attachment":[{"href":"https:\/\/agora.xtec.cat\/cesire_historic\/wp-json\/wp\/v2\/media?parent=2166"}],"curies":[{"name":"wp","href":"https:\/\/api.w.org\/{rel}","templated":true}]}}