{"id":7862,"date":"2022-11-03T13:19:13","date_gmt":"2022-11-03T12:19:13","guid":{"rendered":"https:\/\/agora.xtec.cat\/ceipvistaalegre\/?page_id=7862"},"modified":"2022-11-10T15:57:25","modified_gmt":"2022-11-10T14:57:25","slug":"cueme","status":"publish","type":"page","link":"https:\/\/agora.xtec.cat\/ceipvistaalegre\/pagina-dinici-buida\/cueme\/","title":{"rendered":"CUEME"},"content":{"rendered":"<p>CuEmE\u00a0\u00e9s un programa per\u00a0<strong>treballar l\u2019autonomia, la iniciativa personal i l\u2019emprenedoria al tercer cicle d&#8217;educaci\u00f3 prim\u00e0ria<\/strong>, on es fomenten les compet\u00e8ncies i els valors de l\u2019emprenedoria i el cooperativisme, ja que l\u2019escola i els infants que hi participen\u00a0<strong>creen i gestionen una cooperativa durant el curs escolar<\/strong>.<\/p>\n<p>Una\u00a0<strong>caracter\u00edstica fonamental del programa<\/strong> \u00e9s que els nens i les nenes fan aquest treball cooperatiu amb el suport de l&#8217;escola i la comunitat educativa, per\u00f2 tamb\u00e9 <strong>acompanyats per l\u2019administraci\u00f3 i altres agents socials de la localitat<\/strong>. Aix\u00ed doncs, l\u2019alumnat compta amb el suport de l\u2019Ajuntament, les empreses, les entitats i les persones del territori.<\/p>\n<p>El proc\u00e9s de treball t\u00e9\u00a0<strong>diferents fases per<\/strong>\u00a0<strong>constituir la cooperativa<\/strong>:<\/p>\n<ul>\n<li>Primerament, els i les alumnes dissenyen la imatge corporativa i difonen la seva activitat a l\u2019entorn, a m\u00e9s de decidir i d\u2019escollir els productes per vendre.<\/li>\n<li>En segon lloc, calculen el cost i cerquen finan\u00e7ament per poder-los produir. Despr\u00e9s, elaboren i venen aquests productes als mercats locals.<\/li>\n<li>Finalment, tanquen la cooperativa i aporten part dels beneficis obtinguts a projectes socials, fent balan\u00e7 de l\u2019experi\u00e8ncia amb l\u2019ajuda dels mestres.<\/li>\n<\/ul>\n<p>A trav\u00e9s del projecte CuEmE,\u00a0<strong>els nens i les nenes participants<\/strong>\u00a0<strong>adquireixen compet\u00e8ncies i capacitats<\/strong>\u00a0que potencien aspectes com la creativitat, la iniciativa, la responsabilitat, el treball en equip, la resoluci\u00f3 de conflictes, la comunicaci\u00f3, la capacitat d\u2019assumir riscos, la perseveran\u00e7a, el coneixement d\u2019un mateix i l\u2019augment de l\u2019autoestima, la gesti\u00f3 de les emocions, la capacitat d\u2019elegir, la imaginaci\u00f3 i tamb\u00e9 el fet d\u2019aprendre de les errades.<\/p>\n<p>A banda del\u00a0<strong>foment de l\u2019esperit emprenedor i la cultura emprenedora<\/strong>, aquestes compet\u00e8ncies b\u00e0siques serveixen per\u00a0<strong>millorar resultats educatius<\/strong>\u00a0a curt termini i al llarg de la vida, m\u00e9s enll\u00e0 de l\u2019escola. Al mateix temps,\u00a0<strong>treballen d\u2019una manera l\u00fadica i vivencial\u00a0<\/strong>els continguts de diferents \u00e0rees.<\/p>\n<p>Refor\u00e7a valors com\u00a0<strong>la solidaritat, la igualtat d\u2019oportunitats o l\u2019equitat<\/strong>\u00a0i constitueix una eina d\u2019inclusi\u00f3 social, ja que la cooperativa es gestiona de manera\u00a0<strong>democr\u00e0tica i participativa<\/strong>, amb una filosofia de responsabilitat social i un model que centra l\u2019activitat empresarial en la persona i no en el capital.<\/p>\n<p>La creaci\u00f3 i desenvolupament d\u2019una cooperativa escolar\u00a0<strong>s\u2019articula a partir d\u2019un<\/strong>\u00a0<strong>treball per projectes innovador i arrelat al context local<\/strong>. Els ajuntaments i altres ens locals s\u00f3n el motor que assegura que\u00a0<strong>el programa vagi m\u00e9s enll\u00e0 de les aules<\/strong>\u00a0i s\u2019enriqueixi de l\u2019entorn.<\/p>\n<p>El programa CuEmE s\u2019adre\u00e7a a les\u00a0<strong>escoles dels diferents municipis<\/strong> d\u2019arreu de Catalunya i se centra concretament en el darrer cicle superior d\u2019educaci\u00f3 prim\u00e0ria de les escoles que participen.<\/p>\n<p><em>El projecte compta amb el suport i finan\u00e7ament de la Diputaci\u00f3 de Barcelona <\/em><a href=\"https:\/\/www.diba.cat\/es\/web\/cueme\">https:\/\/www.diba.cat\/es\/web\/cueme<\/a><\/p>\n","protected":false},"excerpt":{"rendered":"<p>CuEmE\u00a0\u00e9s un programa per\u00a0treballar l\u2019autonomia, la iniciativa personal i l\u2019emprenedoria al tercer cicle d&#8217;educaci\u00f3 prim\u00e0ria, on es fomenten les compet\u00e8ncies i els valors de l\u2019emprenedoria i el cooperativisme, ja que l\u2019escola i els infants que hi participen\u00a0creen i gestionen una cooperativa durant el curs escolar.<br \/>\nUna\u00a0caracter\u00edstica&hellip;  <a href=\"https:\/\/agora.xtec.cat\/ceipvistaalegre\/pagina-dinici-buida\/cueme\/\" title=\"Read CUEME\">Llegeix m\u00e9s\u00bb<\/a><\/p>\n","protected":false},"author":1,"featured_media":0,"parent":9,"menu_order":0,"comment_status":"closed","ping_status":"closed","template":"page-templates\/side-menu.php","meta":{"_bbp_topic_count":0,"_bbp_reply_count":0,"_bbp_total_topic_count":0,"_bbp_total_reply_count":0,"_bbp_voice_count":0,"_bbp_anonymous_reply_count":0,"_bbp_topic_count_hidden":0,"_bbp_reply_count_hidden":0,"_bbp_forum_subforum_count":0,"footnotes":""},"class_list":["post-7862","page","type-page","status-publish","hentry"],"post_mailing_queue_ids":[],"_links":{"self":[{"href":"https:\/\/agora.xtec.cat\/ceipvistaalegre\/wp-json\/wp\/v2\/pages\/7862","targetHints":{"allow":["GET"]}}],"collection":[{"href":"https:\/\/agora.xtec.cat\/ceipvistaalegre\/wp-json\/wp\/v2\/pages"}],"about":[{"href":"https:\/\/agora.xtec.cat\/ceipvistaalegre\/wp-json\/wp\/v2\/types\/page"}],"author":[{"embeddable":true,"href":"https:\/\/agora.xtec.cat\/ceipvistaalegre\/wp-json\/wp\/v2\/users\/1"}],"replies":[{"embeddable":true,"href":"https:\/\/agora.xtec.cat\/ceipvistaalegre\/wp-json\/wp\/v2\/comments?post=7862"}],"version-history":[{"count":3,"href":"https:\/\/agora.xtec.cat\/ceipvistaalegre\/wp-json\/wp\/v2\/pages\/7862\/revisions"}],"predecessor-version":[{"id":7944,"href":"https:\/\/agora.xtec.cat\/ceipvistaalegre\/wp-json\/wp\/v2\/pages\/7862\/revisions\/7944"}],"up":[{"embeddable":true,"href":"https:\/\/agora.xtec.cat\/ceipvistaalegre\/wp-json\/wp\/v2\/pages\/9"}],"wp:attachment":[{"href":"https:\/\/agora.xtec.cat\/ceipvistaalegre\/wp-json\/wp\/v2\/media?parent=7862"}],"curies":[{"name":"wp","href":"https:\/\/api.w.org\/{rel}","templated":true}]}}