{"id":7847,"date":"2022-11-03T13:02:29","date_gmt":"2022-11-03T12:02:29","guid":{"rendered":"https:\/\/agora.xtec.cat\/ceipvistaalegre\/?page_id=7847"},"modified":"2026-01-22T14:02:41","modified_gmt":"2026-01-22T13:02:41","slug":"racons-de-treball","status":"publish","type":"page","link":"https:\/\/agora.xtec.cat\/ceipvistaalegre\/projecte-educatiu\/racons-de-treball\/","title":{"rendered":"Racons de treball"},"content":{"rendered":"<p>El treball per racons \u00e9s una proposta metodol\u00f2gica que proposa delimitar, dintre de l\u2019aula, diferents espais on els nostres alumnes puguin realitzar de manera simult\u00e0nia diferents activitats de tipus cognitiu, manipulatiu i simb\u00f2lic. La manera d\u2019organitzar la classe \u00e9s oferir una gran varietat de propostes a les quals els nens poden accedir d\u2019una forma oberta. Els nens poden realitzar activitats aut\u00f2nomament, amb d\u2019altres companys o amb l\u2019adult.<\/p>\n<p>Aquesta manera de treballar implica una metodologia m\u00e9s creativa i flexible, en la que el rol del mestre es dinamitzar els aprenentatges i proporcionar oportunitats per que els alumnes puguin explorar tots els centres d\u2019aprenentatges.<\/p>\n<p>El treball per racons t\u00e9 en compte els aspectes cognitius, motrius, afectius i socials del nen, ja que en aquestes etapes els nens es manifesten de manera global. Els objectius d\u2019aquesta estrat\u00e8gia organitzativa s\u00f3n els seg\u00fcents:<\/p>\n<ul>\n<li>Atendre a cada nen de manera individual, respectant els seus interessos i ritme d\u2019aprenentatge.<\/li>\n<li>Potenciar l\u2019\u00fas dels diferents llenguatges: matem\u00e0tic, ling\u00fc\u00edstic, pl\u00e0stic, musical&#8230;<\/li>\n<li>Afavorir l\u2019autonomia i capacitat d\u2019organitzaci\u00f3 del nen.<\/li>\n<li>Afavorir ritmes de treball i d\u2019ordre.<\/li>\n<li>Educar les persones perqu\u00e8 tinguin criteri propi.<\/li>\n<li>Potenciar les interrelacions.<\/li>\n<\/ul>\n<p style=\"text-align: center;\">\r\n\t<div class=\"slideshow_container slideshow_container_style-light\" style=\"height: 300px; \" data-slideshow-id=\"12096\" data-style-name=\"style-light\" data-style-version=\"2.3.1\" >\r\n\r\n\t\t\t\t\t<div class=\"slideshow_loading_icon\"><\/div>\r\n\t\t\r\n\t\t<div class=\"slideshow_content\" style=\"display: none;\">\r\n\r\n\t\t\t<div class=\"slideshow_view\">\r\n\t\t\t\t<div class=\"slideshow_slide slideshow_slide_image\">\r\n\t\t\t\t\t\t\t\t\t\t\t<img src=\"https:\/\/agora.xtec.cat\/ceipvistaalegre\/wp-content\/uploads\/usu1936\/2026\/01\/IMG_0411-scaled.jpg\" alt=\"IMG_0411\" width=\"1920\" height=\"2560\" \/>\r\n\t\t\t\t\t\t\t\t\t\t<div class=\"slideshow_description_box slideshow_transparent\">\r\n\t\t\t\t\t\t\t\t\t\t\t\t\t\t\t\t\t<\/div>\r\n\t\t\t\t<\/div>\r\n\r\n\t\t\t\t\t\t<div style=\"clear: both;\"><\/div><\/div><div class=\"slideshow_view\">\r\n\t\t\t\t<div class=\"slideshow_slide slideshow_slide_image\">\r\n\t\t\t\t\t\t\t\t\t\t\t<img src=\"https:\/\/agora.xtec.cat\/ceipvistaalegre\/wp-content\/uploads\/usu1936\/2026\/01\/IMG_0413-scaled.jpg\" alt=\"IMG_0413\" width=\"2560\" height=\"1920\" \/>\r\n\t\t\t\t\t\t\t\t\t\t<div class=\"slideshow_description_box slideshow_transparent\">\r\n\t\t\t\t\t\t\t\t\t\t\t\t\t\t\t\t\t<\/div>\r\n\t\t\t\t<\/div>\r\n\r\n\t\t\t\t\t\t<div style=\"clear: both;\"><\/div><\/div><div class=\"slideshow_view\">\r\n\t\t\t\t<div class=\"slideshow_slide slideshow_slide_image\">\r\n\t\t\t\t\t\t\t\t\t\t\t<img src=\"https:\/\/agora.xtec.cat\/ceipvistaalegre\/wp-content\/uploads\/usu1936\/2026\/01\/IMG_0415-scaled.jpg\" alt=\"IMG_0415\" width=\"1920\" height=\"2560\" \/>\r\n\t\t\t\t\t\t\t\t\t\t<div class=\"slideshow_description_box slideshow_transparent\">\r\n\t\t\t\t\t\t\t\t\t\t\t\t\t\t\t\t\t<\/div>\r\n\t\t\t\t<\/div>\r\n\r\n\t\t\t\t\t\t<div style=\"clear: both;\"><\/div><\/div><div class=\"slideshow_view\">\r\n\t\t\t\t<div class=\"slideshow_slide slideshow_slide_image\">\r\n\t\t\t\t\t\t\t\t\t\t\t<img src=\"https:\/\/agora.xtec.cat\/ceipvistaalegre\/wp-content\/uploads\/usu1936\/2026\/01\/IMG_0423-scaled.jpg\" alt=\"IMG_0423\" width=\"1920\" height=\"2560\" \/>\r\n\t\t\t\t\t\t\t\t\t\t<div class=\"slideshow_description_box slideshow_transparent\">\r\n\t\t\t\t\t\t\t\t\t\t\t\t\t\t\t\t\t<\/div>\r\n\t\t\t\t<\/div>\r\n\r\n\t\t\t\t\t\t<div style=\"clear: both;\"><\/div><\/div>\r\n\t\t<\/div>\r\n\r\n\t\t<div class=\"slideshow_controlPanel slideshow_transparent\" style=\"display: none;\"><ul><li class=\"slideshow_togglePlay\" data-play-text=\"Visualitza\" data-pause-text=\"Pausa\"><\/li><\/ul><\/div>\r\n\r\n\t\t<div class=\"slideshow_button slideshow_previous slideshow_transparent\" role=\"button\" data-previous-text=\"Anterior\" style=\"display: none;\"><\/div>\r\n\t\t<div class=\"slideshow_button slideshow_next slideshow_transparent\" role=\"button\" data-next-text=\"Seg\u00fcent\" style=\"display: none;\"><\/div>\r\n\r\n\t\t<div class=\"slideshow_pagination\" style=\"display: none;\" data-go-to-text=\"V\u00e9s a la diapositiva\"><div class=\"slideshow_pagination_center\"><\/div><\/div>\r\n\r\n\t\t<!-- WordPress Slideshow Version 2.3.1 -->\r\n\r\n\t\t\t<\/div>\r\n\r\n<\/p>\n","protected":false},"excerpt":{"rendered":"<p>El treball per racons \u00e9s una proposta metodol\u00f2gica que proposa delimitar, dintre de l\u2019aula, diferents espais on els nostres alumnes puguin realitzar de manera simult\u00e0nia diferents activitats de tipus cognitiu, manipulatiu i simb\u00f2lic. La manera d\u2019organitzar la classe \u00e9s oferir una gran varietat de propostes&hellip;  <a href=\"https:\/\/agora.xtec.cat\/ceipvistaalegre\/projecte-educatiu\/racons-de-treball\/\" title=\"Read Racons de treball\">Llegeix m\u00e9s\u00bb<\/a><\/p>\n","protected":false},"author":1,"featured_media":0,"parent":64,"menu_order":0,"comment_status":"closed","ping_status":"closed","template":"page-templates\/side-menu.php","meta":{"_bbp_topic_count":0,"_bbp_reply_count":0,"_bbp_total_topic_count":0,"_bbp_total_reply_count":0,"_bbp_voice_count":0,"_bbp_anonymous_reply_count":0,"_bbp_topic_count_hidden":0,"_bbp_reply_count_hidden":0,"_bbp_forum_subforum_count":0,"footnotes":""},"class_list":["post-7847","page","type-page","status-publish","hentry"],"post_mailing_queue_ids":[],"_links":{"self":[{"href":"https:\/\/agora.xtec.cat\/ceipvistaalegre\/wp-json\/wp\/v2\/pages\/7847","targetHints":{"allow":["GET"]}}],"collection":[{"href":"https:\/\/agora.xtec.cat\/ceipvistaalegre\/wp-json\/wp\/v2\/pages"}],"about":[{"href":"https:\/\/agora.xtec.cat\/ceipvistaalegre\/wp-json\/wp\/v2\/types\/page"}],"author":[{"embeddable":true,"href":"https:\/\/agora.xtec.cat\/ceipvistaalegre\/wp-json\/wp\/v2\/users\/1"}],"replies":[{"embeddable":true,"href":"https:\/\/agora.xtec.cat\/ceipvistaalegre\/wp-json\/wp\/v2\/comments?post=7847"}],"version-history":[{"count":4,"href":"https:\/\/agora.xtec.cat\/ceipvistaalegre\/wp-json\/wp\/v2\/pages\/7847\/revisions"}],"predecessor-version":[{"id":12103,"href":"https:\/\/agora.xtec.cat\/ceipvistaalegre\/wp-json\/wp\/v2\/pages\/7847\/revisions\/12103"}],"up":[{"embeddable":true,"href":"https:\/\/agora.xtec.cat\/ceipvistaalegre\/wp-json\/wp\/v2\/pages\/64"}],"wp:attachment":[{"href":"https:\/\/agora.xtec.cat\/ceipvistaalegre\/wp-json\/wp\/v2\/media?parent=7847"}],"curies":[{"name":"wp","href":"https:\/\/api.w.org\/{rel}","templated":true}]}}