{"id":646,"date":"2019-02-27T13:32:01","date_gmt":"2019-02-27T12:32:01","guid":{"rendered":"https:\/\/agora.xtec.cat\/ceipvistaalegre\/?page_id=646"},"modified":"2026-01-29T13:18:01","modified_gmt":"2026-01-29T12:18:01","slug":"final-de-curs-graduacio-6e","status":"publish","type":"page","link":"https:\/\/agora.xtec.cat\/ceipvistaalegre\/serveis\/final-de-curs-graduacio-6e\/","title":{"rendered":"Final de Curs: graduaci\u00f3 6\u00e8"},"content":{"rendered":"<p>La \u00faltima celebraci\u00f3 del curs es tanca amb la graduaci\u00f3 dels alumnes de 6\u00e8 que parteixen cap a l&#8217;Institut.<\/p>\n<p>Cada any, mestres, alumnes i fam\u00edlies acomiadarem els infants que han fet amb nosaltres la seva etapa de prim\u00e0ria a l&#8217;escola.<\/p>\n<p><a href=\"https:\/\/agora.xtec.cat\/ceipvistaalegre\/serveis\/final-de-curs-graduacio-6e\/attachment\/photo-2026-01-29-13-13-01\/\" rel=\"attachment wp-att-12153\"><img loading=\"lazy\" decoding=\"async\" class=\"aligncenter wp-image-12153 size-large\" src=\"https:\/\/agora.xtec.cat\/ceipvistaalegre\/wp-content\/uploads\/usu1936\/2026\/01\/PHOTO-2026-01-29-13-13-01-768x1024.jpg\" alt=\"\" width=\"768\" height=\"1024\" srcset=\"https:\/\/agora.xtec.cat\/ceipvistaalegre\/wp-content\/uploads\/usu1936\/2026\/01\/PHOTO-2026-01-29-13-13-01-768x1024.jpg 768w, https:\/\/agora.xtec.cat\/ceipvistaalegre\/wp-content\/uploads\/usu1936\/2026\/01\/PHOTO-2026-01-29-13-13-01-225x300.jpg 225w, https:\/\/agora.xtec.cat\/ceipvistaalegre\/wp-content\/uploads\/usu1936\/2026\/01\/PHOTO-2026-01-29-13-13-01-1152x1536.jpg 1152w, https:\/\/agora.xtec.cat\/ceipvistaalegre\/wp-content\/uploads\/usu1936\/2026\/01\/PHOTO-2026-01-29-13-13-01.jpg 1536w\" sizes=\"auto, (max-width: 768px) 100vw, 768px\" \/><\/a><\/p>\n<p style=\"text-align: center;\">\n","protected":false},"excerpt":{"rendered":"<p>La \u00faltima celebraci\u00f3 del curs es tanca amb la graduaci\u00f3 dels alumnes de 6\u00e8 que parteixen cap a l&#8217;Institut.<br \/>\nCada any, mestres, alumnes i fam\u00edlies acomiadarem els infants que han fet amb nosaltres la seva etapa de prim\u00e0ria a l&#8217;escola.<br \/>\n<a href=\"https:\/\/agora.xtec.cat\/ceipvistaalegre\/serveis\/final-de-curs-graduacio-6e\/attachment\/photo-2026-01-29-13-13-01\/\" rel=\"attachment wp-att-12153\"><\/a><\/p>\n","protected":false},"author":1,"featured_media":0,"parent":66,"menu_order":0,"comment_status":"closed","ping_status":"closed","template":"page-templates\/side-menu.php","meta":{"_bbp_topic_count":0,"_bbp_reply_count":0,"_bbp_total_topic_count":0,"_bbp_total_reply_count":0,"_bbp_voice_count":0,"_bbp_anonymous_reply_count":0,"_bbp_topic_count_hidden":0,"_bbp_reply_count_hidden":0,"_bbp_forum_subforum_count":0,"footnotes":""},"class_list":["post-646","page","type-page","status-publish","hentry"],"post_mailing_queue_ids":[],"_links":{"self":[{"href":"https:\/\/agora.xtec.cat\/ceipvistaalegre\/wp-json\/wp\/v2\/pages\/646","targetHints":{"allow":["GET"]}}],"collection":[{"href":"https:\/\/agora.xtec.cat\/ceipvistaalegre\/wp-json\/wp\/v2\/pages"}],"about":[{"href":"https:\/\/agora.xtec.cat\/ceipvistaalegre\/wp-json\/wp\/v2\/types\/page"}],"author":[{"embeddable":true,"href":"https:\/\/agora.xtec.cat\/ceipvistaalegre\/wp-json\/wp\/v2\/users\/1"}],"replies":[{"embeddable":true,"href":"https:\/\/agora.xtec.cat\/ceipvistaalegre\/wp-json\/wp\/v2\/comments?post=646"}],"version-history":[{"count":6,"href":"https:\/\/agora.xtec.cat\/ceipvistaalegre\/wp-json\/wp\/v2\/pages\/646\/revisions"}],"predecessor-version":[{"id":12159,"href":"https:\/\/agora.xtec.cat\/ceipvistaalegre\/wp-json\/wp\/v2\/pages\/646\/revisions\/12159"}],"up":[{"embeddable":true,"href":"https:\/\/agora.xtec.cat\/ceipvistaalegre\/wp-json\/wp\/v2\/pages\/66"}],"wp:attachment":[{"href":"https:\/\/agora.xtec.cat\/ceipvistaalegre\/wp-json\/wp\/v2\/media?parent=646"}],"curies":[{"name":"wp","href":"https:\/\/api.w.org\/{rel}","templated":true}]}}