{"id":64,"date":"2014-09-18T12:39:08","date_gmt":"2014-09-18T11:39:08","guid":{"rendered":"http:\/\/agora.xtec.cat\/ceipvistaalegre\/?page_id=64"},"modified":"2020-12-03T10:02:20","modified_gmt":"2020-12-03T09:02:20","slug":"projecte-educatiu","status":"publish","type":"page","link":"https:\/\/agora.xtec.cat\/ceipvistaalegre\/projecte-educatiu\/","title":{"rendered":"Projecte educatiu"},"content":{"rendered":"<p><span style=\"font-weight: 400;\">El projecte educatiu de centre (PEC) \u00e9s el document marc que recull la identitat del centre, n\u2019explicita els objectius, n\u2019orienta l\u2019activitat i hi d\u00f3na sentit amb la finalitat que els alumnes n\u2019assoleixen les compet\u00e8ncies b\u00e0siques i el m\u00e0xim aprofitament educatiu, d\u2019acord amb el marc propiciat pel Decret 102\/2010, de 3 d\u2019agost, d\u2019autonomia dels centres educatius.\u00a0<\/span><\/p>\n<p><span style=\"font-weight: 400;\">L\u2019elaboraci\u00f3 del PEC correspon a cada centre, donat que hi ha total autonomia per part de l\u2019Administraci\u00f3 educativa, per poder concretar, interpretar i aplicar les previsions de la normativa vigent als trets caracter\u00edstics del centre, d\u2019acord amb les necessitats dels alumnes i dels objectius previstos.\u00a0<\/span><\/p>\n<p><span style=\"font-weight: 400;\">Com el seu nom indica, \u00e9s un projecte, per tant est\u00e0 subjecte a les actualitzacions i modificacions que es creguin convenients, segons noves necessitats o canvis contextuals.<\/span><\/p>\n<p><span style=\"font-weight: 400;\">El projecte educatiu de l\u2019escola Vista Alegre, fa una descripci\u00f3 de la hist\u00f2ria del centre, analitza el context, concreta els principis d\u2019identitat i explica la l\u00ednia estrat\u00e8gica a seguir, marca els objectius generals de l\u2019escola, defineix els \u00f2rgans de govern, tamb\u00e9 estableix la metodologia a aplicar, els projectes que desenvolupa el centre i concreta l\u2019\u00fas dels recursos. Aix\u00ed com les relacions que es porten a terme amb la comunitat educativa i amb l\u2019entorn.\u00a0<\/span><\/p>\n","protected":false},"excerpt":{"rendered":"<p>El projecte educatiu de centre (PEC) \u00e9s el document marc que recull la identitat del centre, n\u2019explicita els objectius, n\u2019orienta l\u2019activitat i hi d\u00f3na sentit amb la finalitat que els alumnes n\u2019assoleixen les compet\u00e8ncies b\u00e0siques i el m\u00e0xim aprofitament educatiu, d\u2019acord amb el marc propiciat&hellip;  <a href=\"https:\/\/agora.xtec.cat\/ceipvistaalegre\/projecte-educatiu\/\" title=\"Read Projecte educatiu\">Llegeix m\u00e9s\u00bb<\/a><\/p>\n","protected":false},"author":1,"featured_media":0,"parent":0,"menu_order":0,"comment_status":"closed","ping_status":"closed","template":"page-templates\/side-menu.php","meta":{"_bbp_topic_count":0,"_bbp_reply_count":0,"_bbp_total_topic_count":0,"_bbp_total_reply_count":0,"_bbp_voice_count":0,"_bbp_anonymous_reply_count":0,"_bbp_topic_count_hidden":0,"_bbp_reply_count_hidden":0,"_bbp_forum_subforum_count":0,"footnotes":""},"class_list":["post-64","page","type-page","status-publish","hentry"],"post_mailing_queue_ids":[],"_links":{"self":[{"href":"https:\/\/agora.xtec.cat\/ceipvistaalegre\/wp-json\/wp\/v2\/pages\/64","targetHints":{"allow":["GET"]}}],"collection":[{"href":"https:\/\/agora.xtec.cat\/ceipvistaalegre\/wp-json\/wp\/v2\/pages"}],"about":[{"href":"https:\/\/agora.xtec.cat\/ceipvistaalegre\/wp-json\/wp\/v2\/types\/page"}],"author":[{"embeddable":true,"href":"https:\/\/agora.xtec.cat\/ceipvistaalegre\/wp-json\/wp\/v2\/users\/1"}],"replies":[{"embeddable":true,"href":"https:\/\/agora.xtec.cat\/ceipvistaalegre\/wp-json\/wp\/v2\/comments?post=64"}],"version-history":[{"count":1,"href":"https:\/\/agora.xtec.cat\/ceipvistaalegre\/wp-json\/wp\/v2\/pages\/64\/revisions"}],"predecessor-version":[{"id":3456,"href":"https:\/\/agora.xtec.cat\/ceipvistaalegre\/wp-json\/wp\/v2\/pages\/64\/revisions\/3456"}],"wp:attachment":[{"href":"https:\/\/agora.xtec.cat\/ceipvistaalegre\/wp-json\/wp\/v2\/media?parent=64"}],"curies":[{"name":"wp","href":"https:\/\/api.w.org\/{rel}","templated":true}]}}