{"id":602,"date":"2019-02-26T18:27:26","date_gmt":"2019-02-26T17:27:26","guid":{"rendered":"https:\/\/agora.xtec.cat\/ceipvistaalegre\/?page_id=602"},"modified":"2026-01-22T12:47:21","modified_gmt":"2026-01-22T11:47:21","slug":"biblioteques","status":"publish","type":"page","link":"https:\/\/agora.xtec.cat\/ceipvistaalegre\/projecte-de-ciutat\/biblioteques\/","title":{"rendered":"Biblioteques"},"content":{"rendered":"<p><i>Biblioteques de Matar\u00f3<\/i>\u00a0\u00e9s el nom que rep la xarxa local de biblioteques p\u00fabliques de la ciutat de Matar\u00f3.<\/p>\n<p>Actualment formen part d\u2019aquesta xarxa la Biblioteca Pompeu Fabra i la Biblioteca Antoni Comas que s\u00f3n de titularitat municipal i es gestionen per conveni amb la Diputaci\u00f3 de Barcelona.<\/p>\n<p>Les biblioteques de Matar\u00f3 tenen com a missi\u00f3 facilitar l\u2019acc\u00e9s lliure a la informaci\u00f3, al coneixement i a la cultura, donant suport a la formaci\u00f3 i esdevenir centres d\u2019oci i de lleure per a tots els ciutadans.<\/p>\n<h3><strong>Qu\u00e8 ens ofereixen les biblioteques?<\/strong><\/h3>\n<p><strong>Hora del conte<\/strong><br \/>\nSessions de contes per a iniciar els infants a la lectura i a la narraci\u00f3 oral, amb contes cl\u00e0ssics, moderns i hist\u00f2ries inventades.<\/p>\n<p><strong>Clubs de lectura infantils<\/strong><br \/>\nTrobades en grup per a nens\/es de totes les edats, per comen\u00e7ar a agafar l\u2019h\u00e0bit de la lectura mitjan\u00e7ant sessions amenes i divertides.<\/p>\n<p><strong>Pr\u00e9stec<\/strong><br \/>\nA m\u00e9s a m\u00e9s d&#8217;endur-nos en pr\u00e9stec documents de les biblioteques de Matar\u00f3, tamb\u00e9 podeu disposem del fons de la resta de biblioteques de la Xarxa de Biblioteques P\u00fabliques de la Diputaci\u00f3 de Barcelona i de les altres prov\u00edncies, a banda de disposar de serveis de pr\u00e9stec especials (lots de llibres segons un tema a treballar, per exemple)<\/p>\n<p><strong>Tallers<\/strong><br \/>\nActivitats adre\u00e7ades a p\u00fablic familiar amb l\u2019objectiu de proporcionar una estona d\u2019oci cultural en fam\u00edlia. Els tallers que s\u2019organitzen s\u00f3n literaris o de manualitats, relacionats amb un tema a descobrir o explorar.<\/p>\n<p><strong>Visites guiades<\/strong><br \/>\nEns ofereixen la possibilitat de formar-nos en l\u2019\u00fas de la Biblioteca (com est\u00e0 distribu\u00efda, qu\u00e8 podem trobar i a on, com funciona el cat\u00e0leg&#8230;). Tamb\u00e9 podem sol\u00b7licitar visitar les instal\u00b7lacions i con\u00e8ixer les singularitats dels edificis que alberguen les biblioteques.<\/p>\n<p><a href=\"https:\/\/agora.xtec.cat\/ceipvistaalegre\/wp-content\/uploads\/usu1936\/2026\/01\/PXL_20260121_085607456.MP-2-scaled.jpg\"><img loading=\"lazy\" decoding=\"async\" class=\"wp-image-12091 aligncenter\" src=\"https:\/\/agora.xtec.cat\/ceipvistaalegre\/wp-content\/uploads\/usu1936\/2026\/01\/PXL_20260121_085607456.MP-2-771x1024.jpg\" alt=\"\" width=\"271\" height=\"360\" srcset=\"https:\/\/agora.xtec.cat\/ceipvistaalegre\/wp-content\/uploads\/usu1936\/2026\/01\/PXL_20260121_085607456.MP-2-771x1024.jpg 771w, https:\/\/agora.xtec.cat\/ceipvistaalegre\/wp-content\/uploads\/usu1936\/2026\/01\/PXL_20260121_085607456.MP-2-226x300.jpg 226w, https:\/\/agora.xtec.cat\/ceipvistaalegre\/wp-content\/uploads\/usu1936\/2026\/01\/PXL_20260121_085607456.MP-2-768x1020.jpg 768w, https:\/\/agora.xtec.cat\/ceipvistaalegre\/wp-content\/uploads\/usu1936\/2026\/01\/PXL_20260121_085607456.MP-2-1157x1536.jpg 1157w, https:\/\/agora.xtec.cat\/ceipvistaalegre\/wp-content\/uploads\/usu1936\/2026\/01\/PXL_20260121_085607456.MP-2-1542x2048.jpg 1542w, https:\/\/agora.xtec.cat\/ceipvistaalegre\/wp-content\/uploads\/usu1936\/2026\/01\/PXL_20260121_085607456.MP-2-scaled.jpg 1928w\" sizes=\"auto, (max-width: 271px) 100vw, 271px\" \/><\/a><\/p>\n","protected":false},"excerpt":{"rendered":"<p>Biblioteques de Matar\u00f3\u00a0\u00e9s el nom que rep la xarxa local de biblioteques p\u00fabliques de la ciutat de Matar\u00f3.<br \/>\nActualment formen part d\u2019aquesta xarxa la Biblioteca Pompeu Fabra i la Biblioteca Antoni Comas que s\u00f3n de titularitat municipal i es gestionen per conveni amb la Diputaci\u00f3 de&hellip;  <a href=\"https:\/\/agora.xtec.cat\/ceipvistaalegre\/projecte-de-ciutat\/biblioteques\/\" title=\"Read Biblioteques\">Llegeix m\u00e9s\u00bb<\/a><\/p>\n","protected":false},"author":1,"featured_media":0,"parent":504,"menu_order":75,"comment_status":"closed","ping_status":"closed","template":"page-templates\/side-menu.php","meta":{"_bbp_topic_count":0,"_bbp_reply_count":0,"_bbp_total_topic_count":0,"_bbp_total_reply_count":0,"_bbp_voice_count":0,"_bbp_anonymous_reply_count":0,"_bbp_topic_count_hidden":0,"_bbp_reply_count_hidden":0,"_bbp_forum_subforum_count":0,"footnotes":""},"class_list":["post-602","page","type-page","status-publish","hentry"],"post_mailing_queue_ids":[],"_links":{"self":[{"href":"https:\/\/agora.xtec.cat\/ceipvistaalegre\/wp-json\/wp\/v2\/pages\/602","targetHints":{"allow":["GET"]}}],"collection":[{"href":"https:\/\/agora.xtec.cat\/ceipvistaalegre\/wp-json\/wp\/v2\/pages"}],"about":[{"href":"https:\/\/agora.xtec.cat\/ceipvistaalegre\/wp-json\/wp\/v2\/types\/page"}],"author":[{"embeddable":true,"href":"https:\/\/agora.xtec.cat\/ceipvistaalegre\/wp-json\/wp\/v2\/users\/1"}],"replies":[{"embeddable":true,"href":"https:\/\/agora.xtec.cat\/ceipvistaalegre\/wp-json\/wp\/v2\/comments?post=602"}],"version-history":[{"count":5,"href":"https:\/\/agora.xtec.cat\/ceipvistaalegre\/wp-json\/wp\/v2\/pages\/602\/revisions"}],"predecessor-version":[{"id":12093,"href":"https:\/\/agora.xtec.cat\/ceipvistaalegre\/wp-json\/wp\/v2\/pages\/602\/revisions\/12093"}],"up":[{"embeddable":true,"href":"https:\/\/agora.xtec.cat\/ceipvistaalegre\/wp-json\/wp\/v2\/pages\/504"}],"wp:attachment":[{"href":"https:\/\/agora.xtec.cat\/ceipvistaalegre\/wp-json\/wp\/v2\/media?parent=602"}],"curies":[{"name":"wp","href":"https:\/\/api.w.org\/{rel}","templated":true}]}}