{"id":5597,"date":"2021-11-12T11:38:04","date_gmt":"2021-11-12T10:38:04","guid":{"rendered":"https:\/\/agora.xtec.cat\/ceipvistaalegre\/?page_id=5597"},"modified":"2021-11-12T12:22:53","modified_gmt":"2021-11-12T11:22:53","slug":"relacio-de-convenis","status":"publish","type":"page","link":"https:\/\/agora.xtec.cat\/ceipvistaalegre\/lescola\/relacio-de-convenis\/","title":{"rendered":"Relaci\u00f3 de convenis"},"content":{"rendered":"<p>Des de l\u2019escola tenim la necessitat creixent de poder obtenir el m\u00e0xim profit de les relacions que obtenim de les diferents entitats i organitzacions aix\u00ed com d\u2019instituts i plans educatius de la ciutat de Matar\u00f3, Des de la Direcci\u00f3 del centre al llarg dels anys hem signat convenis col\u00b7laboratius amb instituts, entitats, organitzacions, etc. Aix\u00ed com el participar en projectes i activitats de la ciutat.<\/p>\n<p>Tot seguit trobareu els convenis signats amb entitats i instituts:<\/p>\n<ul>\n<li><strong>Pr\u00e0ctiques d\u2019estudis universitaris<\/strong>. L\u2019escola acull i tutoritza estudiants de graus universitaris i els tutoritza com a Escola Formadora de Pr\u00e0ctiques reconeguda pel Departament d\u2019Educaci\u00f3.<\/li>\n<li><strong>Pr\u00e0ctiques d\u2019estudis de cicles<\/strong>\u00a0de grau mitj\u00e0 o superior. Es tutoritzen estudiants de graus mitj\u00e0 o superior d\u2019altes centres.<\/li>\n<li><strong>Projecte Singular<\/strong>. Es tutoritzen unes pr\u00e0ctiques empresarials a alumnes d\u2019ESO matriculats a algun dels instituts de la ciutat en el marc del conveni signat amb l\u2019Ajuntament de Matar\u00f3 i l\u2019IES corresponent.<\/li>\n<li><strong>Pla Educatiu d&#8217;Entorn<\/strong>. Un programa de cooperaci\u00f3 amb el Departament d\u2019Educaci\u00f3 que inclou <strong style=\"font-family: inherit; font-size: 1em;\">m\u00e9s de 40 projectes socioeducatius<\/strong><span style=\"font-family: inherit; font-size: 1em;\"> a la ciutat. <\/span>El Pla es basa en el treball en xarxa entre els agents socioeducatius que operen al territori per assegurar la continu\u00eftat educativa en l&#8217;aprenentatge comunitari de l&#8217;alumnat, facilitar la cohesi\u00f3 social i enfortir el paper de les fam\u00edlies i les AMPA\/AFA.<\/li>\n<\/ul>\n","protected":false},"excerpt":{"rendered":"<p>Des de l\u2019escola tenim la necessitat creixent de poder obtenir el m\u00e0xim profit de les relacions que obtenim de les diferents entitats i organitzacions aix\u00ed com d\u2019instituts i plans educatius de la ciutat de Matar\u00f3, Des de la Direcci\u00f3 del centre al llarg dels anys&hellip;  <a href=\"https:\/\/agora.xtec.cat\/ceipvistaalegre\/lescola\/relacio-de-convenis\/\" title=\"Read Relaci\u00f3 de convenis\">Llegeix m\u00e9s\u00bb<\/a><\/p>\n","protected":false},"author":1,"featured_media":0,"parent":22,"menu_order":90,"comment_status":"closed","ping_status":"closed","template":"page-templates\/side-menu.php","meta":{"_bbp_topic_count":0,"_bbp_reply_count":0,"_bbp_total_topic_count":0,"_bbp_total_reply_count":0,"_bbp_voice_count":0,"_bbp_anonymous_reply_count":0,"_bbp_topic_count_hidden":0,"_bbp_reply_count_hidden":0,"_bbp_forum_subforum_count":0,"footnotes":""},"class_list":["post-5597","page","type-page","status-publish","hentry"],"post_mailing_queue_ids":[],"_links":{"self":[{"href":"https:\/\/agora.xtec.cat\/ceipvistaalegre\/wp-json\/wp\/v2\/pages\/5597","targetHints":{"allow":["GET"]}}],"collection":[{"href":"https:\/\/agora.xtec.cat\/ceipvistaalegre\/wp-json\/wp\/v2\/pages"}],"about":[{"href":"https:\/\/agora.xtec.cat\/ceipvistaalegre\/wp-json\/wp\/v2\/types\/page"}],"author":[{"embeddable":true,"href":"https:\/\/agora.xtec.cat\/ceipvistaalegre\/wp-json\/wp\/v2\/users\/1"}],"replies":[{"embeddable":true,"href":"https:\/\/agora.xtec.cat\/ceipvistaalegre\/wp-json\/wp\/v2\/comments?post=5597"}],"version-history":[{"count":3,"href":"https:\/\/agora.xtec.cat\/ceipvistaalegre\/wp-json\/wp\/v2\/pages\/5597\/revisions"}],"predecessor-version":[{"id":5615,"href":"https:\/\/agora.xtec.cat\/ceipvistaalegre\/wp-json\/wp\/v2\/pages\/5597\/revisions\/5615"}],"up":[{"embeddable":true,"href":"https:\/\/agora.xtec.cat\/ceipvistaalegre\/wp-json\/wp\/v2\/pages\/22"}],"wp:attachment":[{"href":"https:\/\/agora.xtec.cat\/ceipvistaalegre\/wp-json\/wp\/v2\/media?parent=5597"}],"curies":[{"name":"wp","href":"https:\/\/api.w.org\/{rel}","templated":true}]}}