{"id":5062,"date":"2022-03-10T11:52:35","date_gmt":"2022-03-10T10:52:35","guid":{"rendered":"https:\/\/agora.xtec.cat\/ceipvilademany\/?page_id=5062"},"modified":"2022-05-31T16:17:13","modified_gmt":"2022-05-31T14:17:13","slug":"diagnosi","status":"publish","type":"page","link":"https:\/\/agora.xtec.cat\/ceipvilademany\/estrategia-digital-de-centre\/estrategia-digital\/diagnosi\/","title":{"rendered":"Diagnosi"},"content":{"rendered":"<h5><strong>L\u2019objectiu de la diagnosi \u00e9s trobar aquells punts forts que el centre ja est\u00e0 fent correctament sobre l\u2019\u00fas de les tecnologies digitals i, tamb\u00e9, trobar aquells aspectes en qu\u00e8 el centre ha de millorar.<\/strong><\/h5>\n<p>Una vegada feta la diagnosi de centre, en la qual han participat l\u2019equip directiu, els professorat i l\u2019alumnat de CS, els punts forts de centre i el punts a millorar s\u00f3n els seg\u00fcents.<\/p>\n<table style=\"border-collapse: collapse; width: 100%;\">\n<tbody>\n<tr>\n<td style=\"width: 50%;\">PUNTS FORTS<\/td>\n<td style=\"width: 50%;\">PUNTS A MILLORAR<\/td>\n<\/tr>\n<tr>\n<td style=\"width: 50%;\">*Bona estructura i connectivitat.<\/p>\n<p>*Desenvolupament professional continu en tecnologies digitals.<\/p>\n<p>*Recerca i \u00fas de recursos educatius en l\u00ednia.<\/td>\n<td style=\"width: 50%;\">*Debatre sobre avantatges de l&#8217;\u00fas de tecnologies digitals.<\/p>\n<p>*Promoure l&#8217;intercanvi d&#8217;experi\u00e8ncies dels recursos utilitzats en tecnologies digitals.<\/p>\n<p>*Pr\u00e0ctiques d&#8217;avaluaci\u00f3.<\/td>\n<\/tr>\n<\/tbody>\n<\/table>\n","protected":false},"excerpt":{"rendered":"<p>L\u2019objectiu de la diagnosi \u00e9s trobar aquells punts forts que el centre ja est\u00e0 fent correctament sobre l\u2019\u00fas de les tecnologies digitals i, tamb\u00e9, trobar aquells aspectes en qu\u00e8 el centre ha de millorar.<br \/>\nUna vegada feta la diagnosi de centre, en la qual han participat&hellip;  <a href=\"https:\/\/agora.xtec.cat\/ceipvilademany\/estrategia-digital-de-centre\/estrategia-digital\/diagnosi\/\" title=\"Read Diagnosi\">Llegeix m\u00e9s\u00bb<\/a><\/p>\n","protected":false},"author":1,"featured_media":0,"parent":5070,"menu_order":0,"comment_status":"closed","ping_status":"closed","template":"","meta":{"_bbp_topic_count":0,"_bbp_reply_count":0,"_bbp_total_topic_count":0,"_bbp_total_reply_count":0,"_bbp_voice_count":0,"_bbp_anonymous_reply_count":0,"_bbp_topic_count_hidden":0,"_bbp_reply_count_hidden":0,"_bbp_forum_subforum_count":0,"footnotes":""},"class_list":["post-5062","page","type-page","status-publish","hentry"],"post_mailing_queue_ids":[],"_links":{"self":[{"href":"https:\/\/agora.xtec.cat\/ceipvilademany\/wp-json\/wp\/v2\/pages\/5062","targetHints":{"allow":["GET"]}}],"collection":[{"href":"https:\/\/agora.xtec.cat\/ceipvilademany\/wp-json\/wp\/v2\/pages"}],"about":[{"href":"https:\/\/agora.xtec.cat\/ceipvilademany\/wp-json\/wp\/v2\/types\/page"}],"author":[{"embeddable":true,"href":"https:\/\/agora.xtec.cat\/ceipvilademany\/wp-json\/wp\/v2\/users\/1"}],"replies":[{"embeddable":true,"href":"https:\/\/agora.xtec.cat\/ceipvilademany\/wp-json\/wp\/v2\/comments?post=5062"}],"version-history":[{"count":3,"href":"https:\/\/agora.xtec.cat\/ceipvilademany\/wp-json\/wp\/v2\/pages\/5062\/revisions"}],"predecessor-version":[{"id":5156,"href":"https:\/\/agora.xtec.cat\/ceipvilademany\/wp-json\/wp\/v2\/pages\/5062\/revisions\/5156"}],"up":[{"embeddable":true,"href":"https:\/\/agora.xtec.cat\/ceipvilademany\/wp-json\/wp\/v2\/pages\/5070"}],"wp:attachment":[{"href":"https:\/\/agora.xtec.cat\/ceipvilademany\/wp-json\/wp\/v2\/media?parent=5062"}],"curies":[{"name":"wp","href":"https:\/\/api.w.org\/{rel}","templated":true}]}}