{"id":7288,"date":"2022-06-05T18:29:33","date_gmt":"2022-06-05T16:29:33","guid":{"rendered":"https:\/\/agora.xtec.cat\/ceiptorresjonama\/?page_id=7288"},"modified":"2023-05-24T12:48:39","modified_gmt":"2023-05-24T10:48:39","slug":"objectius","status":"publish","type":"page","link":"https:\/\/agora.xtec.cat\/ceiptorresjonama\/estrategia-digital-de-centre\/part-estrategica\/objectius\/","title":{"rendered":"Objectius"},"content":{"rendered":"<p style=\"text-align: left;\"><strong>Objectius EDC:<\/strong><\/p>\n<table style=\"width: 97.1421%; height: 532px;\">\n<tbody>\n<tr style=\"height: 79px;\">\n<td style=\"width: 53.1964%; height: 79px;\"><span style=\"font-weight: 400;\">1.- Assegurar la compet\u00e8ncia digital de l\u2019alumnat.<\/span><\/td>\n<td style=\"width: 112.226%; height: 79px;\">\n<ul>\n<li style=\"font-weight: 400;\" aria-level=\"1\"><span style=\"font-weight: 400;\">1.1. Elaboraci\u00f3 de la programaci\u00f3 de la CDA.<\/span><\/li>\n<li style=\"font-weight: 400;\" aria-level=\"1\"><span style=\"font-weight: 400;\">1.2. Inclusi\u00f3 de la programaci\u00f3 en les diferents \u00e0rees.<\/span><\/li>\n<\/ul>\n<\/td>\n<\/tr>\n<tr style=\"height: 79px;\">\n<td style=\"width: 53.1964%; height: 79px;\"><span style=\"font-weight: 400;\">2.- Fomentar l\u2019\u00e8tica a la cultura digital de l\u2019alumnat.<\/span><\/td>\n<td style=\"width: 112.226%; height: 79px;\">\n<ul>\n<li style=\"font-weight: 400;\" aria-level=\"1\"><span style=\"font-weight: 400;\">2.1. Creaci\u00f3 d\u2019un dec\u00e0leg de bones pr\u00e0ctiques i difusi\u00f3 entre les aules.<\/span><\/li>\n<li aria-level=\"1\">2.2. Prendre consci\u00e8ncia de les dades digitals nostres que tenim a internet.<\/li>\n<\/ul>\n<\/td>\n<\/tr>\n<tr style=\"height: 79px;\">\n<td style=\"width: 53.1964%; height: 79px;\"><span style=\"font-weight: 400;\">3.- Promoure la innovaci\u00f3 pedag\u00f2gica a trav\u00e9s dels EVA.<\/span><\/td>\n<td style=\"width: 112.226%; height: 79px;\">\n<ul style=\"list-style-type: disc;\">\n<li><span style=\"font-weight: 400;\">3.1. Foment de la pr\u00e0ctica educativa dels EVA.<\/span><\/li>\n<li>3.2. Participaci\u00f3 de les tasques a trav\u00e9s dels EVA per part de l&#8217;alumnat.<\/li>\n<\/ul>\n<\/td>\n<\/tr>\n<tr style=\"height: 79px;\">\n<td style=\"width: 53.1964%; height: 79px;\"><span style=\"font-weight: 400;\">4.- Fomentar la formaci\u00f3 interna sobre la compet\u00e8ncia digital del professorat.<\/span><\/td>\n<td style=\"width: 112.226%; height: 79px;\">\n<ul>\n<li style=\"font-weight: 400;\" aria-level=\"1\"><span style=\"font-weight: 400;\">4.1. Tallers i propostes formatives digitals (c\u00e0psules de formaci\u00f3).<\/span><\/li>\n<li aria-level=\"1\">4.2. Creaci\u00f3 i actualitzaci\u00f3 dels diferents entorns virtuals d&#8217;aprenentatge.<\/li>\n<\/ul>\n<\/td>\n<\/tr>\n<tr style=\"height: 57px;\">\n<td style=\"width: 53.1964%; height: 57px;\"><span style=\"font-weight: 400;\">5.- Fer part\u00edcips a les fam\u00edlies de com educar en l&#8217;\u00fas de les pantalles.<\/span><\/td>\n<td style=\"width: 112.226%; height: 57px;\">\n<ul>\n<li style=\"font-weight: 400;\" aria-level=\"1\"><span style=\"font-weight: 400;\">5.1. Informar a les fam\u00edlies de com educar en l&#8217;\u00fas de les pantalles.<\/span><\/li>\n<\/ul>\n<\/td>\n<\/tr>\n<tr style=\"height: 102px;\">\n<td style=\"width: 53.1964%; height: 102px;\"><span style=\"font-weight: 400;\">6.- Prendre consci\u00e8ncia de la normativa de protecci\u00f3 de dades a tota la comunitat educativa.<\/span><\/td>\n<td style=\"width: 112.226%; height: 102px;\">\n<ul>\n<li><span style=\"font-weight: 400;\">6.1. Formaci\u00f3 sobre Google Drive a fam\u00edlies per visualitzar i descarregar les imatges i conscienciaci\u00f3 del seu \u00fas<\/span><\/li>\n<li>6.2. Nombre de participants de la formaci\u00f3 a les fam\u00edlies.<\/li>\n<\/ul>\n<\/td>\n<\/tr>\n<tr style=\"height: 57px;\">\n<td style=\"width: 53.1964%; height: 57px;\"><span style=\"font-weight: 400;\">7.- Redactar i desenvolupar l\u2019Estrat\u00e8gia Digital de Centre.<\/span><\/td>\n<td style=\"width: 112.226%; height: 57px;\">\n<ul>\n<li style=\"font-weight: 400;\" aria-level=\"1\"><span style=\"font-weight: 400;\">7.1. Creaci\u00f3 i seguiment de l\u2019EDC.<\/span><\/li>\n<li aria-level=\"1\">7.2. Revisi\u00f3 i actualitzaci\u00f3 de les NOFC incorporant aspectes de la EDC<\/li>\n<\/ul>\n<\/td>\n<\/tr>\n<\/tbody>\n<\/table>\n<p>&nbsp;<\/p>\n","protected":false},"excerpt":{"rendered":"<p>Objectius EDC:<\/p>\n<p>1.- Assegurar la compet\u00e8ncia digital de l\u2019alumnat.<\/p>\n<ul>\n<li style=\"font-weight: 400;\" aria-level=\"1\">1.1. Elaboraci\u00f3 de la programaci\u00f3 de la CDA.<\/li>\n<li style=\"font-weight: 400;\" aria-level=\"1\">1.2. Inclusi\u00f3 de la programaci\u00f3 en les diferents \u00e0rees.<\/li>\n<\/ul>\n<p>2.- Fomentar l\u2019\u00e8tica a la cultura digital de l\u2019alumnat.<\/p>\n<ul>\n<li style=\"font-weight: 400;\" aria-level=\"1\">2.1. Creaci\u00f3 d\u2019un dec\u00e0leg de bones&hellip;  <a href=\"https:\/\/agora.xtec.cat\/ceiptorresjonama\/estrategia-digital-de-centre\/part-estrategica\/objectius\/\" title=\"Read Objectius\">Llegeix m\u00e9s\u00bb<\/a><br \/>\n","protected":false},"author":3,"featured_media":0,"parent":7240,"menu_order":2,"comment_status":"closed","ping_status":"closed","template":"page-templates\/side-menu.php","meta":{"_bbp_topic_count":0,"_bbp_reply_count":0,"_bbp_total_topic_count":0,"_bbp_total_reply_count":0,"_bbp_voice_count":0,"_bbp_anonymous_reply_count":0,"_bbp_topic_count_hidden":0,"_bbp_reply_count_hidden":0,"_bbp_forum_subforum_count":0,"footnotes":""},"class_list":["post-7288","page","type-page","status-publish","hentry"],"post_mailing_queue_ids":[],"_links":{"self":[{"href":"https:\/\/agora.xtec.cat\/ceiptorresjonama\/wp-json\/wp\/v2\/pages\/7288","targetHints":{"allow":["GET"]}}],"collection":[{"href":"https:\/\/agora.xtec.cat\/ceiptorresjonama\/wp-json\/wp\/v2\/pages"}],"about":[{"href":"https:\/\/agora.xtec.cat\/ceiptorresjonama\/wp-json\/wp\/v2\/types\/page"}],"author":[{"embeddable":true,"href":"https:\/\/agora.xtec.cat\/ceiptorresjonama\/wp-json\/wp\/v2\/users\/3"}],"replies":[{"embeddable":true,"href":"https:\/\/agora.xtec.cat\/ceiptorresjonama\/wp-json\/wp\/v2\/comments?post=7288"}],"version-history":[{"count":4,"href":"https:\/\/agora.xtec.cat\/ceiptorresjonama\/wp-json\/wp\/v2\/pages\/7288\/revisions"}],"predecessor-version":[{"id":7965,"href":"https:\/\/agora.xtec.cat\/ceiptorresjonama\/wp-json\/wp\/v2\/pages\/7288\/revisions\/7965"}],"up":[{"embeddable":true,"href":"https:\/\/agora.xtec.cat\/ceiptorresjonama\/wp-json\/wp\/v2\/pages\/7240"}],"wp:attachment":[{"href":"https:\/\/agora.xtec.cat\/ceiptorresjonama\/wp-json\/wp\/v2\/media?parent=7288"}],"curies":[{"name":"wp","href":"https:\/\/api.w.org\/{rel}","templated":true}]}}