{"id":909,"date":"2018-11-21T09:55:21","date_gmt":"2018-11-21T08:55:21","guid":{"rendered":"http:\/\/agora.xtec.cat\/ceiptorreroja\/?page_id=909"},"modified":"2022-05-20T13:11:56","modified_gmt":"2022-05-20T11:11:56","slug":"festival-de-nadal","status":"publish","type":"page","link":"https:\/\/agora.xtec.cat\/ceiptorreroja\/lescola\/festes\/festival-de-nadal\/","title":{"rendered":"Festival de Nadal"},"content":{"rendered":"<h3 style=\"text-align: justify;\"><strong><br \/>\n<a href=\"https:\/\/agora.xtec.cat\/ceiptorreroja\/wp-content\/uploads\/usu1673\/2022\/04\/cantada.png\"><img loading=\"lazy\" decoding=\"async\" class=\"size-medium wp-image-3959 alignright\" src=\"https:\/\/agora.xtec.cat\/ceiptorreroja\/wp-content\/uploads\/usu1673\/2022\/04\/cantada-300x205.png\" alt=\"\" width=\"300\" height=\"205\" srcset=\"https:\/\/agora.xtec.cat\/ceiptorreroja\/wp-content\/uploads\/usu1673\/2022\/04\/cantada-300x205.png 300w, https:\/\/agora.xtec.cat\/ceiptorreroja\/wp-content\/uploads\/usu1673\/2022\/04\/cantada-1024x701.png 1024w, https:\/\/agora.xtec.cat\/ceiptorreroja\/wp-content\/uploads\/usu1673\/2022\/04\/cantada-768x525.png 768w, https:\/\/agora.xtec.cat\/ceiptorreroja\/wp-content\/uploads\/usu1673\/2022\/04\/cantada.png 1241w\" sizes=\"auto, (max-width: 300px) 100vw, 300px\" \/><\/a><\/strong><\/h3>\n<p style=\"text-align: justify;\">Els nens\/es canten nadales i els alumnes de sis\u00e8 munten paradetes de Santa Ll\u00facia per tal de recaptar diners per al viatge de fi de curs. Organitzat per l&#8217;escola i els pares de sis\u00e8.<\/p>\n<p>\ud83c\udfbc\u00a0 <a href=\"https:\/\/agora.xtec.cat\/ceiptorreroja\/nadales-2020-2021\/\" target=\"_blank\" rel=\"noopener\">CANTADA DE NADALES 2020<\/a><\/p>\n","protected":false},"excerpt":{"rendered":"<p><a href=\"https:\/\/agora.xtec.cat\/ceiptorreroja\/wp-content\/uploads\/usu1673\/2022\/04\/cantada.png\"><\/a><br \/>\nEls nens\/es canten nadales i els alumnes de sis\u00e8 munten paradetes de Santa Ll\u00facia per tal de recaptar diners per al viatge de fi de curs. Organitzat per l&#8217;escola i els pares de sis\u00e8.<br \/>\n\ud83c\udfbc\u00a0 <a href=\"https:\/\/agora.xtec.cat\/ceiptorreroja\/nadales-2020-2021\/\" target=\"_blank\" rel=\"noopener\">CANTADA DE NADALES 2020<\/a><\/p>\n","protected":false},"author":1,"featured_media":0,"parent":624,"menu_order":1,"comment_status":"closed","ping_status":"closed","template":"page-templates\/side-menu.php","meta":{"_bbp_topic_count":0,"_bbp_reply_count":0,"_bbp_total_topic_count":0,"_bbp_total_reply_count":0,"_bbp_voice_count":0,"_bbp_anonymous_reply_count":0,"_bbp_topic_count_hidden":0,"_bbp_reply_count_hidden":0,"_bbp_forum_subforum_count":0,"footnotes":""},"class_list":["post-909","page","type-page","status-publish","hentry"],"post_mailing_queue_ids":[],"_links":{"self":[{"href":"https:\/\/agora.xtec.cat\/ceiptorreroja\/wp-json\/wp\/v2\/pages\/909","targetHints":{"allow":["GET"]}}],"collection":[{"href":"https:\/\/agora.xtec.cat\/ceiptorreroja\/wp-json\/wp\/v2\/pages"}],"about":[{"href":"https:\/\/agora.xtec.cat\/ceiptorreroja\/wp-json\/wp\/v2\/types\/page"}],"author":[{"embeddable":true,"href":"https:\/\/agora.xtec.cat\/ceiptorreroja\/wp-json\/wp\/v2\/users\/1"}],"replies":[{"embeddable":true,"href":"https:\/\/agora.xtec.cat\/ceiptorreroja\/wp-json\/wp\/v2\/comments?post=909"}],"version-history":[{"count":3,"href":"https:\/\/agora.xtec.cat\/ceiptorreroja\/wp-json\/wp\/v2\/pages\/909\/revisions"}],"predecessor-version":[{"id":4106,"href":"https:\/\/agora.xtec.cat\/ceiptorreroja\/wp-json\/wp\/v2\/pages\/909\/revisions\/4106"}],"up":[{"embeddable":true,"href":"https:\/\/agora.xtec.cat\/ceiptorreroja\/wp-json\/wp\/v2\/pages\/624"}],"wp:attachment":[{"href":"https:\/\/agora.xtec.cat\/ceiptorreroja\/wp-json\/wp\/v2\/media?parent=909"}],"curies":[{"name":"wp","href":"https:\/\/api.w.org\/{rel}","templated":true}]}}