{"id":888,"date":"2018-11-21T09:41:33","date_gmt":"2018-11-21T08:41:33","guid":{"rendered":"http:\/\/agora.xtec.cat\/ceiptorreroja\/?page_id=888"},"modified":"2022-05-20T13:08:04","modified_gmt":"2022-05-20T11:08:04","slug":"sant-jordi-2","status":"publish","type":"page","link":"https:\/\/agora.xtec.cat\/ceiptorreroja\/lescola\/festes\/sant-jordi-2\/","title":{"rendered":"Sant Jordi"},"content":{"rendered":"<h3 style=\"text-align: justify;\">\u00a0<a href=\"https:\/\/agora.xtec.cat\/ceiptorreroja\/wp-content\/uploads\/usu1673\/2022\/04\/Copia-de-Sant-Jordi.png\"><img loading=\"lazy\" decoding=\"async\" class=\"wp-image-3898 alignleft\" src=\"https:\/\/agora.xtec.cat\/ceiptorreroja\/wp-content\/uploads\/usu1673\/2022\/04\/Copia-de-Sant-Jordi-300x211.png\" alt=\"\" width=\"392\" height=\"275\" srcset=\"https:\/\/agora.xtec.cat\/ceiptorreroja\/wp-content\/uploads\/usu1673\/2022\/04\/Copia-de-Sant-Jordi-300x211.png 300w, https:\/\/agora.xtec.cat\/ceiptorreroja\/wp-content\/uploads\/usu1673\/2022\/04\/Copia-de-Sant-Jordi-1024x721.png 1024w, https:\/\/agora.xtec.cat\/ceiptorreroja\/wp-content\/uploads\/usu1673\/2022\/04\/Copia-de-Sant-Jordi-768x541.png 768w, https:\/\/agora.xtec.cat\/ceiptorreroja\/wp-content\/uploads\/usu1673\/2022\/04\/Copia-de-Sant-Jordi-1536x1082.png 1536w, https:\/\/agora.xtec.cat\/ceiptorreroja\/wp-content\/uploads\/usu1673\/2022\/04\/Copia-de-Sant-Jordi.png 2000w\" sizes=\"auto, (max-width: 392px) 100vw, 392px\" \/><\/a><\/h3>\n<p>Per Sant Jordi celebrem el certamen po\u00e8tic &#8220;Joan Joan&#8221;. Es tracta d&#8217;un concurs de poesia en el que hi participen tot l&#8217;alumnat de sis\u00e8. Cada alumne\/a crea la seva poesia i la signa amb un pseud\u00f2nim. Els jurat, compost per mestres trien els poemes guanyadors segons tres categories: Primer premi, Segon premi i Tercer premi juntament amb un diploma de guanyador.<\/p>\n<p>Per completar la festa, es regala un llibre a tot l&#8217;alumnat que ha participat al certamen \ud83d\udcd8<\/p>\n<p>&nbsp;<\/p>\n<p>Llegeix les obres guanyadores de cada edici\u00f3 als enlla\u00e7os seg\u00fcents :<\/p>\n<table style=\"border-collapse: collapse; width: 90.2828%; height: 67px;\">\n<tbody>\n<tr>\n<td style=\"width: 25%;\"><a href=\"https:\/\/agora.xtec.cat\/ceiptorreroja\/cursos-anteriors\/certamen-poesia-sant-jordi-2019\/\" target=\"_blank\" rel=\"noopener\">Certamen po\u00e8tic 2019<\/a><\/td>\n<td style=\"width: 25%;\">Certamen po\u00e8tic 2020 <a href=\"https:\/\/agora.xtec.cat\/ceiptorreroja\/cursos-anteriors\/sant-jordi-2020\/\" target=\"_blank\" rel=\"noopener\">(el conte del Covid-19)<\/a><\/td>\n<td style=\"width: 25%;\"><a href=\"https:\/\/agora.xtec.cat\/ceiptorreroja\/general\/certamen-poetic-2020-21\/\" target=\"_blank\" rel=\"noopener\">Certament po\u00e8tic 2021<\/a><\/td>\n<td style=\"width: 25%;\"><a href=\"https:\/\/agora.xtec.cat\/ceiptorreroja\/general\/sant-jordi-2022\/\" target=\"_blank\" rel=\"noopener\">Certamen po\u00e8tic 2022<\/a><\/td>\n<\/tr>\n<tr>\n<td style=\"width: 25%;\">Certamen poetic 2023<\/td>\n<td style=\"width: 25%;\"><\/td>\n<td style=\"width: 25%;\"><\/td>\n<td style=\"width: 25%;\"><\/td>\n<\/tr>\n<\/tbody>\n<\/table>\n","protected":false},"excerpt":{"rendered":"<p>\u00a0<a href=\"https:\/\/agora.xtec.cat\/ceiptorreroja\/wp-content\/uploads\/usu1673\/2022\/04\/Copia-de-Sant-Jordi.png\"><\/a><br \/>\nPer Sant Jordi celebrem el certamen po\u00e8tic &#8220;Joan Joan&#8221;. Es tracta d&#8217;un concurs de poesia en el que hi participen tot l&#8217;alumnat de sis\u00e8. Cada alumne\/a crea la seva poesia i la signa amb un pseud\u00f2nim. Els jurat, compost per mestres trien els poemes&hellip;  <a href=\"https:\/\/agora.xtec.cat\/ceiptorreroja\/lescola\/festes\/sant-jordi-2\/\" title=\"Read Sant Jordi\">Llegeix m\u00e9s\u00bb<\/a><\/p>\n","protected":false},"author":1,"featured_media":0,"parent":624,"menu_order":5,"comment_status":"closed","ping_status":"closed","template":"page-templates\/side-menu.php","meta":{"_bbp_topic_count":0,"_bbp_reply_count":0,"_bbp_total_topic_count":0,"_bbp_total_reply_count":0,"_bbp_voice_count":0,"_bbp_anonymous_reply_count":0,"_bbp_topic_count_hidden":0,"_bbp_reply_count_hidden":0,"_bbp_forum_subforum_count":0,"footnotes":""},"class_list":["post-888","page","type-page","status-publish","hentry"],"post_mailing_queue_ids":[],"_links":{"self":[{"href":"https:\/\/agora.xtec.cat\/ceiptorreroja\/wp-json\/wp\/v2\/pages\/888","targetHints":{"allow":["GET"]}}],"collection":[{"href":"https:\/\/agora.xtec.cat\/ceiptorreroja\/wp-json\/wp\/v2\/pages"}],"about":[{"href":"https:\/\/agora.xtec.cat\/ceiptorreroja\/wp-json\/wp\/v2\/types\/page"}],"author":[{"embeddable":true,"href":"https:\/\/agora.xtec.cat\/ceiptorreroja\/wp-json\/wp\/v2\/users\/1"}],"replies":[{"embeddable":true,"href":"https:\/\/agora.xtec.cat\/ceiptorreroja\/wp-json\/wp\/v2\/comments?post=888"}],"version-history":[{"count":4,"href":"https:\/\/agora.xtec.cat\/ceiptorreroja\/wp-json\/wp\/v2\/pages\/888\/revisions"}],"predecessor-version":[{"id":4108,"href":"https:\/\/agora.xtec.cat\/ceiptorreroja\/wp-json\/wp\/v2\/pages\/888\/revisions\/4108"}],"up":[{"embeddable":true,"href":"https:\/\/agora.xtec.cat\/ceiptorreroja\/wp-json\/wp\/v2\/pages\/624"}],"wp:attachment":[{"href":"https:\/\/agora.xtec.cat\/ceiptorreroja\/wp-json\/wp\/v2\/media?parent=888"}],"curies":[{"name":"wp","href":"https:\/\/api.w.org\/{rel}","templated":true}]}}