{"id":868,"date":"2018-11-21T09:50:26","date_gmt":"2018-11-21T08:50:26","guid":{"rendered":"http:\/\/agora.xtec.cat\/ceiptorreroja\/?page_id=868"},"modified":"2022-10-17T15:00:27","modified_gmt":"2022-10-17T13:00:27","slug":"activitats","status":"publish","type":"page","link":"https:\/\/agora.xtec.cat\/ceiptorreroja\/lescola\/projectes\/activitats\/","title":{"rendered":"Activitats"},"content":{"rendered":"<p style=\"text-align: justify;\">L\u2019escola organitza un reguitzell d\u2019activitats que venen a complementar i enriquir les diferents \u00e0rees.<\/p>\n<h2 style=\"text-align: justify;\"><strong><u>Activitats conjuntes amb l\u2019AMPA: \u00a0activitats extraescolars i festes populars<\/u><\/strong><\/h2>\n<p style=\"text-align: justify;\"><u>Aquest curs 2022-2023 celebrarem les festes seg\u00fcents:<\/u><\/p>\n<ul style=\"text-align: justify;\">\n<li><strong>Castanyada: 28 d\u2019octubre<\/strong> (ESCOLA). A partir de les 17h tamb\u00e9 per als pares (AMPA).<\/li>\n<li><strong>Festival de Nadal<\/strong>: <strong>18 de desembre<\/strong> (diumenge) Els nens\/es canten nadales i els alumnes de 6\u00e8 munten paradetes de Santa Ll\u00facia per tal de recaptar diners per al viatge de fi de curs.(ESCOLA I PARES DE 6\u00e8).<\/li>\n<li><strong>Caga Ti\u00f3: 19-20 desembre<\/strong> (ESCOLA).<\/li>\n<li><strong>Pastorets: 21 de desembre<\/strong>. Per als alumnes de l\u2019escola i per a les fam\u00edlies dels alumnes de 6\u00e8 (ESCOLA ).<\/li>\n<li><strong>Setmana Cultural i Carnaval: Del 13 al 17 de febrer <\/strong>(ESCOLA).<\/li>\n<li><strong>Certamen po\u00e8tic de Sant Jordi: 21 d\u2019abril<\/strong> (ESCOLA).<\/li>\n<li><strong>Olimp\u00edades: 26 de maig.<\/strong><\/li>\n<li><strong>Comiat de 6\u00e8 i Festa Fi de curs: 16 de juny<\/strong>\u00a0(ESCOLA).<\/li>\n<li><strong>Sortida Xaragall i Gran Aniversari<\/strong>: <strong>22 de juny.<\/strong><\/li>\n<\/ul>\n<p style=\"text-align: justify;\"><em>Tot celebrant aquestes festes treballarem aspectes pedag\u00f2gics i l\u00fadics<\/em><\/p>\n<h2 style=\"text-align: justify;\"><strong>Activitats extraescolars curs 2022-2023<\/strong><\/h2>\n<h4 style=\"text-align: justify;\">Tardes de dijous:<\/h4>\n<p style=\"text-align: justify;\"><strong><u>Nataci\u00f3<\/u>:<\/strong> de 15h a 17h, a l&#8217;esportiu de Llinars del Vall\u00e8s, per alumnes d\u2019 Educaci\u00f3 Infantil (3 anys) a 6\u00e8 de Prim\u00e0ria.<\/p>\n<p><strong><span style=\"text-decoration: underline;\">Trail<\/span>:<\/strong> de 15h a 16.30h, per alumnes de 1r a 6\u00e8.<\/p>\n<p><strong><u>Multiesport<\/u>:<\/strong> de 15h a 16.30h, per alumnes de P5 a 4t.<\/p>\n<p style=\"text-align: justify;\"><strong><u>Tallers &#8220;Petits exploradors&#8221;<\/u>:<\/strong> de 15h a 16.30h, alumnes de P3, P4 i P5.<\/p>\n<p style=\"text-align: justify;\"><strong><u>Angl\u00e8s<\/u>:<\/strong> de 15h a 16.30h, alumnes de P3, P4, P5, 1r i 2n.<\/p>\n<p><strong><span style=\"text-decoration: underline;\">Botix:<\/span><\/strong> (iniciaci\u00f3 a la rob\u00f2tica): de 15h a 16.30h, per alumnes de 3r i 4t.<\/p>\n<p style=\"text-align: justify;\"><strong><u>Rob\u00f2tica<\/u>:<\/strong> de 15h a 16.30h, per alumnes 5\u00e8 i 6\u00e8.<\/p>\n<p style=\"text-align: justify;\"><strong><span style=\"text-decoration: underline;\">Dibuix i pintura<\/span>:<\/strong> de 15h a 16.30h, per alumnes de 3r a 6\u00e8.<\/p>\n<p style=\"text-align: justify;\"><strong><span style=\"text-decoration: underline;\">Escacs:<\/span><\/strong> de 15h a 16.30h, per alumnes de 3r a 6\u00e8.<\/p>\n<p>&nbsp;<\/p>\n<h4 style=\"text-align: justify;\"><strong>Tardes de dilluns, dimarts, dimecres i divendres:<\/strong><\/h4>\n<ul>\n<li style=\"text-align: justify;\"><strong><u>Angl\u00e8s<\/u>:<\/strong>\n<ul>\n<li style=\"text-align: justify;\">Dilluns i dimecres de 16:30h a 17:30h per alumnes de 3r a 5\u00e8.<\/li>\n<li style=\"text-align: justify;\">Dilluns i dimecres de 16:30h a 18:00h per alumnes de 6\u00e8.<\/li>\n<li style=\"text-align: justify;\">Dimarts de 16:30h a 18:00h alumnes de P3 a 2n.<\/li>\n<\/ul>\n<\/li>\n<li><strong><u>Patinatge<\/u>:<\/strong>\n<ul>\n<li>Dilluns de 16:30h a 18:00h per alumnes de P5 a 2n.<\/li>\n<\/ul>\n<\/li>\n<li style=\"text-align: justify;\"><strong><u>Dansa:<\/u><\/strong>\n<ul>\n<li>Dimarts de 16:30h a 17:45h per alumnes de 1r a 5\u00e8.<\/li>\n<\/ul>\n<\/li>\n<li style=\"text-align: justify;\"><strong><u>Tennis<\/u>:<\/strong>\n<ul>\n<li style=\"text-align: justify;\">Dimarts de 16:30h a 17:30h per alumnes de 3r a 6\u00e8.<\/li>\n<li style=\"text-align: justify;\">Divendres 16:30h a 17:30h per alumnes de P4 a 2n.<\/li>\n<\/ul>\n<\/li>\n<li style=\"text-align: justify;\"><strong><u>Handbol:<\/u><\/strong>\n<ul>\n<li style=\"text-align: justify;\">Dimecres de 16:30h a 18:00h. alumnes de P4 i P5.<\/li>\n<\/ul>\n<\/li>\n<\/ul>\n<p>&nbsp;<\/p>\n<h4>Tots els dies de la setmana (mat\u00ed i tarda):<\/h4>\n<p style=\"text-align: justify;\"><strong><u>Servei d\u2019acollida:<\/u><\/strong> Tots els dies de 8h a 8:30h i de 16.30h a 17.30 h, a l\u2019escola, per als alumnes d\u2019Educaci\u00f3 Infantil 3 anys a 6\u00e8.<\/p>\n<p>&nbsp;<\/p>\n<p style=\"text-align: justify;\">\n","protected":false},"excerpt":{"rendered":"<p>L\u2019escola organitza un reguitzell d\u2019activitats que venen a complementar i enriquir les diferents \u00e0rees.<br \/>\nActivitats conjuntes amb l\u2019AMPA: \u00a0activitats extraescolars i festes populars<br \/>\nAquest curs 2022-2023 celebrarem les festes seg\u00fcents:<\/p>\n<ul style=\"text-align: justify;\">\n<li>Castanyada: 28 d\u2019octubre (ESCOLA). A partir de les 17h tamb\u00e9 per als pares (AMPA).<\/li>\n<li>Festival de Nadal:&hellip;  <a href=\"https:\/\/agora.xtec.cat\/ceiptorreroja\/lescola\/projectes\/activitats\/\" title=\"Read Activitats\">Llegeix m\u00e9s\u00bb<\/a><br \/>\n","protected":false},"author":1,"featured_media":0,"parent":670,"menu_order":15,"comment_status":"closed","ping_status":"closed","template":"page-templates\/side-menu.php","meta":{"_bbp_topic_count":0,"_bbp_reply_count":0,"_bbp_total_topic_count":0,"_bbp_total_reply_count":0,"_bbp_voice_count":0,"_bbp_anonymous_reply_count":0,"_bbp_topic_count_hidden":0,"_bbp_reply_count_hidden":0,"_bbp_forum_subforum_count":0,"footnotes":""},"class_list":["post-868","page","type-page","status-publish","hentry"],"post_mailing_queue_ids":[],"_links":{"self":[{"href":"https:\/\/agora.xtec.cat\/ceiptorreroja\/wp-json\/wp\/v2\/pages\/868","targetHints":{"allow":["GET"]}}],"collection":[{"href":"https:\/\/agora.xtec.cat\/ceiptorreroja\/wp-json\/wp\/v2\/pages"}],"about":[{"href":"https:\/\/agora.xtec.cat\/ceiptorreroja\/wp-json\/wp\/v2\/types\/page"}],"author":[{"embeddable":true,"href":"https:\/\/agora.xtec.cat\/ceiptorreroja\/wp-json\/wp\/v2\/users\/1"}],"replies":[{"embeddable":true,"href":"https:\/\/agora.xtec.cat\/ceiptorreroja\/wp-json\/wp\/v2\/comments?post=868"}],"version-history":[{"count":4,"href":"https:\/\/agora.xtec.cat\/ceiptorreroja\/wp-json\/wp\/v2\/pages\/868\/revisions"}],"predecessor-version":[{"id":4334,"href":"https:\/\/agora.xtec.cat\/ceiptorreroja\/wp-json\/wp\/v2\/pages\/868\/revisions\/4334"}],"up":[{"embeddable":true,"href":"https:\/\/agora.xtec.cat\/ceiptorreroja\/wp-json\/wp\/v2\/pages\/670"}],"wp:attachment":[{"href":"https:\/\/agora.xtec.cat\/ceiptorreroja\/wp-json\/wp\/v2\/media?parent=868"}],"curies":[{"name":"wp","href":"https:\/\/api.w.org\/{rel}","templated":true}]}}