{"id":670,"date":"2018-07-12T11:35:18","date_gmt":"2018-07-12T09:35:18","guid":{"rendered":"http:\/\/agora.xtec.cat\/ceiptorreroja\/?page_id=670"},"modified":"2025-09-16T10:27:33","modified_gmt":"2025-09-16T08:27:33","slug":"projectes","status":"publish","type":"page","link":"https:\/\/agora.xtec.cat\/ceiptorreroja\/lescola\/projectes\/","title":{"rendered":"Projectes"},"content":{"rendered":"<p style=\"text-align: justify;\">Cada curs treballem un projecte general que \u00e9s el que dona nom a les classes. Enguany \u00e9s el Projecte \u201cDanses del m\u00f3n\u201d.<\/p>\n<p style=\"text-align: justify;\">A Educaci\u00f3 Infantil 3, 4 i 5 anys es treballa a partir de tres projectes, un per trimestre i, aquests, engloben totes les dimensions. A la resta de cursos emprem diferents metodologies de treball com ara els projectes, racons, tallers, treball individual i per grups, afavorint aix\u00ed el treball cooperatiu, com per exemple:<\/p>\n<ul>\n<li style=\"text-align: justify;\"><em>El tractament de les matem\u00e0tiques.<\/em> A part de treballar la sistematitzaci\u00f3 d\u2019una part de les matem\u00e0tiques a dins del projecte Secci\u00f3, tots els cursos tenim el projecte espec\u00edfic de matem\u00e0tiques manipulatives organitzat per racons: MAT-MAN.<\/li>\n<li><em>El taller de llengua &#8220;periodisme&#8221; a cicle superior (5\u00e8).<\/em> Porta a terme l&#8217;execuci\u00f3 del blog &#8220;la canalla&#8221;.<\/li>\n<li><em>Tallers d&#8217;arts pl\u00e0stiques<\/em>. On comparteixen alumnes de dos o tres cursos en grups rotatoris i es desenvolupen diferents tallers.<\/li>\n<\/ul>\n<table style=\"border-collapse: collapse; width: 100%; text-align: center;\" border=\"1\">\n<tbody>\n<tr>\n<th style=\"border: 1px solid silver;\" colspan=\"2\">\n<h2><strong>Els projectes que es treballen aquest curs:<\/strong><\/h2>\n<\/th>\n<\/tr>\n<tr>\n<td style=\"width: 50%;\"><a style=\"color: #2795b6; font-size: 16px;\" title=\"Escola sense parets\" href=\"http:\/\/agora.xtec.cat\/ceiptorreroja\/lescola\/projectes\/escola-sense-parets\/\">Escola sense parets<\/a><\/td>\n<td style=\"width: 50%;\"><a style=\"color: #2795b6; font-size: 16px;\" title=\"Assemblea\" href=\"http:\/\/agora.xtec.cat\/ceiptorreroja\/lescola\/projectes\/assemblea\/\">Assemblea<\/a><\/td>\n<\/tr>\n<tr>\n<td style=\"width: 50%;\"><a style=\"color: #2795b6; font-size: 16px;\" title=\"La R\u00e0dio Torre Roja\" href=\"http:\/\/agora.xtec.cat\/ceiptorreroja\/lescola\/projectes\/la-radio-torre-roja\/\">La R\u00e0dio Torre Roja<\/a><\/td>\n<td style=\"width: 50%;\"><a style=\"color: #2795b6; font-size: 16px;\" title=\"Tutories compartides\" href=\"http:\/\/agora.xtec.cat\/ceiptorreroja\/lescola\/projectes\/tutories-compartides\/\">Tutories\u00a0compartides<\/a><\/td>\n<\/tr>\n<tr>\n<td style=\"width: 50%;\"><a style=\"color: #2795b6; font-size: 16px;\" title=\"El projecte estrella &quot;EL PROJECTE SECCI\u00d3&quot;\" href=\"http:\/\/agora.xtec.cat\/ceiptorreroja\/lescola\/projectes\/el-projecte-estrella-el-projecte-seccio\/\">EL PROJECTE SECCI\u00d3<\/a><\/td>\n<td style=\"width: 50%;\"><a style=\"color: #2795b6; font-size: 16px;\" title=\"Angl\u00e8s a partir de 3 anys\" href=\"http:\/\/agora.xtec.cat\/ceiptorreroja\/lescola\/projectes\/angles-a-partir-de-3-anys\/\">Angl\u00e8s a partir de 3 anys<\/a><\/td>\n<\/tr>\n<tr>\n<td style=\"width: 50%;\"><a style=\"color: #2795b6; font-size: 16px;\" title=\"El Projecte art\u00edstic de l\u2019escola\" href=\"http:\/\/agora.xtec.cat\/ceiptorreroja\/lescola\/projectes\/el-projecte-artistic-de-lescola\/\">El Projecte art\u00edstic de l\u2019escola<\/a><\/td>\n<td style=\"width: 50%;\"><a style=\"color: #2795b6; font-size: 16px;\" title=\"Confer\u00e8ncies\" href=\"http:\/\/agora.xtec.cat\/ceiptorreroja\/lescola\/projectes\/conferencies\/\">Confer\u00e8ncies<\/a><\/td>\n<\/tr>\n<tr>\n<td style=\"width: 50%;\"><a style=\"color: #2795b6; font-size: 16px;\" title=\"Escacs\" href=\"http:\/\/agora.xtec.cat\/ceiptorreroja\/lescola\/projectes\/escacs\/\">Escacs<\/a><\/td>\n<td style=\"width: 50%;\"><a style=\"color: #2795b6; font-size: 16px;\" title=\"Noms de les classes\" href=\"http:\/\/agora.xtec.cat\/ceiptorreroja\/lescola\/projectes\/noms-de-les-classes\/\">Noms de les classes<\/a><\/td>\n<\/tr>\n<tr>\n<td style=\"width: 50%;\"><a style=\"color: #2795b6; font-size: 16px;\" title=\"Recursos TIC\" href=\"http:\/\/agora.xtec.cat\/ceiptorreroja\/lescola\/projectes\/recursos-tic\/\">Compet\u00e8ncia digital<\/a><\/td>\n<td style=\"width: 50%;\"><a style=\"color: #2795b6; font-size: 16px;\" title=\"Projecte BITS\" href=\"https:\/\/www.elmontsenyalescola.cat\/\">El Montseny a l&#8217;escola<\/a><\/td>\n<\/tr>\n<tr>\n<td style=\"width: 50%;\"><a style=\"color: #2795b6; font-size: 16px;\" title=\"Projecte conversa d\u2019Angl\u00e8s\" href=\"http:\/\/agora.xtec.cat\/ceiptorreroja\/lescola\/projectes\/projecte-conversa-dangles\/\">Projecte Conversa d\u2019angl\u00e8s<\/a><\/td>\n<td style=\"width: 50%;\"><a style=\"color: #2795b6; font-size: 16px;\" title=\"Projecte Apadrinem el\u00a0patrimoni\" href=\"http:\/\/agora.xtec.cat\/ceiptorreroja\/lescola\/projectes\/projecte-apadrinem-el-patrimoni\/\">Projecte Apadrinem el\u00a0patrimoni<\/a><\/td>\n<\/tr>\n<tr>\n<td style=\"width: 50%;\"><a style=\"color: #2795b6; font-size: 16px;\" title=\"La Setmana Cultural\" href=\"http:\/\/agora.xtec.cat\/ceiptorreroja\/lescola\/projectes\/la-setmana-cultural\/\">La Setmana Cultural<\/a><\/td>\n<td style=\"width: 50%;\"><a style=\"color: #2795b6; font-size: 16px;\" title=\"Activitats\" href=\"http:\/\/agora.xtec.cat\/ceiptorreroja\/lescola\/projectes\/activitats\/\">Activitats<\/a><\/td>\n<\/tr>\n<\/tbody>\n<\/table>\n","protected":false},"excerpt":{"rendered":"<p>Cada curs treballem un projecte general que \u00e9s el que dona nom a les classes. Enguany \u00e9s el Projecte \u201cDanses del m\u00f3n\u201d.<br \/>\nA Educaci\u00f3 Infantil 3, 4 i 5 anys es treballa a partir de tres projectes, un per trimestre i, aquests, engloben totes les dimensions.&hellip;  <a href=\"https:\/\/agora.xtec.cat\/ceiptorreroja\/lescola\/projectes\/\" title=\"Read Projectes\">Llegeix m\u00e9s\u00bb<\/a><\/p>\n","protected":false},"author":1,"featured_media":0,"parent":22,"menu_order":10,"comment_status":"closed","ping_status":"closed","template":"page-templates\/side-menu.php","meta":{"_bbp_topic_count":0,"_bbp_reply_count":0,"_bbp_total_topic_count":0,"_bbp_total_reply_count":0,"_bbp_voice_count":0,"_bbp_anonymous_reply_count":0,"_bbp_topic_count_hidden":0,"_bbp_reply_count_hidden":0,"_bbp_forum_subforum_count":0,"footnotes":""},"class_list":["post-670","page","type-page","status-publish","hentry"],"post_mailing_queue_ids":[],"_links":{"self":[{"href":"https:\/\/agora.xtec.cat\/ceiptorreroja\/wp-json\/wp\/v2\/pages\/670","targetHints":{"allow":["GET"]}}],"collection":[{"href":"https:\/\/agora.xtec.cat\/ceiptorreroja\/wp-json\/wp\/v2\/pages"}],"about":[{"href":"https:\/\/agora.xtec.cat\/ceiptorreroja\/wp-json\/wp\/v2\/types\/page"}],"author":[{"embeddable":true,"href":"https:\/\/agora.xtec.cat\/ceiptorreroja\/wp-json\/wp\/v2\/users\/1"}],"replies":[{"embeddable":true,"href":"https:\/\/agora.xtec.cat\/ceiptorreroja\/wp-json\/wp\/v2\/comments?post=670"}],"version-history":[{"count":5,"href":"https:\/\/agora.xtec.cat\/ceiptorreroja\/wp-json\/wp\/v2\/pages\/670\/revisions"}],"predecessor-version":[{"id":5307,"href":"https:\/\/agora.xtec.cat\/ceiptorreroja\/wp-json\/wp\/v2\/pages\/670\/revisions\/5307"}],"up":[{"embeddable":true,"href":"https:\/\/agora.xtec.cat\/ceiptorreroja\/wp-json\/wp\/v2\/pages\/22"}],"wp:attachment":[{"href":"https:\/\/agora.xtec.cat\/ceiptorreroja\/wp-json\/wp\/v2\/media?parent=670"}],"curies":[{"name":"wp","href":"https:\/\/api.w.org\/{rel}","templated":true}]}}