{"id":3279,"date":"2021-12-09T15:22:25","date_gmt":"2021-12-09T14:22:25","guid":{"rendered":"https:\/\/agora.xtec.cat\/ceiptorreroja\/?page_id=3279"},"modified":"2021-12-10T08:51:45","modified_gmt":"2021-12-10T07:51:45","slug":"caracteristiques-de-lentorn-nova","status":"publish","type":"page","link":"https:\/\/agora.xtec.cat\/ceiptorreroja\/lescola\/caracteristiques-de-lentorn-nova\/","title":{"rendered":"Caracter\u00edstiques de l&#8217;entorn"},"content":{"rendered":"<p>L&#8217;<strong>escola Torre Roja<\/strong> es troba al municipi de Sant Pere de Vilamajor, a uns 10 minuts a peu del nucli hist\u00f2ric de la poblaci\u00f3. Envoltada de natura, l&#8217;escola gaudeix d&#8217;un entorn privilegiat, als peus del Montseny. <a href=\"https:\/\/agora.xtec.cat\/ceiptorreroja\/wp-content\/uploads\/usu1673\/2021\/12\/image00005petita-scaled.jpg\"><img loading=\"lazy\" decoding=\"async\" class=\"wp-image-3287 size-medium alignright\" src=\"https:\/\/agora.xtec.cat\/ceiptorreroja\/wp-content\/uploads\/usu1673\/2021\/12\/image00005petita-300x225.jpg\" alt=\"\" width=\"300\" height=\"225\" srcset=\"https:\/\/agora.xtec.cat\/ceiptorreroja\/wp-content\/uploads\/usu1673\/2021\/12\/image00005petita-300x225.jpg 300w, https:\/\/agora.xtec.cat\/ceiptorreroja\/wp-content\/uploads\/usu1673\/2021\/12\/image00005petita-1024x768.jpg 1024w, https:\/\/agora.xtec.cat\/ceiptorreroja\/wp-content\/uploads\/usu1673\/2021\/12\/image00005petita-768x576.jpg 768w, https:\/\/agora.xtec.cat\/ceiptorreroja\/wp-content\/uploads\/usu1673\/2021\/12\/image00005petita-1536x1151.jpg 1536w, https:\/\/agora.xtec.cat\/ceiptorreroja\/wp-content\/uploads\/usu1673\/2021\/12\/image00005petita-2048x1535.jpg 2048w, https:\/\/agora.xtec.cat\/ceiptorreroja\/wp-content\/uploads\/usu1673\/2021\/12\/image00005petita-200x150.jpg 200w\" sizes=\"auto, (max-width: 300px) 100vw, 300px\" \/><\/a> \u00a0\u00a0 \u00a0\u00a0 \u00a0\u00a0 \u00a0\u00a0 <a style=\"font-weight: bold; font-family: inherit; font-size: 1em;\" href=\"https:\/\/agora.xtec.cat\/ceiptorreroja\/wp-content\/uploads\/usu1673\/2021\/12\/image00002PETITA.jpg\"><img loading=\"lazy\" decoding=\"async\" class=\"wp-image-3286 alignright\" src=\"https:\/\/agora.xtec.cat\/ceiptorreroja\/wp-content\/uploads\/usu1673\/2021\/12\/image00002PETITA-207x300.jpg\" alt=\"\" width=\"156\" height=\"226\" srcset=\"https:\/\/agora.xtec.cat\/ceiptorreroja\/wp-content\/uploads\/usu1673\/2021\/12\/image00002PETITA-207x300.jpg 207w, https:\/\/agora.xtec.cat\/ceiptorreroja\/wp-content\/uploads\/usu1673\/2021\/12\/image00002PETITA-708x1024.jpg 708w, https:\/\/agora.xtec.cat\/ceiptorreroja\/wp-content\/uploads\/usu1673\/2021\/12\/image00002PETITA-768x1111.jpg 768w, https:\/\/agora.xtec.cat\/ceiptorreroja\/wp-content\/uploads\/usu1673\/2021\/12\/image00002PETITA-1061x1536.jpg 1061w, https:\/\/agora.xtec.cat\/ceiptorreroja\/wp-content\/uploads\/usu1673\/2021\/12\/image00002PETITA.jpg 1382w\" sizes=\"auto, (max-width: 156px) 100vw, 156px\" \/><\/a><\/p>\n<p><a style=\"font-family: inherit; font-size: 1em;\" href=\"https:\/\/agora.xtec.cat\/ceiptorreroja\/wp-content\/uploads\/usu1673\/2021\/12\/mapa-catalunya-spv.jpg\"><img loading=\"lazy\" decoding=\"async\" class=\" wp-image-3285 alignleft\" src=\"https:\/\/agora.xtec.cat\/ceiptorreroja\/wp-content\/uploads\/usu1673\/2021\/12\/mapa-catalunya-spv.jpg\" alt=\"\" width=\"303\" height=\"270\" \/><\/a><\/p>\n<p><strong>Sant Pere de Vilamajor<\/strong>, \u00e9s un municipi de la comarca del Vall\u00e8s Oriental, situat a 305 m. d&#8217;altitud i una extensi\u00f3 de 34,72 km<sup>2<\/sup> . \u00c9s un dels municipis m\u00e9s extensos de la comarca i alhora amb una de les densitats de poblaci\u00f3 m\u00e9s baixes (Poblaci\u00f3 2020 IDESCAT: 4.544 hab.) Aix\u00f2 \u00e9s degut, en part, al fet que el seu terme municipal est\u00e0 compr\u00e8s en un 61% del territori pel <a href=\"https:\/\/parcs.diba.cat\/web\/montseny\" target=\"_blank\" rel=\"noopener\"><span style=\"text-decoration: underline;\">Parc Natural del Montseny<\/span>.<\/a> La poblaci\u00f3 es\u00a0 troba repartida en vuit ve\u00efnats, molts d&#8217;ells configurats per masies disseminades.<\/p>\n<p>De tradici\u00f3 majorit\u00e0riament agr\u00edcola, ramadera i forestal, la hist\u00f2ria de Sant Pere de Vilamajor est\u00e0 estretament lligada a l&#8217;\u00e8poca medieval, en qu\u00e8 la poblaci\u00f3 acollia el <strong>Palau dels Comtes de Barcelona<\/strong>, Ramon Berenguer IV i Peronella d&#8217;Arag\u00f3. El campanar rom\u00e0nic de l&#8217;esgl\u00e9sia del castell, la Torre Roja, al costat de l&#8217;actual esgl\u00e9sia, \u00e9s la que d\u00f3na nom a l&#8217;escola.<\/p>\n<p><a href=\"https:\/\/agora.xtec.cat\/ceiptorreroja\/wp-content\/uploads\/usu1673\/2020\/02\/300px-SPvilamajor.jpg\"><img loading=\"lazy\" decoding=\"async\" class=\"size-full wp-image-1591 alignleft\" src=\"https:\/\/agora.xtec.cat\/ceiptorreroja\/wp-content\/uploads\/usu1673\/2020\/02\/300px-SPvilamajor.jpg\" alt=\"\" width=\"300\" height=\"237\" \/><\/a><\/p>\n<p>&nbsp;<\/p>\n<p>&nbsp;<\/p>\n","protected":false},"excerpt":{"rendered":"<p>L&#8217;escola Torre Roja es troba al municipi de Sant Pere de Vilamajor, a uns 10 minuts a peu del nucli hist\u00f2ric de la poblaci\u00f3. Envoltada de natura, l&#8217;escola gaudeix d&#8217;un entorn privilegiat, als peus del Montseny. <a href=\"https:\/\/agora.xtec.cat\/ceiptorreroja\/wp-content\/uploads\/usu1673\/2021\/12\/image00005petita-scaled.jpg\"><\/a> \u00a0\u00a0 \u00a0\u00a0 \u00a0\u00a0 \u00a0\u00a0 <a style=\"font-weight: bold;&hellip;  <a href=\"https:\/\/agora.xtec.cat\/ceiptorreroja\/lescola\/caracteristiques-de-lentorn-nova\/\" title=\"Read Caracter\u00edstiques de l&#8217;entorn\">Llegeix m\u00e9s\u00bb<\/a><\/p>\n","protected":false},"author":1,"featured_media":0,"parent":22,"menu_order":2,"comment_status":"closed","ping_status":"closed","template":"page-templates\/side-menu.php","meta":{"_bbp_topic_count":0,"_bbp_reply_count":0,"_bbp_total_topic_count":0,"_bbp_total_reply_count":0,"_bbp_voice_count":0,"_bbp_anonymous_reply_count":0,"_bbp_topic_count_hidden":0,"_bbp_reply_count_hidden":0,"_bbp_forum_subforum_count":0,"footnotes":""},"class_list":["post-3279","page","type-page","status-publish","hentry"],"post_mailing_queue_ids":[],"_links":{"self":[{"href":"https:\/\/agora.xtec.cat\/ceiptorreroja\/wp-json\/wp\/v2\/pages\/3279","targetHints":{"allow":["GET"]}}],"collection":[{"href":"https:\/\/agora.xtec.cat\/ceiptorreroja\/wp-json\/wp\/v2\/pages"}],"about":[{"href":"https:\/\/agora.xtec.cat\/ceiptorreroja\/wp-json\/wp\/v2\/types\/page"}],"author":[{"embeddable":true,"href":"https:\/\/agora.xtec.cat\/ceiptorreroja\/wp-json\/wp\/v2\/users\/1"}],"replies":[{"embeddable":true,"href":"https:\/\/agora.xtec.cat\/ceiptorreroja\/wp-json\/wp\/v2\/comments?post=3279"}],"version-history":[{"count":3,"href":"https:\/\/agora.xtec.cat\/ceiptorreroja\/wp-json\/wp\/v2\/pages\/3279\/revisions"}],"predecessor-version":[{"id":3306,"href":"https:\/\/agora.xtec.cat\/ceiptorreroja\/wp-json\/wp\/v2\/pages\/3279\/revisions\/3306"}],"up":[{"embeddable":true,"href":"https:\/\/agora.xtec.cat\/ceiptorreroja\/wp-json\/wp\/v2\/pages\/22"}],"wp:attachment":[{"href":"https:\/\/agora.xtec.cat\/ceiptorreroja\/wp-json\/wp\/v2\/media?parent=3279"}],"curies":[{"name":"wp","href":"https:\/\/api.w.org\/{rel}","templated":true}]}}