{"id":26,"date":"2014-09-18T12:24:32","date_gmt":"2014-09-18T10:24:32","guid":{"rendered":"http:\/\/agora.xtec.cat\/ceiptorreroja\/?page_id=26"},"modified":"2025-09-10T15:38:03","modified_gmt":"2025-09-10T13:38:03","slug":"evolucio-del-centre","status":"publish","type":"page","link":"https:\/\/agora.xtec.cat\/ceiptorreroja\/lescola\/evolucio-del-centre\/","title":{"rendered":"Evoluci\u00f3 del centre"},"content":{"rendered":"<p style=\"text-align: justify;\"><strong>L&#8217;escola Torre Roja \u00e9s un centre educatiu caracteritzat per haver estat sempre una escola rural i unit\u00e0ria.<\/strong><a href=\"https:\/\/agora.xtec.cat\/ceiptorreroja\/wp-content\/uploads\/usu1673\/2021\/12\/inici-escola.png\"><img loading=\"lazy\" decoding=\"async\" class=\"wp-image-3315 alignright\" src=\"https:\/\/agora.xtec.cat\/ceiptorreroja\/wp-content\/uploads\/usu1673\/2021\/12\/inici-escola.png\" alt=\"\" width=\"580\" height=\"322\" srcset=\"https:\/\/agora.xtec.cat\/ceiptorreroja\/wp-content\/uploads\/usu1673\/2021\/12\/inici-escola.png 770w, https:\/\/agora.xtec.cat\/ceiptorreroja\/wp-content\/uploads\/usu1673\/2021\/12\/inici-escola-300x167.png 300w, https:\/\/agora.xtec.cat\/ceiptorreroja\/wp-content\/uploads\/usu1673\/2021\/12\/inici-escola-768x427.png 768w\" sizes=\"auto, (max-width: 580px) 100vw, 580px\" \/><\/a><\/p>\n<p>&nbsp;<\/p>\n<p>&nbsp;<\/p>\n<p style=\"text-align: justify;\">En els seus inicis, l\u2019escola de Sant Pere de Vilamajor es trobava al costat de l\u2019esgl\u00e9sia del poble i en ella hi havia dues unitats: una de nens i una de nenes.<\/p>\n<p>&nbsp;<\/p>\n<p>&nbsp;<\/p>\n<p>&nbsp;<\/p>\n<p style=\"text-align: justify;\">L&#8217;any <strong>1968<\/strong> l\u2019escola es va traslladar a un nou edifici, compartit amb l\u2019<strong>Ajuntament<\/strong>. I, a partir d&#8217;aquest moment, es converteix en una escola mixta, en qu\u00e8 nens i nenes comparteixen un mateix espai.<\/p>\n<p style=\"text-align: justify;\"><a href=\"https:\/\/agora.xtec.cat\/ceiptorreroja\/wp-content\/uploads\/usu1673\/2021\/12\/escola-ajuntament-scaled.jpg\"><img loading=\"lazy\" decoding=\"async\" class=\"wp-image-3316 alignleft\" src=\"https:\/\/agora.xtec.cat\/ceiptorreroja\/wp-content\/uploads\/usu1673\/2021\/12\/escola-ajuntament-scaled.jpg\" alt=\"\" width=\"449\" height=\"316\" srcset=\"https:\/\/agora.xtec.cat\/ceiptorreroja\/wp-content\/uploads\/usu1673\/2021\/12\/escola-ajuntament-scaled.jpg 2560w, https:\/\/agora.xtec.cat\/ceiptorreroja\/wp-content\/uploads\/usu1673\/2021\/12\/escola-ajuntament-300x211.jpg 300w, https:\/\/agora.xtec.cat\/ceiptorreroja\/wp-content\/uploads\/usu1673\/2021\/12\/escola-ajuntament-1024x720.jpg 1024w, https:\/\/agora.xtec.cat\/ceiptorreroja\/wp-content\/uploads\/usu1673\/2021\/12\/escola-ajuntament-768x540.jpg 768w, https:\/\/agora.xtec.cat\/ceiptorreroja\/wp-content\/uploads\/usu1673\/2021\/12\/escola-ajuntament-1536x1081.jpg 1536w, https:\/\/agora.xtec.cat\/ceiptorreroja\/wp-content\/uploads\/usu1673\/2021\/12\/escola-ajuntament-2048x1441.jpg 2048w\" sizes=\"auto, (max-width: 449px) 100vw, 449px\" \/><\/a><\/p>\n<p style=\"text-align: justify;\">Des de 1968 fins a 1977 el nombre d\u2019alumnes de l\u2019escola oscil\u00b7la entre els 18 i els 20, amb un sol mestre. Els alumnes comencen a l\u2019escola amb 6 anys i, quan acaben El <em>Ciclo Medio de Educaci\u00f3n General B\u00e1sica<\/em>, han d\u2019anar a Sant Antoni per acabar la Prim\u00e0ria.<\/p>\n<p style=\"text-align: justify;\">\u00c9s al 1978 quan ingressa a l\u2019escola l\u2019actual directora, Maite Corts. El nombre d\u2019alumnes es mantindr\u00e0 encara estable durant uns anys i, entre l\u2019Ajuntament i la Directora, acorden de comen\u00e7ar a escolaritzar dels 3 fins als 10 anys.<\/p>\n<p style=\"text-align: justify;\">Al 1987 comen\u00e7a a treballar a l\u2019Escola, contractada per l\u2019Ajuntament, la mestra Merc\u00e8 Argila. Ser\u00e0 tamb\u00e9 durant el curs 1987-88 que es queden a l\u2019Escola els alumnes de Cicle Superior de <em>Educaci\u00f3n General B\u00e1sica (6\u00ba,7\u00ba y 8\u00ba)<\/em>. Ara l\u2019Escola P\u00fablica de Sant Pere ja comptar\u00e0 amb alumnes des dels 3 fins als 14 anys.<\/p>\n<p style=\"text-align: justify;\">No \u00e9s fins al curs 1992-93 que el Departament envia una mestra m\u00e9s, Teresa Antiga, i l\u2019escola passa a formar part de la ZER Baix Montseny. La ZER \u00e9s una associaci\u00f3 d\u2019escoles dels pobles petits propers a Sant Pere que treballen coordinats. L\u2019escola Torre Roja forma part de la ZER fins al curs 1997-98. L\u2019Escola Torre Roja dirigir\u00e0 la ZER Baix Montseny fins l&#8217;any 1997 que en sortir\u00e0 per anar consolidant una escola aut\u00f2noma d\u2019una l\u00ednia.\u00a0 <img loading=\"lazy\" decoding=\"async\" class=\"alignright\" style=\"margin-bottom: 20px;\" src=\"https:\/\/sites.google.com\/a\/escolatorreroja.eu\/web\/_\/rsrc\/1489433225349\/home\/l-escola\/la-historia\/Pi%20novell%20%28300x%29.jpg?height=222&amp;width=320\" alt=\"\" width=\"300\" height=\"209\" \/><\/p>\n<p>&nbsp;<\/p>\n<p style=\"text-align: justify;\">El progressiu augment de matr\u00edcules als inicis dels anys 90 f\u00e9u que l\u2019escola es qued\u00e9s petita. L&#8217;edifici nou, l\u2019actual <strong>Centre C\u00edvic<\/strong>, va entrar en funcionament el <strong>curs 1994-95<\/strong> i, amb ell, va anar augmentant el nombre d\u2019alumnes i de mestres, fins arribar a un total de 114 alumnes i 9 mestres.<\/p>\n<p>&nbsp;<\/p>\n<div><\/div>\n<div><\/div>\n<div><\/div>\n<div><\/div>\n<div><\/div>\n<div><\/div>\n<div><\/div>\n<div style=\"text-align: justify;\"><span style=\"font-family: inherit; font-size: 1em;\">Aquest augment no s\u2019atura i \u00e9s per aix\u00f2 que calgu\u00e9 la construcci\u00f3 d\u2019un <strong>nou edifici<\/strong> a l\u2019entrada del poble. Aquest edifici, molt m\u00e9s gran, tamb\u00e9 es va fer petit.<\/span><\/div>\n<div><\/div>\n<div><\/div>\n<div><a style=\"font-family: inherit; font-size: 1em; text-align: justify;\" href=\"https:\/\/agora.xtec.cat\/ceiptorreroja\/wp-content\/uploads\/usu1673\/2021\/12\/escola-nova-scaled.jpg\"><img loading=\"lazy\" decoding=\"async\" class=\"wp-image-3317 alignleft\" src=\"https:\/\/agora.xtec.cat\/ceiptorreroja\/wp-content\/uploads\/usu1673\/2021\/12\/escola-nova-scaled.jpg\" alt=\"\" width=\"345\" height=\"230\" \/><\/a> \u00a0<span style=\"font-family: inherit; font-size: 1em; text-align: justify;\">\u00a0 \u00a0 \u00a0 \u00a0 \u00a0 \u00a0 \u00a0 <\/span><\/div>\n<div><\/div>\n<div><span style=\"font-family: inherit; font-size: 1em; text-align: justify;\"><span style=\"font-family: inherit; font-size: 1em;\">\u00a0<strong>Des del curs 2008-09, comptem amb un edifici complet i definitiu.<\/strong><\/span><\/span><\/div>\n<div><\/div>\n<div><\/div>\n<div><span style=\"font-family: inherit; font-size: 1em; text-align: justify;\"> \u00a0 \u00a0 \u00a0 \u00a0 \u00a0 \u00a0<\/span><span style=\"font-family: inherit; font-size: 1em; text-align: justify;\">\u00a0 \u00a0 \u00a0 \u00a0 \u00a0 \u00a0 \u00a0 \u00a0 \u00a0 \u00a0 \u00a0 \u00a0 \u00a0 \u00a0 \u00a0 \u00a0 \u00a0 \u00a0 \u00a0 \u00a0 \u00a0 \u00a0 \u00a0 \u00a0 \u00a0 \u00a0 \u00a0 \u00a0 \u00a0 \u00a0 \u00a0 \u00a0 \u00a0 \u00a0 \u00a0 \u00a0 \u00a0 \u00a0 \u00a0 \u00a0 \u00a0<\/span><a style=\"font-family: inherit; font-size: 1em;\" href=\"https:\/\/agora.xtec.cat\/ceiptorreroja\/wp-content\/uploads\/usu1673\/2018\/07\/FOTO-1-escola-x-300.png\"><img loading=\"lazy\" decoding=\"async\" class=\"alignnone wp-image-690\" src=\"https:\/\/agora.xtec.cat\/ceiptorreroja\/wp-content\/uploads\/usu1673\/2018\/07\/FOTO-1-escola-x-300.png\" alt=\"\" width=\"587\" height=\"389\" srcset=\"https:\/\/agora.xtec.cat\/ceiptorreroja\/wp-content\/uploads\/usu1673\/2018\/07\/FOTO-1-escola-x-300.png 453w, https:\/\/agora.xtec.cat\/ceiptorreroja\/wp-content\/uploads\/usu1673\/2018\/07\/FOTO-1-escola-x-300-300x199.png 300w\" sizes=\"auto, (max-width: 587px) 100vw, 587px\" \/><\/a><\/div>\n<div><\/div>\n<div style=\"text-align: justify;\">\n<p><span style=\"font-family: inherit; font-size: 1em;\">\u00a0 \u00a0 \u00a0 \u00a0 \u00a0 \u00a0 \u00a0 \u00a0 \u00a0 \u00a0 \u00a0 \u00a0 \u00a0 \u00a0 \u00a0 \u00a0 \u00a0 \u00a0 \u00a0 \u00a0 \u00a0 \u00a0 \u00a0 \u00a0 \u00a0 \u00a0 \u00a0 \u00a0 \u00a0 \u00a0 \u00a0 \u00a0 \u00a0 \u00a0 \u00a0 \u00a0 \u00a0 \u00a0 \u00a0 \u00a0 \u00a0 \u00a0 \u00a0 \u00a0 <\/span><\/p>\n<p><span style=\"font-family: inherit; font-size: 1em;\">\u00a0\u00a0<\/span><\/p>\n<\/div>\n<div><\/div>\n<div style=\"text-align: justify;\">\n<h4><b>Evoluci\u00f3 d&#8217;alumnes i mestres<\/b><\/h4>\n<\/div>\n<div style=\"text-align: justify;\"><\/div>\n<div><b><span style=\"font-size: large;\">\u00a0<\/span><\/b><\/div>\n<div>\n<p>&nbsp;<\/p>\n<p style=\"text-align: justify;\">El curs 2013-14 s&#8217;arriba als 445 alumnes i 28 mestres. Amb dues rutes de transport i un menjador on dinen aproximadament 300 alumnes.<\/p>\n<p style=\"text-align: justify;\"><strong>El gran repte <\/strong>de l\u2019escola \u00e9s assumir el gran creixement de poblaci\u00f3 escolar, amb un degoteig de sol\u00b7licituds d\u2019admissi\u00f3 durant tot el curs, d&#8217;alumnes procedents de l\u2019extraradi de Barcelona o nouvinguts consolidant un projecte d\u2019escola inclusiva que pugui donar sortida a tots aquests alumnes, amb un projecte s\u00f2lid, engrescador i amb bons resultats.<\/p>\n<\/div>\n<div><\/div>\n","protected":false},"excerpt":{"rendered":"<p>L&#8217;escola Torre Roja \u00e9s un centre educatiu caracteritzat per haver estat sempre una escola rural i unit\u00e0ria.<a href=\"https:\/\/agora.xtec.cat\/ceiptorreroja\/wp-content\/uploads\/usu1673\/2021\/12\/inici-escola.png\"><\/a><br \/>\n&nbsp;<br \/>\n&nbsp;<br \/>\nEn els seus inicis, l\u2019escola de Sant Pere de Vilamajor es trobava al costat de l\u2019esgl\u00e9sia del poble i en ella hi havia dues unitats: una de nens&hellip;  <a href=\"https:\/\/agora.xtec.cat\/ceiptorreroja\/lescola\/evolucio-del-centre\/\" title=\"Read Evoluci\u00f3 del centre\">Llegeix m\u00e9s\u00bb<\/a><\/p>\n","protected":false},"author":1,"featured_media":0,"parent":22,"menu_order":3,"comment_status":"closed","ping_status":"closed","template":"page-templates\/side-menu.php","meta":{"_bbp_topic_count":0,"_bbp_reply_count":0,"_bbp_total_topic_count":0,"_bbp_total_reply_count":0,"_bbp_voice_count":0,"_bbp_anonymous_reply_count":0,"_bbp_topic_count_hidden":0,"_bbp_reply_count_hidden":0,"_bbp_forum_subforum_count":0,"footnotes":""},"class_list":["post-26","page","type-page","status-publish","hentry"],"post_mailing_queue_ids":[],"_links":{"self":[{"href":"https:\/\/agora.xtec.cat\/ceiptorreroja\/wp-json\/wp\/v2\/pages\/26","targetHints":{"allow":["GET"]}}],"collection":[{"href":"https:\/\/agora.xtec.cat\/ceiptorreroja\/wp-json\/wp\/v2\/pages"}],"about":[{"href":"https:\/\/agora.xtec.cat\/ceiptorreroja\/wp-json\/wp\/v2\/types\/page"}],"author":[{"embeddable":true,"href":"https:\/\/agora.xtec.cat\/ceiptorreroja\/wp-json\/wp\/v2\/users\/1"}],"replies":[{"embeddable":true,"href":"https:\/\/agora.xtec.cat\/ceiptorreroja\/wp-json\/wp\/v2\/comments?post=26"}],"version-history":[{"count":4,"href":"https:\/\/agora.xtec.cat\/ceiptorreroja\/wp-json\/wp\/v2\/pages\/26\/revisions"}],"predecessor-version":[{"id":5290,"href":"https:\/\/agora.xtec.cat\/ceiptorreroja\/wp-json\/wp\/v2\/pages\/26\/revisions\/5290"}],"up":[{"embeddable":true,"href":"https:\/\/agora.xtec.cat\/ceiptorreroja\/wp-json\/wp\/v2\/pages\/22"}],"wp:attachment":[{"href":"https:\/\/agora.xtec.cat\/ceiptorreroja\/wp-json\/wp\/v2\/media?parent=26"}],"curies":[{"name":"wp","href":"https:\/\/api.w.org\/{rel}","templated":true}]}}