{"id":1930,"date":"2020-04-09T13:53:19","date_gmt":"2020-04-09T11:53:19","guid":{"rendered":"http:\/\/agora.xtec.cat\/ceiptorreroja\/?page_id=1930"},"modified":"2021-04-05T17:10:37","modified_gmt":"2021-04-05T15:10:37","slug":"matematiques-cs","status":"publish","type":"page","link":"https:\/\/agora.xtec.cat\/ceiptorreroja\/el-rebost\/matematiques\/matematiques-cs\/","title":{"rendered":"Matem\u00e0tiques &#8211; CS"},"content":{"rendered":"<hr \/>\n<p><a href=\"..\"><img loading=\"lazy\" decoding=\"async\" class=\"wp-image-1645 aligncenter\" src=\"https:\/\/agora.xtec.cat\/ceiptorreroja\/wp-content\/uploads\/usu1673\/2020\/02\/back-arrow_icon-icons.com_72866-150x150.png\" alt=\"\" width=\"100\" height=\"100\" srcset=\"https:\/\/agora.xtec.cat\/ceiptorreroja\/wp-content\/uploads\/usu1673\/2020\/02\/back-arrow_icon-icons.com_72866-150x150.png 150w, https:\/\/agora.xtec.cat\/ceiptorreroja\/wp-content\/uploads\/usu1673\/2020\/02\/back-arrow_icon-icons.com_72866-300x300.png 300w, https:\/\/agora.xtec.cat\/ceiptorreroja\/wp-content\/uploads\/usu1673\/2020\/02\/back-arrow_icon-icons.com_72866.png 512w\" sizes=\"auto, (max-width: 100px) 100vw, 100px\" \/><\/a><\/p>\n<hr \/>\n<ol>\n<li><a href=\"#NUMERACI\u00d3-I-C\u00c0LCUL\"><strong>NUMERACI\u00d3 I C\u00c0LCUL<\/strong><\/a>\n<ol>\n<li><a href=\"#N\u00daMEROS-NATURALS\">N\u00daMEROS NATURALS<\/a><\/li>\n<li><a href=\"#N\u00daMEROS-DECIMALS\">N\u00daMEROS DECIMALS<\/a><\/li>\n<li><a href=\"#M\u00daLTIPLES-I-DIVISORS\">M\u00daLTIPLES I DIVISORS<\/a><\/li>\n<li><a href=\"#JERARQUIA-D\u2019OPERACIONS\">JERARQUIA D\u2019OPERACIONS<\/a><\/li>\n<li><a href=\"#N\u00daMEROS-ROMANS\">N\u00daMEROS ROMANS<\/a><\/li>\n<li><a href=\"#FRACCIONS\">FRACCIONS<\/a><\/li>\n<li><a href=\"#NOMBRES-ENTERS\">NOMBRES ENTERS (positius i negatius)<\/a><\/li>\n<li><a href=\"#POT\u00c8NCIES\">POT\u00c8NCIES<\/a><\/li>\n<li><a href=\"#C\u00c0LCUL-MENTAL\">C\u00c0LCUL MENTAL<\/a><\/li>\n<\/ol>\n<\/li>\n<li><a href=\"#RELACIONS-I-CANVI\"><strong>RELACIONS I CANVI<\/strong><\/a>\n<ol>\n<li><a href=\"#S\u00c8RIES-I-PATRONS\">S\u00c8RIES I PATRONS<\/a><\/li>\n<li><a href=\"#RAONAMENT-L\u00d2GIC\">RAONAMENT L\u00d2GIC<\/a><\/li>\n<li><a href=\"#PROBLEMES\">PROBLEMES<\/a><\/li>\n<\/ol>\n<\/li>\n<li><a href=\"#ESPAI-I-FORMA\"><strong>ESPAI I FORMA<\/strong><\/a>\n<ol>\n<li><a href=\"#RECTES-I-ANGLES\">RECTES I ANGLES<\/a><\/li>\n<li><a href=\"#FIGURES-PLANES\">FIGURES PLANES<\/a><\/li>\n<li><a href=\"#COSSOS-GEOM\u00c8TRICS\">COSSOS GEOM\u00c8TRICS<\/a><\/li>\n<li><a href=\"#PL\u00c0NOLS-I-COORDENADES\">PL\u00c0NOLS I COORDENADES<\/a><\/li>\n<li><a href=\"#ESCALES\">ESCALES<\/a><\/li>\n<\/ol>\n<\/li>\n<li><a href=\"#MESURA\"><strong>MESURA<\/strong><\/a>\n<ol>\n<li><a href=\"#SISTEMA-MONETARI\">SISTEMA MONETARI<\/a><\/li>\n<li><a href=\"#TEMPS\">TEMPS<\/a><\/li>\n<li><a href=\"#TEMPERATURA\">TEMPERATURA<\/a><\/li>\n<li><a href=\"#LONGITUD\">LONGITUD<\/a><\/li>\n<li><a href=\"#MASSA-\/-PES\">MASSA \/ PES<\/a><\/li>\n<li><a href=\"#CAPACITAT\">CAPACITAT<\/a><\/li>\n<li><a href=\"#SUPERF\u00cdCIE\">SUPERF\u00cdCIE<\/a><\/li>\n<li><a href=\"#VOLUM\"><span style=\"font-family: inherit; font-size: 1em;\">VOLUM<\/span><\/a><\/li>\n<\/ol>\n<\/li>\n<li><a style=\"font-family: inherit; font-size: 1em;\" href=\"#ESTAD\u00cdSTICA-I-ATZAR\"><strong>ESTAD\u00cdSTICA I ATZAR<\/strong><\/a>\n<ol>\n<li><a href=\"#MITJANA-ARITM\u00c8TICA,-MEDIANA-I-MODA\"><span style=\"background-color: #f9f9f9; font-size: 14px;\">MITJANA ARITM\u00c8TICA, MEDIANA I MODA<\/span><\/a><\/li>\n<li><a href=\"#PROBABILITAT\"><span style=\"font-size: 14px;\">PROBABILITAT<\/span><\/a><\/li>\n<li><a href=\"#PERCENTATGES\"><span style=\"font-size: 14px; background-color: #f9f9f9;\">PERCENTATGES<\/span><\/a><\/li>\n<li><a href=\"#REPRESENTACI\u00d3-I-AN\u00c0LISI-DE-DADES\"><span style=\"font-size: 14px;\">REPRESENTACI\u00d3 I AN\u00c0LISI DE DADES<\/span><\/a><\/li>\n<\/ol>\n<\/li>\n<\/ol>\n<ul>\n<li style=\"list-style-type: none;\"><\/li>\n<\/ul>\n<h2 style=\"text-align: center;\"><a href=\"https:\/\/apps.mathlearningcenter.org\/geoboard\/\" target=\"_blank\" rel=\"noopener noreferrer\">Geopl\u00e0 virtual<\/a><\/h2>\n<p><a href=\"https:\/\/apps.mathlearningcenter.org\/geoboard\/\" target=\"_blank\" rel=\"noopener noreferrer\"><img loading=\"lazy\" decoding=\"async\" class=\"aligncenter size-medium wp-image-1927\" src=\"https:\/\/agora.xtec.cat\/ceiptorreroja\/wp-content\/uploads\/usu1673\/2020\/04\/Geopl\u00e0-virtual-300x169.png\" alt=\"\" width=\"300\" height=\"169\" srcset=\"https:\/\/agora.xtec.cat\/ceiptorreroja\/wp-content\/uploads\/usu1673\/2020\/04\/Geopl\u00e0-virtual-300x169.png 300w, https:\/\/agora.xtec.cat\/ceiptorreroja\/wp-content\/uploads\/usu1673\/2020\/04\/Geopl\u00e0-virtual-768x432.png 768w, https:\/\/agora.xtec.cat\/ceiptorreroja\/wp-content\/uploads\/usu1673\/2020\/04\/Geopl\u00e0-virtual-1024x576.png 1024w, https:\/\/agora.xtec.cat\/ceiptorreroja\/wp-content\/uploads\/usu1673\/2020\/04\/Geopl\u00e0-virtual.png 1920w\" sizes=\"auto, (max-width: 300px) 100vw, 300px\" \/><\/a><\/p>\n<hr \/>\n<h2 style=\"text-align: center;\"><a href=\"http:\/\/ares.cnice.mec.es\/matematicasep\/colegio\/maquina.html\" target=\"_blank\" rel=\"noopener noreferrer\">La m\u00e0quina de calcular<\/a><\/h2>\n<p><a href=\"http:\/\/ares.cnice.mec.es\/matematicasep\/colegio\/maquina.html\" target=\"_blank\" rel=\"noopener noreferrer\"><img loading=\"lazy\" decoding=\"async\" class=\"aligncenter size-medium wp-image-1928\" src=\"https:\/\/agora.xtec.cat\/ceiptorreroja\/wp-content\/uploads\/usu1673\/2020\/04\/La-m\u00e0quina-de-calcular-300x171.png\" alt=\"\" width=\"300\" height=\"171\" srcset=\"https:\/\/agora.xtec.cat\/ceiptorreroja\/wp-content\/uploads\/usu1673\/2020\/04\/La-m\u00e0quina-de-calcular-300x171.png 300w, https:\/\/agora.xtec.cat\/ceiptorreroja\/wp-content\/uploads\/usu1673\/2020\/04\/La-m\u00e0quina-de-calcular-768x438.png 768w, https:\/\/agora.xtec.cat\/ceiptorreroja\/wp-content\/uploads\/usu1673\/2020\/04\/La-m\u00e0quina-de-calcular-1024x584.png 1024w, https:\/\/agora.xtec.cat\/ceiptorreroja\/wp-content\/uploads\/usu1673\/2020\/04\/La-m\u00e0quina-de-calcular.png 1068w\" sizes=\"auto, (max-width: 300px) 100vw, 300px\" \/><\/a><\/p>\n<p style=\"text-align: center;\">(Necessari Adobe Flash Player)<\/p>\n<p>&nbsp;<\/p>\n<h2 id=\"NUMERACI\u00d3-I-C\u00c0LCUL\">1.NUMERACI\u00d3 I C\u00c0LCUL<\/h2>\n<h4 id=\"N\u00daMEROS-NATURALS\">1.1.N\u00daMEROS NATURALS<\/h4>\n<table style=\"width: 100%; height: 917px;\">\n<tbody>\n<tr style=\"height: 289px;\">\n<td style=\"width: 50%; height: 289px;\">\n<h2 style=\"text-align: center;\"><a href=\"https:\/\/clic.xtec.cat\/projects\/numeraci\/jclic.js\/index.html\" target=\"_blank\" rel=\"noopener noreferrer\">Com escriure els nombres (mirar 4t)<\/a><\/h2>\n<p style=\"text-align: center;\"><a href=\"https:\/\/clic.xtec.cat\/projects\/numeraci\/jclic.js\/index.html\" target=\"_blank\" rel=\"noopener noreferrer\"><img loading=\"lazy\" decoding=\"async\" class=\"aligncenter wp-image-1959\" src=\"https:\/\/agora.xtec.cat\/ceiptorreroja\/wp-content\/uploads\/usu1673\/2020\/04\/Com-escriure-els-nombres-mirar-4t-300x169.png\" alt=\"\" width=\"267\" height=\"150\" srcset=\"https:\/\/agora.xtec.cat\/ceiptorreroja\/wp-content\/uploads\/usu1673\/2020\/04\/Com-escriure-els-nombres-mirar-4t-300x169.png 300w, https:\/\/agora.xtec.cat\/ceiptorreroja\/wp-content\/uploads\/usu1673\/2020\/04\/Com-escriure-els-nombres-mirar-4t-768x432.png 768w, https:\/\/agora.xtec.cat\/ceiptorreroja\/wp-content\/uploads\/usu1673\/2020\/04\/Com-escriure-els-nombres-mirar-4t-1024x575.png 1024w, https:\/\/agora.xtec.cat\/ceiptorreroja\/wp-content\/uploads\/usu1673\/2020\/04\/Com-escriure-els-nombres-mirar-4t.png 1920w\" sizes=\"auto, (max-width: 267px) 100vw, 267px\" \/><\/a><\/p>\n<\/td>\n<td style=\"width: 50%; height: 289px;\">\n<h2 style=\"text-align: center;\"><a href=\"http:\/\/www.genmagic.net\/repositorio\/displayimage.php?album=1&amp;pos=49\" target=\"_blank\" rel=\"noopener noreferrer\">Parells, senars&#8230;<\/a><\/h2>\n<h2 style=\"text-align: center;\"><a href=\"http:\/\/www.genmagic.net\/repositorio\/displayimage.php?album=1&amp;pos=49\" target=\"_blank\" rel=\"noopener noreferrer\"><img loading=\"lazy\" decoding=\"async\" class=\"aligncenter wp-image-1960\" src=\"https:\/\/agora.xtec.cat\/ceiptorreroja\/wp-content\/uploads\/usu1673\/2020\/04\/Parells-senars...-300x169.png\" alt=\"\" width=\"267\" height=\"150\" srcset=\"https:\/\/agora.xtec.cat\/ceiptorreroja\/wp-content\/uploads\/usu1673\/2020\/04\/Parells-senars...-300x169.png 300w, https:\/\/agora.xtec.cat\/ceiptorreroja\/wp-content\/uploads\/usu1673\/2020\/04\/Parells-senars...-768x432.png 768w, https:\/\/agora.xtec.cat\/ceiptorreroja\/wp-content\/uploads\/usu1673\/2020\/04\/Parells-senars...-1024x576.png 1024w, https:\/\/agora.xtec.cat\/ceiptorreroja\/wp-content\/uploads\/usu1673\/2020\/04\/Parells-senars....png 1920w\" sizes=\"auto, (max-width: 267px) 100vw, 267px\" \/><\/a><\/h2>\n<p style=\"text-align: center;\"><a href=\"http:\/\/agora.xtec.cat\/ceiptorreroja\/adobe-flash-player\/\" target=\"_blank\" rel=\"noopener noreferrer\">(Necessari Adobe Flash Player)<\/a><\/p>\n<\/td>\n<\/tr>\n<tr style=\"height: 31px;\">\n<td style=\"height: 296px;\">\n<h2 style=\"text-align: center;\"><a href=\"https:\/\/www.tablasdemultiplicar.com\/\" target=\"_blank\" rel=\"noopener noreferrer\">Taules de multiplicar<\/a><\/h2>\n<p><a href=\"https:\/\/www.tablasdemultiplicar.com\/\" target=\"_blank\" rel=\"noopener noreferrer\"><img loading=\"lazy\" decoding=\"async\" class=\"aligncenter wp-image-1961\" src=\"https:\/\/agora.xtec.cat\/ceiptorreroja\/wp-content\/uploads\/usu1673\/2020\/04\/Taules-de-multiplicar-es-pot-triar-la-taula-que-interessa-300x169.png\" alt=\"\" width=\"267\" height=\"150\" srcset=\"https:\/\/agora.xtec.cat\/ceiptorreroja\/wp-content\/uploads\/usu1673\/2020\/04\/Taules-de-multiplicar-es-pot-triar-la-taula-que-interessa-300x169.png 300w, https:\/\/agora.xtec.cat\/ceiptorreroja\/wp-content\/uploads\/usu1673\/2020\/04\/Taules-de-multiplicar-es-pot-triar-la-taula-que-interessa-768x432.png 768w, https:\/\/agora.xtec.cat\/ceiptorreroja\/wp-content\/uploads\/usu1673\/2020\/04\/Taules-de-multiplicar-es-pot-triar-la-taula-que-interessa-1024x575.png 1024w, https:\/\/agora.xtec.cat\/ceiptorreroja\/wp-content\/uploads\/usu1673\/2020\/04\/Taules-de-multiplicar-es-pot-triar-la-taula-que-interessa.png 1920w\" sizes=\"auto, (max-width: 267px) 100vw, 267px\" \/><\/a><\/td>\n<td style=\"height: 296px;\">\n<h2 style=\"text-align: center;\"><a href=\"http:\/\/www.xtec.cat\/~jarderiu\/quia\/taules_multi\/taules_bs.html\" target=\"_blank\" rel=\"noopener noreferrer\">Taules de multiplicar amb flota de vaixells<\/a><\/h2>\n<p><a href=\"http:\/\/www.xtec.cat\/~jarderiu\/quia\/taules_multi\/taules_bs.html\" target=\"_blank\" rel=\"noopener noreferrer\"><img loading=\"lazy\" decoding=\"async\" class=\"aligncenter wp-image-1962\" src=\"https:\/\/agora.xtec.cat\/ceiptorreroja\/wp-content\/uploads\/usu1673\/2020\/04\/Taules-de-multiplicar-amb-flota-de-vaixells-300x169.png\" alt=\"\" width=\"267\" height=\"150\" srcset=\"https:\/\/agora.xtec.cat\/ceiptorreroja\/wp-content\/uploads\/usu1673\/2020\/04\/Taules-de-multiplicar-amb-flota-de-vaixells-300x169.png 300w, https:\/\/agora.xtec.cat\/ceiptorreroja\/wp-content\/uploads\/usu1673\/2020\/04\/Taules-de-multiplicar-amb-flota-de-vaixells-768x432.png 768w, https:\/\/agora.xtec.cat\/ceiptorreroja\/wp-content\/uploads\/usu1673\/2020\/04\/Taules-de-multiplicar-amb-flota-de-vaixells.png 993w\" sizes=\"auto, (max-width: 267px) 100vw, 267px\" \/><\/a><\/p>\n<p style=\"text-align: center;\"><a href=\"http:\/\/agora.xtec.cat\/ceiptorreroja\/adobe-flash-player\/\" target=\"_blank\" rel=\"noopener noreferrer\">(Necessari Adobe Flash Player)<\/a><\/p>\n<\/td>\n<\/tr>\n<tr style=\"height: 83px;\">\n<td style=\"height: 83px;\">\n<h2 style=\"text-align: center;\"><a href=\"https:\/\/www.arcademics.com\/games\/grand-prix\" target=\"_blank\" rel=\"noopener noreferrer\">Taules de multiplicar amb curses de cotxes<\/a><\/h2>\n<p><a href=\"https:\/\/www.arcademics.com\/games\/grand-prix\" target=\"_blank\" rel=\"noopener noreferrer\"><img loading=\"lazy\" decoding=\"async\" class=\"aligncenter wp-image-1963\" src=\"https:\/\/agora.xtec.cat\/ceiptorreroja\/wp-content\/uploads\/usu1673\/2020\/04\/Taules-de-multiplicar-amb-curses-de-cotxes-300x172.png\" alt=\"\" width=\"262\" height=\"150\" srcset=\"https:\/\/agora.xtec.cat\/ceiptorreroja\/wp-content\/uploads\/usu1673\/2020\/04\/Taules-de-multiplicar-amb-curses-de-cotxes-300x172.png 300w, https:\/\/agora.xtec.cat\/ceiptorreroja\/wp-content\/uploads\/usu1673\/2020\/04\/Taules-de-multiplicar-amb-curses-de-cotxes-768x439.png 768w, https:\/\/agora.xtec.cat\/ceiptorreroja\/wp-content\/uploads\/usu1673\/2020\/04\/Taules-de-multiplicar-amb-curses-de-cotxes-1024x586.png 1024w, https:\/\/agora.xtec.cat\/ceiptorreroja\/wp-content\/uploads\/usu1673\/2020\/04\/Taules-de-multiplicar-amb-curses-de-cotxes.png 1887w\" sizes=\"auto, (max-width: 262px) 100vw, 262px\" \/><\/a><\/td>\n<td style=\"height: 83px;\">\n<h2 style=\"text-align: center;\"><a href=\"http:\/\/www.eltanquematematico.es\/ladivision\/resuelve\/doscifras\/resuelve_dc_p.html\" target=\"_blank\" rel=\"noopener noreferrer\">Divisions de 2 xifres<\/a><\/h2>\n<p style=\"text-align: center;\"><a href=\"http:\/\/www.eltanquematematico.es\/ladivision\/resuelve\/doscifras\/resuelve_dc_p.html\" target=\"_blank\" rel=\"noopener noreferrer\"><img loading=\"lazy\" decoding=\"async\" class=\"aligncenter wp-image-1980\" src=\"https:\/\/agora.xtec.cat\/ceiptorreroja\/wp-content\/uploads\/usu1673\/2020\/04\/Divisions-de-2-xifres-300x229.png\" alt=\"\" width=\"197\" height=\"150\" srcset=\"https:\/\/agora.xtec.cat\/ceiptorreroja\/wp-content\/uploads\/usu1673\/2020\/04\/Divisions-de-2-xifres-300x229.png 300w, https:\/\/agora.xtec.cat\/ceiptorreroja\/wp-content\/uploads\/usu1673\/2020\/04\/Divisions-de-2-xifres-768x586.png 768w, https:\/\/agora.xtec.cat\/ceiptorreroja\/wp-content\/uploads\/usu1673\/2020\/04\/Divisions-de-2-xifres-1024x782.png 1024w, https:\/\/agora.xtec.cat\/ceiptorreroja\/wp-content\/uploads\/usu1673\/2020\/04\/Divisions-de-2-xifres.png 1407w\" sizes=\"auto, (max-width: 197px) 100vw, 197px\" \/><\/a><\/p>\n<p style=\"text-align: center;\"><a href=\"http:\/\/agora.xtec.cat\/ceiptorreroja\/adobe-flash-player\/\" target=\"_blank\" rel=\"noopener noreferrer\">(Necessari Adobe Flash Player)<\/a><\/p>\n<\/td>\n<\/tr>\n<tr style=\"height: 83px;\">\n<td style=\"width: 50%; height: 83px;\">\n<h2 style=\"text-align: center;\"><a href=\"http:\/\/www.mothmatic.com\/Matematicas\/Multiplicacion_4.htm\" target=\"_blank\" rel=\"noopener noreferrer\">Practicar les taules de multiplicar<\/a><\/h2>\n<p style=\"text-align: center;\"><a href=\"http:\/\/www.mothmatic.com\/Matematicas\/Multiplicacion_4.htm\" target=\"_blank\" rel=\"noopener noreferrer\"><img loading=\"lazy\" decoding=\"async\" class=\"aligncenter wp-image-1981\" src=\"https:\/\/agora.xtec.cat\/ceiptorreroja\/wp-content\/uploads\/usu1673\/2020\/04\/Practicar-les-taules-de-multiplicar-300x177.png\" alt=\"\" width=\"254\" height=\"150\" srcset=\"https:\/\/agora.xtec.cat\/ceiptorreroja\/wp-content\/uploads\/usu1673\/2020\/04\/Practicar-les-taules-de-multiplicar-300x177.png 300w, https:\/\/agora.xtec.cat\/ceiptorreroja\/wp-content\/uploads\/usu1673\/2020\/04\/Practicar-les-taules-de-multiplicar-768x453.png 768w, https:\/\/agora.xtec.cat\/ceiptorreroja\/wp-content\/uploads\/usu1673\/2020\/04\/Practicar-les-taules-de-multiplicar.png 898w\" sizes=\"auto, (max-width: 254px) 100vw, 254px\" \/><\/a><\/p>\n<p style=\"text-align: center;\"><a href=\"http:\/\/agora.xtec.cat\/ceiptorreroja\/adobe-flash-player\/\" target=\"_blank\" rel=\"noopener noreferrer\">(Necessari Adobe Flash Player)<\/a><\/p>\n<\/td>\n<td style=\"width: 50%; height: 83px;\">\n<h2 style=\"text-align: center;\"><a href=\"http:\/\/www3.gobiernodecanarias.org\/medusa\/eltanquematematico\/todo_mate\/usc\/multipli\/mult_usc_e_p.html\" target=\"_blank\" rel=\"noopener noreferrer\">Multiplicaci\u00f3 unitat seguida de zeros<\/a><\/h2>\n<p style=\"text-align: center;\"><a href=\"http:\/\/www3.gobiernodecanarias.org\/medusa\/eltanquematematico\/todo_mate\/usc\/multipli\/mult_usc_e_p.html\" target=\"_blank\" rel=\"noopener noreferrer\"><img loading=\"lazy\" decoding=\"async\" class=\"aligncenter wp-image-1982\" src=\"https:\/\/agora.xtec.cat\/ceiptorreroja\/wp-content\/uploads\/usu1673\/2020\/04\/Multiplicaci\u00f3-unitat-seguida-de-zeros-300x223.png\" alt=\"\" width=\"202\" height=\"150\" srcset=\"https:\/\/agora.xtec.cat\/ceiptorreroja\/wp-content\/uploads\/usu1673\/2020\/04\/Multiplicaci\u00f3-unitat-seguida-de-zeros-300x223.png 300w, https:\/\/agora.xtec.cat\/ceiptorreroja\/wp-content\/uploads\/usu1673\/2020\/04\/Multiplicaci\u00f3-unitat-seguida-de-zeros-768x571.png 768w, https:\/\/agora.xtec.cat\/ceiptorreroja\/wp-content\/uploads\/usu1673\/2020\/04\/Multiplicaci\u00f3-unitat-seguida-de-zeros-1024x761.png 1024w, https:\/\/agora.xtec.cat\/ceiptorreroja\/wp-content\/uploads\/usu1673\/2020\/04\/Multiplicaci\u00f3-unitat-seguida-de-zeros-200x150.png 200w, https:\/\/agora.xtec.cat\/ceiptorreroja\/wp-content\/uploads\/usu1673\/2020\/04\/Multiplicaci\u00f3-unitat-seguida-de-zeros.png 1437w\" sizes=\"auto, (max-width: 202px) 100vw, 202px\" \/><\/a><\/p>\n<p style=\"text-align: center;\"><a href=\"http:\/\/agora.xtec.cat\/ceiptorreroja\/adobe-flash-player\/\" target=\"_blank\" rel=\"noopener noreferrer\">(Necessari Adobe Flash Player)<\/a><\/p>\n<\/td>\n<\/tr>\n<tr style=\"height: 31px;\">\n<td style=\"height: 83px;\">\n<h2 style=\"text-align: center;\"><a href=\"http:\/\/www.juegos.com\/juego\/whats-your-sign\" target=\"_blank\" rel=\"noopener noreferrer\">Triar el signe matem\u00e0tic correcte<\/a><\/h2>\n<p style=\"text-align: center;\"><a href=\"http:\/\/www.juegos.com\/juego\/whats-your-sign\" target=\"_blank\" rel=\"noopener noreferrer\"><img loading=\"lazy\" decoding=\"async\" class=\"aligncenter wp-image-1983\" src=\"https:\/\/agora.xtec.cat\/ceiptorreroja\/wp-content\/uploads\/usu1673\/2020\/04\/Triar-el-signe-matem\u00e0tic-correcte-300x218.png\" alt=\"\" width=\"206\" height=\"150\" srcset=\"https:\/\/agora.xtec.cat\/ceiptorreroja\/wp-content\/uploads\/usu1673\/2020\/04\/Triar-el-signe-matem\u00e0tic-correcte-300x218.png 300w, https:\/\/agora.xtec.cat\/ceiptorreroja\/wp-content\/uploads\/usu1673\/2020\/04\/Triar-el-signe-matem\u00e0tic-correcte-768x559.png 768w, https:\/\/agora.xtec.cat\/ceiptorreroja\/wp-content\/uploads\/usu1673\/2020\/04\/Triar-el-signe-matem\u00e0tic-correcte.png 883w\" sizes=\"auto, (max-width: 206px) 100vw, 206px\" \/><\/a><\/p>\n<p style=\"text-align: center;\"><a href=\"http:\/\/agora.xtec.cat\/ceiptorreroja\/adobe-flash-player\/\" target=\"_blank\" rel=\"noopener noreferrer\">(Necessari Adobe Flash Player)<\/a><\/p>\n<\/td>\n<td style=\"height: 83px;\">\n<h2 style=\"text-align: center;\"><a href=\"http:\/\/www3.gobiernodecanarias.org\/medusa\/eltanquematematico\/todo_mate\/usc\/division\/divi_usc_e_p.html\" target=\"_blank\" rel=\"noopener noreferrer\">Divisi\u00f3 unitat seguida de zeros<\/a><\/h2>\n<p style=\"text-align: center;\"><a href=\"http:\/\/www3.gobiernodecanarias.org\/medusa\/eltanquematematico\/todo_mate\/usc\/division\/divi_usc_e_p.html\" target=\"_blank\" rel=\"noopener noreferrer\"><img loading=\"lazy\" decoding=\"async\" class=\"aligncenter wp-image-1984\" src=\"https:\/\/agora.xtec.cat\/ceiptorreroja\/wp-content\/uploads\/usu1673\/2020\/04\/Divisi\u00f3-unitat-seguida-de-zeros-300x223.png\" alt=\"\" width=\"202\" height=\"150\" srcset=\"https:\/\/agora.xtec.cat\/ceiptorreroja\/wp-content\/uploads\/usu1673\/2020\/04\/Divisi\u00f3-unitat-seguida-de-zeros-300x223.png 300w, https:\/\/agora.xtec.cat\/ceiptorreroja\/wp-content\/uploads\/usu1673\/2020\/04\/Divisi\u00f3-unitat-seguida-de-zeros-768x571.png 768w, https:\/\/agora.xtec.cat\/ceiptorreroja\/wp-content\/uploads\/usu1673\/2020\/04\/Divisi\u00f3-unitat-seguida-de-zeros-1024x761.png 1024w, https:\/\/agora.xtec.cat\/ceiptorreroja\/wp-content\/uploads\/usu1673\/2020\/04\/Divisi\u00f3-unitat-seguida-de-zeros-200x150.png 200w, https:\/\/agora.xtec.cat\/ceiptorreroja\/wp-content\/uploads\/usu1673\/2020\/04\/Divisi\u00f3-unitat-seguida-de-zeros.png 1437w\" sizes=\"auto, (max-width: 202px) 100vw, 202px\" \/><\/a><\/p>\n<p style=\"text-align: center;\"><a href=\"http:\/\/agora.xtec.cat\/ceiptorreroja\/adobe-flash-player\/\" target=\"_blank\" rel=\"noopener noreferrer\">(Necessari Adobe Flash Player)<\/a><\/p>\n<\/td>\n<\/tr>\n<tr style=\"height: 83px;\">\n<td style=\"height: 83px;\">\n<h2 style=\"text-align: center;\"><a href=\"https:\/\/es.ixl.com\/math\/5-primaria\/n%C3%BAmeros-naturales-en-rectas-num%C3%A9ricas\" target=\"_blank\" rel=\"noopener noreferrer\">Recta num\u00e8rica: nombres naturals<\/a><\/h2>\n<p style=\"text-align: center;\"><a href=\"https:\/\/es.ixl.com\/math\/5-primaria\/n%C3%BAmeros-naturales-en-rectas-num%C3%A9ricas\" target=\"_blank\" rel=\"noopener noreferrer\"><img loading=\"lazy\" decoding=\"async\" class=\"aligncenter wp-image-1985\" src=\"https:\/\/agora.xtec.cat\/ceiptorreroja\/wp-content\/uploads\/usu1673\/2020\/04\/Recta-num\u00e8rica-nombres-naturals-300x169.png\" alt=\"\" width=\"267\" height=\"150\" srcset=\"https:\/\/agora.xtec.cat\/ceiptorreroja\/wp-content\/uploads\/usu1673\/2020\/04\/Recta-num\u00e8rica-nombres-naturals-300x169.png 300w, https:\/\/agora.xtec.cat\/ceiptorreroja\/wp-content\/uploads\/usu1673\/2020\/04\/Recta-num\u00e8rica-nombres-naturals-768x432.png 768w, https:\/\/agora.xtec.cat\/ceiptorreroja\/wp-content\/uploads\/usu1673\/2020\/04\/Recta-num\u00e8rica-nombres-naturals-1024x575.png 1024w, https:\/\/agora.xtec.cat\/ceiptorreroja\/wp-content\/uploads\/usu1673\/2020\/04\/Recta-num\u00e8rica-nombres-naturals.png 1920w\" sizes=\"auto, (max-width: 267px) 100vw, 267px\" \/><\/a><\/p>\n<\/td>\n<td style=\"height: 83px;\">\n<h2 style=\"text-align: center;\"><\/h2>\n<\/td>\n<\/tr>\n<\/tbody>\n<\/table>\n<p>&nbsp;<\/p>\n<h4 id=\"N\u00daMEROS-DECIMALS\">1.2.N\u00daMEROS DECIMALS<\/h4>\n<table style=\"width: 100%;\">\n<tbody>\n<tr>\n<td style=\"width: 50%;\">\n<h2 style=\"text-align: center;\"><a href=\"http:\/\/ntic.educacion.es\/w3\/recursos\/primaria\/matematicas\/decimales\/menu.html\" target=\"_blank\" rel=\"noopener noreferrer\">Practicar decimals<\/a><\/h2>\n<p style=\"text-align: center;\"><a href=\"http:\/\/ntic.educacion.es\/w3\/recursos\/primaria\/matematicas\/decimales\/menu.html\" target=\"_blank\" rel=\"noopener noreferrer\"><img loading=\"lazy\" decoding=\"async\" class=\"aligncenter wp-image-1994\" src=\"https:\/\/agora.xtec.cat\/ceiptorreroja\/wp-content\/uploads\/usu1673\/2020\/04\/Practicar-decimals-300x242.png\" alt=\"\" width=\"186\" height=\"150\" srcset=\"https:\/\/agora.xtec.cat\/ceiptorreroja\/wp-content\/uploads\/usu1673\/2020\/04\/Practicar-decimals-300x242.png 300w, https:\/\/agora.xtec.cat\/ceiptorreroja\/wp-content\/uploads\/usu1673\/2020\/04\/Practicar-decimals.png 640w\" sizes=\"auto, (max-width: 186px) 100vw, 186px\" \/><\/a><\/p>\n<p style=\"text-align: center;\"><a href=\"http:\/\/agora.xtec.cat\/ceiptorreroja\/adobe-flash-player\/\" target=\"_blank\" rel=\"noopener noreferrer\">(Necessari Adobe Flash Player)<\/a><\/p>\n<\/td>\n<td style=\"width: 50%;\">\n<h2 style=\"text-align: center;\"><a href=\"http:\/\/www3.gobiernodecanarias.org\/medusa\/eltanquematematico\/todo_mate\/openumdec\/openumdec_p.html\" target=\"_blank\" rel=\"noopener noreferrer\">Operacions amb decimals<\/a><\/h2>\n<p style=\"text-align: center;\"><a href=\"http:\/\/www3.gobiernodecanarias.org\/medusa\/eltanquematematico\/todo_mate\/openumdec\/openumdec_p.html\" target=\"_blank\" rel=\"noopener noreferrer\"><img loading=\"lazy\" decoding=\"async\" class=\"aligncenter wp-image-1995\" src=\"https:\/\/agora.xtec.cat\/ceiptorreroja\/wp-content\/uploads\/usu1673\/2020\/04\/Operacions-amb-decimals-300x169.png\" alt=\"\" width=\"267\" height=\"150\" srcset=\"https:\/\/agora.xtec.cat\/ceiptorreroja\/wp-content\/uploads\/usu1673\/2020\/04\/Operacions-amb-decimals-300x169.png 300w, https:\/\/agora.xtec.cat\/ceiptorreroja\/wp-content\/uploads\/usu1673\/2020\/04\/Operacions-amb-decimals-768x432.png 768w, https:\/\/agora.xtec.cat\/ceiptorreroja\/wp-content\/uploads\/usu1673\/2020\/04\/Operacions-amb-decimals-1024x576.png 1024w, https:\/\/agora.xtec.cat\/ceiptorreroja\/wp-content\/uploads\/usu1673\/2020\/04\/Operacions-amb-decimals.png 1912w\" sizes=\"auto, (max-width: 267px) 100vw, 267px\" \/><\/a><\/p>\n<p style=\"text-align: center;\"><a href=\"http:\/\/agora.xtec.cat\/ceiptorreroja\/adobe-flash-player\/\" target=\"_blank\" rel=\"noopener noreferrer\">(Necessari Adobe Flash Player)<\/a><\/p>\n<\/td>\n<\/tr>\n<tr style=\"height: 31px;\">\n<td>\n<h2 style=\"text-align: center;\"><a href=\"http:\/\/www.educa.jcyl.es\/educacyl\/cm\/gallery\/Recursos_Mundoprimaria\/primaria\/sexto\/jugar\/index.html?id=4574\" target=\"_blank\" rel=\"noopener noreferrer\">Arrodonir nombres decimals<\/a><\/h2>\n<p style=\"text-align: center;\"><a href=\"http:\/\/www.educa.jcyl.es\/educacyl\/cm\/gallery\/Recursos_Mundoprimaria\/primaria\/sexto\/jugar\/index.html?id=4574\" target=\"_blank\" rel=\"noopener noreferrer\"><img loading=\"lazy\" decoding=\"async\" class=\"aligncenter wp-image-1996\" src=\"https:\/\/agora.xtec.cat\/ceiptorreroja\/wp-content\/uploads\/usu1673\/2020\/04\/Arrodonir-nombres-decimals-300x240.png\" alt=\"\" width=\"187\" height=\"150\" srcset=\"https:\/\/agora.xtec.cat\/ceiptorreroja\/wp-content\/uploads\/usu1673\/2020\/04\/Arrodonir-nombres-decimals-300x240.png 300w, https:\/\/agora.xtec.cat\/ceiptorreroja\/wp-content\/uploads\/usu1673\/2020\/04\/Arrodonir-nombres-decimals-768x615.png 768w, https:\/\/agora.xtec.cat\/ceiptorreroja\/wp-content\/uploads\/usu1673\/2020\/04\/Arrodonir-nombres-decimals-1024x820.png 1024w, https:\/\/agora.xtec.cat\/ceiptorreroja\/wp-content\/uploads\/usu1673\/2020\/04\/Arrodonir-nombres-decimals.png 1138w\" sizes=\"auto, (max-width: 187px) 100vw, 187px\" \/><\/a><\/p>\n<\/td>\n<td>\n<h2 style=\"text-align: center;\"><a href=\"https:\/\/es.ixl.com\/math\/5-primaria\/representar-decimales-en-rectas-num%C3%A9ricas\" target=\"_blank\" rel=\"noopener noreferrer\">Recta num\u00e8rica: nombres decimals<\/a><\/h2>\n<p style=\"text-align: center;\"><a href=\"https:\/\/es.ixl.com\/math\/5-primaria\/representar-decimales-en-rectas-num%C3%A9ricas\" target=\"_blank\" rel=\"noopener noreferrer\"><img loading=\"lazy\" decoding=\"async\" class=\"aligncenter wp-image-1997\" src=\"https:\/\/agora.xtec.cat\/ceiptorreroja\/wp-content\/uploads\/usu1673\/2020\/04\/Recta-num\u00e8rica-nombres-decimals-300x169.png\" alt=\"\" width=\"267\" height=\"150\" srcset=\"https:\/\/agora.xtec.cat\/ceiptorreroja\/wp-content\/uploads\/usu1673\/2020\/04\/Recta-num\u00e8rica-nombres-decimals-300x169.png 300w, https:\/\/agora.xtec.cat\/ceiptorreroja\/wp-content\/uploads\/usu1673\/2020\/04\/Recta-num\u00e8rica-nombres-decimals-768x432.png 768w, https:\/\/agora.xtec.cat\/ceiptorreroja\/wp-content\/uploads\/usu1673\/2020\/04\/Recta-num\u00e8rica-nombres-decimals-1024x575.png 1024w, https:\/\/agora.xtec.cat\/ceiptorreroja\/wp-content\/uploads\/usu1673\/2020\/04\/Recta-num\u00e8rica-nombres-decimals.png 1920w\" sizes=\"auto, (max-width: 267px) 100vw, 267px\" \/><\/a><\/p>\n<\/td>\n<\/tr>\n<tr>\n<td>\n<h2 style=\"text-align: center;\"><a href=\"https:\/\/es.ixl.com\/math\/5-primaria\/comparar-decimales-en-rectas-num%C3%A9ricas\" target=\"_blank\" rel=\"noopener noreferrer\">Recta num\u00e8rica: comparar nombres decimals<\/a><\/h2>\n<p style=\"text-align: center;\"><a href=\"https:\/\/es.ixl.com\/math\/5-primaria\/comparar-decimales-en-rectas-num%C3%A9ricas\" target=\"_blank\" rel=\"noopener noreferrer\"><img loading=\"lazy\" decoding=\"async\" class=\"aligncenter wp-image-1998\" src=\"https:\/\/agora.xtec.cat\/ceiptorreroja\/wp-content\/uploads\/usu1673\/2020\/04\/Recta-num\u00e8rica-comparar-nombres-decimals-300x169.png\" alt=\"\" width=\"267\" height=\"150\" srcset=\"https:\/\/agora.xtec.cat\/ceiptorreroja\/wp-content\/uploads\/usu1673\/2020\/04\/Recta-num\u00e8rica-comparar-nombres-decimals-300x169.png 300w, https:\/\/agora.xtec.cat\/ceiptorreroja\/wp-content\/uploads\/usu1673\/2020\/04\/Recta-num\u00e8rica-comparar-nombres-decimals-768x432.png 768w, https:\/\/agora.xtec.cat\/ceiptorreroja\/wp-content\/uploads\/usu1673\/2020\/04\/Recta-num\u00e8rica-comparar-nombres-decimals-1024x575.png 1024w, https:\/\/agora.xtec.cat\/ceiptorreroja\/wp-content\/uploads\/usu1673\/2020\/04\/Recta-num\u00e8rica-comparar-nombres-decimals.png 1920w\" sizes=\"auto, (max-width: 267px) 100vw, 267px\" \/><\/a><\/p>\n<\/td>\n<td>\n<h2 style=\"text-align: center;\"><\/h2>\n<\/td>\n<\/tr>\n<\/tbody>\n<\/table>\n<p>&nbsp;<\/p>\n<h4 id=\"M\u00daLTIPLES-I-DIVISORS\">1.3.M\u00daLTIPLES I DIVISORS<\/h4>\n<table style=\"width: 100%; height: 870px;\">\n<tbody>\n<tr style=\"height: 290px;\">\n<td style=\"width: 50%; height: 290px;\">\n<h2 style=\"text-align: center;\"><a href=\"https:\/\/vedoque.com\/html5\/matematicas\/multiplos\/\" target=\"_blank\" rel=\"noopener noreferrer\">Trobar m\u00faltiples<\/a><\/h2>\n<p style=\"text-align: center;\"><a href=\"https:\/\/vedoque.com\/html5\/matematicas\/multiplos\/\" target=\"_blank\" rel=\"noopener noreferrer\"><img loading=\"lazy\" decoding=\"async\" class=\"aligncenter wp-image-2000\" src=\"https:\/\/agora.xtec.cat\/ceiptorreroja\/wp-content\/uploads\/usu1673\/2020\/04\/Trobar-m\u00faltiples-300x200.png\" alt=\"\" width=\"225\" height=\"150\" srcset=\"https:\/\/agora.xtec.cat\/ceiptorreroja\/wp-content\/uploads\/usu1673\/2020\/04\/Trobar-m\u00faltiples-300x200.png 300w, https:\/\/agora.xtec.cat\/ceiptorreroja\/wp-content\/uploads\/usu1673\/2020\/04\/Trobar-m\u00faltiples-768x512.png 768w, https:\/\/agora.xtec.cat\/ceiptorreroja\/wp-content\/uploads\/usu1673\/2020\/04\/Trobar-m\u00faltiples.png 958w\" sizes=\"auto, (max-width: 225px) 100vw, 225px\" \/><\/a><\/p>\n<\/td>\n<td style=\"width: 50%; height: 290px;\">\n<h2 style=\"text-align: center;\"><a href=\"http:\/\/repositorio.educa.jccm.es\/portal\/odes\/matematicas\/divisibilidad\/contenido\/index.html\" target=\"_blank\" rel=\"noopener noreferrer\">Divisibilitat i nombres primers<\/a><\/h2>\n<p style=\"text-align: center;\"><a href=\"http:\/\/repositorio.educa.jccm.es\/portal\/odes\/matematicas\/divisibilidad\/contenido\/index.html\" target=\"_blank\" rel=\"noopener noreferrer\"><img loading=\"lazy\" decoding=\"async\" class=\"aligncenter wp-image-2001\" src=\"https:\/\/agora.xtec.cat\/ceiptorreroja\/wp-content\/uploads\/usu1673\/2020\/04\/Divisibilitat-i-nombres-primers-300x221.png\" alt=\"\" width=\"203\" height=\"150\" srcset=\"https:\/\/agora.xtec.cat\/ceiptorreroja\/wp-content\/uploads\/usu1673\/2020\/04\/Divisibilitat-i-nombres-primers-300x221.png 300w, https:\/\/agora.xtec.cat\/ceiptorreroja\/wp-content\/uploads\/usu1673\/2020\/04\/Divisibilitat-i-nombres-primers-768x566.png 768w, https:\/\/agora.xtec.cat\/ceiptorreroja\/wp-content\/uploads\/usu1673\/2020\/04\/Divisibilitat-i-nombres-primers-1024x755.png 1024w, https:\/\/agora.xtec.cat\/ceiptorreroja\/wp-content\/uploads\/usu1673\/2020\/04\/Divisibilitat-i-nombres-primers.png 1452w\" sizes=\"auto, (max-width: 203px) 100vw, 203px\" \/><\/a><\/p>\n<p style=\"text-align: center;\"><a href=\"http:\/\/agora.xtec.cat\/ceiptorreroja\/adobe-flash-player\/\" target=\"_blank\" rel=\"noopener noreferrer\">(Necessari Adobe Flash Player)<\/a><\/p>\n<\/td>\n<\/tr>\n<tr style=\"height: 31px;\">\n<td style=\"height: 290px;\">\n<h2 style=\"text-align: center;\"><a href=\"http:\/\/www.juntadeandalucia.es\/averroes\/centros-tic\/41009470\/helvia\/aula\/archivos\/repositorio\/0\/193\/html\/recursos\/la\/U04\/pages\/recursos\/143304_P51\/es_carcasa.html\" target=\"_blank\" rel=\"noopener noreferrer\">Criteris divisibilitat per 2, 3 i 5<\/a><\/h2>\n<p style=\"text-align: center;\"><a href=\"http:\/\/www.juntadeandalucia.es\/averroes\/centros-tic\/41009470\/helvia\/aula\/archivos\/repositorio\/0\/193\/html\/recursos\/la\/U04\/pages\/recursos\/143304_P51\/es_carcasa.html\" target=\"_blank\" rel=\"noopener noreferrer\"><img loading=\"lazy\" decoding=\"async\" class=\"aligncenter wp-image-2002\" src=\"https:\/\/agora.xtec.cat\/ceiptorreroja\/wp-content\/uploads\/usu1673\/2020\/04\/Criteris-divisibilitat-per-2-3-i-5-300x214.png\" alt=\"\" width=\"210\" height=\"150\" srcset=\"https:\/\/agora.xtec.cat\/ceiptorreroja\/wp-content\/uploads\/usu1673\/2020\/04\/Criteris-divisibilitat-per-2-3-i-5-300x214.png 300w, https:\/\/agora.xtec.cat\/ceiptorreroja\/wp-content\/uploads\/usu1673\/2020\/04\/Criteris-divisibilitat-per-2-3-i-5-768x548.png 768w, https:\/\/agora.xtec.cat\/ceiptorreroja\/wp-content\/uploads\/usu1673\/2020\/04\/Criteris-divisibilitat-per-2-3-i-5.png 790w\" sizes=\"auto, (max-width: 210px) 100vw, 210px\" \/><\/a><\/p>\n<p style=\"text-align: center;\"><a href=\"http:\/\/agora.xtec.cat\/ceiptorreroja\/adobe-flash-player\/\" target=\"_blank\" rel=\"noopener noreferrer\">(Necessari Adobe Flash Player)<\/a><\/p>\n<\/td>\n<td style=\"height: 290px;\">\n<h2 style=\"text-align: center;\"><a href=\"http:\/\/www.retomates.es\/?idw=tt&amp;idJuego=multipleitor\" target=\"_blank\" rel=\"noopener noreferrer\">Criteris divisibilitat<\/a><\/h2>\n<p><a href=\"http:\/\/www.retomates.es\/?idw=tt&amp;idJuego=multipleitor\" target=\"_blank\" rel=\"noopener noreferrer\"><img loading=\"lazy\" decoding=\"async\" class=\"aligncenter wp-image-2003\" src=\"https:\/\/agora.xtec.cat\/ceiptorreroja\/wp-content\/uploads\/usu1673\/2020\/04\/Criteris-divisibilitat-300x168.png\" alt=\"\" width=\"267\" height=\"150\" srcset=\"https:\/\/agora.xtec.cat\/ceiptorreroja\/wp-content\/uploads\/usu1673\/2020\/04\/Criteris-divisibilitat-300x168.png 300w, https:\/\/agora.xtec.cat\/ceiptorreroja\/wp-content\/uploads\/usu1673\/2020\/04\/Criteris-divisibilitat-768x431.png 768w, https:\/\/agora.xtec.cat\/ceiptorreroja\/wp-content\/uploads\/usu1673\/2020\/04\/Criteris-divisibilitat-1024x574.png 1024w, https:\/\/agora.xtec.cat\/ceiptorreroja\/wp-content\/uploads\/usu1673\/2020\/04\/Criteris-divisibilitat.png 1050w\" sizes=\"auto, (max-width: 267px) 100vw, 267px\" \/><\/a><\/td>\n<\/tr>\n<tr style=\"height: 290px;\">\n<td style=\"height: 290px;\">\n<h2 style=\"text-align: center;\"><a href=\"http:\/\/www.genmagic.net\/repositorio\/displayimage.php?album=1&amp;pos=207\" target=\"_blank\" rel=\"noopener noreferrer\">Divisibilitat: trobar l\u2019error<\/a><\/h2>\n<p><a href=\"http:\/\/www.genmagic.net\/repositorio\/displayimage.php?album=1&amp;pos=207\" target=\"_blank\" rel=\"noopener noreferrer\"><img loading=\"lazy\" decoding=\"async\" class=\"aligncenter wp-image-2004\" src=\"https:\/\/agora.xtec.cat\/ceiptorreroja\/wp-content\/uploads\/usu1673\/2020\/04\/Divisibilitat-trobar-l\u2019error-300x172.png\" alt=\"\" width=\"262\" height=\"150\" srcset=\"https:\/\/agora.xtec.cat\/ceiptorreroja\/wp-content\/uploads\/usu1673\/2020\/04\/Divisibilitat-trobar-l\u2019error-300x172.png 300w, https:\/\/agora.xtec.cat\/ceiptorreroja\/wp-content\/uploads\/usu1673\/2020\/04\/Divisibilitat-trobar-l\u2019error-768x440.png 768w, https:\/\/agora.xtec.cat\/ceiptorreroja\/wp-content\/uploads\/usu1673\/2020\/04\/Divisibilitat-trobar-l\u2019error-1024x587.png 1024w, https:\/\/agora.xtec.cat\/ceiptorreroja\/wp-content\/uploads\/usu1673\/2020\/04\/Divisibilitat-trobar-l\u2019error.png 1884w\" sizes=\"auto, (max-width: 262px) 100vw, 262px\" \/><\/a><\/p>\n<p style=\"text-align: center;\"><a href=\"http:\/\/agora.xtec.cat\/ceiptorreroja\/adobe-flash-player\/\" target=\"_blank\" rel=\"noopener noreferrer\">(Necessari Adobe Flash Player)<\/a><\/p>\n<\/td>\n<td style=\"height: 290px;\">\n<h2 style=\"text-align: center;\"><\/h2>\n<\/td>\n<\/tr>\n<\/tbody>\n<\/table>\n<p>&nbsp;<\/p>\n<h4 id=\"JERARQUIA-D\u2019OPERACIONS\">1.4.JERARQUIA D\u2019OPERACIONS<\/h4>\n<table style=\"width: 100%;\">\n<tbody>\n<tr>\n<td style=\"width: 50%;\">\n<h2 style=\"text-align: center;\"><a href=\"http:\/\/www.juntadeandalucia.es\/averroes\/centros-tic\/41009470\/helvia\/aula\/archivos\/repositorio\/0\/193\/html\/recursos\/la\/U01\/pages\/recursos\/143304_P14_4\/es_carcasa.html\" target=\"_blank\" rel=\"noopener noreferrer\">Operacions combinades<\/a><\/h2>\n<p><a href=\"http:\/\/www.juntadeandalucia.es\/averroes\/centros-tic\/41009470\/helvia\/aula\/archivos\/repositorio\/0\/193\/html\/recursos\/la\/U01\/pages\/recursos\/143304_P14_4\/es_carcasa.html\" target=\"_blank\" rel=\"noopener noreferrer\"><img loading=\"lazy\" decoding=\"async\" class=\"aligncenter wp-image-2007\" src=\"https:\/\/agora.xtec.cat\/ceiptorreroja\/wp-content\/uploads\/usu1673\/2020\/04\/Operacions-combinades-300x213.png\" alt=\"\" width=\"211\" height=\"150\" srcset=\"https:\/\/agora.xtec.cat\/ceiptorreroja\/wp-content\/uploads\/usu1673\/2020\/04\/Operacions-combinades-300x213.png 300w, https:\/\/agora.xtec.cat\/ceiptorreroja\/wp-content\/uploads\/usu1673\/2020\/04\/Operacions-combinades-768x546.png 768w, https:\/\/agora.xtec.cat\/ceiptorreroja\/wp-content\/uploads\/usu1673\/2020\/04\/Operacions-combinades.png 789w\" sizes=\"auto, (max-width: 211px) 100vw, 211px\" \/><\/a><\/p>\n<p style=\"text-align: center;\"><a href=\"http:\/\/agora.xtec.cat\/ceiptorreroja\/adobe-flash-player\/\" target=\"_blank\" rel=\"noopener noreferrer\">(Necessari Adobe Flash Player)<\/a><\/p>\n<\/td>\n<td style=\"width: 50%;\">\n<h2 style=\"text-align: center;\"><a href=\"http:\/\/www.juntadeandalucia.es\/averroes\/centros-tic\/41009470\/helvia\/aula\/archivos\/repositorio\/0\/196\/html\/recursos\/la\/U02\/pages\/recursos\/143164_P28_3\/es_carcasa.html\" target=\"_blank\" rel=\"noopener noreferrer\">Operacions combinades<\/a><\/h2>\n<p><a href=\"http:\/\/www.juntadeandalucia.es\/averroes\/centros-tic\/41009470\/helvia\/aula\/archivos\/repositorio\/0\/196\/html\/recursos\/la\/U02\/pages\/recursos\/143164_P28_3\/es_carcasa.html\" target=\"_blank\" rel=\"noopener noreferrer\"><img loading=\"lazy\" decoding=\"async\" class=\"aligncenter wp-image-2008\" src=\"https:\/\/agora.xtec.cat\/ceiptorreroja\/wp-content\/uploads\/usu1673\/2020\/04\/Operacions-combinades2-300x214.png\" alt=\"\" width=\"210\" height=\"150\" srcset=\"https:\/\/agora.xtec.cat\/ceiptorreroja\/wp-content\/uploads\/usu1673\/2020\/04\/Operacions-combinades2-300x214.png 300w, https:\/\/agora.xtec.cat\/ceiptorreroja\/wp-content\/uploads\/usu1673\/2020\/04\/Operacions-combinades2-768x548.png 768w, https:\/\/agora.xtec.cat\/ceiptorreroja\/wp-content\/uploads\/usu1673\/2020\/04\/Operacions-combinades2.png 790w\" sizes=\"auto, (max-width: 210px) 100vw, 210px\" \/><\/a><\/p>\n<p style=\"text-align: center;\"><a href=\"http:\/\/agora.xtec.cat\/ceiptorreroja\/adobe-flash-player\/\" target=\"_blank\" rel=\"noopener noreferrer\">(Necessari Adobe Flash Player)<\/a><\/p>\n<\/td>\n<\/tr>\n<tr style=\"height: 31px;\">\n<td>\n<h2 style=\"text-align: center;\"><a href=\"http:\/\/www.juntadeandalucia.es\/averroes\/centros-tic\/41009470\/helvia\/aula\/archivos\/repositorio\/0\/196\/html\/recursos\/la\/U02\/pages\/recursos\/143164_P24\/es_carcasa.html\" target=\"_blank\" rel=\"noopener noreferrer\">Operacions combinades<\/a><\/h2>\n<p><a href=\"http:\/\/www.juntadeandalucia.es\/averroes\/centros-tic\/41009470\/helvia\/aula\/archivos\/repositorio\/0\/196\/html\/recursos\/la\/U02\/pages\/recursos\/143164_P24\/es_carcasa.html\" target=\"_blank\" rel=\"noopener noreferrer\"><img loading=\"lazy\" decoding=\"async\" class=\"aligncenter wp-image-2009\" src=\"https:\/\/agora.xtec.cat\/ceiptorreroja\/wp-content\/uploads\/usu1673\/2020\/04\/Operacions-combinades3-300x214.png\" alt=\"\" width=\"210\" height=\"150\" srcset=\"https:\/\/agora.xtec.cat\/ceiptorreroja\/wp-content\/uploads\/usu1673\/2020\/04\/Operacions-combinades3-300x214.png 300w, https:\/\/agora.xtec.cat\/ceiptorreroja\/wp-content\/uploads\/usu1673\/2020\/04\/Operacions-combinades3-768x548.png 768w, https:\/\/agora.xtec.cat\/ceiptorreroja\/wp-content\/uploads\/usu1673\/2020\/04\/Operacions-combinades3.png 790w\" sizes=\"auto, (max-width: 210px) 100vw, 210px\" \/><\/a><\/p>\n<p style=\"text-align: center;\"><a href=\"http:\/\/agora.xtec.cat\/ceiptorreroja\/adobe-flash-player\/\" target=\"_blank\" rel=\"noopener noreferrer\">(Necessari Adobe Flash Player)<\/a><\/p>\n<\/td>\n<td>\n<h2 style=\"text-align: center;\"><\/h2>\n<\/td>\n<\/tr>\n<\/tbody>\n<\/table>\n<p>&nbsp;<\/p>\n<h4 id=\"N\u00daMEROS-ROMANS\">1.5.N\u00daMEROS ROMANS<\/h4>\n<table style=\"width: 100%;\">\n<tbody>\n<tr>\n<td style=\"width: 50%;\">\n<h2 style=\"text-align: center;\"><a href=\"http:\/\/endrino.pntic.mec.es\/~jcoh0005\/romanos\/romanos.html\" target=\"_blank\" rel=\"noopener noreferrer\">N\u00fameros romans (en castell\u00e0)<\/a><\/h2>\n<p><a href=\"http:\/\/endrino.pntic.mec.es\/~jcoh0005\/romanos\/romanos.html\" target=\"_blank\" rel=\"noopener noreferrer\"><img loading=\"lazy\" decoding=\"async\" class=\"aligncenter wp-image-2012\" src=\"https:\/\/agora.xtec.cat\/ceiptorreroja\/wp-content\/uploads\/usu1673\/2020\/04\/N\u00fameros-romans-en-castell\u00e0-300x253.png\" alt=\"\" width=\"178\" height=\"150\" srcset=\"https:\/\/agora.xtec.cat\/ceiptorreroja\/wp-content\/uploads\/usu1673\/2020\/04\/N\u00fameros-romans-en-castell\u00e0-300x253.png 300w, https:\/\/agora.xtec.cat\/ceiptorreroja\/wp-content\/uploads\/usu1673\/2020\/04\/N\u00fameros-romans-en-castell\u00e0.png 612w\" sizes=\"auto, (max-width: 178px) 100vw, 178px\" \/><\/a><\/p>\n<p style=\"text-align: center;\"><a href=\"http:\/\/agora.xtec.cat\/ceiptorreroja\/adobe-flash-player\/\" target=\"_blank\" rel=\"noopener noreferrer\">(Necessari Adobe Flash Player)<\/a><\/p>\n<\/td>\n<td style=\"width: 50%;\">\n<h2 style=\"text-align: center;\"><a href=\"https:\/\/clic.xtec.cat\/projects\/romans\/jclic.js\/index.html\" target=\"_blank\" rel=\"noopener noreferrer\">N\u00fameros romans (en catal\u00e0)<\/a><\/h2>\n<p><a href=\"https:\/\/clic.xtec.cat\/projects\/romans\/jclic.js\/index.html\" target=\"_blank\" rel=\"noopener noreferrer\"><img loading=\"lazy\" decoding=\"async\" class=\"aligncenter wp-image-2011\" src=\"https:\/\/agora.xtec.cat\/ceiptorreroja\/wp-content\/uploads\/usu1673\/2020\/04\/N\u00fameros-romans-en-catal\u00e0-300x169.png\" alt=\"\" width=\"267\" height=\"150\" srcset=\"https:\/\/agora.xtec.cat\/ceiptorreroja\/wp-content\/uploads\/usu1673\/2020\/04\/N\u00fameros-romans-en-catal\u00e0-300x169.png 300w, https:\/\/agora.xtec.cat\/ceiptorreroja\/wp-content\/uploads\/usu1673\/2020\/04\/N\u00fameros-romans-en-catal\u00e0-768x432.png 768w, https:\/\/agora.xtec.cat\/ceiptorreroja\/wp-content\/uploads\/usu1673\/2020\/04\/N\u00fameros-romans-en-catal\u00e0-1024x575.png 1024w, https:\/\/agora.xtec.cat\/ceiptorreroja\/wp-content\/uploads\/usu1673\/2020\/04\/N\u00fameros-romans-en-catal\u00e0.png 1920w\" sizes=\"auto, (max-width: 267px) 100vw, 267px\" \/><\/a><\/td>\n<\/tr>\n<\/tbody>\n<\/table>\n<p>&nbsp;<\/p>\n<h4 id=\"FRACCIONS\">1.6.FRACCIONS<\/h4>\n<table style=\"width: 100%;\">\n<tbody>\n<tr>\n<td style=\"width: 50%;\">\n<h2 style=\"text-align: center;\"><a href=\"http:\/\/fracciones.joseantoniocuadrado.com\/\" target=\"_blank\" rel=\"noopener noreferrer\">Fraccions: concepte i activitats<\/a><\/h2>\n<p><a href=\"http:\/\/fracciones.joseantoniocuadrado.com\/\" target=\"_blank\" rel=\"noopener noreferrer\"><img loading=\"lazy\" decoding=\"async\" class=\"aligncenter wp-image-2017\" src=\"https:\/\/agora.xtec.cat\/ceiptorreroja\/wp-content\/uploads\/usu1673\/2020\/04\/Fraccions-concepte-i-activitats-300x238.png\" alt=\"\" width=\"189\" height=\"150\" srcset=\"https:\/\/agora.xtec.cat\/ceiptorreroja\/wp-content\/uploads\/usu1673\/2020\/04\/Fraccions-concepte-i-activitats-300x238.png 300w, https:\/\/agora.xtec.cat\/ceiptorreroja\/wp-content\/uploads\/usu1673\/2020\/04\/Fraccions-concepte-i-activitats-768x609.png 768w, https:\/\/agora.xtec.cat\/ceiptorreroja\/wp-content\/uploads\/usu1673\/2020\/04\/Fraccions-concepte-i-activitats-1024x813.png 1024w, https:\/\/agora.xtec.cat\/ceiptorreroja\/wp-content\/uploads\/usu1673\/2020\/04\/Fraccions-concepte-i-activitats.png 1206w\" sizes=\"auto, (max-width: 189px) 100vw, 189px\" \/><\/a><\/p>\n<p style=\"text-align: center;\"><a href=\"http:\/\/agora.xtec.cat\/ceiptorreroja\/adobe-flash-player\/\" target=\"_blank\" rel=\"noopener noreferrer\">(Necessari Adobe Flash Player)<\/a><\/p>\n<\/td>\n<td style=\"width: 50%;\">\n<h2 style=\"text-align: center;\"><a href=\"http:\/\/ares.cnice.mec.es\/matematicasep\/b\/2\/cb2_06.html\" target=\"_blank\" rel=\"noopener noreferrer\">Fraccions equivalents<\/a><\/h2>\n<p><a href=\"http:\/\/ares.cnice.mec.es\/matematicasep\/b\/2\/cb2_06.html\" target=\"_blank\" rel=\"noopener noreferrer\"><img loading=\"lazy\" decoding=\"async\" class=\"aligncenter wp-image-2018\" src=\"https:\/\/agora.xtec.cat\/ceiptorreroja\/wp-content\/uploads\/usu1673\/2020\/04\/Fraccions-equivalents-300x173.png\" alt=\"\" width=\"261\" height=\"150\" srcset=\"https:\/\/agora.xtec.cat\/ceiptorreroja\/wp-content\/uploads\/usu1673\/2020\/04\/Fraccions-equivalents-300x173.png 300w, https:\/\/agora.xtec.cat\/ceiptorreroja\/wp-content\/uploads\/usu1673\/2020\/04\/Fraccions-equivalents-768x442.png 768w, https:\/\/agora.xtec.cat\/ceiptorreroja\/wp-content\/uploads\/usu1673\/2020\/04\/Fraccions-equivalents.png 1001w\" sizes=\"auto, (max-width: 261px) 100vw, 261px\" \/><\/a><\/p>\n<p style=\"text-align: center;\"><a href=\"http:\/\/agora.xtec.cat\/ceiptorreroja\/adobe-flash-player\/\" target=\"_blank\" rel=\"noopener noreferrer\">(Necessari Adobe Flash Player)<\/a><\/p>\n<\/td>\n<\/tr>\n<tr style=\"height: 31px;\">\n<td style=\"width: 50%;\">\n<h2 style=\"text-align: center;\"><a href=\"http:\/\/ntic.educacion.es\/w3\/recursos\/primaria\/matematicas\/fracciones\/menu.html\" target=\"_blank\" rel=\"noopener noreferrer\">Fraccions: concepte i activitats<\/a><\/h2>\n<p><a href=\"http:\/\/ntic.educacion.es\/w3\/recursos\/primaria\/matematicas\/fracciones\/menu.html\" target=\"_blank\" rel=\"noopener noreferrer\"><img loading=\"lazy\" decoding=\"async\" class=\"aligncenter wp-image-2019\" src=\"https:\/\/agora.xtec.cat\/ceiptorreroja\/wp-content\/uploads\/usu1673\/2020\/04\/Fraccions-concepte-i-activitats2-300x262.png\" alt=\"\" width=\"172\" height=\"150\" srcset=\"https:\/\/agora.xtec.cat\/ceiptorreroja\/wp-content\/uploads\/usu1673\/2020\/04\/Fraccions-concepte-i-activitats2-300x262.png 300w, https:\/\/agora.xtec.cat\/ceiptorreroja\/wp-content\/uploads\/usu1673\/2020\/04\/Fraccions-concepte-i-activitats2.png 641w\" sizes=\"auto, (max-width: 172px) 100vw, 172px\" \/><\/a><\/p>\n<p style=\"text-align: center;\"><a href=\"http:\/\/agora.xtec.cat\/ceiptorreroja\/adobe-flash-player\/\" target=\"_blank\" rel=\"noopener noreferrer\">(Necessari Adobe Flash Player)<\/a><\/p>\n<\/td>\n<td style=\"width: 50%;\">\n<h2 style=\"text-align: center;\"><a href=\"http:\/\/www.fractionmonkeys.co.uk\/activity\/\" target=\"_blank\" rel=\"noopener noreferrer\">Fraccions: penja al mico de la l\u00ednia<\/a><\/h2>\n<p><a href=\"http:\/\/www.fractionmonkeys.co.uk\/activity\/\" target=\"_blank\" rel=\"noopener noreferrer\"><img loading=\"lazy\" decoding=\"async\" class=\"aligncenter wp-image-2020\" src=\"https:\/\/agora.xtec.cat\/ceiptorreroja\/wp-content\/uploads\/usu1673\/2020\/04\/Fraccions-penja-al-mico-de-la-l\u00ednia-300x180.png\" alt=\"\" width=\"250\" height=\"150\" srcset=\"https:\/\/agora.xtec.cat\/ceiptorreroja\/wp-content\/uploads\/usu1673\/2020\/04\/Fraccions-penja-al-mico-de-la-l\u00ednia-300x180.png 300w, https:\/\/agora.xtec.cat\/ceiptorreroja\/wp-content\/uploads\/usu1673\/2020\/04\/Fraccions-penja-al-mico-de-la-l\u00ednia-768x461.png 768w, https:\/\/agora.xtec.cat\/ceiptorreroja\/wp-content\/uploads\/usu1673\/2020\/04\/Fraccions-penja-al-mico-de-la-l\u00ednia-1024x614.png 1024w, https:\/\/agora.xtec.cat\/ceiptorreroja\/wp-content\/uploads\/usu1673\/2020\/04\/Fraccions-penja-al-mico-de-la-l\u00ednia.png 1772w\" sizes=\"auto, (max-width: 250px) 100vw, 250px\" \/><\/a><\/p>\n<p style=\"text-align: center;\"><a href=\"http:\/\/agora.xtec.cat\/ceiptorreroja\/adobe-flash-player\/\" target=\"_blank\" rel=\"noopener noreferrer\">(Necessari Adobe Flash Player)<\/a><\/p>\n<\/td>\n<\/tr>\n<tr>\n<td style=\"width: 50%;\">\n<h2 style=\"text-align: center;\"><a href=\"https:\/\/www.abcya.com\/games\/equivalent_fractions_bingo\" target=\"_blank\" rel=\"noopener noreferrer\">Joc de fraccions equivalents<\/a><\/h2>\n<p><a href=\"https:\/\/www.abcya.com\/games\/equivalent_fractions_bingo\" target=\"_blank\" rel=\"noopener noreferrer\"><img loading=\"lazy\" decoding=\"async\" class=\"aligncenter wp-image-2021\" src=\"https:\/\/agora.xtec.cat\/ceiptorreroja\/wp-content\/uploads\/usu1673\/2020\/04\/Joc-de-fraccions-equivalents-226x300.png\" alt=\"\" width=\"113\" height=\"150\" srcset=\"https:\/\/agora.xtec.cat\/ceiptorreroja\/wp-content\/uploads\/usu1673\/2020\/04\/Joc-de-fraccions-equivalents-226x300.png 226w, https:\/\/agora.xtec.cat\/ceiptorreroja\/wp-content\/uploads\/usu1673\/2020\/04\/Joc-de-fraccions-equivalents.png 586w\" sizes=\"auto, (max-width: 113px) 100vw, 113px\" \/><\/a><\/td>\n<td style=\"width: 50%;\">\n<h2 style=\"text-align: center;\"><a href=\"https:\/\/es.ixl.com\/math\/5-primaria\/representar-fracciones-en-rectas-num%C3%A9ricas\" target=\"_blank\" rel=\"noopener noreferrer\">Recta num\u00e8rica: fraccions<\/a><\/h2>\n<p><a href=\"https:\/\/es.ixl.com\/math\/5-primaria\/representar-fracciones-en-rectas-num%C3%A9ricas\" target=\"_blank\" rel=\"noopener noreferrer\"><img loading=\"lazy\" decoding=\"async\" class=\"aligncenter wp-image-2022\" src=\"https:\/\/agora.xtec.cat\/ceiptorreroja\/wp-content\/uploads\/usu1673\/2020\/04\/Recta-num\u00e8rica-fraccions-300x169.png\" alt=\"\" width=\"267\" height=\"150\" srcset=\"https:\/\/agora.xtec.cat\/ceiptorreroja\/wp-content\/uploads\/usu1673\/2020\/04\/Recta-num\u00e8rica-fraccions-300x169.png 300w, https:\/\/agora.xtec.cat\/ceiptorreroja\/wp-content\/uploads\/usu1673\/2020\/04\/Recta-num\u00e8rica-fraccions-768x432.png 768w, https:\/\/agora.xtec.cat\/ceiptorreroja\/wp-content\/uploads\/usu1673\/2020\/04\/Recta-num\u00e8rica-fraccions-1024x575.png 1024w, https:\/\/agora.xtec.cat\/ceiptorreroja\/wp-content\/uploads\/usu1673\/2020\/04\/Recta-num\u00e8rica-fraccions.png 1920w\" sizes=\"auto, (max-width: 267px) 100vw, 267px\" \/><\/a><\/td>\n<\/tr>\n<\/tbody>\n<\/table>\n<p>&nbsp;<\/p>\n<h4 id=\"NOMBRES-ENTERS\">1.7.NOMBRES ENTERS (positius i negatius)<\/h4>\n<table style=\"width: 100%;\">\n<tbody>\n<tr>\n<td style=\"width: 50%;\">\n<h2 style=\"text-align: center;\"><a href=\"https:\/\/es.ixl.com\/math\/5-primaria\/representar-enteros-en-rectas-num%C3%A9ricas\" target=\"_blank\" rel=\"noopener noreferrer\">Recta num\u00e8rica: nombres enters<\/a><\/h2>\n<p><a href=\"https:\/\/es.ixl.com\/math\/5-primaria\/representar-enteros-en-rectas-num%C3%A9ricas\" target=\"_blank\" rel=\"noopener noreferrer\"><img loading=\"lazy\" decoding=\"async\" class=\"aligncenter wp-image-2024\" src=\"https:\/\/agora.xtec.cat\/ceiptorreroja\/wp-content\/uploads\/usu1673\/2020\/04\/Recta-num\u00e8rica-nombres-enters-300x169.png\" alt=\"\" width=\"267\" height=\"150\" srcset=\"https:\/\/agora.xtec.cat\/ceiptorreroja\/wp-content\/uploads\/usu1673\/2020\/04\/Recta-num\u00e8rica-nombres-enters-300x169.png 300w, https:\/\/agora.xtec.cat\/ceiptorreroja\/wp-content\/uploads\/usu1673\/2020\/04\/Recta-num\u00e8rica-nombres-enters-768x432.png 768w, https:\/\/agora.xtec.cat\/ceiptorreroja\/wp-content\/uploads\/usu1673\/2020\/04\/Recta-num\u00e8rica-nombres-enters-1024x575.png 1024w, https:\/\/agora.xtec.cat\/ceiptorreroja\/wp-content\/uploads\/usu1673\/2020\/04\/Recta-num\u00e8rica-nombres-enters.png 1920w\" sizes=\"auto, (max-width: 267px) 100vw, 267px\" \/><\/a><\/td>\n<td style=\"width: 50%;\">\n<h2 style=\"text-align: center;\"><a href=\"http:\/\/www.juntadeandalucia.es\/averroes\/centros-tic\/41009470\/helvia\/aula\/archivos\/repositorio\/0\/193\/html\/recursos\/la\/U03\/pages\/recursos\/143304_P37\/es_carcasa.htm\" target=\"_blank\" rel=\"noopener noreferrer\">Comprensi\u00f3 de nombres enters<\/a><\/h2>\n<p><a href=\"http:\/\/www.juntadeandalucia.es\/averroes\/centros-tic\/41009470\/helvia\/aula\/archivos\/repositorio\/0\/193\/html\/recursos\/la\/U03\/pages\/recursos\/143304_P37\/es_carcasa.htm\" target=\"_blank\" rel=\"noopener noreferrer\"><img loading=\"lazy\" decoding=\"async\" class=\"aligncenter wp-image-2025\" src=\"https:\/\/agora.xtec.cat\/ceiptorreroja\/wp-content\/uploads\/usu1673\/2020\/04\/Comprensi\u00f3-de-nombres-enters-300x214.png\" alt=\"\" width=\"210\" height=\"150\" srcset=\"https:\/\/agora.xtec.cat\/ceiptorreroja\/wp-content\/uploads\/usu1673\/2020\/04\/Comprensi\u00f3-de-nombres-enters-300x214.png 300w, https:\/\/agora.xtec.cat\/ceiptorreroja\/wp-content\/uploads\/usu1673\/2020\/04\/Comprensi\u00f3-de-nombres-enters-768x548.png 768w, https:\/\/agora.xtec.cat\/ceiptorreroja\/wp-content\/uploads\/usu1673\/2020\/04\/Comprensi\u00f3-de-nombres-enters.png 790w\" sizes=\"auto, (max-width: 210px) 100vw, 210px\" \/><\/a><\/p>\n<p style=\"text-align: center;\"><a href=\"http:\/\/agora.xtec.cat\/ceiptorreroja\/adobe-flash-player\/\" target=\"_blank\" rel=\"noopener noreferrer\">(Necessari Adobe Flash Player)<\/a><\/p>\n<\/td>\n<\/tr>\n<tr style=\"height: 31px;\">\n<td>\n<h2 style=\"text-align: center;\"><a href=\"http:\/\/www3.gobiernodecanarias.org\/medusa\/eltanquematematico\/todo_mate\/numenteros\/comparar\/comparar_p.html\" target=\"_blank\" rel=\"noopener noreferrer\">Comprensi\u00f3 de nombres enters<\/a><\/h2>\n<p><a href=\"http:\/\/www3.gobiernodecanarias.org\/medusa\/eltanquematematico\/todo_mate\/numenteros\/comparar\/comparar_p.html\" target=\"_blank\" rel=\"noopener noreferrer\"><img loading=\"lazy\" decoding=\"async\" class=\"aligncenter wp-image-2026\" src=\"https:\/\/agora.xtec.cat\/ceiptorreroja\/wp-content\/uploads\/usu1673\/2020\/04\/Comprensi\u00f3-de-nombres-enters2-300x229.png\" alt=\"\" width=\"197\" height=\"150\" srcset=\"https:\/\/agora.xtec.cat\/ceiptorreroja\/wp-content\/uploads\/usu1673\/2020\/04\/Comprensi\u00f3-de-nombres-enters2-300x229.png 300w, https:\/\/agora.xtec.cat\/ceiptorreroja\/wp-content\/uploads\/usu1673\/2020\/04\/Comprensi\u00f3-de-nombres-enters2-768x586.png 768w, https:\/\/agora.xtec.cat\/ceiptorreroja\/wp-content\/uploads\/usu1673\/2020\/04\/Comprensi\u00f3-de-nombres-enters2-1024x781.png 1024w, https:\/\/agora.xtec.cat\/ceiptorreroja\/wp-content\/uploads\/usu1673\/2020\/04\/Comprensi\u00f3-de-nombres-enters2.png 1416w\" sizes=\"auto, (max-width: 197px) 100vw, 197px\" \/><\/a><\/p>\n<p style=\"text-align: center;\"><a href=\"http:\/\/agora.xtec.cat\/ceiptorreroja\/adobe-flash-player\/\" target=\"_blank\" rel=\"noopener noreferrer\">(Necessari Adobe Flash Player)<\/a><\/p>\n<\/td>\n<td>\n<h2 style=\"text-align: center;\"><a href=\"http:\/\/www.juntadeandalucia.es\/averroes\/centros-tic\/41009470\/helvia\/aula\/archivos\/repositorio\/0\/193\/html\/recursos\/la\/U03\/pages\/recursos\/143304_P40_1\/es_carcasa.html\" target=\"_blank\" rel=\"noopener noreferrer\">Comprensi\u00f3 de nombres enters<\/a><\/h2>\n<p><a href=\"http:\/\/www.juntadeandalucia.es\/averroes\/centros-tic\/41009470\/helvia\/aula\/archivos\/repositorio\/0\/193\/html\/recursos\/la\/U03\/pages\/recursos\/143304_P40_1\/es_carcasa.html\" target=\"_blank\" rel=\"noopener noreferrer\"><img loading=\"lazy\" decoding=\"async\" class=\"aligncenter wp-image-2027\" src=\"https:\/\/agora.xtec.cat\/ceiptorreroja\/wp-content\/uploads\/usu1673\/2020\/04\/Comprensi\u00f3-de-nombres-enters3-300x214.png\" alt=\"\" width=\"210\" height=\"150\" srcset=\"https:\/\/agora.xtec.cat\/ceiptorreroja\/wp-content\/uploads\/usu1673\/2020\/04\/Comprensi\u00f3-de-nombres-enters3-300x214.png 300w, https:\/\/agora.xtec.cat\/ceiptorreroja\/wp-content\/uploads\/usu1673\/2020\/04\/Comprensi\u00f3-de-nombres-enters3-768x548.png 768w, https:\/\/agora.xtec.cat\/ceiptorreroja\/wp-content\/uploads\/usu1673\/2020\/04\/Comprensi\u00f3-de-nombres-enters3.png 790w\" sizes=\"auto, (max-width: 210px) 100vw, 210px\" \/><\/a><\/p>\n<p style=\"text-align: center;\"><a href=\"http:\/\/agora.xtec.cat\/ceiptorreroja\/adobe-flash-player\/\" target=\"_blank\" rel=\"noopener noreferrer\">(Necessari Adobe Flash Player)<\/a><\/p>\n<\/td>\n<\/tr>\n<tr>\n<td>\n<h2 style=\"text-align: center;\"><a href=\"http:\/\/www3.gobiernodecanarias.org\/medusa\/eltanquematematico\/todo_mate\/numenteros\/ascensor\/ascensor_p.html\" target=\"_blank\" rel=\"noopener noreferrer\">L\u2019ascensor i els nombres enters<\/a><\/h2>\n<p><a href=\"http:\/\/www3.gobiernodecanarias.org\/medusa\/eltanquematematico\/todo_mate\/numenteros\/ascensor\/ascensor_p.html\" target=\"_blank\" rel=\"noopener noreferrer\"><img loading=\"lazy\" decoding=\"async\" class=\"aligncenter wp-image-2029\" src=\"https:\/\/agora.xtec.cat\/ceiptorreroja\/wp-content\/uploads\/usu1673\/2020\/04\/L\u2019ascensor-i-els-nombres-enters-300x226.png\" alt=\"\" width=\"199\" height=\"150\" srcset=\"https:\/\/agora.xtec.cat\/ceiptorreroja\/wp-content\/uploads\/usu1673\/2020\/04\/L\u2019ascensor-i-els-nombres-enters-300x226.png 300w, https:\/\/agora.xtec.cat\/ceiptorreroja\/wp-content\/uploads\/usu1673\/2020\/04\/L\u2019ascensor-i-els-nombres-enters-768x578.png 768w, https:\/\/agora.xtec.cat\/ceiptorreroja\/wp-content\/uploads\/usu1673\/2020\/04\/L\u2019ascensor-i-els-nombres-enters-1024x771.png 1024w, https:\/\/agora.xtec.cat\/ceiptorreroja\/wp-content\/uploads\/usu1673\/2020\/04\/L\u2019ascensor-i-els-nombres-enters-200x150.png 200w, https:\/\/agora.xtec.cat\/ceiptorreroja\/wp-content\/uploads\/usu1673\/2020\/04\/L\u2019ascensor-i-els-nombres-enters.png 1434w\" sizes=\"auto, (max-width: 199px) 100vw, 199px\" \/><\/a><\/p>\n<p style=\"text-align: center;\"><a href=\"http:\/\/agora.xtec.cat\/ceiptorreroja\/adobe-flash-player\/\" target=\"_blank\" rel=\"noopener noreferrer\">(Necessari Adobe Flash Player)<\/a><\/p>\n<\/td>\n<td>\n<h2 style=\"text-align: center;\"><a href=\"http:\/\/www3.gobiernodecanarias.org\/medusa\/eltanquematematico\/todo_mate\/numenteros\/altitud\/altitud_p.html\" target=\"_blank\" rel=\"noopener noreferrer\">Les altituds i els nombres enters<\/a><\/h2>\n<p><a href=\"http:\/\/www3.gobiernodecanarias.org\/medusa\/eltanquematematico\/todo_mate\/numenteros\/altitud\/altitud_p.html\" target=\"_blank\" rel=\"noopener noreferrer\"><img loading=\"lazy\" decoding=\"async\" class=\"aligncenter wp-image-2030\" src=\"https:\/\/agora.xtec.cat\/ceiptorreroja\/wp-content\/uploads\/usu1673\/2020\/04\/Les-altituds-i-els-nombres-enters-300x232.png\" alt=\"\" width=\"194\" height=\"150\" srcset=\"https:\/\/agora.xtec.cat\/ceiptorreroja\/wp-content\/uploads\/usu1673\/2020\/04\/Les-altituds-i-els-nombres-enters-300x232.png 300w, https:\/\/agora.xtec.cat\/ceiptorreroja\/wp-content\/uploads\/usu1673\/2020\/04\/Les-altituds-i-els-nombres-enters-768x593.png 768w, https:\/\/agora.xtec.cat\/ceiptorreroja\/wp-content\/uploads\/usu1673\/2020\/04\/Les-altituds-i-els-nombres-enters-1024x791.png 1024w, https:\/\/agora.xtec.cat\/ceiptorreroja\/wp-content\/uploads\/usu1673\/2020\/04\/Les-altituds-i-els-nombres-enters.png 1398w\" sizes=\"auto, (max-width: 194px) 100vw, 194px\" \/><\/a><\/p>\n<p style=\"text-align: center;\"><a href=\"http:\/\/agora.xtec.cat\/ceiptorreroja\/adobe-flash-player\/\" target=\"_blank\" rel=\"noopener noreferrer\">(Necessari Adobe Flash Player)<\/a><\/p>\n<\/td>\n<\/tr>\n<tr>\n<td>\n<h2 style=\"text-align: center;\"><a href=\"https:\/\/www.joaquincarrion.com\/Recursosdidacticos\/SEXTO\/datos\/03_Mates\/datos\/05_rdi\/ud05\/1\/01.htm\" target=\"_blank\" rel=\"noopener noreferrer\">Situar nombres enters a la recta num\u00e8rica<\/a><\/h2>\n<p><a href=\"https:\/\/www.joaquincarrion.com\/Recursosdidacticos\/SEXTO\/datos\/03_Mates\/datos\/05_rdi\/ud05\/1\/01.htm\" target=\"_blank\" rel=\"noopener noreferrer\"><img loading=\"lazy\" decoding=\"async\" class=\"aligncenter wp-image-2031\" src=\"https:\/\/agora.xtec.cat\/ceiptorreroja\/wp-content\/uploads\/usu1673\/2020\/04\/Situar-nombres-enters-a-la-recta-num\u00e8rica-300x222.png\" alt=\"\" width=\"203\" height=\"150\" srcset=\"https:\/\/agora.xtec.cat\/ceiptorreroja\/wp-content\/uploads\/usu1673\/2020\/04\/Situar-nombres-enters-a-la-recta-num\u00e8rica-300x222.png 300w, https:\/\/agora.xtec.cat\/ceiptorreroja\/wp-content\/uploads\/usu1673\/2020\/04\/Situar-nombres-enters-a-la-recta-num\u00e8rica-768x568.png 768w, https:\/\/agora.xtec.cat\/ceiptorreroja\/wp-content\/uploads\/usu1673\/2020\/04\/Situar-nombres-enters-a-la-recta-num\u00e8rica.png 801w\" sizes=\"auto, (max-width: 203px) 100vw, 203px\" \/><\/a><\/p>\n<p style=\"text-align: center;\"><a href=\"http:\/\/agora.xtec.cat\/ceiptorreroja\/adobe-flash-player\/\" target=\"_blank\" rel=\"noopener noreferrer\">(Necessari Adobe Flash Player)<\/a><\/p>\n<\/td>\n<td>\n<h2 style=\"text-align: center;\"><a href=\"http:\/\/www.juntadeandalucia.es\/averroes\/centros-tic\/41009470\/helvia\/aula\/archivos\/repositorio\/0\/193\/html\/recursos\/la\/U03\/pages\/recursos\/143304_P40_3\/es_carcasa.html\" target=\"_blank\" rel=\"noopener noreferrer\">Situar nombres enters a la recta num\u00e8rica<\/a><\/h2>\n<p><a href=\"http:\/\/www.juntadeandalucia.es\/averroes\/centros-tic\/41009470\/helvia\/aula\/archivos\/repositorio\/0\/193\/html\/recursos\/la\/U03\/pages\/recursos\/143304_P40_3\/es_carcasa.html\" target=\"_blank\" rel=\"noopener noreferrer\"><img loading=\"lazy\" decoding=\"async\" class=\"aligncenter wp-image-2032\" src=\"https:\/\/agora.xtec.cat\/ceiptorreroja\/wp-content\/uploads\/usu1673\/2020\/04\/Situar-nombres-enters-a-la-recta-num\u00e8rica2-300x214.png\" alt=\"\" width=\"210\" height=\"150\" srcset=\"https:\/\/agora.xtec.cat\/ceiptorreroja\/wp-content\/uploads\/usu1673\/2020\/04\/Situar-nombres-enters-a-la-recta-num\u00e8rica2-300x214.png 300w, https:\/\/agora.xtec.cat\/ceiptorreroja\/wp-content\/uploads\/usu1673\/2020\/04\/Situar-nombres-enters-a-la-recta-num\u00e8rica2-768x548.png 768w, https:\/\/agora.xtec.cat\/ceiptorreroja\/wp-content\/uploads\/usu1673\/2020\/04\/Situar-nombres-enters-a-la-recta-num\u00e8rica2.png 790w\" sizes=\"auto, (max-width: 210px) 100vw, 210px\" \/><\/a><\/p>\n<p style=\"text-align: center;\"><a href=\"http:\/\/agora.xtec.cat\/ceiptorreroja\/adobe-flash-player\/\" target=\"_blank\" rel=\"noopener noreferrer\">(Necessari Adobe Flash Player)<\/a><\/p>\n<\/td>\n<\/tr>\n<\/tbody>\n<\/table>\n<p>&nbsp;<\/p>\n<h4 id=\"POT\u00c8NCIES\">1.8.POT\u00c8NCIES<\/h4>\n<p>&nbsp;<\/p>\n<h4 id=\"C\u00c0LCUL-MENTAL\">1.9.C\u00c0LCUL MENTAL<\/h4>\n<table style=\"width: 100%;\">\n<tbody>\n<tr>\n<td style=\"width: 50%;\">\n<h2 style=\"text-align: center;\"><a href=\"https:\/\/clic.xtec.cat\/projects\/mathi\/jclic.js\/index.html\" target=\"_blank\" rel=\"noopener noreferrer\">C\u00e0lcul mental<\/a><\/h2>\n<p><a href=\"https:\/\/clic.xtec.cat\/projects\/mathi\/jclic.js\/index.html\" target=\"_blank\" rel=\"noopener noreferrer\"><img loading=\"lazy\" decoding=\"async\" class=\"aligncenter wp-image-2014\" src=\"https:\/\/agora.xtec.cat\/ceiptorreroja\/wp-content\/uploads\/usu1673\/2020\/04\/C\u00e0lcul-mental-300x169.png\" alt=\"\" width=\"267\" height=\"150\" srcset=\"https:\/\/agora.xtec.cat\/ceiptorreroja\/wp-content\/uploads\/usu1673\/2020\/04\/C\u00e0lcul-mental-300x169.png 300w, https:\/\/agora.xtec.cat\/ceiptorreroja\/wp-content\/uploads\/usu1673\/2020\/04\/C\u00e0lcul-mental-768x432.png 768w, https:\/\/agora.xtec.cat\/ceiptorreroja\/wp-content\/uploads\/usu1673\/2020\/04\/C\u00e0lcul-mental-1024x575.png 1024w, https:\/\/agora.xtec.cat\/ceiptorreroja\/wp-content\/uploads\/usu1673\/2020\/04\/C\u00e0lcul-mental.png 1920w\" sizes=\"auto, (max-width: 267px) 100vw, 267px\" \/><\/a><\/td>\n<td style=\"width: 50%;\">\n<h2 style=\"text-align: center;\"><a href=\"http:\/\/www3.gobiernodecanarias.org\/medusa\/eltanquematematico\/todo_mate\/calculo_m\/calculomental_p_p.html\" target=\"_blank\" rel=\"noopener noreferrer\">C\u00e0lcul mental<\/a><\/h2>\n<p><a href=\"http:\/\/www3.gobiernodecanarias.org\/medusa\/eltanquematematico\/todo_mate\/calculo_m\/calculomental_p_p.html\" target=\"_blank\" rel=\"noopener noreferrer\"><img loading=\"lazy\" decoding=\"async\" class=\"aligncenter wp-image-2015\" src=\"https:\/\/agora.xtec.cat\/ceiptorreroja\/wp-content\/uploads\/usu1673\/2020\/04\/C\u00e0lcul-mental-s\u00e8ries-de-dificultat-300x239.png\" alt=\"\" width=\"188\" height=\"150\" srcset=\"https:\/\/agora.xtec.cat\/ceiptorreroja\/wp-content\/uploads\/usu1673\/2020\/04\/C\u00e0lcul-mental-s\u00e8ries-de-dificultat-300x239.png 300w, https:\/\/agora.xtec.cat\/ceiptorreroja\/wp-content\/uploads\/usu1673\/2020\/04\/C\u00e0lcul-mental-s\u00e8ries-de-dificultat-768x612.png 768w, https:\/\/agora.xtec.cat\/ceiptorreroja\/wp-content\/uploads\/usu1673\/2020\/04\/C\u00e0lcul-mental-s\u00e8ries-de-dificultat-1024x816.png 1024w, https:\/\/agora.xtec.cat\/ceiptorreroja\/wp-content\/uploads\/usu1673\/2020\/04\/C\u00e0lcul-mental-s\u00e8ries-de-dificultat.png 1356w\" sizes=\"auto, (max-width: 188px) 100vw, 188px\" \/><\/a><\/p>\n<p style=\"text-align: center;\"><a href=\"http:\/\/agora.xtec.cat\/ceiptorreroja\/adobe-flash-player\/\" target=\"_blank\" rel=\"noopener noreferrer\">(Necessari Adobe Flash Player)<\/a><\/p>\n<\/td>\n<\/tr>\n<tr>\n<td style=\"width: 50%;\">\n<h2 style=\"text-align: center;\"><a href=\"https:\/\/clic.xtec.cat\/projects\/prob2nc\/jclic.js\/index.html\" target=\"_blank\" rel=\"noopener noreferrer\">C\u00e0lcul mental<\/a><\/h2>\n<p><a href=\"https:\/\/clic.xtec.cat\/projects\/prob2nc\/jclic.js\/index.html\" target=\"_blank\" rel=\"noopener noreferrer\"><img loading=\"lazy\" decoding=\"async\" class=\"aligncenter wp-image-2217\" src=\"https:\/\/agora.xtec.cat\/ceiptorreroja\/wp-content\/uploads\/usu1673\/2020\/07\/Problemes-de-c\u00e0lcul-mental-300x188.png\" alt=\"\" width=\"240\" height=\"150\" srcset=\"https:\/\/agora.xtec.cat\/ceiptorreroja\/wp-content\/uploads\/usu1673\/2020\/07\/Problemes-de-c\u00e0lcul-mental-300x188.png 300w, https:\/\/agora.xtec.cat\/ceiptorreroja\/wp-content\/uploads\/usu1673\/2020\/07\/Problemes-de-c\u00e0lcul-mental-768x480.png 768w, https:\/\/agora.xtec.cat\/ceiptorreroja\/wp-content\/uploads\/usu1673\/2020\/07\/Problemes-de-c\u00e0lcul-mental-1024x640.png 1024w, https:\/\/agora.xtec.cat\/ceiptorreroja\/wp-content\/uploads\/usu1673\/2020\/07\/Problemes-de-c\u00e0lcul-mental.png 1440w\" sizes=\"auto, (max-width: 240px) 100vw, 240px\" \/><\/a><\/td>\n<td style=\"width: 50%;\">\n<h2 style=\"text-align: center;\"><\/h2>\n<\/td>\n<\/tr>\n<\/tbody>\n<\/table>\n<p>&nbsp;<\/p>\n<h2><strong>2.RELACIONS I CANVI<\/strong><\/h2>\n<h4 id=\"S\u00c8RIES-I-PATRONS\">2.1.S\u00c8RIES I PATRONS<\/h4>\n<table style=\"width: 100%;\">\n<tbody>\n<tr>\n<td style=\"width: 50%;\">\n<h2 style=\"text-align: center;\"><a href=\"https:\/\/clic.xtec.cat\/projects\/matlogic\/jclic.js\/index.html\" target=\"_blank\" rel=\"noopener noreferrer\">S\u00e8ries de l\u00f2gica, num\u00e8riques&#8230;<\/a><\/h2>\n<p><a href=\"https:\/\/clic.xtec.cat\/projects\/matlogic\/jclic.js\/index.html\" target=\"_blank\" rel=\"noopener noreferrer\"><img loading=\"lazy\" decoding=\"async\" class=\"aligncenter wp-image-2035\" src=\"https:\/\/agora.xtec.cat\/ceiptorreroja\/wp-content\/uploads\/usu1673\/2020\/04\/S\u00e8ries-de-l\u00f2gica-num\u00e8riques...-300x169.png\" alt=\"\" width=\"267\" height=\"150\" srcset=\"https:\/\/agora.xtec.cat\/ceiptorreroja\/wp-content\/uploads\/usu1673\/2020\/04\/S\u00e8ries-de-l\u00f2gica-num\u00e8riques...-300x169.png 300w, https:\/\/agora.xtec.cat\/ceiptorreroja\/wp-content\/uploads\/usu1673\/2020\/04\/S\u00e8ries-de-l\u00f2gica-num\u00e8riques...-768x432.png 768w, https:\/\/agora.xtec.cat\/ceiptorreroja\/wp-content\/uploads\/usu1673\/2020\/04\/S\u00e8ries-de-l\u00f2gica-num\u00e8riques...-1024x575.png 1024w, https:\/\/agora.xtec.cat\/ceiptorreroja\/wp-content\/uploads\/usu1673\/2020\/04\/S\u00e8ries-de-l\u00f2gica-num\u00e8riques....png 1920w\" sizes=\"auto, (max-width: 267px) 100vw, 267px\" \/><\/a><\/td>\n<td style=\"width: 50%;\">\n<h2 style=\"text-align: center;\"><\/h2>\n<\/td>\n<\/tr>\n<\/tbody>\n<\/table>\n<p>&nbsp;<\/p>\n<h4 id=\"RAONAMENT-L\u00d2GIC\">2.2.RAONAMENT L\u00d2GIC<\/h4>\n<table style=\"width: 100%; height: 955px;\">\n<tbody>\n<tr style=\"height: 290px;\">\n<td style=\"width: 50%; height: 290px;\">\n<h2 style=\"text-align: center;\"><a href=\"https:\/\/botlogic.us\/#sthash.N4MhIxjH.THWj4deU.dpbs\" target=\"_blank\" rel=\"noopener noreferrer\">BOTLOGIC &#8211; programa i juga amb el robot<\/a><\/h2>\n<p><a href=\"https:\/\/botlogic.us\/#sthash.N4MhIxjH.THWj4deU.dpbs\" target=\"_blank\" rel=\"noopener noreferrer\"><img loading=\"lazy\" decoding=\"async\" class=\"aligncenter wp-image-2036\" src=\"https:\/\/agora.xtec.cat\/ceiptorreroja\/wp-content\/uploads\/usu1673\/2020\/04\/BOTLOGIC-programa-i-juga-amb-el-robot-300x172.png\" alt=\"\" width=\"261\" height=\"150\" srcset=\"https:\/\/agora.xtec.cat\/ceiptorreroja\/wp-content\/uploads\/usu1673\/2020\/04\/BOTLOGIC-programa-i-juga-amb-el-robot-300x172.png 300w, https:\/\/agora.xtec.cat\/ceiptorreroja\/wp-content\/uploads\/usu1673\/2020\/04\/BOTLOGIC-programa-i-juga-amb-el-robot-768x441.png 768w, https:\/\/agora.xtec.cat\/ceiptorreroja\/wp-content\/uploads\/usu1673\/2020\/04\/BOTLOGIC-programa-i-juga-amb-el-robot-1024x588.png 1024w, https:\/\/agora.xtec.cat\/ceiptorreroja\/wp-content\/uploads\/usu1673\/2020\/04\/BOTLOGIC-programa-i-juga-amb-el-robot.png 1878w\" sizes=\"auto, (max-width: 261px) 100vw, 261px\" \/><\/a><\/td>\n<td style=\"width: 50%; height: 290px;\">\n<h2 style=\"text-align: center;\"><a href=\"http:\/\/neutralx0.net\/home\/mini04.html\" target=\"_blank\" rel=\"noopener noreferrer\">MEMORY<\/a><\/h2>\n<p><a href=\"http:\/\/neutralx0.net\/home\/mini04.html\" target=\"_blank\" rel=\"noopener noreferrer\"><img loading=\"lazy\" decoding=\"async\" class=\"aligncenter wp-image-2038\" src=\"https:\/\/agora.xtec.cat\/ceiptorreroja\/wp-content\/uploads\/usu1673\/2020\/04\/MEMORY-300x300.png\" alt=\"\" width=\"150\" height=\"150\" srcset=\"https:\/\/agora.xtec.cat\/ceiptorreroja\/wp-content\/uploads\/usu1673\/2020\/04\/MEMORY-300x300.png 300w, https:\/\/agora.xtec.cat\/ceiptorreroja\/wp-content\/uploads\/usu1673\/2020\/04\/MEMORY-150x150.png 150w, https:\/\/agora.xtec.cat\/ceiptorreroja\/wp-content\/uploads\/usu1673\/2020\/04\/MEMORY.png 578w\" sizes=\"auto, (max-width: 150px) 100vw, 150px\" \/><\/a><\/p>\n<p style=\"text-align: center;\"><a href=\"http:\/\/agora.xtec.cat\/ceiptorreroja\/adobe-flash-player\/\" target=\"_blank\" rel=\"noopener noreferrer\">(Necessari Adobe Flash Player)<\/a><\/p>\n<\/td>\n<\/tr>\n<tr style=\"height: 31px;\">\n<td style=\"height: 251px; width: 50%;\">\n<h2 style=\"text-align: center;\"><a href=\"https:\/\/clic.xtec.cat\/projects\/simetria\/jclic.js\/index.html\" target=\"_blank\" rel=\"noopener noreferrer\">Simetries<\/a><\/h2>\n<p><a href=\"https:\/\/clic.xtec.cat\/projects\/simetria\/jclic.js\/index.html\" target=\"_blank\" rel=\"noopener noreferrer\"><img loading=\"lazy\" decoding=\"async\" class=\"aligncenter wp-image-2039\" src=\"https:\/\/agora.xtec.cat\/ceiptorreroja\/wp-content\/uploads\/usu1673\/2020\/04\/Simetries-300x169.png\" alt=\"\" width=\"267\" height=\"150\" srcset=\"https:\/\/agora.xtec.cat\/ceiptorreroja\/wp-content\/uploads\/usu1673\/2020\/04\/Simetries-300x169.png 300w, https:\/\/agora.xtec.cat\/ceiptorreroja\/wp-content\/uploads\/usu1673\/2020\/04\/Simetries-768x432.png 768w, https:\/\/agora.xtec.cat\/ceiptorreroja\/wp-content\/uploads\/usu1673\/2020\/04\/Simetries-1024x575.png 1024w, https:\/\/agora.xtec.cat\/ceiptorreroja\/wp-content\/uploads\/usu1673\/2020\/04\/Simetries.png 1920w\" sizes=\"auto, (max-width: 267px) 100vw, 267px\" \/><\/a><\/td>\n<td style=\"height: 251px; width: 50%;\">\n<h2 style=\"text-align: center;\"><a href=\"https:\/\/es.ixl.com\/math\/5-primaria\/identificar-l%C3%ADneas-de-simetr%C3%ADa\" target=\"_blank\" rel=\"noopener noreferrer\">Identificar l\u00ednies de simetria<\/a><\/h2>\n<p><a href=\"https:\/\/es.ixl.com\/math\/5-primaria\/identificar-l%C3%ADneas-de-simetr%C3%ADa\" target=\"_blank\" rel=\"noopener noreferrer\"><img loading=\"lazy\" decoding=\"async\" class=\"aligncenter wp-image-2040\" src=\"https:\/\/agora.xtec.cat\/ceiptorreroja\/wp-content\/uploads\/usu1673\/2020\/04\/Identificar-l\u00ednies-de-simetria-300x169.png\" alt=\"\" width=\"267\" height=\"150\" srcset=\"https:\/\/agora.xtec.cat\/ceiptorreroja\/wp-content\/uploads\/usu1673\/2020\/04\/Identificar-l\u00ednies-de-simetria-300x169.png 300w, https:\/\/agora.xtec.cat\/ceiptorreroja\/wp-content\/uploads\/usu1673\/2020\/04\/Identificar-l\u00ednies-de-simetria-768x432.png 768w, https:\/\/agora.xtec.cat\/ceiptorreroja\/wp-content\/uploads\/usu1673\/2020\/04\/Identificar-l\u00ednies-de-simetria-1024x575.png 1024w, https:\/\/agora.xtec.cat\/ceiptorreroja\/wp-content\/uploads\/usu1673\/2020\/04\/Identificar-l\u00ednies-de-simetria.png 1920w\" sizes=\"auto, (max-width: 267px) 100vw, 267px\" \/><\/a><\/td>\n<\/tr>\n<tr style=\"height: 82px;\">\n<td style=\"height: 82px; width: 50%;\">\n<h2 style=\"text-align: center;\"><a href=\"https:\/\/www.sudokubum.com\/\" target=\"_blank\" rel=\"noopener noreferrer\">SUDOKU (diferents nivells)<\/a><\/h2>\n<p><a href=\"https:\/\/www.sudokubum.com\/\" target=\"_blank\" rel=\"noopener noreferrer\"><img loading=\"lazy\" decoding=\"async\" class=\"aligncenter wp-image-2041\" src=\"https:\/\/agora.xtec.cat\/ceiptorreroja\/wp-content\/uploads\/usu1673\/2020\/04\/SUDOKU-diferents-nivells-300x170.png\" alt=\"\" width=\"264\" height=\"150\" srcset=\"https:\/\/agora.xtec.cat\/ceiptorreroja\/wp-content\/uploads\/usu1673\/2020\/04\/SUDOKU-diferents-nivells-300x170.png 300w, https:\/\/agora.xtec.cat\/ceiptorreroja\/wp-content\/uploads\/usu1673\/2020\/04\/SUDOKU-diferents-nivells-768x436.png 768w, https:\/\/agora.xtec.cat\/ceiptorreroja\/wp-content\/uploads\/usu1673\/2020\/04\/SUDOKU-diferents-nivells-1024x582.png 1024w, https:\/\/agora.xtec.cat\/ceiptorreroja\/wp-content\/uploads\/usu1673\/2020\/04\/SUDOKU-diferents-nivells.png 1899w\" sizes=\"auto, (max-width: 264px) 100vw, 264px\" \/><\/a><\/td>\n<td style=\"height: 82px; width: 50%;\">\n<h2 style=\"text-align: center;\"><a href=\"http:\/\/www.sudoku-online.org\/imprimir-sudokus.php\" target=\"_blank\" rel=\"noopener noreferrer\">SUDOKUS online (nivells)<\/a><\/h2>\n<p><a href=\"http:\/\/www.sudoku-online.org\/imprimir-sudokus.php\" target=\"_blank\" rel=\"noopener noreferrer\"><img loading=\"lazy\" decoding=\"async\" class=\"aligncenter wp-image-2042\" src=\"https:\/\/agora.xtec.cat\/ceiptorreroja\/wp-content\/uploads\/usu1673\/2020\/04\/SUDOKUS-on-line-nivells-300x173.png\" alt=\"\" width=\"260\" height=\"150\" srcset=\"https:\/\/agora.xtec.cat\/ceiptorreroja\/wp-content\/uploads\/usu1673\/2020\/04\/SUDOKUS-on-line-nivells-300x173.png 300w, https:\/\/agora.xtec.cat\/ceiptorreroja\/wp-content\/uploads\/usu1673\/2020\/04\/SUDOKUS-on-line-nivells-768x443.png 768w, https:\/\/agora.xtec.cat\/ceiptorreroja\/wp-content\/uploads\/usu1673\/2020\/04\/SUDOKUS-on-line-nivells-1024x590.png 1024w, https:\/\/agora.xtec.cat\/ceiptorreroja\/wp-content\/uploads\/usu1673\/2020\/04\/SUDOKUS-on-line-nivells.png 1872w\" sizes=\"auto, (max-width: 260px) 100vw, 260px\" \/><\/a><\/td>\n<\/tr>\n<tr style=\"height: 83px;\">\n<td style=\"width: 50%; height: 83px;\">\n<h2 style=\"text-align: center;\"><a href=\"https:\/\/www.cokitos.com\/tag\/juegos-de-logica\/\" target=\"_blank\" rel=\"noopener noreferrer\">Jocs de l\u00f2gica seq\u00fcenciats per edats<\/a><\/h2>\n<p><a href=\"https:\/\/www.cokitos.com\/tag\/juegos-de-logica\/\" target=\"_blank\" rel=\"noopener noreferrer\"><img loading=\"lazy\" decoding=\"async\" class=\"aligncenter wp-image-2043\" src=\"https:\/\/agora.xtec.cat\/ceiptorreroja\/wp-content\/uploads\/usu1673\/2020\/04\/Jocs-de-l\u00f2gica-seq\u00fcenciats-per-edats-300x173.png\" alt=\"\" width=\"260\" height=\"150\" srcset=\"https:\/\/agora.xtec.cat\/ceiptorreroja\/wp-content\/uploads\/usu1673\/2020\/04\/Jocs-de-l\u00f2gica-seq\u00fcenciats-per-edats-300x173.png 300w, https:\/\/agora.xtec.cat\/ceiptorreroja\/wp-content\/uploads\/usu1673\/2020\/04\/Jocs-de-l\u00f2gica-seq\u00fcenciats-per-edats-768x443.png 768w, https:\/\/agora.xtec.cat\/ceiptorreroja\/wp-content\/uploads\/usu1673\/2020\/04\/Jocs-de-l\u00f2gica-seq\u00fcenciats-per-edats-1024x590.png 1024w, https:\/\/agora.xtec.cat\/ceiptorreroja\/wp-content\/uploads\/usu1673\/2020\/04\/Jocs-de-l\u00f2gica-seq\u00fcenciats-per-edats.png 1872w\" sizes=\"auto, (max-width: 260px) 100vw, 260px\" \/><\/a><\/td>\n<td style=\"width: 50%; height: 83px;\">\n<h2 style=\"text-align: center;\"><a href=\"https:\/\/www.transum.org\/software\/SW\/Starter_of_the_day\/Students\/Stable_Scales_Quiz.asp\" target=\"_blank\" rel=\"noopener noreferrer\">Equilibrar balances<\/a><\/h2>\n<p><a href=\"https:\/\/www.transum.org\/software\/SW\/Starter_of_the_day\/Students\/Stable_Scales_Quiz.asp\" target=\"_blank\" rel=\"noopener noreferrer\"><img loading=\"lazy\" decoding=\"async\" class=\"aligncenter wp-image-2044\" src=\"https:\/\/agora.xtec.cat\/ceiptorreroja\/wp-content\/uploads\/usu1673\/2020\/04\/Equilibrar-balances-300x169.png\" alt=\"\" width=\"266\" height=\"150\" srcset=\"https:\/\/agora.xtec.cat\/ceiptorreroja\/wp-content\/uploads\/usu1673\/2020\/04\/Equilibrar-balances-300x169.png 300w, https:\/\/agora.xtec.cat\/ceiptorreroja\/wp-content\/uploads\/usu1673\/2020\/04\/Equilibrar-balances-768x433.png 768w, https:\/\/agora.xtec.cat\/ceiptorreroja\/wp-content\/uploads\/usu1673\/2020\/04\/Equilibrar-balances-1024x578.png 1024w, https:\/\/agora.xtec.cat\/ceiptorreroja\/wp-content\/uploads\/usu1673\/2020\/04\/Equilibrar-balances.png 1875w\" sizes=\"auto, (max-width: 266px) 100vw, 266px\" \/><\/a><\/td>\n<\/tr>\n<tr style=\"height: 31px;\">\n<td style=\"height: 83px; width: 50%;\">\n<h2 style=\"text-align: center;\"><a href=\"http:\/\/genmagic.net\/repositorio\/displayimage.php?album=28&amp;pos=0\" target=\"_blank\" rel=\"noopener noreferrer\">Puzles d\u2019animals<\/a><\/h2>\n<p><a href=\"http:\/\/genmagic.net\/repositorio\/displayimage.php?album=28&amp;pos=0\" target=\"_blank\" rel=\"noopener noreferrer\"><img loading=\"lazy\" decoding=\"async\" class=\"aligncenter wp-image-2045\" src=\"https:\/\/agora.xtec.cat\/ceiptorreroja\/wp-content\/uploads\/usu1673\/2020\/04\/Puzles-d\u2019animals-300x173.png\" alt=\"\" width=\"260\" height=\"150\" srcset=\"https:\/\/agora.xtec.cat\/ceiptorreroja\/wp-content\/uploads\/usu1673\/2020\/04\/Puzles-d\u2019animals-300x173.png 300w, https:\/\/agora.xtec.cat\/ceiptorreroja\/wp-content\/uploads\/usu1673\/2020\/04\/Puzles-d\u2019animals-768x443.png 768w, https:\/\/agora.xtec.cat\/ceiptorreroja\/wp-content\/uploads\/usu1673\/2020\/04\/Puzles-d\u2019animals-1024x590.png 1024w, https:\/\/agora.xtec.cat\/ceiptorreroja\/wp-content\/uploads\/usu1673\/2020\/04\/Puzles-d\u2019animals.png 1872w\" sizes=\"auto, (max-width: 260px) 100vw, 260px\" \/><\/a><\/td>\n<td style=\"height: 83px; width: 50%;\">\n<h2 style=\"text-align: center;\"><a href=\"http:\/\/www.xtec.cat\/~ivilater\/enlinia\/trenca\/ocells\/ocells.htm\" target=\"_blank\" rel=\"noopener noreferrer\">Memory d\u2019ocells<\/a><\/h2>\n<p><a href=\"http:\/\/www.xtec.cat\/~ivilater\/enlinia\/trenca\/ocells\/ocells.htm\" target=\"_blank\" rel=\"noopener noreferrer\"><img loading=\"lazy\" decoding=\"async\" class=\"aligncenter wp-image-2046\" src=\"https:\/\/agora.xtec.cat\/ceiptorreroja\/wp-content\/uploads\/usu1673\/2020\/04\/Memory-d\u2019ocells-300x257.png\" alt=\"\" width=\"175\" height=\"150\" srcset=\"https:\/\/agora.xtec.cat\/ceiptorreroja\/wp-content\/uploads\/usu1673\/2020\/04\/Memory-d\u2019ocells-300x257.png 300w, https:\/\/agora.xtec.cat\/ceiptorreroja\/wp-content\/uploads\/usu1673\/2020\/04\/Memory-d\u2019ocells.png 756w\" sizes=\"auto, (max-width: 175px) 100vw, 175px\" \/><\/a><\/td>\n<\/tr>\n<tr>\n<td>\n<h2 style=\"text-align: center;\"><a href=\"http:\/\/genmagic.net\/repositorio\/displayimage.php?album=28&amp;pos=0\" target=\"_blank\" rel=\"noopener noreferrer\">Puzles amb cubs<\/a><\/h2>\n<p><a href=\"http:\/\/genmagic.net\/repositorio\/displayimage.php?album=28&amp;pos=0\" target=\"_blank\" rel=\"noopener noreferrer\"><img loading=\"lazy\" decoding=\"async\" class=\"aligncenter wp-image-2049\" src=\"https:\/\/agora.xtec.cat\/ceiptorreroja\/wp-content\/uploads\/usu1673\/2020\/04\/Puzles-amb-cubs-300x173.png\" alt=\"\" width=\"260\" height=\"150\" srcset=\"https:\/\/agora.xtec.cat\/ceiptorreroja\/wp-content\/uploads\/usu1673\/2020\/04\/Puzles-amb-cubs-300x173.png 300w, https:\/\/agora.xtec.cat\/ceiptorreroja\/wp-content\/uploads\/usu1673\/2020\/04\/Puzles-amb-cubs-768x442.png 768w, https:\/\/agora.xtec.cat\/ceiptorreroja\/wp-content\/uploads\/usu1673\/2020\/04\/Puzles-amb-cubs-1024x590.png 1024w, https:\/\/agora.xtec.cat\/ceiptorreroja\/wp-content\/uploads\/usu1673\/2020\/04\/Puzles-amb-cubs.png 1875w\" sizes=\"auto, (max-width: 260px) 100vw, 260px\" \/><\/a><\/p>\n<p style=\"text-align: center;\"><a href=\"http:\/\/agora.xtec.cat\/ceiptorreroja\/adobe-flash-player\/\" target=\"_blank\" rel=\"noopener noreferrer\">(Necessari Adobe Flash Player)<\/a><\/p>\n<\/td>\n<td>\n<h2 style=\"text-align: center;\"><\/h2>\n<\/td>\n<\/tr>\n<\/tbody>\n<\/table>\n<p>&nbsp;<\/p>\n<h4 id=\"PROBLEMES\">2.3.PROBLEMES<\/h4>\n<table style=\"width: 100%;\">\n<tbody>\n<tr>\n<td style=\"width: 50%;\">\n<h2 style=\"text-align: center;\"><a href=\"http:\/\/ntic.educacion.es\/w3\/eos\/MaterialesEducativos\/mem2009\/problematic\/menuppal.html\" target=\"_blank\" rel=\"noopener noreferrer\">Problemes aritm\u00e8tics<\/a><\/h2>\n<p><a href=\"http:\/\/ntic.educacion.es\/w3\/eos\/MaterialesEducativos\/mem2009\/problematic\/menuppal.html\" target=\"_blank\" rel=\"noopener noreferrer\"><img loading=\"lazy\" decoding=\"async\" class=\"aligncenter wp-image-2050\" src=\"https:\/\/agora.xtec.cat\/ceiptorreroja\/wp-content\/uploads\/usu1673\/2020\/04\/Problemes-aritm\u00e8tics-300x240.png\" alt=\"\" width=\"188\" height=\"150\" srcset=\"https:\/\/agora.xtec.cat\/ceiptorreroja\/wp-content\/uploads\/usu1673\/2020\/04\/Problemes-aritm\u00e8tics-300x240.png 300w, https:\/\/agora.xtec.cat\/ceiptorreroja\/wp-content\/uploads\/usu1673\/2020\/04\/Problemes-aritm\u00e8tics-768x614.png 768w, https:\/\/agora.xtec.cat\/ceiptorreroja\/wp-content\/uploads\/usu1673\/2020\/04\/Problemes-aritm\u00e8tics-1024x819.png 1024w, https:\/\/agora.xtec.cat\/ceiptorreroja\/wp-content\/uploads\/usu1673\/2020\/04\/Problemes-aritm\u00e8tics.png 1326w\" sizes=\"auto, (max-width: 188px) 100vw, 188px\" \/><\/a><\/p>\n<p style=\"text-align: center;\"><a href=\"http:\/\/agora.xtec.cat\/ceiptorreroja\/adobe-flash-player\/\" target=\"_blank\" rel=\"noopener noreferrer\">(Necessari Adobe Flash Player)<\/a><\/p>\n<\/td>\n<td style=\"width: 50%;\">\n<h2 style=\"text-align: center;\"><a href=\"http:\/\/www.xtec.cat\/~jjareno\/problemes\/problemes_interactius.htm\" target=\"_blank\" rel=\"noopener noreferrer\">Problemes de diferent tipologia<\/a><\/h2>\n<p><a href=\"http:\/\/www.xtec.cat\/~jjareno\/problemes\/problemes_interactius.htm\" target=\"_blank\" rel=\"noopener noreferrer\"><img loading=\"lazy\" decoding=\"async\" class=\"aligncenter wp-image-2051\" src=\"https:\/\/agora.xtec.cat\/ceiptorreroja\/wp-content\/uploads\/usu1673\/2020\/04\/Problemes-de-diferent-tipologia-300x136.png\" alt=\"\" width=\"331\" height=\"150\" srcset=\"https:\/\/agora.xtec.cat\/ceiptorreroja\/wp-content\/uploads\/usu1673\/2020\/04\/Problemes-de-diferent-tipologia-300x136.png 300w, https:\/\/agora.xtec.cat\/ceiptorreroja\/wp-content\/uploads\/usu1673\/2020\/04\/Problemes-de-diferent-tipologia-768x348.png 768w, https:\/\/agora.xtec.cat\/ceiptorreroja\/wp-content\/uploads\/usu1673\/2020\/04\/Problemes-de-diferent-tipologia-1024x464.png 1024w, https:\/\/agora.xtec.cat\/ceiptorreroja\/wp-content\/uploads\/usu1673\/2020\/04\/Problemes-de-diferent-tipologia.png 1920w\" sizes=\"auto, (max-width: 331px) 100vw, 331px\" \/><\/a><\/p>\n<p style=\"text-align: center;\"><a href=\"http:\/\/agora.xtec.cat\/ceiptorreroja\/adobe-flash-player\/\" target=\"_blank\" rel=\"noopener noreferrer\">(Necessari Adobe Flash Player)<\/a><\/p>\n<\/td>\n<\/tr>\n<tr style=\"height: 31px;\">\n<td>\n<h2 style=\"text-align: center;\"><a href=\"http:\/\/clic.xtec.cat\/quaderns\/biblioteca\/problemes_csp01_ca\/html\/index.htm?&amp;appl=http:\/\/clic.xtec.cat\/qv_viewer\/dist\/html\/appl\/&amp;css=http:\/\/clic.xtec.cat\/qv_viewer\/dist\/html\/css\/&amp;js=http:\/\/clic.xtec.cat\/qv_viewer\/dist\/html\/scripts\/&amp;lang=ca&amp;skin=default&amp;biblio=true&amp;xml=problemes_csp01_ca\/problemes_csp01_ca.xml&amp;base=problemes_csp01_ca&amp;skin=default&amp;section=0&amp;lang=ca\" target=\"_blank\" rel=\"noopener noreferrer\">4 problemes<\/a><\/h2>\n<p><a href=\"http:\/\/clic.xtec.cat\/quaderns\/biblioteca\/problemes_csp01_ca\/html\/index.htm?&amp;appl=http:\/\/clic.xtec.cat\/qv_viewer\/dist\/html\/appl\/&amp;css=http:\/\/clic.xtec.cat\/qv_viewer\/dist\/html\/css\/&amp;js=http:\/\/clic.xtec.cat\/qv_viewer\/dist\/html\/scripts\/&amp;lang=ca&amp;skin=default&amp;biblio=true&amp;xml=problemes_csp01_ca\/problemes_csp01_ca.xml&amp;base=problemes_csp01_ca&amp;skin=default&amp;section=0&amp;lang=ca\" target=\"_blank\" rel=\"noopener noreferrer\"><img loading=\"lazy\" decoding=\"async\" class=\"aligncenter wp-image-2052\" src=\"https:\/\/agora.xtec.cat\/ceiptorreroja\/wp-content\/uploads\/usu1673\/2020\/04\/4-problemes-per-al-CS-300x169.png\" alt=\"\" width=\"267\" height=\"150\" srcset=\"https:\/\/agora.xtec.cat\/ceiptorreroja\/wp-content\/uploads\/usu1673\/2020\/04\/4-problemes-per-al-CS-300x169.png 300w, https:\/\/agora.xtec.cat\/ceiptorreroja\/wp-content\/uploads\/usu1673\/2020\/04\/4-problemes-per-al-CS-768x432.png 768w, https:\/\/agora.xtec.cat\/ceiptorreroja\/wp-content\/uploads\/usu1673\/2020\/04\/4-problemes-per-al-CS-1024x576.png 1024w, https:\/\/agora.xtec.cat\/ceiptorreroja\/wp-content\/uploads\/usu1673\/2020\/04\/4-problemes-per-al-CS.png 1920w\" sizes=\"auto, (max-width: 267px) 100vw, 267px\" \/><\/a><\/p>\n<p style=\"text-align: center;\"><a href=\"http:\/\/agora.xtec.cat\/ceiptorreroja\/adobe-flash-player\/\" target=\"_blank\" rel=\"noopener noreferrer\">(Necessari Adobe Flash Player)<\/a><\/p>\n<\/td>\n<td>\n<h2 style=\"text-align: center;\"><a href=\"https:\/\/clic.xtec.cat\/projects\/quinzet\/jclic.js\/index.html\" target=\"_blank\" rel=\"noopener noreferrer\">Problemes quinzet \u201cLa formiga matem\u00e0tica\u201d<\/a><\/h2>\n<p><a href=\"https:\/\/clic.xtec.cat\/projects\/quinzet\/jclic.js\/index.html\" target=\"_blank\" rel=\"noopener noreferrer\"><img loading=\"lazy\" decoding=\"async\" class=\"aligncenter wp-image-2053\" src=\"https:\/\/agora.xtec.cat\/ceiptorreroja\/wp-content\/uploads\/usu1673\/2020\/04\/Problemes-quinzet-\u201cLa-formiga-matem\u00e0tica\u201d-300x169.png\" alt=\"\" width=\"267\" height=\"150\" srcset=\"https:\/\/agora.xtec.cat\/ceiptorreroja\/wp-content\/uploads\/usu1673\/2020\/04\/Problemes-quinzet-\u201cLa-formiga-matem\u00e0tica\u201d-300x169.png 300w, https:\/\/agora.xtec.cat\/ceiptorreroja\/wp-content\/uploads\/usu1673\/2020\/04\/Problemes-quinzet-\u201cLa-formiga-matem\u00e0tica\u201d-768x432.png 768w, https:\/\/agora.xtec.cat\/ceiptorreroja\/wp-content\/uploads\/usu1673\/2020\/04\/Problemes-quinzet-\u201cLa-formiga-matem\u00e0tica\u201d-1024x575.png 1024w, https:\/\/agora.xtec.cat\/ceiptorreroja\/wp-content\/uploads\/usu1673\/2020\/04\/Problemes-quinzet-\u201cLa-formiga-matem\u00e0tica\u201d.png 1920w\" sizes=\"auto, (max-width: 267px) 100vw, 267px\" \/><\/a><\/td>\n<\/tr>\n<\/tbody>\n<\/table>\n<p>&nbsp;<\/p>\n<h2 id=\"ESPAI-I-FORMA\"><strong>3.ESPAI I FORMA<\/strong><\/h2>\n<h4 id=\"RECTES-I-ANGLES\">3.1.RECTES I ANGLES<\/h4>\n<table style=\"width: 100%; height: 415px;\">\n<tbody>\n<tr style=\"height: 83px;\">\n<td style=\"width: 50%; height: 83px;\">\n<h2 style=\"text-align: center;\"><a href=\"https:\/\/es.ixl.com\/math\/5-primaria\/identificar-l%C3%ADneas-paralelas-perpendiculares-y-que-se-intersecan\" target=\"_blank\" rel=\"noopener noreferrer\">Identificar l\u00ednies paral\u00b7leles, perpendiculars i secants<\/a><\/h2>\n<p><a href=\"https:\/\/es.ixl.com\/math\/5-primaria\/identificar-l%C3%ADneas-paralelas-perpendiculares-y-que-se-intersecan\" target=\"_blank\" rel=\"noopener noreferrer\"><img loading=\"lazy\" decoding=\"async\" class=\"aligncenter wp-image-2086\" src=\"https:\/\/agora.xtec.cat\/ceiptorreroja\/wp-content\/uploads\/usu1673\/2020\/04\/Identificar-l\u00ednies-paral\u00b7leles-perpendiculars-i-secants-300x169.png\" alt=\"\" width=\"267\" height=\"150\" srcset=\"https:\/\/agora.xtec.cat\/ceiptorreroja\/wp-content\/uploads\/usu1673\/2020\/04\/Identificar-l\u00ednies-paral\u00b7leles-perpendiculars-i-secants-300x169.png 300w, https:\/\/agora.xtec.cat\/ceiptorreroja\/wp-content\/uploads\/usu1673\/2020\/04\/Identificar-l\u00ednies-paral\u00b7leles-perpendiculars-i-secants-768x432.png 768w, https:\/\/agora.xtec.cat\/ceiptorreroja\/wp-content\/uploads\/usu1673\/2020\/04\/Identificar-l\u00ednies-paral\u00b7leles-perpendiculars-i-secants-1024x575.png 1024w, https:\/\/agora.xtec.cat\/ceiptorreroja\/wp-content\/uploads\/usu1673\/2020\/04\/Identificar-l\u00ednies-paral\u00b7leles-perpendiculars-i-secants.png 1920w\" sizes=\"auto, (max-width: 267px) 100vw, 267px\" \/><\/a><\/td>\n<td style=\"width: 50%; height: 83px;\">\n<h2 style=\"text-align: center;\"><a href=\"https:\/\/sites.google.com\/site\/5ecastellodena\/geometria\" target=\"_blank\" rel=\"noopener noreferrer\">Rectes i angles. Les figures planes. Explicaci\u00f3 i links <\/a><\/h2>\n<p><a href=\"https:\/\/sites.google.com\/site\/5ecastellodena\/geometria\" target=\"_blank\" rel=\"noopener noreferrer\"><img loading=\"lazy\" decoding=\"async\" class=\"aligncenter wp-image-2087\" src=\"https:\/\/agora.xtec.cat\/ceiptorreroja\/wp-content\/uploads\/usu1673\/2020\/04\/Rectes-i-angles.-Les-figures-planes.-Explicaci\u00f3-i-links-300x172.png\" alt=\"\" width=\"261\" height=\"150\" srcset=\"https:\/\/agora.xtec.cat\/ceiptorreroja\/wp-content\/uploads\/usu1673\/2020\/04\/Rectes-i-angles.-Les-figures-planes.-Explicaci\u00f3-i-links-300x172.png 300w, https:\/\/agora.xtec.cat\/ceiptorreroja\/wp-content\/uploads\/usu1673\/2020\/04\/Rectes-i-angles.-Les-figures-planes.-Explicaci\u00f3-i-links-768x441.png 768w, https:\/\/agora.xtec.cat\/ceiptorreroja\/wp-content\/uploads\/usu1673\/2020\/04\/Rectes-i-angles.-Les-figures-planes.-Explicaci\u00f3-i-links-1024x587.png 1024w, https:\/\/agora.xtec.cat\/ceiptorreroja\/wp-content\/uploads\/usu1673\/2020\/04\/Rectes-i-angles.-Les-figures-planes.-Explicaci\u00f3-i-links.png 1881w\" sizes=\"auto, (max-width: 261px) 100vw, 261px\" \/><\/a><\/td>\n<\/tr>\n<tr style=\"height: 31px;\">\n<td style=\"height: 83px;\">\n<h2 style=\"text-align: center;\"><a href=\"http:\/\/www.aplicaciones.info\/decimales\/geoele01.htm\" target=\"_blank\" rel=\"noopener noreferrer\">El punt i la recta<\/a><\/h2>\n<p><a href=\"http:\/\/www.aplicaciones.info\/decimales\/geoele01.htm\" target=\"_blank\" rel=\"noopener noreferrer\"><img loading=\"lazy\" decoding=\"async\" class=\"aligncenter wp-image-2088\" src=\"https:\/\/agora.xtec.cat\/ceiptorreroja\/wp-content\/uploads\/usu1673\/2020\/04\/El-punt-i-la-recta-300x171.png\" alt=\"\" width=\"264\" height=\"150\" srcset=\"https:\/\/agora.xtec.cat\/ceiptorreroja\/wp-content\/uploads\/usu1673\/2020\/04\/El-punt-i-la-recta-300x171.png 300w, https:\/\/agora.xtec.cat\/ceiptorreroja\/wp-content\/uploads\/usu1673\/2020\/04\/El-punt-i-la-recta-768x437.png 768w, https:\/\/agora.xtec.cat\/ceiptorreroja\/wp-content\/uploads\/usu1673\/2020\/04\/El-punt-i-la-recta-1024x583.png 1024w, https:\/\/agora.xtec.cat\/ceiptorreroja\/wp-content\/uploads\/usu1673\/2020\/04\/El-punt-i-la-recta.png 1896w\" sizes=\"auto, (max-width: 264px) 100vw, 264px\" \/><\/a><\/td>\n<td style=\"height: 83px;\">\n<h2 style=\"text-align: center;\"><a href=\"http:\/\/www.aplicaciones.info\/decimales\/geoele02.htm\" target=\"_blank\" rel=\"noopener noreferrer\">El segment<\/a><\/h2>\n<p><a href=\"http:\/\/www.aplicaciones.info\/decimales\/geoele02.htm\" target=\"_blank\" rel=\"noopener noreferrer\"><img loading=\"lazy\" decoding=\"async\" class=\"aligncenter wp-image-2089\" src=\"https:\/\/agora.xtec.cat\/ceiptorreroja\/wp-content\/uploads\/usu1673\/2020\/04\/El-segment-300x171.png\" alt=\"\" width=\"264\" height=\"150\" srcset=\"https:\/\/agora.xtec.cat\/ceiptorreroja\/wp-content\/uploads\/usu1673\/2020\/04\/El-segment-300x171.png 300w, https:\/\/agora.xtec.cat\/ceiptorreroja\/wp-content\/uploads\/usu1673\/2020\/04\/El-segment-768x437.png 768w, https:\/\/agora.xtec.cat\/ceiptorreroja\/wp-content\/uploads\/usu1673\/2020\/04\/El-segment-1024x583.png 1024w, https:\/\/agora.xtec.cat\/ceiptorreroja\/wp-content\/uploads\/usu1673\/2020\/04\/El-segment.png 1896w\" sizes=\"auto, (max-width: 264px) 100vw, 264px\" \/><\/a><\/td>\n<\/tr>\n<tr style=\"height: 83px;\">\n<td style=\"height: 83px;\">\n<h2 style=\"text-align: center;\"><a href=\"http:\/\/www.aplicaciones.info\/decimales\/geoele03.htm\" target=\"_blank\" rel=\"noopener noreferrer\">Els angles<\/a><\/h2>\n<p><a href=\"http:\/\/www.aplicaciones.info\/decimales\/geoele03.htm\" target=\"_blank\" rel=\"noopener noreferrer\"><img loading=\"lazy\" decoding=\"async\" class=\"aligncenter wp-image-2090\" src=\"https:\/\/agora.xtec.cat\/ceiptorreroja\/wp-content\/uploads\/usu1673\/2020\/04\/Els-angles-300x171.png\" alt=\"\" width=\"264\" height=\"150\" srcset=\"https:\/\/agora.xtec.cat\/ceiptorreroja\/wp-content\/uploads\/usu1673\/2020\/04\/Els-angles-300x171.png 300w, https:\/\/agora.xtec.cat\/ceiptorreroja\/wp-content\/uploads\/usu1673\/2020\/04\/Els-angles-768x437.png 768w, https:\/\/agora.xtec.cat\/ceiptorreroja\/wp-content\/uploads\/usu1673\/2020\/04\/Els-angles-1024x583.png 1024w, https:\/\/agora.xtec.cat\/ceiptorreroja\/wp-content\/uploads\/usu1673\/2020\/04\/Els-angles.png 1896w\" sizes=\"auto, (max-width: 264px) 100vw, 264px\" \/><\/a><\/td>\n<td style=\"height: 83px;\">\n<h2 style=\"text-align: center;\"><a href=\"http:\/\/www.ceipjuanherreraalcausa.es\/Recursosdidacticos\/TERCERO\/datos\/03_mates\/U11\/unidad11.htm\" target=\"_blank\" rel=\"noopener noreferrer\">Rectes i angles<\/a><\/h2>\n<p style=\"text-align: center;\"><a href=\"http:\/\/www.ceipjuanherreraalcausa.es\/Recursosdidacticos\/TERCERO\/datos\/03_mates\/U11\/unidad11.htm\" target=\"_blank\" rel=\"noopener noreferrer\"><img loading=\"lazy\" decoding=\"async\" class=\"aligncenter wp-image-2091\" src=\"https:\/\/agora.xtec.cat\/ceiptorreroja\/wp-content\/uploads\/usu1673\/2020\/04\/Rectes-i-angles-300x191.png\" alt=\"\" width=\"235\" height=\"150\" srcset=\"https:\/\/agora.xtec.cat\/ceiptorreroja\/wp-content\/uploads\/usu1673\/2020\/04\/Rectes-i-angles-300x191.png 300w, https:\/\/agora.xtec.cat\/ceiptorreroja\/wp-content\/uploads\/usu1673\/2020\/04\/Rectes-i-angles-768x490.png 768w, https:\/\/agora.xtec.cat\/ceiptorreroja\/wp-content\/uploads\/usu1673\/2020\/04\/Rectes-i-angles.png 801w\" sizes=\"auto, (max-width: 235px) 100vw, 235px\" \/><\/a><a href=\"http:\/\/agora.xtec.cat\/ceiptorreroja\/adobe-flash-player\/\" target=\"_blank\" rel=\"noopener noreferrer\">(Necessari Adobe Flash Player)<\/a><\/p>\n<\/td>\n<\/tr>\n<tr style=\"height: 83px;\">\n<td style=\"height: 83px;\">\n<h2 style=\"text-align: center;\"><a href=\"http:\/\/www.ceipjuanherreraalcausa.es\/Recursosdidacticos\/CUARTO\/datos\/01_Mates\/datos\/05_rdi\/U10\/unidad10.htm\" target=\"_blank\" rel=\"noopener noreferrer\">Rectes i angles amb mesura d\u2019angles<\/a><\/h2>\n<p style=\"text-align: center;\"><a href=\"http:\/\/www.ceipjuanherreraalcausa.es\/Recursosdidacticos\/CUARTO\/datos\/01_Mates\/datos\/05_rdi\/U10\/unidad10.htm\" target=\"_blank\" rel=\"noopener noreferrer\"><img loading=\"lazy\" decoding=\"async\" class=\"aligncenter wp-image-2092\" src=\"https:\/\/agora.xtec.cat\/ceiptorreroja\/wp-content\/uploads\/usu1673\/2020\/04\/Rectes-i-angles-amb-mesura-d\u2019angles-300x191.png\" alt=\"\" width=\"235\" height=\"150\" srcset=\"https:\/\/agora.xtec.cat\/ceiptorreroja\/wp-content\/uploads\/usu1673\/2020\/04\/Rectes-i-angles-amb-mesura-d\u2019angles-300x191.png 300w, https:\/\/agora.xtec.cat\/ceiptorreroja\/wp-content\/uploads\/usu1673\/2020\/04\/Rectes-i-angles-amb-mesura-d\u2019angles-768x490.png 768w, https:\/\/agora.xtec.cat\/ceiptorreroja\/wp-content\/uploads\/usu1673\/2020\/04\/Rectes-i-angles-amb-mesura-d\u2019angles.png 801w\" sizes=\"auto, (max-width: 235px) 100vw, 235px\" \/><\/a><a href=\"http:\/\/agora.xtec.cat\/ceiptorreroja\/adobe-flash-player\/\" target=\"_blank\" rel=\"noopener noreferrer\">(Necessari Adobe Flash Player)<\/a><\/p>\n<\/td>\n<td style=\"height: 83px;\">\n<h2 style=\"text-align: center;\"><a href=\"http:\/\/www.aplicaciones.info\/decimales\/geoele04.htm\" target=\"_blank\" rel=\"noopener noreferrer\">Mesura d\u2019angles<\/a><\/h2>\n<p><a href=\"http:\/\/www.aplicaciones.info\/decimales\/geoele04.htm\" target=\"_blank\" rel=\"noopener noreferrer\"><img loading=\"lazy\" decoding=\"async\" class=\"aligncenter wp-image-2093\" src=\"https:\/\/agora.xtec.cat\/ceiptorreroja\/wp-content\/uploads\/usu1673\/2020\/04\/Mesura-d\u2019angles-300x169.png\" alt=\"\" width=\"267\" height=\"150\" srcset=\"https:\/\/agora.xtec.cat\/ceiptorreroja\/wp-content\/uploads\/usu1673\/2020\/04\/Mesura-d\u2019angles-300x169.png 300w, https:\/\/agora.xtec.cat\/ceiptorreroja\/wp-content\/uploads\/usu1673\/2020\/04\/Mesura-d\u2019angles-768x432.png 768w, https:\/\/agora.xtec.cat\/ceiptorreroja\/wp-content\/uploads\/usu1673\/2020\/04\/Mesura-d\u2019angles-1024x575.png 1024w, https:\/\/agora.xtec.cat\/ceiptorreroja\/wp-content\/uploads\/usu1673\/2020\/04\/Mesura-d\u2019angles.png 1920w\" sizes=\"auto, (max-width: 267px) 100vw, 267px\" \/><\/a><\/td>\n<\/tr>\n<tr style=\"height: 83px;\">\n<td style=\"height: 83px;\">\n<h2 style=\"text-align: center;\"><a href=\"https:\/\/proyectodescartes.org\/PI\/materiales_didacticos\/M_B3_Medicion_angulos-JS\/index.html\" target=\"_blank\" rel=\"noopener noreferrer\">Mesura d\u2019angles<\/a><\/h2>\n<p><a href=\"https:\/\/proyectodescartes.org\/PI\/materiales_didacticos\/M_B3_Medicion_angulos-JS\/index.html\" target=\"_blank\" rel=\"noopener noreferrer\"><img loading=\"lazy\" decoding=\"async\" class=\"aligncenter wp-image-2094\" src=\"https:\/\/agora.xtec.cat\/ceiptorreroja\/wp-content\/uploads\/usu1673\/2020\/04\/Mesura-d\u2019angles-2-300x220.png\" alt=\"\" width=\"204\" height=\"150\" srcset=\"https:\/\/agora.xtec.cat\/ceiptorreroja\/wp-content\/uploads\/usu1673\/2020\/04\/Mesura-d\u2019angles-2-300x220.png 300w, https:\/\/agora.xtec.cat\/ceiptorreroja\/wp-content\/uploads\/usu1673\/2020\/04\/Mesura-d\u2019angles-2-768x563.png 768w, https:\/\/agora.xtec.cat\/ceiptorreroja\/wp-content\/uploads\/usu1673\/2020\/04\/Mesura-d\u2019angles-2-1024x751.png 1024w, https:\/\/agora.xtec.cat\/ceiptorreroja\/wp-content\/uploads\/usu1673\/2020\/04\/Mesura-d\u2019angles-2.png 1460w\" sizes=\"auto, (max-width: 204px) 100vw, 204px\" \/><\/a><\/td>\n<td style=\"height: 83px;\">\n<h2 style=\"text-align: center;\"><\/h2>\n<\/td>\n<\/tr>\n<\/tbody>\n<\/table>\n<p>&nbsp;<\/p>\n<h4 id=\"FIGURES-PLANES\">3.2.FIGURES PLANES<\/h4>\n<table style=\"width: 100%;\">\n<tbody>\n<tr>\n<td style=\"width: 50%;\">\n<h2 style=\"text-align: center;\"><a href=\"https:\/\/clic.xtec.cat\/projects\/poligons\/jclic.js\/index.html\" target=\"_blank\" rel=\"noopener noreferrer\">Geometria plana<\/a><\/h2>\n<p><a href=\"https:\/\/clic.xtec.cat\/projects\/poligons\/jclic.js\/index.html\" target=\"_blank\" rel=\"noopener noreferrer\"><img loading=\"lazy\" decoding=\"async\" class=\"aligncenter wp-image-2095\" src=\"https:\/\/agora.xtec.cat\/ceiptorreroja\/wp-content\/uploads\/usu1673\/2020\/04\/Geometria-plana-300x169.png\" alt=\"\" width=\"267\" height=\"150\" srcset=\"https:\/\/agora.xtec.cat\/ceiptorreroja\/wp-content\/uploads\/usu1673\/2020\/04\/Geometria-plana-300x169.png 300w, https:\/\/agora.xtec.cat\/ceiptorreroja\/wp-content\/uploads\/usu1673\/2020\/04\/Geometria-plana-768x432.png 768w, https:\/\/agora.xtec.cat\/ceiptorreroja\/wp-content\/uploads\/usu1673\/2020\/04\/Geometria-plana-1024x575.png 1024w, https:\/\/agora.xtec.cat\/ceiptorreroja\/wp-content\/uploads\/usu1673\/2020\/04\/Geometria-plana.png 1920w\" sizes=\"auto, (max-width: 267px) 100vw, 267px\" \/><\/a><\/td>\n<td style=\"width: 50%;\">\n<h2 style=\"text-align: center;\"><a href=\"http:\/\/www.xtec.cat\/~ebraso\/visual\/geometria2d\/triangles\/triangles.html\" target=\"_blank\" rel=\"noopener noreferrer\">Classificaci\u00f3 triangles<\/a><\/h2>\n<p><a href=\"http:\/\/www.xtec.cat\/~ebraso\/visual\/geometria2d\/triangles\/triangles.html\" target=\"_blank\" rel=\"noopener noreferrer\"><img loading=\"lazy\" decoding=\"async\" class=\"aligncenter wp-image-2096\" src=\"https:\/\/agora.xtec.cat\/ceiptorreroja\/wp-content\/uploads\/usu1673\/2020\/04\/Classificaci\u00f3-triangles-300x169.png\" alt=\"\" width=\"267\" height=\"150\" srcset=\"https:\/\/agora.xtec.cat\/ceiptorreroja\/wp-content\/uploads\/usu1673\/2020\/04\/Classificaci\u00f3-triangles-300x169.png 300w, https:\/\/agora.xtec.cat\/ceiptorreroja\/wp-content\/uploads\/usu1673\/2020\/04\/Classificaci\u00f3-triangles-768x432.png 768w, https:\/\/agora.xtec.cat\/ceiptorreroja\/wp-content\/uploads\/usu1673\/2020\/04\/Classificaci\u00f3-triangles-1024x576.png 1024w, https:\/\/agora.xtec.cat\/ceiptorreroja\/wp-content\/uploads\/usu1673\/2020\/04\/Classificaci\u00f3-triangles.png 1695w\" sizes=\"auto, (max-width: 267px) 100vw, 267px\" \/><\/a><\/td>\n<\/tr>\n<tr style=\"height: 31px;\">\n<td>\n<h2 style=\"text-align: center;\"><a href=\"http:\/\/www.xtec.cat\/~ebraso\/visual\/geometria2d\/quadrilaters\/quadrilaters.html\" target=\"_blank\" rel=\"noopener noreferrer\">Classificaci\u00f3 quadril\u00e0ters<\/a><\/h2>\n<p><a href=\"http:\/\/www.xtec.cat\/~ebraso\/visual\/geometria2d\/quadrilaters\/quadrilaters.html\" target=\"_blank\" rel=\"noopener noreferrer\"><img loading=\"lazy\" decoding=\"async\" class=\"aligncenter wp-image-2097\" src=\"https:\/\/agora.xtec.cat\/ceiptorreroja\/wp-content\/uploads\/usu1673\/2020\/04\/Classificaci\u00f3-quadril\u00e0ters-300x169.png\" alt=\"\" width=\"267\" height=\"150\" srcset=\"https:\/\/agora.xtec.cat\/ceiptorreroja\/wp-content\/uploads\/usu1673\/2020\/04\/Classificaci\u00f3-quadril\u00e0ters-300x169.png 300w, https:\/\/agora.xtec.cat\/ceiptorreroja\/wp-content\/uploads\/usu1673\/2020\/04\/Classificaci\u00f3-quadril\u00e0ters-768x432.png 768w, https:\/\/agora.xtec.cat\/ceiptorreroja\/wp-content\/uploads\/usu1673\/2020\/04\/Classificaci\u00f3-quadril\u00e0ters-1024x576.png 1024w, https:\/\/agora.xtec.cat\/ceiptorreroja\/wp-content\/uploads\/usu1673\/2020\/04\/Classificaci\u00f3-quadril\u00e0ters.png 1695w\" sizes=\"auto, (max-width: 267px) 100vw, 267px\" \/><\/a><\/td>\n<td>\n<h2 style=\"text-align: center;\"><a href=\"http:\/\/www.xtec.cat\/~ebraso\/visual\/geometria2d\/cercle_punxes\/circum_i_cercle.html\" target=\"_blank\" rel=\"noopener noreferrer\">Longitud de la circumfer\u00e8ncia i \u00e0rea del cercle<\/a><\/h2>\n<p><a href=\"http:\/\/www.xtec.cat\/~ebraso\/visual\/geometria2d\/cercle_punxes\/circum_i_cercle.html\" target=\"_blank\" rel=\"noopener noreferrer\"><img loading=\"lazy\" decoding=\"async\" class=\"aligncenter wp-image-2098\" src=\"https:\/\/agora.xtec.cat\/ceiptorreroja\/wp-content\/uploads\/usu1673\/2020\/04\/Longitud-de-la-circumfer\u00e8ncia-i-\u00e0rea-del-cercle-300x169.png\" alt=\"\" width=\"267\" height=\"150\" srcset=\"https:\/\/agora.xtec.cat\/ceiptorreroja\/wp-content\/uploads\/usu1673\/2020\/04\/Longitud-de-la-circumfer\u00e8ncia-i-\u00e0rea-del-cercle-300x169.png 300w, https:\/\/agora.xtec.cat\/ceiptorreroja\/wp-content\/uploads\/usu1673\/2020\/04\/Longitud-de-la-circumfer\u00e8ncia-i-\u00e0rea-del-cercle-768x432.png 768w, https:\/\/agora.xtec.cat\/ceiptorreroja\/wp-content\/uploads\/usu1673\/2020\/04\/Longitud-de-la-circumfer\u00e8ncia-i-\u00e0rea-del-cercle-1024x576.png 1024w, https:\/\/agora.xtec.cat\/ceiptorreroja\/wp-content\/uploads\/usu1673\/2020\/04\/Longitud-de-la-circumfer\u00e8ncia-i-\u00e0rea-del-cercle.png 1695w\" sizes=\"auto, (max-width: 267px) 100vw, 267px\" \/><\/a><\/td>\n<\/tr>\n<tr>\n<td>\n<h2 style=\"text-align: center;\"><a href=\"http:\/\/ejerciciosdematematicas.org\/spanish\/geometria.php\" target=\"_blank\" rel=\"noopener noreferrer\">Exercicis de geometria interactius<\/a><\/h2>\n<p><a href=\"http:\/\/ejerciciosdematematicas.org\/spanish\/geometria.php\" target=\"_blank\" rel=\"noopener noreferrer\"><img loading=\"lazy\" decoding=\"async\" class=\"aligncenter wp-image-2099\" src=\"https:\/\/agora.xtec.cat\/ceiptorreroja\/wp-content\/uploads\/usu1673\/2020\/04\/Exercicis-de-geometria-interactius-300x178.png\" alt=\"\" width=\"253\" height=\"150\" srcset=\"https:\/\/agora.xtec.cat\/ceiptorreroja\/wp-content\/uploads\/usu1673\/2020\/04\/Exercicis-de-geometria-interactius-300x178.png 300w, https:\/\/agora.xtec.cat\/ceiptorreroja\/wp-content\/uploads\/usu1673\/2020\/04\/Exercicis-de-geometria-interactius-768x455.png 768w, https:\/\/agora.xtec.cat\/ceiptorreroja\/wp-content\/uploads\/usu1673\/2020\/04\/Exercicis-de-geometria-interactius-1024x606.png 1024w, https:\/\/agora.xtec.cat\/ceiptorreroja\/wp-content\/uploads\/usu1673\/2020\/04\/Exercicis-de-geometria-interactius.png 1824w\" sizes=\"auto, (max-width: 253px) 100vw, 253px\" \/><\/a><\/td>\n<td>\n<h2 style=\"text-align: center;\"><a href=\"https:\/\/es.ixl.com\/math\/5-primaria\/identificar-partes-de-un-c%C3%ADrculo\" target=\"_blank\" rel=\"noopener noreferrer\">Identificar les parts d\u2019un cercle<img loading=\"lazy\" decoding=\"async\" class=\"aligncenter wp-image-2100\" src=\"https:\/\/agora.xtec.cat\/ceiptorreroja\/wp-content\/uploads\/usu1673\/2020\/04\/Identificar-les-parts-d\u2019un-cercle-300x169.png\" alt=\"\" width=\"267\" height=\"150\" srcset=\"https:\/\/agora.xtec.cat\/ceiptorreroja\/wp-content\/uploads\/usu1673\/2020\/04\/Identificar-les-parts-d\u2019un-cercle-300x169.png 300w, https:\/\/agora.xtec.cat\/ceiptorreroja\/wp-content\/uploads\/usu1673\/2020\/04\/Identificar-les-parts-d\u2019un-cercle-768x432.png 768w, https:\/\/agora.xtec.cat\/ceiptorreroja\/wp-content\/uploads\/usu1673\/2020\/04\/Identificar-les-parts-d\u2019un-cercle-1024x575.png 1024w, https:\/\/agora.xtec.cat\/ceiptorreroja\/wp-content\/uploads\/usu1673\/2020\/04\/Identificar-les-parts-d\u2019un-cercle.png 1920w\" sizes=\"auto, (max-width: 267px) 100vw, 267px\" \/><\/a><\/h2>\n<\/td>\n<\/tr>\n<tr>\n<td>\n<h2 style=\"text-align: center;\"><a href=\"https:\/\/es.ixl.com\/math\/5-primaria\/medir-y-clasificar-%C3%A1ngulos\" target=\"_blank\" rel=\"noopener noreferrer\">Mesurar i identificar triangles<\/a><\/h2>\n<p><a href=\"https:\/\/es.ixl.com\/math\/5-primaria\/medir-y-clasificar-%C3%A1ngulos\" target=\"_blank\" rel=\"noopener noreferrer\"><img loading=\"lazy\" decoding=\"async\" class=\"aligncenter wp-image-2101\" src=\"https:\/\/agora.xtec.cat\/ceiptorreroja\/wp-content\/uploads\/usu1673\/2020\/04\/Mesurar-i-identificar-triangles-300x169.png\" alt=\"\" width=\"267\" height=\"150\" srcset=\"https:\/\/agora.xtec.cat\/ceiptorreroja\/wp-content\/uploads\/usu1673\/2020\/04\/Mesurar-i-identificar-triangles-300x169.png 300w, https:\/\/agora.xtec.cat\/ceiptorreroja\/wp-content\/uploads\/usu1673\/2020\/04\/Mesurar-i-identificar-triangles-768x432.png 768w, https:\/\/agora.xtec.cat\/ceiptorreroja\/wp-content\/uploads\/usu1673\/2020\/04\/Mesurar-i-identificar-triangles-1024x575.png 1024w, https:\/\/agora.xtec.cat\/ceiptorreroja\/wp-content\/uploads\/usu1673\/2020\/04\/Mesurar-i-identificar-triangles.png 1920w\" sizes=\"auto, (max-width: 267px) 100vw, 267px\" \/><\/a><\/td>\n<td>\n<h2 style=\"text-align: center;\"><a href=\"https:\/\/es.ixl.com\/math\/5-primaria\/clasificar-tri%C3%A1ngulos\" target=\"_blank\" rel=\"noopener noreferrer\">Classificar triangles<\/a><\/h2>\n<p><a href=\"https:\/\/es.ixl.com\/math\/5-primaria\/clasificar-tri%C3%A1ngulos\" target=\"_blank\" rel=\"noopener noreferrer\"><img loading=\"lazy\" decoding=\"async\" class=\"aligncenter wp-image-2102\" src=\"https:\/\/agora.xtec.cat\/ceiptorreroja\/wp-content\/uploads\/usu1673\/2020\/04\/Classificar-triangles-300x169.png\" alt=\"\" width=\"267\" height=\"150\" srcset=\"https:\/\/agora.xtec.cat\/ceiptorreroja\/wp-content\/uploads\/usu1673\/2020\/04\/Classificar-triangles-300x169.png 300w, https:\/\/agora.xtec.cat\/ceiptorreroja\/wp-content\/uploads\/usu1673\/2020\/04\/Classificar-triangles-768x432.png 768w, https:\/\/agora.xtec.cat\/ceiptorreroja\/wp-content\/uploads\/usu1673\/2020\/04\/Classificar-triangles-1024x575.png 1024w, https:\/\/agora.xtec.cat\/ceiptorreroja\/wp-content\/uploads\/usu1673\/2020\/04\/Classificar-triangles.png 1920w\" sizes=\"auto, (max-width: 267px) 100vw, 267px\" \/><\/a><\/td>\n<\/tr>\n<tr>\n<td>\n<h2 style=\"text-align: center;\"><a href=\"https:\/\/es.ixl.com\/math\/5-primaria\/clasificar-cuadril%C3%A1teros\" target=\"_blank\" rel=\"noopener noreferrer\">Classificar quadril\u00e0ters<\/a><\/h2>\n<p><a href=\"https:\/\/es.ixl.com\/math\/5-primaria\/clasificar-cuadril%C3%A1teros\" target=\"_blank\" rel=\"noopener noreferrer\"><img loading=\"lazy\" decoding=\"async\" class=\"aligncenter wp-image-2103\" src=\"https:\/\/agora.xtec.cat\/ceiptorreroja\/wp-content\/uploads\/usu1673\/2020\/04\/Classificar-quadril\u00e0ters-300x169.png\" alt=\"\" width=\"267\" height=\"150\" srcset=\"https:\/\/agora.xtec.cat\/ceiptorreroja\/wp-content\/uploads\/usu1673\/2020\/04\/Classificar-quadril\u00e0ters-300x169.png 300w, https:\/\/agora.xtec.cat\/ceiptorreroja\/wp-content\/uploads\/usu1673\/2020\/04\/Classificar-quadril\u00e0ters-768x432.png 768w, https:\/\/agora.xtec.cat\/ceiptorreroja\/wp-content\/uploads\/usu1673\/2020\/04\/Classificar-quadril\u00e0ters-1024x575.png 1024w, https:\/\/agora.xtec.cat\/ceiptorreroja\/wp-content\/uploads\/usu1673\/2020\/04\/Classificar-quadril\u00e0ters.png 1920w\" sizes=\"auto, (max-width: 267px) 100vw, 267px\" \/><\/a><\/td>\n<td>\n<h2 style=\"text-align: center;\"><\/h2>\n<\/td>\n<\/tr>\n<\/tbody>\n<\/table>\n<p>&nbsp;<\/p>\n<h4 id=\"COSSOS-GEOM\u00c8TRICS\">3.3.COSSOS GEOM\u00c8TRICS<\/h4>\n<table style=\"width: 100%;\">\n<tbody>\n<tr>\n<td style=\"width: 50%;\">\n<h2 style=\"text-align: center;\"><a href=\"https:\/\/es.ixl.com\/math\/5-primaria\/seleccionar-figuras-de-tridimensionales\" target=\"_blank\" rel=\"noopener noreferrer\">Identificar figures amb volum<\/a><\/h2>\n<p><a href=\"https:\/\/es.ixl.com\/math\/5-primaria\/seleccionar-figuras-de-tridimensionales\" target=\"_blank\" rel=\"noopener noreferrer\"><img loading=\"lazy\" decoding=\"async\" class=\"aligncenter wp-image-2104\" src=\"https:\/\/agora.xtec.cat\/ceiptorreroja\/wp-content\/uploads\/usu1673\/2020\/04\/Identificar-figures-amb-volum-300x169.png\" alt=\"\" width=\"267\" height=\"150\" srcset=\"https:\/\/agora.xtec.cat\/ceiptorreroja\/wp-content\/uploads\/usu1673\/2020\/04\/Identificar-figures-amb-volum-300x169.png 300w, https:\/\/agora.xtec.cat\/ceiptorreroja\/wp-content\/uploads\/usu1673\/2020\/04\/Identificar-figures-amb-volum-768x432.png 768w, https:\/\/agora.xtec.cat\/ceiptorreroja\/wp-content\/uploads\/usu1673\/2020\/04\/Identificar-figures-amb-volum-1024x575.png 1024w, https:\/\/agora.xtec.cat\/ceiptorreroja\/wp-content\/uploads\/usu1673\/2020\/04\/Identificar-figures-amb-volum.png 1920w\" sizes=\"auto, (max-width: 267px) 100vw, 267px\" \/><\/a><\/td>\n<td style=\"width: 50%;\">\n<h2 style=\"text-align: center;\"><\/h2>\n<\/td>\n<\/tr>\n<\/tbody>\n<\/table>\n<p>&nbsp;<\/p>\n<h4 id=\"PL\u00c0NOLS-I-COORDENADES\">3.4.PL\u00c0NOLS I COORDENADES<\/h4>\n<table style=\"width: 100%; height: 816px;\">\n<tbody>\n<tr style=\"height: 318px;\">\n<td style=\"width: 50%; height: 318px;\">\n<h2 style=\"text-align: center;\"><a href=\"http:\/\/www.juntadeandalucia.es\/averroes\/centros-tic\/41009470\/helvia\/aula\/archivos\/repositorio\/0\/205\/html\/datos\/05_rdi\/ud14\/1\/01.htm\" target=\"_blank\" rel=\"noopener noreferrer\">Identificar les diferents cares<\/a><\/h2>\n<p style=\"text-align: center;\"><a href=\"http:\/\/www.juntadeandalucia.es\/averroes\/centros-tic\/41009470\/helvia\/aula\/archivos\/repositorio\/0\/205\/html\/datos\/05_rdi\/ud14\/1\/01.htm\" target=\"_blank\" rel=\"noopener noreferrer\"><img loading=\"lazy\" decoding=\"async\" class=\"aligncenter wp-image-2105\" src=\"https:\/\/agora.xtec.cat\/ceiptorreroja\/wp-content\/uploads\/usu1673\/2020\/04\/Identificar-les-diferents-cares-300x222.png\" alt=\"\" width=\"203\" height=\"150\" srcset=\"https:\/\/agora.xtec.cat\/ceiptorreroja\/wp-content\/uploads\/usu1673\/2020\/04\/Identificar-les-diferents-cares-300x222.png 300w, https:\/\/agora.xtec.cat\/ceiptorreroja\/wp-content\/uploads\/usu1673\/2020\/04\/Identificar-les-diferents-cares-768x568.png 768w, https:\/\/agora.xtec.cat\/ceiptorreroja\/wp-content\/uploads\/usu1673\/2020\/04\/Identificar-les-diferents-cares.png 801w\" sizes=\"auto, (max-width: 203px) 100vw, 203px\" \/><\/a><a href=\"http:\/\/agora.xtec.cat\/ceiptorreroja\/adobe-flash-player\/\" target=\"_blank\" rel=\"noopener noreferrer\">(Necessari Adobe Flash Player)<\/a><\/p>\n<\/td>\n<td style=\"width: 50%; height: 318px;\">\n<h2 style=\"text-align: center;\"><a href=\"https:\/\/www.matematicasonline.es\/flash\/coordenadas.html\" target=\"_blank\" rel=\"noopener noreferrer\">Coordenades d\u2019un punt en el pla (4 quadrants)<\/a><\/h2>\n<p style=\"text-align: center;\"><a href=\"https:\/\/www.matematicasonline.es\/flash\/coordenadas.html\" target=\"_blank\" rel=\"noopener noreferrer\"><img loading=\"lazy\" decoding=\"async\" class=\"aligncenter wp-image-2106\" src=\"https:\/\/agora.xtec.cat\/ceiptorreroja\/wp-content\/uploads\/usu1673\/2020\/04\/Coordenades-d\u2019un-punt-en-el-pla-4-quadrants-300x225.png\" alt=\"\" width=\"200\" height=\"150\" srcset=\"https:\/\/agora.xtec.cat\/ceiptorreroja\/wp-content\/uploads\/usu1673\/2020\/04\/Coordenades-d\u2019un-punt-en-el-pla-4-quadrants-300x225.png 300w, https:\/\/agora.xtec.cat\/ceiptorreroja\/wp-content\/uploads\/usu1673\/2020\/04\/Coordenades-d\u2019un-punt-en-el-pla-4-quadrants-200x150.png 200w, https:\/\/agora.xtec.cat\/ceiptorreroja\/wp-content\/uploads\/usu1673\/2020\/04\/Coordenades-d\u2019un-punt-en-el-pla-4-quadrants.png 752w\" sizes=\"auto, (max-width: 200px) 100vw, 200px\" \/><\/a><a href=\"http:\/\/agora.xtec.cat\/ceiptorreroja\/adobe-flash-player\/\" target=\"_blank\" rel=\"noopener noreferrer\">(Necessari Adobe Flash Player)<\/a><\/p>\n<\/td>\n<\/tr>\n<tr style=\"height: 31px;\">\n<td style=\"height: 83px;\">\n<h2 style=\"text-align: center;\"><a href=\"https:\/\/es.liveworksheets.com\/worksheets\/ca\/Matem%C3%A0tiques\/Coordenades\/Coordenades_al_pl%C3%A0nol_ys108242hh\" target=\"_blank\" rel=\"noopener noreferrer\">Trobar les coordenades dels animalets<\/a><\/h2>\n<p><a href=\"https:\/\/es.liveworksheets.com\/worksheets\/ca\/Matem%C3%A0tiques\/Coordenades\/Coordenades_al_pl%C3%A0nol_ys108242hh\" target=\"_blank\" rel=\"noopener noreferrer\"><img loading=\"lazy\" decoding=\"async\" class=\"aligncenter wp-image-2108\" src=\"https:\/\/agora.xtec.cat\/ceiptorreroja\/wp-content\/uploads\/usu1673\/2020\/04\/Trobar-les-coordenades-dels-animalets-201x300.png\" alt=\"\" width=\"100\" height=\"150\" srcset=\"https:\/\/agora.xtec.cat\/ceiptorreroja\/wp-content\/uploads\/usu1673\/2020\/04\/Trobar-les-coordenades-dels-animalets-201x300.png 201w, https:\/\/agora.xtec.cat\/ceiptorreroja\/wp-content\/uploads\/usu1673\/2020\/04\/Trobar-les-coordenades-dels-animalets.png 665w\" sizes=\"auto, (max-width: 100px) 100vw, 100px\" \/><\/a><\/td>\n<td style=\"height: 83px;\">\n<h2 style=\"text-align: center;\"><a href=\"https:\/\/es.educaplay.com\/recursos-educativos\/1045411-matematicas_4_primaria_u_12_localizar_coordenadas.html\" target=\"_blank\" rel=\"noopener noreferrer\">Localitzar els punts de coordenades<\/a><\/h2>\n<p><a href=\"https:\/\/es.educaplay.com\/recursos-educativos\/1045411-matematicas_4_primaria_u_12_localizar_coordenadas.html\" target=\"_blank\" rel=\"noopener noreferrer\"><img loading=\"lazy\" decoding=\"async\" class=\"aligncenter wp-image-2109\" src=\"https:\/\/agora.xtec.cat\/ceiptorreroja\/wp-content\/uploads\/usu1673\/2020\/04\/Localitzar-els-punts-de-coordenades-300x218.png\" alt=\"\" width=\"206\" height=\"150\" srcset=\"https:\/\/agora.xtec.cat\/ceiptorreroja\/wp-content\/uploads\/usu1673\/2020\/04\/Localitzar-els-punts-de-coordenades-300x218.png 300w, https:\/\/agora.xtec.cat\/ceiptorreroja\/wp-content\/uploads\/usu1673\/2020\/04\/Localitzar-els-punts-de-coordenades-768x559.png 768w, https:\/\/agora.xtec.cat\/ceiptorreroja\/wp-content\/uploads\/usu1673\/2020\/04\/Localitzar-els-punts-de-coordenades.png 964w\" sizes=\"auto, (max-width: 206px) 100vw, 206px\" \/><\/a><\/td>\n<\/tr>\n<tr style=\"height: 83px;\">\n<td style=\"height: 83px;\">\n<h2 style=\"text-align: center;\"><a href=\"https:\/\/es.educaplay.com\/recursos-educativos\/5254062-ejes_de_coordenadas.html\" target=\"_blank\" rel=\"noopener noreferrer\">Localitzar els punts de coordenades en un pl\u00e0nol<\/a><\/h2>\n<p><a href=\"https:\/\/es.educaplay.com\/recursos-educativos\/5254062-ejes_de_coordenadas.html\" target=\"_blank\" rel=\"noopener noreferrer\"><img loading=\"lazy\" decoding=\"async\" class=\"aligncenter wp-image-2110\" src=\"https:\/\/agora.xtec.cat\/ceiptorreroja\/wp-content\/uploads\/usu1673\/2020\/04\/Localitzar-els-punts-de-coordenades-en-un-pl\u00e0nol-300x196.png\" alt=\"\" width=\"230\" height=\"150\" srcset=\"https:\/\/agora.xtec.cat\/ceiptorreroja\/wp-content\/uploads\/usu1673\/2020\/04\/Localitzar-els-punts-de-coordenades-en-un-pl\u00e0nol-300x196.png 300w, https:\/\/agora.xtec.cat\/ceiptorreroja\/wp-content\/uploads\/usu1673\/2020\/04\/Localitzar-els-punts-de-coordenades-en-un-pl\u00e0nol-768x502.png 768w, https:\/\/agora.xtec.cat\/ceiptorreroja\/wp-content\/uploads\/usu1673\/2020\/04\/Localitzar-els-punts-de-coordenades-en-un-pl\u00e0nol.png 964w\" sizes=\"auto, (max-width: 230px) 100vw, 230px\" \/><\/a><\/td>\n<td style=\"height: 83px;\">\n<h2 style=\"text-align: center;\"><a href=\"https:\/\/es.ixl.com\/math\/5-primaria\/objetos-en-un-plano-de-coordenadas-en-el-primer-cuadrante\" target=\"_blank\" rel=\"noopener noreferrer\">Coordenades: 1 quadrant<\/a><\/h2>\n<p><a href=\"https:\/\/es.ixl.com\/math\/5-primaria\/objetos-en-un-plano-de-coordenadas-en-el-primer-cuadrante\" target=\"_blank\" rel=\"noopener noreferrer\"><img loading=\"lazy\" decoding=\"async\" class=\"aligncenter wp-image-2111\" src=\"https:\/\/agora.xtec.cat\/ceiptorreroja\/wp-content\/uploads\/usu1673\/2020\/04\/Coordenades-1-quadrant-300x169.png\" alt=\"\" width=\"267\" height=\"150\" srcset=\"https:\/\/agora.xtec.cat\/ceiptorreroja\/wp-content\/uploads\/usu1673\/2020\/04\/Coordenades-1-quadrant-300x169.png 300w, https:\/\/agora.xtec.cat\/ceiptorreroja\/wp-content\/uploads\/usu1673\/2020\/04\/Coordenades-1-quadrant-768x432.png 768w, https:\/\/agora.xtec.cat\/ceiptorreroja\/wp-content\/uploads\/usu1673\/2020\/04\/Coordenades-1-quadrant-1024x575.png 1024w, https:\/\/agora.xtec.cat\/ceiptorreroja\/wp-content\/uploads\/usu1673\/2020\/04\/Coordenades-1-quadrant.png 1920w\" sizes=\"auto, (max-width: 267px) 100vw, 267px\" \/><\/a><\/td>\n<\/tr>\n<tr style=\"height: 83px;\">\n<td style=\"height: 83px;\">\n<h2 style=\"text-align: center;\"><a href=\"https:\/\/es.ixl.com\/math\/5-primaria\/representar-puntos-en-un-plano-de-coordenadas-en-el-primer-cuadrante\" target=\"_blank\" rel=\"noopener noreferrer\">Coordenades: representar punts en el pla (1 quadrant)<\/a><\/h2>\n<p><a href=\"https:\/\/es.ixl.com\/math\/5-primaria\/representar-puntos-en-un-plano-de-coordenadas-en-el-primer-cuadrante\" target=\"_blank\" rel=\"noopener noreferrer\"><img loading=\"lazy\" decoding=\"async\" class=\"aligncenter wp-image-2112\" src=\"https:\/\/agora.xtec.cat\/ceiptorreroja\/wp-content\/uploads\/usu1673\/2020\/04\/Coordenades-representar-punts-en-el-pla-1-quadrant-300x169.png\" alt=\"\" width=\"267\" height=\"150\" srcset=\"https:\/\/agora.xtec.cat\/ceiptorreroja\/wp-content\/uploads\/usu1673\/2020\/04\/Coordenades-representar-punts-en-el-pla-1-quadrant-300x169.png 300w, https:\/\/agora.xtec.cat\/ceiptorreroja\/wp-content\/uploads\/usu1673\/2020\/04\/Coordenades-representar-punts-en-el-pla-1-quadrant-768x432.png 768w, https:\/\/agora.xtec.cat\/ceiptorreroja\/wp-content\/uploads\/usu1673\/2020\/04\/Coordenades-representar-punts-en-el-pla-1-quadrant-1024x575.png 1024w, https:\/\/agora.xtec.cat\/ceiptorreroja\/wp-content\/uploads\/usu1673\/2020\/04\/Coordenades-representar-punts-en-el-pla-1-quadrant.png 1920w\" sizes=\"auto, (max-width: 267px) 100vw, 267px\" \/><\/a><\/td>\n<td style=\"height: 83px;\">\n<h2 style=\"text-align: center;\"><a href=\"https:\/\/es.ixl.com\/math\/5-primaria\/objetos-en-un-plano-de-coordenadas-en-los-cuatro-cuadrantes\" target=\"_blank\" rel=\"noopener noreferrer\">Coordenades: 4 quadrants<\/a><\/h2>\n<p><a href=\"https:\/\/es.ixl.com\/math\/5-primaria\/objetos-en-un-plano-de-coordenadas-en-los-cuatro-cuadrantes\" target=\"_blank\" rel=\"noopener noreferrer\"><img loading=\"lazy\" decoding=\"async\" class=\"aligncenter wp-image-2113\" src=\"https:\/\/agora.xtec.cat\/ceiptorreroja\/wp-content\/uploads\/usu1673\/2020\/04\/Coordenades-4-quadrants-300x169.png\" alt=\"\" width=\"267\" height=\"150\" srcset=\"https:\/\/agora.xtec.cat\/ceiptorreroja\/wp-content\/uploads\/usu1673\/2020\/04\/Coordenades-4-quadrants-300x169.png 300w, https:\/\/agora.xtec.cat\/ceiptorreroja\/wp-content\/uploads\/usu1673\/2020\/04\/Coordenades-4-quadrants-768x432.png 768w, https:\/\/agora.xtec.cat\/ceiptorreroja\/wp-content\/uploads\/usu1673\/2020\/04\/Coordenades-4-quadrants-1024x575.png 1024w, https:\/\/agora.xtec.cat\/ceiptorreroja\/wp-content\/uploads\/usu1673\/2020\/04\/Coordenades-4-quadrants.png 1920w\" sizes=\"auto, (max-width: 267px) 100vw, 267px\" \/><\/a><\/td>\n<\/tr>\n<tr style=\"height: 83px;\">\n<td style=\"height: 83px;\">\n<h2 style=\"text-align: center;\"><a href=\"http:\/\/www.juntadeandalucia.es\/averroes\/centros-tic\/41009470\/helvia\/aula\/archivos\/repositorio\/0\/193\/html\/recursos\/la\/U03\/pages\/recursos\/143304_P39\/es_carcasa.html\" target=\"_blank\" rel=\"noopener noreferrer\">Coordenades: col\u00b7locar els punts al seu lloc<\/a><\/h2>\n<p><a href=\"http:\/\/www.juntadeandalucia.es\/averroes\/centros-tic\/41009470\/helvia\/aula\/archivos\/repositorio\/0\/193\/html\/recursos\/la\/U03\/pages\/recursos\/143304_P39\/es_carcasa.html\" target=\"_blank\" rel=\"noopener noreferrer\"><img loading=\"lazy\" decoding=\"async\" class=\"aligncenter wp-image-2114\" src=\"https:\/\/agora.xtec.cat\/ceiptorreroja\/wp-content\/uploads\/usu1673\/2020\/04\/Coordenades-col\u00b7locar-els-punts-al-seu-lloc-300x214.png\" alt=\"\" width=\"210\" height=\"150\" srcset=\"https:\/\/agora.xtec.cat\/ceiptorreroja\/wp-content\/uploads\/usu1673\/2020\/04\/Coordenades-col\u00b7locar-els-punts-al-seu-lloc-300x214.png 300w, https:\/\/agora.xtec.cat\/ceiptorreroja\/wp-content\/uploads\/usu1673\/2020\/04\/Coordenades-col\u00b7locar-els-punts-al-seu-lloc-768x547.png 768w, https:\/\/agora.xtec.cat\/ceiptorreroja\/wp-content\/uploads\/usu1673\/2020\/04\/Coordenades-col\u00b7locar-els-punts-al-seu-lloc.png 790w\" sizes=\"auto, (max-width: 210px) 100vw, 210px\" \/><\/a><\/p>\n<p style=\"text-align: center;\"><a href=\"http:\/\/agora.xtec.cat\/ceiptorreroja\/adobe-flash-player\/\" target=\"_blank\" rel=\"noopener noreferrer\">(Necessari Adobe Flash Player)<\/a><\/p>\n<\/td>\n<td style=\"height: 83px;\">\n<h2 style=\"text-align: center;\"><a href=\"http:\/\/www3.gobiernodecanarias.org\/medusa\/eltanquematematico\/todo_mate\/numenteros\/coordenadas\/coordenadas_p.html\" target=\"_blank\" rel=\"noopener noreferrer\">Coordenades: col\u00b7locar vaixells al seu lloc<\/a><\/h2>\n<p><a href=\"http:\/\/www3.gobiernodecanarias.org\/medusa\/eltanquematematico\/todo_mate\/numenteros\/coordenadas\/coordenadas_p.html\" target=\"_blank\" rel=\"noopener noreferrer\"><img loading=\"lazy\" decoding=\"async\" class=\"aligncenter wp-image-2115\" src=\"https:\/\/agora.xtec.cat\/ceiptorreroja\/wp-content\/uploads\/usu1673\/2020\/04\/Coordenades-col\u00b7locar-vaixells-al-seu-lloc-300x231.png\" alt=\"\" width=\"195\" height=\"150\" srcset=\"https:\/\/agora.xtec.cat\/ceiptorreroja\/wp-content\/uploads\/usu1673\/2020\/04\/Coordenades-col\u00b7locar-vaixells-al-seu-lloc-300x231.png 300w, https:\/\/agora.xtec.cat\/ceiptorreroja\/wp-content\/uploads\/usu1673\/2020\/04\/Coordenades-col\u00b7locar-vaixells-al-seu-lloc-768x591.png 768w, https:\/\/agora.xtec.cat\/ceiptorreroja\/wp-content\/uploads\/usu1673\/2020\/04\/Coordenades-col\u00b7locar-vaixells-al-seu-lloc-1024x788.png 1024w, https:\/\/agora.xtec.cat\/ceiptorreroja\/wp-content\/uploads\/usu1673\/2020\/04\/Coordenades-col\u00b7locar-vaixells-al-seu-lloc.png 1404w\" sizes=\"auto, (max-width: 195px) 100vw, 195px\" \/><\/a><\/p>\n<p style=\"text-align: center;\"><a href=\"http:\/\/agora.xtec.cat\/ceiptorreroja\/adobe-flash-player\/\" target=\"_blank\" rel=\"noopener noreferrer\">(Necessari Adobe Flash Player)<\/a><\/p>\n<\/td>\n<\/tr>\n<tr style=\"height: 83px;\">\n<td style=\"height: 83px;\">\n<h2 style=\"text-align: center;\"><a href=\"https:\/\/es.ixl.com\/math\/5-primaria\/representar-puntos-en-un-plano-de-coordenadas-en-los-cuatro-cuadrantes\" target=\"_blank\" rel=\"noopener noreferrer\">Coordenades: representar punts en el pla (4 quadrants)<\/a><\/h2>\n<p><a href=\"https:\/\/es.ixl.com\/math\/5-primaria\/representar-puntos-en-un-plano-de-coordenadas-en-los-cuatro-cuadrantes\" target=\"_blank\" rel=\"noopener noreferrer\"><img loading=\"lazy\" decoding=\"async\" class=\"aligncenter wp-image-2116\" src=\"https:\/\/agora.xtec.cat\/ceiptorreroja\/wp-content\/uploads\/usu1673\/2020\/04\/Coordenades-representar-punts-en-el-pla-4-quadrants-300x169.png\" alt=\"\" width=\"267\" height=\"150\" srcset=\"https:\/\/agora.xtec.cat\/ceiptorreroja\/wp-content\/uploads\/usu1673\/2020\/04\/Coordenades-representar-punts-en-el-pla-4-quadrants-300x169.png 300w, https:\/\/agora.xtec.cat\/ceiptorreroja\/wp-content\/uploads\/usu1673\/2020\/04\/Coordenades-representar-punts-en-el-pla-4-quadrants-768x432.png 768w, https:\/\/agora.xtec.cat\/ceiptorreroja\/wp-content\/uploads\/usu1673\/2020\/04\/Coordenades-representar-punts-en-el-pla-4-quadrants-1024x575.png 1024w, https:\/\/agora.xtec.cat\/ceiptorreroja\/wp-content\/uploads\/usu1673\/2020\/04\/Coordenades-representar-punts-en-el-pla-4-quadrants.png 1920w\" sizes=\"auto, (max-width: 267px) 100vw, 267px\" \/><\/a><\/td>\n<td style=\"height: 83px;\">\n<h2 style=\"text-align: center;\"><a href=\"http:\/\/www.juntadeandalucia.es\/averroes\/centros-tic\/41009470\/helvia\/aula\/archivos\/repositorio\/0\/193\/html\/recursos\/la\/U03\/pages\/recursos\/143304_P40_4\/es_carcasa.html\" target=\"_blank\" rel=\"noopener noreferrer\">Coordenades: arrossegar els nombres al seu lloc<\/a><\/h2>\n<p><a href=\"http:\/\/www.juntadeandalucia.es\/averroes\/centros-tic\/41009470\/helvia\/aula\/archivos\/repositorio\/0\/193\/html\/recursos\/la\/U03\/pages\/recursos\/143304_P40_4\/es_carcasa.html\" target=\"_blank\" rel=\"noopener noreferrer\"><img loading=\"lazy\" decoding=\"async\" class=\"aligncenter wp-image-2117\" src=\"https:\/\/agora.xtec.cat\/ceiptorreroja\/wp-content\/uploads\/usu1673\/2020\/04\/Coordenades-arrossegar-els-nombres-al-seu-lloc-300x214.png\" alt=\"\" width=\"210\" height=\"150\" srcset=\"https:\/\/agora.xtec.cat\/ceiptorreroja\/wp-content\/uploads\/usu1673\/2020\/04\/Coordenades-arrossegar-els-nombres-al-seu-lloc-300x214.png 300w, https:\/\/agora.xtec.cat\/ceiptorreroja\/wp-content\/uploads\/usu1673\/2020\/04\/Coordenades-arrossegar-els-nombres-al-seu-lloc-768x548.png 768w, https:\/\/agora.xtec.cat\/ceiptorreroja\/wp-content\/uploads\/usu1673\/2020\/04\/Coordenades-arrossegar-els-nombres-al-seu-lloc.png 790w\" sizes=\"auto, (max-width: 210px) 100vw, 210px\" \/><\/a><\/p>\n<p style=\"text-align: center;\"><a href=\"http:\/\/agora.xtec.cat\/ceiptorreroja\/adobe-flash-player\/\" target=\"_blank\" rel=\"noopener noreferrer\">(Necessari Adobe Flash Player)<\/a><\/p>\n<\/td>\n<\/tr>\n<tr style=\"height: 83px;\">\n<td style=\"height: 83px;\">\n<h2 style=\"text-align: center;\"><a href=\"https:\/\/proyectodescartes.org\/miscelanea\/materiales_didacticos\/juego_de_coordenadas-JS\/index.html\" target=\"_blank\" rel=\"noopener noreferrer\">Quan es dominen els 4 quadrants (recerca del tresor)<\/a><\/h2>\n<p><a href=\"https:\/\/proyectodescartes.org\/miscelanea\/materiales_didacticos\/juego_de_coordenadas-JS\/index.html\" target=\"_blank\" rel=\"noopener noreferrer\"><img loading=\"lazy\" decoding=\"async\" class=\"aligncenter wp-image-2118\" src=\"https:\/\/agora.xtec.cat\/ceiptorreroja\/wp-content\/uploads\/usu1673\/2020\/04\/Quan-es-dominen-els-4-quadrants-recerca-del-tresor-300x170.png\" alt=\"\" width=\"265\" height=\"150\" srcset=\"https:\/\/agora.xtec.cat\/ceiptorreroja\/wp-content\/uploads\/usu1673\/2020\/04\/Quan-es-dominen-els-4-quadrants-recerca-del-tresor-300x170.png 300w, https:\/\/agora.xtec.cat\/ceiptorreroja\/wp-content\/uploads\/usu1673\/2020\/04\/Quan-es-dominen-els-4-quadrants-recerca-del-tresor-768x435.png 768w, https:\/\/agora.xtec.cat\/ceiptorreroja\/wp-content\/uploads\/usu1673\/2020\/04\/Quan-es-dominen-els-4-quadrants-recerca-del-tresor-1024x581.png 1024w, https:\/\/agora.xtec.cat\/ceiptorreroja\/wp-content\/uploads\/usu1673\/2020\/04\/Quan-es-dominen-els-4-quadrants-recerca-del-tresor.png 1903w\" sizes=\"auto, (max-width: 265px) 100vw, 265px\" \/><\/a><\/td>\n<td style=\"height: 83px;\">\n<h2 style=\"text-align: center;\"><\/h2>\n<\/td>\n<\/tr>\n<\/tbody>\n<\/table>\n<p>&nbsp;<\/p>\n<h4 id=\"ESCALES\">3.5.ESCALES<\/h4>\n<table style=\"width: 100%;\">\n<tbody>\n<tr>\n<td style=\"width: 50%;\">\n<h2 style=\"text-align: center;\"><a href=\"https:\/\/www.transum.org\/Maths\/Activity\/Reading_Scales\/\" target=\"_blank\" rel=\"noopener noreferrer\">Interpretar escales<\/a><\/h2>\n<p><a href=\"https:\/\/www.transum.org\/Maths\/Activity\/Reading_Scales\/\" target=\"_blank\" rel=\"noopener noreferrer\"><img loading=\"lazy\" decoding=\"async\" class=\"aligncenter wp-image-2120\" src=\"https:\/\/agora.xtec.cat\/ceiptorreroja\/wp-content\/uploads\/usu1673\/2020\/04\/Interpretar-escales-300x169.png\" alt=\"\" width=\"266\" height=\"150\" srcset=\"https:\/\/agora.xtec.cat\/ceiptorreroja\/wp-content\/uploads\/usu1673\/2020\/04\/Interpretar-escales-300x169.png 300w, https:\/\/agora.xtec.cat\/ceiptorreroja\/wp-content\/uploads\/usu1673\/2020\/04\/Interpretar-escales-768x433.png 768w, https:\/\/agora.xtec.cat\/ceiptorreroja\/wp-content\/uploads\/usu1673\/2020\/04\/Interpretar-escales-1024x577.png 1024w, https:\/\/agora.xtec.cat\/ceiptorreroja\/wp-content\/uploads\/usu1673\/2020\/04\/Interpretar-escales.png 1881w\" sizes=\"auto, (max-width: 266px) 100vw, 266px\" \/><\/a><\/td>\n<td style=\"width: 50%;\">\n<h2 style=\"text-align: center;\"><a href=\"http:\/\/www.juntadeandalucia.es\/averroes\/centros-tic\/41009470\/helvia\/aula\/archivos\/repositorio\/0\/205\/html\/datos\/05_rdi\/ud14\/4\/04.htm\" target=\"_blank\" rel=\"noopener noreferrer\">Entendre les escales<\/a><\/h2>\n<p><a href=\"http:\/\/www.juntadeandalucia.es\/averroes\/centros-tic\/41009470\/helvia\/aula\/archivos\/repositorio\/0\/205\/html\/datos\/05_rdi\/ud14\/4\/04.htm\" target=\"_blank\" rel=\"noopener noreferrer\"><img loading=\"lazy\" decoding=\"async\" class=\"aligncenter wp-image-2121\" src=\"https:\/\/agora.xtec.cat\/ceiptorreroja\/wp-content\/uploads\/usu1673\/2020\/04\/Entendre-les-escales-300x222.png\" alt=\"\" width=\"203\" height=\"150\" srcset=\"https:\/\/agora.xtec.cat\/ceiptorreroja\/wp-content\/uploads\/usu1673\/2020\/04\/Entendre-les-escales-300x222.png 300w, https:\/\/agora.xtec.cat\/ceiptorreroja\/wp-content\/uploads\/usu1673\/2020\/04\/Entendre-les-escales-768x568.png 768w, https:\/\/agora.xtec.cat\/ceiptorreroja\/wp-content\/uploads\/usu1673\/2020\/04\/Entendre-les-escales.png 801w\" sizes=\"auto, (max-width: 203px) 100vw, 203px\" \/><\/a><\/p>\n<p style=\"text-align: center;\"><a href=\"http:\/\/agora.xtec.cat\/ceiptorreroja\/adobe-flash-player\/\" target=\"_blank\" rel=\"noopener noreferrer\">(Necessari Adobe Flash Player)<\/a><\/p>\n<\/td>\n<\/tr>\n<tr style=\"height: 31px;\">\n<td>\n<h2 style=\"text-align: center;\"><a href=\"https:\/\/www.transum.org\/software\/Online_Exercise\/ScaleDrawing\/\" target=\"_blank\" rel=\"noopener noreferrer\">Dibuixos a escala<\/a><\/h2>\n<p><a href=\"https:\/\/www.transum.org\/software\/Online_Exercise\/ScaleDrawing\/\" target=\"_blank\" rel=\"noopener noreferrer\"><img loading=\"lazy\" decoding=\"async\" class=\"aligncenter wp-image-2122\" src=\"https:\/\/agora.xtec.cat\/ceiptorreroja\/wp-content\/uploads\/usu1673\/2020\/04\/Dibuixos-a-escala-300x169.png\" alt=\"\" width=\"266\" height=\"150\" srcset=\"https:\/\/agora.xtec.cat\/ceiptorreroja\/wp-content\/uploads\/usu1673\/2020\/04\/Dibuixos-a-escala-300x169.png 300w, https:\/\/agora.xtec.cat\/ceiptorreroja\/wp-content\/uploads\/usu1673\/2020\/04\/Dibuixos-a-escala-768x433.png 768w, https:\/\/agora.xtec.cat\/ceiptorreroja\/wp-content\/uploads\/usu1673\/2020\/04\/Dibuixos-a-escala-1024x577.png 1024w, https:\/\/agora.xtec.cat\/ceiptorreroja\/wp-content\/uploads\/usu1673\/2020\/04\/Dibuixos-a-escala.png 1881w\" sizes=\"auto, (max-width: 266px) 100vw, 266px\" \/><\/a><\/td>\n<td>\n<h2 style=\"text-align: center;\"><a href=\"http:\/\/www.ceiploreto.es\/sugerencias\/hdt.gob.mx\/cuad_escala\/index.html\" target=\"_blank\" rel=\"noopener noreferrer\">Figures a escala<\/a><\/h2>\n<p><a href=\"http:\/\/www.ceiploreto.es\/sugerencias\/hdt.gob.mx\/cuad_escala\/index.html\" target=\"_blank\" rel=\"noopener noreferrer\"><img loading=\"lazy\" decoding=\"async\" class=\"aligncenter wp-image-2123\" src=\"https:\/\/agora.xtec.cat\/ceiptorreroja\/wp-content\/uploads\/usu1673\/2020\/04\/Figures-a-escala-300x225.png\" alt=\"\" width=\"200\" height=\"150\" srcset=\"https:\/\/agora.xtec.cat\/ceiptorreroja\/wp-content\/uploads\/usu1673\/2020\/04\/Figures-a-escala-300x225.png 300w, https:\/\/agora.xtec.cat\/ceiptorreroja\/wp-content\/uploads\/usu1673\/2020\/04\/Figures-a-escala-768x576.png 768w, https:\/\/agora.xtec.cat\/ceiptorreroja\/wp-content\/uploads\/usu1673\/2020\/04\/Figures-a-escala-1024x769.png 1024w, https:\/\/agora.xtec.cat\/ceiptorreroja\/wp-content\/uploads\/usu1673\/2020\/04\/Figures-a-escala-200x150.png 200w, https:\/\/agora.xtec.cat\/ceiptorreroja\/wp-content\/uploads\/usu1673\/2020\/04\/Figures-a-escala.png 1439w\" sizes=\"auto, (max-width: 200px) 100vw, 200px\" \/><\/a><\/p>\n<p style=\"text-align: center;\"><a href=\"http:\/\/agora.xtec.cat\/ceiptorreroja\/adobe-flash-player\/\" target=\"_blank\" rel=\"noopener noreferrer\">(Necessari Adobe Flash Player)<\/a><\/p>\n<\/td>\n<\/tr>\n<\/tbody>\n<\/table>\n<p>&nbsp;<\/p>\n<h2 id=\"MESURA\"><strong>4.MESURA<\/strong><\/h2>\n<h4 id=\"SISTEMA-MONETARI\">4.1.SISTEMA MONETARI<\/h4>\n<table style=\"width: 100%;\">\n<tbody>\n<tr>\n<td style=\"width: 50%;\">\n<h2 style=\"text-align: center;\"><a href=\"https:\/\/www.thatquiz.org\/es-a\/matematicas\/dinero\/\" target=\"_blank\" rel=\"noopener noreferrer\">Sistema monetari<\/a><\/h2>\n<p><img loading=\"lazy\" decoding=\"async\" class=\"aligncenter wp-image-2127\" src=\"https:\/\/agora.xtec.cat\/ceiptorreroja\/wp-content\/uploads\/usu1673\/2020\/04\/Comptem-euros-300x168.png\" alt=\"\" width=\"267\" height=\"150\" srcset=\"https:\/\/agora.xtec.cat\/ceiptorreroja\/wp-content\/uploads\/usu1673\/2020\/04\/Comptem-euros-300x168.png 300w, https:\/\/agora.xtec.cat\/ceiptorreroja\/wp-content\/uploads\/usu1673\/2020\/04\/Comptem-euros-768x431.png 768w, https:\/\/agora.xtec.cat\/ceiptorreroja\/wp-content\/uploads\/usu1673\/2020\/04\/Comptem-euros-1024x575.png 1024w, https:\/\/agora.xtec.cat\/ceiptorreroja\/wp-content\/uploads\/usu1673\/2020\/04\/Comptem-euros.png 1881w\" sizes=\"auto, (max-width: 267px) 100vw, 267px\" \/><\/td>\n<td style=\"width: 50%;\">\n<h2 style=\"text-align: center;\"><a href=\"http:\/\/genmagic.net\/repositorio\/displayimage.php?pos=-480\" target=\"_blank\" rel=\"noopener noreferrer\">Comptem euros<\/a><\/h2>\n<p><a href=\"http:\/\/genmagic.net\/repositorio\/displayimage.php?pos=-480\" target=\"_blank\" rel=\"noopener noreferrer\"><img loading=\"lazy\" decoding=\"async\" class=\"aligncenter size-medium wp-image-2127\" src=\"https:\/\/agora.xtec.cat\/ceiptorreroja\/wp-content\/uploads\/usu1673\/2020\/04\/Comptem-euros-300x168.png\" alt=\"\" width=\"300\" height=\"168\" srcset=\"https:\/\/agora.xtec.cat\/ceiptorreroja\/wp-content\/uploads\/usu1673\/2020\/04\/Comptem-euros-300x168.png 300w, https:\/\/agora.xtec.cat\/ceiptorreroja\/wp-content\/uploads\/usu1673\/2020\/04\/Comptem-euros-768x431.png 768w, https:\/\/agora.xtec.cat\/ceiptorreroja\/wp-content\/uploads\/usu1673\/2020\/04\/Comptem-euros-1024x575.png 1024w, https:\/\/agora.xtec.cat\/ceiptorreroja\/wp-content\/uploads\/usu1673\/2020\/04\/Comptem-euros.png 1881w\" sizes=\"auto, (max-width: 300px) 100vw, 300px\" \/><\/a><\/p>\n<p style=\"text-align: center;\"><a href=\"http:\/\/agora.xtec.cat\/ceiptorreroja\/adobe-flash-player\/\" target=\"_blank\" rel=\"noopener noreferrer\">(Necessari Adobe Flash Player)<\/a><\/p>\n<\/td>\n<\/tr>\n<tr style=\"height: 31px;\">\n<td>\n<h2 style=\"text-align: center;\"><a href=\"http:\/\/genmagic.net\/repositorio\/displayimage.php?pos=-483\" target=\"_blank\" rel=\"noopener noreferrer\">Euros i c\u00e8ntims<\/a><\/h2>\n<p><a href=\"http:\/\/genmagic.net\/repositorio\/displayimage.php?pos=-483\" target=\"_blank\" rel=\"noopener noreferrer\"><img loading=\"lazy\" decoding=\"async\" class=\"aligncenter wp-image-2128\" src=\"https:\/\/agora.xtec.cat\/ceiptorreroja\/wp-content\/uploads\/usu1673\/2020\/04\/Euros-i-c\u00e8ntims-300x168.png\" alt=\"\" width=\"267\" height=\"150\" srcset=\"https:\/\/agora.xtec.cat\/ceiptorreroja\/wp-content\/uploads\/usu1673\/2020\/04\/Euros-i-c\u00e8ntims-300x168.png 300w, https:\/\/agora.xtec.cat\/ceiptorreroja\/wp-content\/uploads\/usu1673\/2020\/04\/Euros-i-c\u00e8ntims-768x431.png 768w, https:\/\/agora.xtec.cat\/ceiptorreroja\/wp-content\/uploads\/usu1673\/2020\/04\/Euros-i-c\u00e8ntims-1024x575.png 1024w, https:\/\/agora.xtec.cat\/ceiptorreroja\/wp-content\/uploads\/usu1673\/2020\/04\/Euros-i-c\u00e8ntims.png 1881w\" sizes=\"auto, (max-width: 267px) 100vw, 267px\" \/><\/a><\/p>\n<p style=\"text-align: center;\"><a href=\"http:\/\/agora.xtec.cat\/ceiptorreroja\/adobe-flash-player\/\" target=\"_blank\" rel=\"noopener noreferrer\">(Necessari Adobe Flash Player)<\/a><\/p>\n<\/td>\n<td>\n<h2 style=\"text-align: center;\"><\/h2>\n<\/td>\n<\/tr>\n<\/tbody>\n<\/table>\n<p>&nbsp;<\/p>\n<h4 id=\"TEMPS\">4.2.TEMPS<\/h4>\n<table style=\"width: 100%;\">\n<tbody>\n<tr>\n<td style=\"width: 50%;\">\n<h2 style=\"text-align: center;\"><a href=\"http:\/\/genmagic.net\/repositorio\/displayimage.php?album=2&amp;pos=18\" target=\"_blank\" rel=\"noopener noreferrer\">Unitats de temps<\/a><\/h2>\n<p><a href=\"http:\/\/genmagic.net\/repositorio\/displayimage.php?album=2&amp;pos=18\" target=\"_blank\" rel=\"noopener noreferrer\"><img loading=\"lazy\" decoding=\"async\" class=\"aligncenter wp-image-2129\" src=\"https:\/\/agora.xtec.cat\/ceiptorreroja\/wp-content\/uploads\/usu1673\/2020\/04\/Unitats-de-temps-300x168.png\" alt=\"\" width=\"267\" height=\"150\" srcset=\"https:\/\/agora.xtec.cat\/ceiptorreroja\/wp-content\/uploads\/usu1673\/2020\/04\/Unitats-de-temps-300x168.png 300w, https:\/\/agora.xtec.cat\/ceiptorreroja\/wp-content\/uploads\/usu1673\/2020\/04\/Unitats-de-temps-768x431.png 768w, https:\/\/agora.xtec.cat\/ceiptorreroja\/wp-content\/uploads\/usu1673\/2020\/04\/Unitats-de-temps-1024x575.png 1024w, https:\/\/agora.xtec.cat\/ceiptorreroja\/wp-content\/uploads\/usu1673\/2020\/04\/Unitats-de-temps.png 1881w\" sizes=\"auto, (max-width: 267px) 100vw, 267px\" \/><\/a><\/p>\n<p style=\"text-align: center;\"><a href=\"http:\/\/agora.xtec.cat\/ceiptorreroja\/adobe-flash-player\/\" target=\"_blank\" rel=\"noopener noreferrer\">(Necessari Adobe Flash Player)<\/a><\/p>\n<\/td>\n<td style=\"width: 50%;\">\n<h2 style=\"text-align: center;\"><a href=\"https:\/\/mrnussbaum.com\/bedtime-bandits-online-game-telling-time\" target=\"_blank\" rel=\"noopener noreferrer\">Hora digital i anal\u00f2gica<\/a><\/h2>\n<p><a href=\"https:\/\/mrnussbaum.com\/bedtime-bandits-online-game-telling-time\" target=\"_blank\" rel=\"noopener noreferrer\"><img loading=\"lazy\" decoding=\"async\" class=\"aligncenter wp-image-2130\" src=\"https:\/\/agora.xtec.cat\/ceiptorreroja\/wp-content\/uploads\/usu1673\/2020\/04\/Hora-digital-i-anal\u00f2gica-300x282.png\" alt=\"\" width=\"159\" height=\"150\" srcset=\"https:\/\/agora.xtec.cat\/ceiptorreroja\/wp-content\/uploads\/usu1673\/2020\/04\/Hora-digital-i-anal\u00f2gica-300x282.png 300w, https:\/\/agora.xtec.cat\/ceiptorreroja\/wp-content\/uploads\/usu1673\/2020\/04\/Hora-digital-i-anal\u00f2gica.png 761w\" sizes=\"auto, (max-width: 159px) 100vw, 159px\" \/><\/a><\/td>\n<\/tr>\n<\/tbody>\n<\/table>\n<p>&nbsp;<\/p>\n<h4 id=\"TEMPERATURA\">4.3.TEMPERATURA<\/h4>\n<table style=\"width: 100%;\">\n<tbody>\n<tr>\n<td style=\"width: 50%;\">\n<h2 style=\"text-align: center;\"><a href=\"http:\/\/www3.gobiernodecanarias.org\/medusa\/eltanquematematico\/todo_mate\/numenteros\/termometro\/termometro_p.html\" target=\"_blank\" rel=\"noopener noreferrer\">Les temperatures<\/a><\/h2>\n<p><a href=\"http:\/\/www3.gobiernodecanarias.org\/medusa\/eltanquematematico\/todo_mate\/numenteros\/termometro\/termometro_p.html\" target=\"_blank\" rel=\"noopener noreferrer\"><img loading=\"lazy\" decoding=\"async\" class=\"aligncenter wp-image-2131\" src=\"https:\/\/agora.xtec.cat\/ceiptorreroja\/wp-content\/uploads\/usu1673\/2020\/04\/Les-temperatures-300x229.png\" alt=\"\" width=\"197\" height=\"150\" srcset=\"https:\/\/agora.xtec.cat\/ceiptorreroja\/wp-content\/uploads\/usu1673\/2020\/04\/Les-temperatures-300x229.png 300w, https:\/\/agora.xtec.cat\/ceiptorreroja\/wp-content\/uploads\/usu1673\/2020\/04\/Les-temperatures-768x586.png 768w, https:\/\/agora.xtec.cat\/ceiptorreroja\/wp-content\/uploads\/usu1673\/2020\/04\/Les-temperatures-1024x781.png 1024w, https:\/\/agora.xtec.cat\/ceiptorreroja\/wp-content\/uploads\/usu1673\/2020\/04\/Les-temperatures.png 1416w\" sizes=\"auto, (max-width: 197px) 100vw, 197px\" \/><\/a><\/p>\n<p style=\"text-align: center;\"><a href=\"http:\/\/agora.xtec.cat\/ceiptorreroja\/adobe-flash-player\/\" target=\"_blank\" rel=\"noopener noreferrer\">(Necessari Adobe Flash Player)<\/a><\/p>\n<\/td>\n<td style=\"width: 50%;\">\n<h2 style=\"text-align: center;\"><a href=\"http:\/\/www.juntadeandalucia.es\/averroes\/centros-tic\/41009470\/helvia\/aula\/archivos\/repositorio\/0\/193\/html\/recursos\/la\/U03\/pages\/recursos\/143304_P33\/es_carcasa.html\" target=\"_blank\" rel=\"noopener noreferrer\">Mesurar temperatures<\/a><\/h2>\n<p><a href=\"http:\/\/www.juntadeandalucia.es\/averroes\/centros-tic\/41009470\/helvia\/aula\/archivos\/repositorio\/0\/193\/html\/recursos\/la\/U03\/pages\/recursos\/143304_P33\/es_carcasa.html\" target=\"_blank\" rel=\"noopener noreferrer\"><img loading=\"lazy\" decoding=\"async\" class=\"aligncenter wp-image-2132\" src=\"https:\/\/agora.xtec.cat\/ceiptorreroja\/wp-content\/uploads\/usu1673\/2020\/04\/Mesurar-temperatures-300x214.png\" alt=\"\" width=\"210\" height=\"150\" srcset=\"https:\/\/agora.xtec.cat\/ceiptorreroja\/wp-content\/uploads\/usu1673\/2020\/04\/Mesurar-temperatures-300x214.png 300w, https:\/\/agora.xtec.cat\/ceiptorreroja\/wp-content\/uploads\/usu1673\/2020\/04\/Mesurar-temperatures-768x548.png 768w, https:\/\/agora.xtec.cat\/ceiptorreroja\/wp-content\/uploads\/usu1673\/2020\/04\/Mesurar-temperatures.png 790w\" sizes=\"auto, (max-width: 210px) 100vw, 210px\" \/><\/a><\/p>\n<p style=\"text-align: center;\"><a href=\"http:\/\/agora.xtec.cat\/ceiptorreroja\/adobe-flash-player\/\" target=\"_blank\" rel=\"noopener noreferrer\">(Necessari Adobe Flash Player)<\/a><\/p>\n<\/td>\n<\/tr>\n<\/tbody>\n<\/table>\n<p>&nbsp;<\/p>\n<h4 id=\"LONGITUD\">4.4.LONGITUD<\/h4>\n<table style=\"width: 100%; height: 456px;\">\n<tbody>\n<tr style=\"height: 290px;\">\n<td style=\"width: 50%; height: 290px;\">\n<h2 style=\"text-align: center;\"><a href=\"http:\/\/repositorio.educa.jccm.es\/portal\/odes\/matematicas\/la_longitud\/contenido\/index.html\" target=\"_blank\" rel=\"noopener noreferrer\">Longitud<\/a><\/h2>\n<p><a href=\"http:\/\/repositorio.educa.jccm.es\/portal\/odes\/matematicas\/la_longitud\/contenido\/index.html\" target=\"_blank\" rel=\"noopener noreferrer\"><img loading=\"lazy\" decoding=\"async\" class=\"aligncenter wp-image-2134\" src=\"https:\/\/agora.xtec.cat\/ceiptorreroja\/wp-content\/uploads\/usu1673\/2020\/04\/Longitud-300x221.png\" alt=\"\" width=\"204\" height=\"150\" srcset=\"https:\/\/agora.xtec.cat\/ceiptorreroja\/wp-content\/uploads\/usu1673\/2020\/04\/Longitud-300x221.png 300w, https:\/\/agora.xtec.cat\/ceiptorreroja\/wp-content\/uploads\/usu1673\/2020\/04\/Longitud-768x565.png 768w, https:\/\/agora.xtec.cat\/ceiptorreroja\/wp-content\/uploads\/usu1673\/2020\/04\/Longitud-1024x754.png 1024w, https:\/\/agora.xtec.cat\/ceiptorreroja\/wp-content\/uploads\/usu1673\/2020\/04\/Longitud.png 1455w\" sizes=\"auto, (max-width: 204px) 100vw, 204px\" \/><\/a><\/p>\n<p style=\"text-align: center;\"><a href=\"http:\/\/agora.xtec.cat\/ceiptorreroja\/adobe-flash-player\/\" target=\"_blank\" rel=\"noopener noreferrer\">(Necessari Adobe Flash Player)<\/a><\/p>\n<\/td>\n<td style=\"width: 50%; height: 290px;\">\n<h2 style=\"text-align: center;\"><a href=\"https:\/\/www.matematicasonline.es\/Isftic\/La_longitud\/menu.html\" target=\"_blank\" rel=\"noopener noreferrer\">Explicacions i exercicis longitud<\/a><\/h2>\n<p><a href=\"https:\/\/www.matematicasonline.es\/Isftic\/La_longitud\/menu.html\" target=\"_blank\" rel=\"noopener noreferrer\"><img loading=\"lazy\" decoding=\"async\" class=\"aligncenter wp-image-2135\" src=\"https:\/\/agora.xtec.cat\/ceiptorreroja\/wp-content\/uploads\/usu1673\/2020\/04\/Explicacions-i-exercicis-longitud-300x178.png\" alt=\"\" width=\"253\" height=\"150\" srcset=\"https:\/\/agora.xtec.cat\/ceiptorreroja\/wp-content\/uploads\/usu1673\/2020\/04\/Explicacions-i-exercicis-longitud-300x178.png 300w, https:\/\/agora.xtec.cat\/ceiptorreroja\/wp-content\/uploads\/usu1673\/2020\/04\/Explicacions-i-exercicis-longitud-768x454.png 768w, https:\/\/agora.xtec.cat\/ceiptorreroja\/wp-content\/uploads\/usu1673\/2020\/04\/Explicacions-i-exercicis-longitud-1024x606.png 1024w, https:\/\/agora.xtec.cat\/ceiptorreroja\/wp-content\/uploads\/usu1673\/2020\/04\/Explicacions-i-exercicis-longitud.png 1668w\" sizes=\"auto, (max-width: 253px) 100vw, 253px\" \/><\/a><\/p>\n<p style=\"text-align: center;\"><a href=\"http:\/\/agora.xtec.cat\/ceiptorreroja\/adobe-flash-player\/\" target=\"_blank\" rel=\"noopener noreferrer\">(Necessari Adobe Flash Player)<\/a><\/p>\n<\/td>\n<\/tr>\n<tr style=\"height: 31px;\">\n<td style=\"height: 83px;\">\n<h2 style=\"text-align: center;\"><a href=\"https:\/\/www.matematicasonline.es\/tanque\/r_medidas\/e_metro\/longitud_ep.html\" target=\"_blank\" rel=\"noopener noreferrer\">Relacions entre les unitats de longitud<\/a><\/h2>\n<p><a href=\"https:\/\/www.matematicasonline.es\/tanque\/r_medidas\/e_metro\/longitud_ep.html\" target=\"_blank\" rel=\"noopener noreferrer\"><img loading=\"lazy\" decoding=\"async\" class=\"aligncenter wp-image-2136\" src=\"https:\/\/agora.xtec.cat\/ceiptorreroja\/wp-content\/uploads\/usu1673\/2020\/04\/Relacions-entre-les-unitats-de-longitud-300x226.png\" alt=\"\" width=\"199\" height=\"150\" srcset=\"https:\/\/agora.xtec.cat\/ceiptorreroja\/wp-content\/uploads\/usu1673\/2020\/04\/Relacions-entre-les-unitats-de-longitud-300x226.png 300w, https:\/\/agora.xtec.cat\/ceiptorreroja\/wp-content\/uploads\/usu1673\/2020\/04\/Relacions-entre-les-unitats-de-longitud-768x578.png 768w, https:\/\/agora.xtec.cat\/ceiptorreroja\/wp-content\/uploads\/usu1673\/2020\/04\/Relacions-entre-les-unitats-de-longitud-1024x771.png 1024w, https:\/\/agora.xtec.cat\/ceiptorreroja\/wp-content\/uploads\/usu1673\/2020\/04\/Relacions-entre-les-unitats-de-longitud-200x150.png 200w, https:\/\/agora.xtec.cat\/ceiptorreroja\/wp-content\/uploads\/usu1673\/2020\/04\/Relacions-entre-les-unitats-de-longitud.png 1434w\" sizes=\"auto, (max-width: 199px) 100vw, 199px\" \/><\/a><\/p>\n<p style=\"text-align: center;\"><a href=\"http:\/\/agora.xtec.cat\/ceiptorreroja\/adobe-flash-player\/\" target=\"_blank\" rel=\"noopener noreferrer\">(Necessari Adobe Flash Player)<\/a><\/p>\n<\/td>\n<td style=\"height: 83px;\">\n<h2 style=\"text-align: center;\"><a href=\"https:\/\/www.matematicasonline.es\/tanque\/medidas\/longitud\/longitud.html\" target=\"_blank\" rel=\"noopener noreferrer\">Practicar amb les unitats de longitud<\/a><\/h2>\n<p><a href=\"https:\/\/www.matematicasonline.es\/tanque\/medidas\/longitud\/longitud.html\" target=\"_blank\" rel=\"noopener noreferrer\"><img loading=\"lazy\" decoding=\"async\" class=\"aligncenter wp-image-2137\" src=\"https:\/\/agora.xtec.cat\/ceiptorreroja\/wp-content\/uploads\/usu1673\/2020\/04\/Practicar-amb-les-unitats-de-longitud-300x167.png\" alt=\"\" width=\"270\" height=\"150\" srcset=\"https:\/\/agora.xtec.cat\/ceiptorreroja\/wp-content\/uploads\/usu1673\/2020\/04\/Practicar-amb-les-unitats-de-longitud-300x167.png 300w, https:\/\/agora.xtec.cat\/ceiptorreroja\/wp-content\/uploads\/usu1673\/2020\/04\/Practicar-amb-les-unitats-de-longitud-768x427.png 768w, https:\/\/agora.xtec.cat\/ceiptorreroja\/wp-content\/uploads\/usu1673\/2020\/04\/Practicar-amb-les-unitats-de-longitud-1024x569.png 1024w, https:\/\/agora.xtec.cat\/ceiptorreroja\/wp-content\/uploads\/usu1673\/2020\/04\/Practicar-amb-les-unitats-de-longitud.png 1818w\" sizes=\"auto, (max-width: 270px) 100vw, 270px\" \/><\/a><\/p>\n<p style=\"text-align: center;\"><a href=\"http:\/\/agora.xtec.cat\/ceiptorreroja\/adobe-flash-player\/\" target=\"_blank\" rel=\"noopener noreferrer\">(Necessari Adobe Flash Player)<\/a><\/p>\n<\/td>\n<\/tr>\n<tr style=\"height: 83px;\">\n<td style=\"height: 83px;\">\n<h2 style=\"text-align: center;\"><a href=\"http:\/\/www.educa.jcyl.es\/educacyl\/cm\/gallery\/Recursos%20Infinity\/aplicaciones\/14_unidadesMedida\/index.html\" target=\"_blank\" rel=\"noopener noreferrer\">Longitud, capacitat i massa<\/a><\/h2>\n<p><a href=\"http:\/\/www.educa.jcyl.es\/educacyl\/cm\/gallery\/Recursos%20Infinity\/aplicaciones\/14_unidadesMedida\/index.html\" target=\"_blank\" rel=\"noopener noreferrer\"><img loading=\"lazy\" decoding=\"async\" class=\"aligncenter wp-image-2138\" src=\"https:\/\/agora.xtec.cat\/ceiptorreroja\/wp-content\/uploads\/usu1673\/2020\/04\/Longitud-capacitat-i-massa-300x183.png\" alt=\"\" width=\"245\" height=\"150\" srcset=\"https:\/\/agora.xtec.cat\/ceiptorreroja\/wp-content\/uploads\/usu1673\/2020\/04\/Longitud-capacitat-i-massa-300x183.png 300w, https:\/\/agora.xtec.cat\/ceiptorreroja\/wp-content\/uploads\/usu1673\/2020\/04\/Longitud-capacitat-i-massa-768x469.png 768w, https:\/\/agora.xtec.cat\/ceiptorreroja\/wp-content\/uploads\/usu1673\/2020\/04\/Longitud-capacitat-i-massa.png 859w\" sizes=\"auto, (max-width: 245px) 100vw, 245px\" \/><\/a><\/td>\n<td style=\"height: 83px;\">\n<h2 style=\"text-align: center;\"><\/h2>\n<\/td>\n<\/tr>\n<\/tbody>\n<\/table>\n<p>&nbsp;<\/p>\n<h4 id=\"MASSA-\/-PES\">4.5.MASSA \/ PES<\/h4>\n<table style=\"width: 100%;\">\n<tbody>\n<tr>\n<td style=\"width: 50%;\">\n<h2 style=\"text-align: center;\"><a href=\"https:\/\/www.matematicasonline.es\/Isftic\/pesomasa\/menu.html\" target=\"_blank\" rel=\"noopener noreferrer\">Explicacions i exercicis massa<\/a><\/h2>\n<p><a href=\"https:\/\/www.matematicasonline.es\/Isftic\/pesomasa\/menu.html\" target=\"_blank\" rel=\"noopener noreferrer\"><img loading=\"lazy\" decoding=\"async\" class=\"aligncenter wp-image-2139\" src=\"https:\/\/agora.xtec.cat\/ceiptorreroja\/wp-content\/uploads\/usu1673\/2020\/04\/Explicacions-i-exercicis-massa-300x222.png\" alt=\"\" width=\"202\" height=\"150\" srcset=\"https:\/\/agora.xtec.cat\/ceiptorreroja\/wp-content\/uploads\/usu1673\/2020\/04\/Explicacions-i-exercicis-massa-300x222.png 300w, https:\/\/agora.xtec.cat\/ceiptorreroja\/wp-content\/uploads\/usu1673\/2020\/04\/Explicacions-i-exercicis-massa-768x569.png 768w, https:\/\/agora.xtec.cat\/ceiptorreroja\/wp-content\/uploads\/usu1673\/2020\/04\/Explicacions-i-exercicis-massa-1024x759.png 1024w, https:\/\/agora.xtec.cat\/ceiptorreroja\/wp-content\/uploads\/usu1673\/2020\/04\/Explicacions-i-exercicis-massa-200x150.png 200w, https:\/\/agora.xtec.cat\/ceiptorreroja\/wp-content\/uploads\/usu1673\/2020\/04\/Explicacions-i-exercicis-massa.png 1332w\" sizes=\"auto, (max-width: 202px) 100vw, 202px\" \/><\/a><\/p>\n<p style=\"text-align: center;\"><a href=\"http:\/\/agora.xtec.cat\/ceiptorreroja\/adobe-flash-player\/\" target=\"_blank\" rel=\"noopener noreferrer\">(Necessari Adobe Flash Player)<\/a><\/p>\n<\/td>\n<td style=\"width: 50%;\">\n<h2 style=\"text-align: center;\"><a href=\"https:\/\/www.matematicasonline.es\/tanque\/r_medidas\/e_gramo\/masa_ep.html\" target=\"_blank\" rel=\"noopener noreferrer\">Relacions entre les unitats de massa<\/a><\/h2>\n<p><a href=\"https:\/\/www.matematicasonline.es\/tanque\/r_medidas\/e_gramo\/masa_ep.html\" target=\"_blank\" rel=\"noopener noreferrer\"><img loading=\"lazy\" decoding=\"async\" class=\"aligncenter wp-image-2140\" src=\"https:\/\/agora.xtec.cat\/ceiptorreroja\/wp-content\/uploads\/usu1673\/2020\/04\/Relacions-entre-les-unitats-de-massa-300x226.png\" alt=\"\" width=\"199\" height=\"150\" srcset=\"https:\/\/agora.xtec.cat\/ceiptorreroja\/wp-content\/uploads\/usu1673\/2020\/04\/Relacions-entre-les-unitats-de-massa-300x226.png 300w, https:\/\/agora.xtec.cat\/ceiptorreroja\/wp-content\/uploads\/usu1673\/2020\/04\/Relacions-entre-les-unitats-de-massa-768x580.png 768w, https:\/\/agora.xtec.cat\/ceiptorreroja\/wp-content\/uploads\/usu1673\/2020\/04\/Relacions-entre-les-unitats-de-massa-1024x773.png 1024w, https:\/\/agora.xtec.cat\/ceiptorreroja\/wp-content\/uploads\/usu1673\/2020\/04\/Relacions-entre-les-unitats-de-massa-200x150.png 200w, https:\/\/agora.xtec.cat\/ceiptorreroja\/wp-content\/uploads\/usu1673\/2020\/04\/Relacions-entre-les-unitats-de-massa.png 1431w\" sizes=\"auto, (max-width: 199px) 100vw, 199px\" \/><\/a><\/p>\n<p style=\"text-align: center;\"><a href=\"http:\/\/agora.xtec.cat\/ceiptorreroja\/adobe-flash-player\/\" target=\"_blank\" rel=\"noopener noreferrer\">(Necessari Adobe Flash Player)<\/a><\/p>\n<\/td>\n<\/tr>\n<tr style=\"height: 31px;\">\n<td>\n<h2 style=\"text-align: center;\"><a href=\"https:\/\/www.matematicasonline.es\/tanque\/medidas\/masa\/masa_p.html\" target=\"_blank\" rel=\"noopener noreferrer\">Practicar amb les unitats de massa<\/a><\/h2>\n<p><a href=\"https:\/\/www.matematicasonline.es\/tanque\/medidas\/masa\/masa_p.html\" target=\"_blank\" rel=\"noopener noreferrer\"><img loading=\"lazy\" decoding=\"async\" class=\"aligncenter wp-image-2141\" src=\"https:\/\/agora.xtec.cat\/ceiptorreroja\/wp-content\/uploads\/usu1673\/2020\/04\/Practicar-amb-les-unitats-de-massa-300x167.png\" alt=\"\" width=\"269\" height=\"150\" srcset=\"https:\/\/agora.xtec.cat\/ceiptorreroja\/wp-content\/uploads\/usu1673\/2020\/04\/Practicar-amb-les-unitats-de-massa-300x167.png 300w, https:\/\/agora.xtec.cat\/ceiptorreroja\/wp-content\/uploads\/usu1673\/2020\/04\/Practicar-amb-les-unitats-de-massa-768x428.png 768w, https:\/\/agora.xtec.cat\/ceiptorreroja\/wp-content\/uploads\/usu1673\/2020\/04\/Practicar-amb-les-unitats-de-massa-1024x570.png 1024w, https:\/\/agora.xtec.cat\/ceiptorreroja\/wp-content\/uploads\/usu1673\/2020\/04\/Practicar-amb-les-unitats-de-massa.png 1821w\" sizes=\"auto, (max-width: 269px) 100vw, 269px\" \/><\/a><\/p>\n<p style=\"text-align: center;\"><a href=\"http:\/\/agora.xtec.cat\/ceiptorreroja\/adobe-flash-player\/\" target=\"_blank\" rel=\"noopener noreferrer\">(Necessari Adobe Flash Player)<\/a><\/p>\n<\/td>\n<td>\n<h2 style=\"text-align: center;\"><a href=\"http:\/\/procomun.educalab.es\/es\/ode\/view\/1416349637547\/widget\" target=\"_blank\" rel=\"noopener noreferrer\">Massa<\/a><\/h2>\n<p><a href=\"http:\/\/procomun.educalab.es\/es\/ode\/view\/1416349637547\/widget\" target=\"_blank\" rel=\"noopener noreferrer\"><img loading=\"lazy\" decoding=\"async\" class=\"aligncenter wp-image-2142\" src=\"https:\/\/agora.xtec.cat\/ceiptorreroja\/wp-content\/uploads\/usu1673\/2020\/04\/Massa-300x169.png\" alt=\"\" width=\"267\" height=\"150\" srcset=\"https:\/\/agora.xtec.cat\/ceiptorreroja\/wp-content\/uploads\/usu1673\/2020\/04\/Massa-300x169.png 300w, https:\/\/agora.xtec.cat\/ceiptorreroja\/wp-content\/uploads\/usu1673\/2020\/04\/Massa-768x432.png 768w, https:\/\/agora.xtec.cat\/ceiptorreroja\/wp-content\/uploads\/usu1673\/2020\/04\/Massa-1024x576.png 1024w, https:\/\/agora.xtec.cat\/ceiptorreroja\/wp-content\/uploads\/usu1673\/2020\/04\/Massa.png 1920w\" sizes=\"auto, (max-width: 267px) 100vw, 267px\" \/><\/a><\/p>\n<p style=\"text-align: center;\"><a href=\"http:\/\/agora.xtec.cat\/ceiptorreroja\/adobe-flash-player\/\" target=\"_blank\" rel=\"noopener noreferrer\">(Necessari Adobe Flash Player)<\/a><\/p>\n<\/td>\n<\/tr>\n<tr>\n<td>\n<h2 style=\"text-align: center;\"><a href=\"https:\/\/www.matematicasonline.es\/anaya\/primaria\/primaria5\/ud09\/2\/02.htm\" target=\"_blank\" rel=\"noopener noreferrer\">Canvis d\u2019unitats<\/a><\/h2>\n<p><a href=\"https:\/\/www.matematicasonline.es\/anaya\/primaria\/primaria5\/ud09\/2\/02.htm\" target=\"_blank\" rel=\"noopener noreferrer\"><img loading=\"lazy\" decoding=\"async\" class=\"aligncenter wp-image-2143\" src=\"https:\/\/agora.xtec.cat\/ceiptorreroja\/wp-content\/uploads\/usu1673\/2020\/04\/Canvis-d\u2019unitats-300x222.png\" alt=\"\" width=\"203\" height=\"150\" srcset=\"https:\/\/agora.xtec.cat\/ceiptorreroja\/wp-content\/uploads\/usu1673\/2020\/04\/Canvis-d\u2019unitats-300x222.png 300w, https:\/\/agora.xtec.cat\/ceiptorreroja\/wp-content\/uploads\/usu1673\/2020\/04\/Canvis-d\u2019unitats-768x567.png 768w, https:\/\/agora.xtec.cat\/ceiptorreroja\/wp-content\/uploads\/usu1673\/2020\/04\/Canvis-d\u2019unitats.png 800w\" sizes=\"auto, (max-width: 203px) 100vw, 203px\" \/><\/a><\/p>\n<p style=\"text-align: center;\"><a href=\"http:\/\/agora.xtec.cat\/ceiptorreroja\/adobe-flash-player\/\" target=\"_blank\" rel=\"noopener noreferrer\">(Necessari Adobe Flash Player)<\/a><\/p>\n<\/td>\n<td>\n<h2 style=\"text-align: center;\"><a href=\"http:\/\/www.educa.jcyl.es\/educacyl\/cm\/gallery\/Recursos%20Infinity\/aplicaciones\/14_unidadesMedida\/index.html\" target=\"_blank\" rel=\"noopener noreferrer\">Longitud, capacitat i massa<\/a><\/h2>\n<p><a href=\"http:\/\/www.educa.jcyl.es\/educacyl\/cm\/gallery\/Recursos%20Infinity\/aplicaciones\/14_unidadesMedida\/index.html\" target=\"_blank\" rel=\"noopener noreferrer\"><img loading=\"lazy\" decoding=\"async\" class=\"aligncenter wp-image-2138\" src=\"https:\/\/agora.xtec.cat\/ceiptorreroja\/wp-content\/uploads\/usu1673\/2020\/04\/Longitud-capacitat-i-massa-300x183.png\" alt=\"\" width=\"245\" height=\"150\" srcset=\"https:\/\/agora.xtec.cat\/ceiptorreroja\/wp-content\/uploads\/usu1673\/2020\/04\/Longitud-capacitat-i-massa-300x183.png 300w, https:\/\/agora.xtec.cat\/ceiptorreroja\/wp-content\/uploads\/usu1673\/2020\/04\/Longitud-capacitat-i-massa-768x469.png 768w, https:\/\/agora.xtec.cat\/ceiptorreroja\/wp-content\/uploads\/usu1673\/2020\/04\/Longitud-capacitat-i-massa.png 859w\" sizes=\"auto, (max-width: 245px) 100vw, 245px\" \/><\/a><\/td>\n<\/tr>\n<\/tbody>\n<\/table>\n<p>&nbsp;<\/p>\n<h4 id=\"CAPACITAT\">4.6.CAPACITAT<\/h4>\n<table style=\"width: 100%; height: 791px;\">\n<tbody>\n<tr style=\"height: 290px;\">\n<td style=\"width: 50%; height: 290px;\">\n<h2 style=\"text-align: center;\"><a href=\"https:\/\/www.matematicasonline.es\/anaya\/primaria\/primaria5\/ud09\/2\/02.htm\" target=\"_blank\" rel=\"noopener noreferrer\">Canvis d\u2019unitats<\/a><\/h2>\n<p><a href=\"https:\/\/www.matematicasonline.es\/anaya\/primaria\/primaria5\/ud09\/2\/02.htm\" target=\"_blank\" rel=\"noopener noreferrer\"><img loading=\"lazy\" decoding=\"async\" class=\"aligncenter wp-image-2143\" src=\"https:\/\/agora.xtec.cat\/ceiptorreroja\/wp-content\/uploads\/usu1673\/2020\/04\/Canvis-d\u2019unitats-300x222.png\" alt=\"\" width=\"203\" height=\"150\" srcset=\"https:\/\/agora.xtec.cat\/ceiptorreroja\/wp-content\/uploads\/usu1673\/2020\/04\/Canvis-d\u2019unitats-300x222.png 300w, https:\/\/agora.xtec.cat\/ceiptorreroja\/wp-content\/uploads\/usu1673\/2020\/04\/Canvis-d\u2019unitats-768x567.png 768w, https:\/\/agora.xtec.cat\/ceiptorreroja\/wp-content\/uploads\/usu1673\/2020\/04\/Canvis-d\u2019unitats.png 800w\" sizes=\"auto, (max-width: 203px) 100vw, 203px\" \/><\/a><\/p>\n<p style=\"text-align: center;\"><a href=\"http:\/\/agora.xtec.cat\/ceiptorreroja\/adobe-flash-player\/\" target=\"_blank\" rel=\"noopener noreferrer\">(Necessari Adobe Flash Player)<\/a><\/p>\n<\/td>\n<td style=\"width: 50%; height: 290px;\">\n<h2 style=\"text-align: center;\"><a href=\"https:\/\/www.matematicasonline.es\/tanque\/r_medidas\/e_litro\/capacidad_ep.html\" target=\"_blank\" rel=\"noopener noreferrer\">Relacions entre les unitats de capacitat<\/a><\/h2>\n<p><a href=\"https:\/\/www.matematicasonline.es\/tanque\/r_medidas\/e_litro\/capacidad_ep.html\" target=\"_blank\" rel=\"noopener noreferrer\"><img loading=\"lazy\" decoding=\"async\" class=\"aligncenter wp-image-2144\" src=\"https:\/\/agora.xtec.cat\/ceiptorreroja\/wp-content\/uploads\/usu1673\/2020\/04\/Relacions-entre-les-unitats-de-capacitat-300x226.png\" alt=\"\" width=\"199\" height=\"150\" srcset=\"https:\/\/agora.xtec.cat\/ceiptorreroja\/wp-content\/uploads\/usu1673\/2020\/04\/Relacions-entre-les-unitats-de-capacitat-300x226.png 300w, https:\/\/agora.xtec.cat\/ceiptorreroja\/wp-content\/uploads\/usu1673\/2020\/04\/Relacions-entre-les-unitats-de-capacitat-768x578.png 768w, https:\/\/agora.xtec.cat\/ceiptorreroja\/wp-content\/uploads\/usu1673\/2020\/04\/Relacions-entre-les-unitats-de-capacitat-1024x771.png 1024w, https:\/\/agora.xtec.cat\/ceiptorreroja\/wp-content\/uploads\/usu1673\/2020\/04\/Relacions-entre-les-unitats-de-capacitat-200x150.png 200w, https:\/\/agora.xtec.cat\/ceiptorreroja\/wp-content\/uploads\/usu1673\/2020\/04\/Relacions-entre-les-unitats-de-capacitat.png 1434w\" sizes=\"auto, (max-width: 199px) 100vw, 199px\" \/><\/a><\/p>\n<p style=\"text-align: center;\"><a href=\"http:\/\/agora.xtec.cat\/ceiptorreroja\/adobe-flash-player\/\" target=\"_blank\" rel=\"noopener noreferrer\">(Necessari Adobe Flash Player)<\/a><\/p>\n<\/td>\n<\/tr>\n<tr style=\"height: 31px;\">\n<td style=\"height: 251px;\">\n<h2 style=\"text-align: center;\"><a href=\"https:\/\/www.matematicasonline.es\/tanque\/medidas\/capacidad\/capacidad_p.html\" target=\"_blank\" rel=\"noopener noreferrer\">Practicar amb les unitats de capacitat<\/a><\/h2>\n<p><a href=\"https:\/\/www.matematicasonline.es\/tanque\/medidas\/capacidad\/capacidad_p.html\" target=\"_blank\" rel=\"noopener noreferrer\"><img loading=\"lazy\" decoding=\"async\" class=\"aligncenter wp-image-2145\" src=\"https:\/\/agora.xtec.cat\/ceiptorreroja\/wp-content\/uploads\/usu1673\/2020\/04\/Practicar-amb-les-unitats-de-capacitat-300x167.png\" alt=\"\" width=\"270\" height=\"150\" srcset=\"https:\/\/agora.xtec.cat\/ceiptorreroja\/wp-content\/uploads\/usu1673\/2020\/04\/Practicar-amb-les-unitats-de-capacitat-300x167.png 300w, https:\/\/agora.xtec.cat\/ceiptorreroja\/wp-content\/uploads\/usu1673\/2020\/04\/Practicar-amb-les-unitats-de-capacitat-768x427.png 768w, https:\/\/agora.xtec.cat\/ceiptorreroja\/wp-content\/uploads\/usu1673\/2020\/04\/Practicar-amb-les-unitats-de-capacitat-1024x569.png 1024w, https:\/\/agora.xtec.cat\/ceiptorreroja\/wp-content\/uploads\/usu1673\/2020\/04\/Practicar-amb-les-unitats-de-capacitat.png 1824w\" sizes=\"auto, (max-width: 270px) 100vw, 270px\" \/><\/a><\/p>\n<p style=\"text-align: center;\"><a href=\"http:\/\/agora.xtec.cat\/ceiptorreroja\/adobe-flash-player\/\" target=\"_blank\" rel=\"noopener noreferrer\">(Necessari Adobe Flash Player)<\/a><\/p>\n<\/td>\n<td style=\"height: 251px;\">\n<h2 style=\"text-align: center;\"><a href=\"http:\/\/repositorio.educa.jccm.es\/portal\/odes\/matematicas\/la_capacidad\/index.html\" target=\"_blank\" rel=\"noopener noreferrer\">Capacitat<\/a><\/h2>\n<p><a href=\"http:\/\/repositorio.educa.jccm.es\/portal\/odes\/matematicas\/la_capacidad\/index.html\" target=\"_blank\" rel=\"noopener noreferrer\"><img loading=\"lazy\" decoding=\"async\" class=\"aligncenter wp-image-2146\" src=\"https:\/\/agora.xtec.cat\/ceiptorreroja\/wp-content\/uploads\/usu1673\/2020\/04\/Capacitat-300x221.png\" alt=\"\" width=\"203\" height=\"150\" srcset=\"https:\/\/agora.xtec.cat\/ceiptorreroja\/wp-content\/uploads\/usu1673\/2020\/04\/Capacitat-300x221.png 300w, https:\/\/agora.xtec.cat\/ceiptorreroja\/wp-content\/uploads\/usu1673\/2020\/04\/Capacitat-768x566.png 768w, https:\/\/agora.xtec.cat\/ceiptorreroja\/wp-content\/uploads\/usu1673\/2020\/04\/Capacitat-1024x755.png 1024w, https:\/\/agora.xtec.cat\/ceiptorreroja\/wp-content\/uploads\/usu1673\/2020\/04\/Capacitat.png 1452w\" sizes=\"auto, (max-width: 203px) 100vw, 203px\" \/><\/a><\/p>\n<p style=\"text-align: center;\"><a href=\"http:\/\/agora.xtec.cat\/ceiptorreroja\/adobe-flash-player\/\" target=\"_blank\" rel=\"noopener noreferrer\">(Necessari Adobe Flash Player)<\/a><\/p>\n<\/td>\n<\/tr>\n<tr style=\"height: 250px;\">\n<td style=\"height: 250px;\">\n<h2 style=\"text-align: center;\"><a href=\"http:\/\/www.educa.jcyl.es\/educacyl\/cm\/gallery\/Recursos%20Infinity\/aplicaciones\/14_unidadesMedida\/index.html\" target=\"_blank\" rel=\"noopener noreferrer\">Longitud, capacitat i massa<\/a><\/h2>\n<p><a href=\"http:\/\/www.educa.jcyl.es\/educacyl\/cm\/gallery\/Recursos%20Infinity\/aplicaciones\/14_unidadesMedida\/index.html\" target=\"_blank\" rel=\"noopener noreferrer\"><img loading=\"lazy\" decoding=\"async\" class=\"aligncenter wp-image-2138\" src=\"https:\/\/agora.xtec.cat\/ceiptorreroja\/wp-content\/uploads\/usu1673\/2020\/04\/Longitud-capacitat-i-massa-300x183.png\" alt=\"\" width=\"245\" height=\"150\" srcset=\"https:\/\/agora.xtec.cat\/ceiptorreroja\/wp-content\/uploads\/usu1673\/2020\/04\/Longitud-capacitat-i-massa-300x183.png 300w, https:\/\/agora.xtec.cat\/ceiptorreroja\/wp-content\/uploads\/usu1673\/2020\/04\/Longitud-capacitat-i-massa-768x469.png 768w, https:\/\/agora.xtec.cat\/ceiptorreroja\/wp-content\/uploads\/usu1673\/2020\/04\/Longitud-capacitat-i-massa.png 859w\" sizes=\"auto, (max-width: 245px) 100vw, 245px\" \/><\/a><\/td>\n<td style=\"height: 250px;\">\n<h2 style=\"text-align: center;\"><\/h2>\n<\/td>\n<\/tr>\n<\/tbody>\n<\/table>\n<p>&nbsp;<\/p>\n<h4 id=\"SUPERF\u00cdCIE\">4.7.SUPERF\u00cdCIE<\/h4>\n<table style=\"width: 100%; height: 83px;\">\n<tbody>\n<tr style=\"height: 83px;\">\n<td style=\"width: 50%; height: 83px;\">\n<h2 style=\"text-align: center;\"><a href=\"https:\/\/www.matematicasonline.es\/Isftic\/superficie\/menu.html\" target=\"_blank\" rel=\"noopener noreferrer\">Calcular la superficie de figures planes<\/a><\/h2>\n<p><a href=\"https:\/\/www.matematicasonline.es\/Isftic\/superficie\/menu.html\" target=\"_blank\" rel=\"noopener noreferrer\"><img loading=\"lazy\" decoding=\"async\" class=\"aligncenter wp-image-2148\" src=\"https:\/\/agora.xtec.cat\/ceiptorreroja\/wp-content\/uploads\/usu1673\/2020\/04\/Calcular-la-superficie-de-figures-planes-300x156.png\" alt=\"\" width=\"289\" height=\"150\" srcset=\"https:\/\/agora.xtec.cat\/ceiptorreroja\/wp-content\/uploads\/usu1673\/2020\/04\/Calcular-la-superficie-de-figures-planes-300x156.png 300w, https:\/\/agora.xtec.cat\/ceiptorreroja\/wp-content\/uploads\/usu1673\/2020\/04\/Calcular-la-superficie-de-figures-planes-768x399.png 768w, https:\/\/agora.xtec.cat\/ceiptorreroja\/wp-content\/uploads\/usu1673\/2020\/04\/Calcular-la-superficie-de-figures-planes-1024x532.png 1024w, https:\/\/agora.xtec.cat\/ceiptorreroja\/wp-content\/uploads\/usu1673\/2020\/04\/Calcular-la-superficie-de-figures-planes.png 1860w\" sizes=\"auto, (max-width: 289px) 100vw, 289px\" \/><\/a><\/p>\n<p style=\"text-align: center;\"><a href=\"http:\/\/agora.xtec.cat\/ceiptorreroja\/adobe-flash-player\/\" target=\"_blank\" rel=\"noopener noreferrer\">(Necessari Adobe Flash Player)<\/a><\/p>\n<\/td>\n<td style=\"width: 50%; height: 83px;\">\n<h2 style=\"text-align: center;\"><a href=\"http:\/\/www.juntadeandalucia.es\/averroes\/centros-tic\/41009470\/helvia\/aula\/archivos\/repositorio\/0\/205\/html\/datos\/05_rdi\/ud13\/1\/01.htm\" target=\"_blank\" rel=\"noopener noreferrer\">Calcular la superficie de figures planes<\/a><\/h2>\n<p><a href=\"http:\/\/www.juntadeandalucia.es\/averroes\/centros-tic\/41009470\/helvia\/aula\/archivos\/repositorio\/0\/205\/html\/datos\/05_rdi\/ud13\/1\/01.htm\" target=\"_blank\" rel=\"noopener noreferrer\"><img loading=\"lazy\" decoding=\"async\" class=\"aligncenter wp-image-2149\" src=\"https:\/\/agora.xtec.cat\/ceiptorreroja\/wp-content\/uploads\/usu1673\/2020\/04\/Calcular-la-superficie-de-figures-planes2-300x222.png\" alt=\"\" width=\"203\" height=\"150\" srcset=\"https:\/\/agora.xtec.cat\/ceiptorreroja\/wp-content\/uploads\/usu1673\/2020\/04\/Calcular-la-superficie-de-figures-planes2-300x222.png 300w, https:\/\/agora.xtec.cat\/ceiptorreroja\/wp-content\/uploads\/usu1673\/2020\/04\/Calcular-la-superficie-de-figures-planes2-768x568.png 768w, https:\/\/agora.xtec.cat\/ceiptorreroja\/wp-content\/uploads\/usu1673\/2020\/04\/Calcular-la-superficie-de-figures-planes2.png 801w\" sizes=\"auto, (max-width: 203px) 100vw, 203px\" \/><\/a><\/p>\n<p style=\"text-align: center;\"><a href=\"http:\/\/agora.xtec.cat\/ceiptorreroja\/adobe-flash-player\/\" target=\"_blank\" rel=\"noopener noreferrer\">(Necessari Adobe Flash Player)<\/a><\/p>\n<\/td>\n<\/tr>\n<\/tbody>\n<\/table>\n<p>&nbsp;<\/p>\n<h4 id=\"VOLUM\"><span style=\"font-family: inherit; font-size: 1em;\">4.8.VOLUM<\/span><\/h4>\n<table style=\"width: 100%;\">\n<tbody>\n<tr>\n<td style=\"width: 50%;\">\n<h2 style=\"text-align: center;\"><a href=\"http:\/\/ntic.educacion.es\/w3\/recursos\/primaria\/matematicas\/volumen\/menu.html\" target=\"_blank\" rel=\"noopener noreferrer\">Practicar amb el volum<\/a><\/h2>\n<p><a href=\"http:\/\/ntic.educacion.es\/w3\/recursos\/primaria\/matematicas\/volumen\/menu.html\" target=\"_blank\" rel=\"noopener noreferrer\"><img loading=\"lazy\" decoding=\"async\" class=\"aligncenter wp-image-2150\" src=\"https:\/\/agora.xtec.cat\/ceiptorreroja\/wp-content\/uploads\/usu1673\/2020\/04\/Volum-300x219.png\" alt=\"\" width=\"205\" height=\"150\" srcset=\"https:\/\/agora.xtec.cat\/ceiptorreroja\/wp-content\/uploads\/usu1673\/2020\/04\/Volum-300x219.png 300w, https:\/\/agora.xtec.cat\/ceiptorreroja\/wp-content\/uploads\/usu1673\/2020\/04\/Volum-768x561.png 768w, https:\/\/agora.xtec.cat\/ceiptorreroja\/wp-content\/uploads\/usu1673\/2020\/04\/Volum-1024x748.png 1024w, https:\/\/agora.xtec.cat\/ceiptorreroja\/wp-content\/uploads\/usu1673\/2020\/04\/Volum.png 1449w\" sizes=\"auto, (max-width: 205px) 100vw, 205px\" \/><\/a><\/p>\n<p style=\"text-align: center;\"><a href=\"http:\/\/agora.xtec.cat\/ceiptorreroja\/adobe-flash-player\/\" target=\"_blank\" rel=\"noopener noreferrer\">(Necessari Adobe Flash Player)<\/a><\/p>\n<\/td>\n<td style=\"width: 50%;\">\n<h2 style=\"text-align: center;\"><\/h2>\n<\/td>\n<\/tr>\n<\/tbody>\n<\/table>\n<p>&nbsp;<\/p>\n<h2 id=\"ESTAD\u00cdSTICA-I-ATZAR\"><strong>5.ESTAD\u00cdSTICA I ATZAR<\/strong><\/h2>\n<h4 id=\"MITJANA-ARITM\u00c8TICA,-MEDIANA-I-MODA\">5.1.MITJANA ARITM\u00c8TICA, MEDIANA I MODA<\/h4>\n<table style=\"width: 100%; height: 251px;\">\n<tbody>\n<tr style=\"height: 251px;\">\n<td style=\"width: 50%; height: 251px;\">\n<h2 style=\"text-align: center;\"><a href=\"https:\/\/www.matematicasonline.es\/anaya\/primaria\/primaria5\/ud15\/2\/02.htm\" target=\"_blank\" rel=\"noopener noreferrer\">Calcular la mitjana aritm\u00e8tica<\/a><\/h2>\n<p style=\"text-align: center;\"><a href=\"https:\/\/www.matematicasonline.es\/anaya\/primaria\/primaria5\/ud15\/2\/02.htm\" target=\"_blank\" rel=\"noopener noreferrer\"><img loading=\"lazy\" decoding=\"async\" class=\"aligncenter wp-image-1947\" src=\"https:\/\/agora.xtec.cat\/ceiptorreroja\/wp-content\/uploads\/usu1673\/2020\/04\/Calcular-la-mitjana-aritm\u00e8tica-300x222.png\" alt=\"\" width=\"203\" height=\"150\" srcset=\"https:\/\/agora.xtec.cat\/ceiptorreroja\/wp-content\/uploads\/usu1673\/2020\/04\/Calcular-la-mitjana-aritm\u00e8tica-300x222.png 300w, https:\/\/agora.xtec.cat\/ceiptorreroja\/wp-content\/uploads\/usu1673\/2020\/04\/Calcular-la-mitjana-aritm\u00e8tica-768x567.png 768w, https:\/\/agora.xtec.cat\/ceiptorreroja\/wp-content\/uploads\/usu1673\/2020\/04\/Calcular-la-mitjana-aritm\u00e8tica.png 800w\" sizes=\"auto, (max-width: 203px) 100vw, 203px\" \/><\/a><\/p>\n<p style=\"text-align: center;\"><a href=\"http:\/\/agora.xtec.cat\/ceiptorreroja\/adobe-flash-player\/\" target=\"_blank\" rel=\"noopener noreferrer\">(Necessari Adobe Flash Player)<\/a><\/p>\n<\/td>\n<td style=\"width: 50%; height: 251px;\">\n<h2 style=\"text-align: center;\"><\/h2>\n<\/td>\n<\/tr>\n<\/tbody>\n<\/table>\n<p>&nbsp;<\/p>\n<h4 id=\"PROBABILITAT\">5.2.PROBABILITAT<\/h4>\n<table style=\"width: 100%;\">\n<tbody>\n<tr>\n<td style=\"width: 50%;\">\n<h2 style=\"text-align: center;\"><a href=\"https:\/\/es.ixl.com\/math\/5-primaria\/comprender-la-probabilidad\" target=\"_blank\" rel=\"noopener noreferrer\">Entendre la probabilitat<\/a><\/h2>\n<p><a href=\"https:\/\/es.ixl.com\/math\/5-primaria\/comprender-la-probabilidad\" target=\"_blank\" rel=\"noopener noreferrer\"><img loading=\"lazy\" decoding=\"async\" class=\"aligncenter wp-image-1951\" src=\"https:\/\/agora.xtec.cat\/ceiptorreroja\/wp-content\/uploads\/usu1673\/2020\/04\/Entendre-la-probabilitat-300x169.png\" alt=\"\" width=\"267\" height=\"150\" srcset=\"https:\/\/agora.xtec.cat\/ceiptorreroja\/wp-content\/uploads\/usu1673\/2020\/04\/Entendre-la-probabilitat-300x169.png 300w, https:\/\/agora.xtec.cat\/ceiptorreroja\/wp-content\/uploads\/usu1673\/2020\/04\/Entendre-la-probabilitat-768x432.png 768w, https:\/\/agora.xtec.cat\/ceiptorreroja\/wp-content\/uploads\/usu1673\/2020\/04\/Entendre-la-probabilitat-1024x575.png 1024w, https:\/\/agora.xtec.cat\/ceiptorreroja\/wp-content\/uploads\/usu1673\/2020\/04\/Entendre-la-probabilitat.png 1920w\" sizes=\"auto, (max-width: 267px) 100vw, 267px\" \/><\/a><\/td>\n<td style=\"width: 50%;\">\n<h2 style=\"text-align: center;\"><a href=\"https:\/\/es.ixl.com\/math\/5-primaria\/hallar-la-probabilidad-de-un-suceso\" target=\"_blank\" rel=\"noopener noreferrer\">Trobar la probabilitat d\u2019un succ\u00e9s<\/a><\/h2>\n<p style=\"text-align: center;\"><a href=\"https:\/\/es.ixl.com\/math\/5-primaria\/hallar-la-probabilidad-de-un-suceso\" target=\"_blank\" rel=\"noopener noreferrer\"><img loading=\"lazy\" decoding=\"async\" class=\"aligncenter wp-image-1952\" src=\"https:\/\/agora.xtec.cat\/ceiptorreroja\/wp-content\/uploads\/usu1673\/2020\/04\/Trobar-la-probabilitat-d\u2019un-succ\u00e9s-300x169.png\" alt=\"\" width=\"267\" height=\"150\" srcset=\"https:\/\/agora.xtec.cat\/ceiptorreroja\/wp-content\/uploads\/usu1673\/2020\/04\/Trobar-la-probabilitat-d\u2019un-succ\u00e9s-300x169.png 300w, https:\/\/agora.xtec.cat\/ceiptorreroja\/wp-content\/uploads\/usu1673\/2020\/04\/Trobar-la-probabilitat-d\u2019un-succ\u00e9s-768x432.png 768w, https:\/\/agora.xtec.cat\/ceiptorreroja\/wp-content\/uploads\/usu1673\/2020\/04\/Trobar-la-probabilitat-d\u2019un-succ\u00e9s-1024x575.png 1024w, https:\/\/agora.xtec.cat\/ceiptorreroja\/wp-content\/uploads\/usu1673\/2020\/04\/Trobar-la-probabilitat-d\u2019un-succ\u00e9s.png 1920w\" sizes=\"auto, (max-width: 267px) 100vw, 267px\" \/><\/a><\/p>\n<\/td>\n<\/tr>\n<tr>\n<td>\n<h2 style=\"text-align: center;\"><a href=\"https:\/\/clic.xtec.cat\/projects\/probable\/jclic.js\/index.html\" target=\"_blank\" rel=\"noopener noreferrer\">Probabilitat<\/a><\/h2>\n<p style=\"text-align: center;\"><a href=\"https:\/\/clic.xtec.cat\/projects\/probable\/jclic.js\/index.html\" target=\"_blank\" rel=\"noopener noreferrer\"><img loading=\"lazy\" decoding=\"async\" class=\"aligncenter wp-image-1953\" src=\"https:\/\/agora.xtec.cat\/ceiptorreroja\/wp-content\/uploads\/usu1673\/2020\/04\/Probabilitat-300x169.png\" alt=\"\" width=\"267\" height=\"150\" srcset=\"https:\/\/agora.xtec.cat\/ceiptorreroja\/wp-content\/uploads\/usu1673\/2020\/04\/Probabilitat-300x169.png 300w, https:\/\/agora.xtec.cat\/ceiptorreroja\/wp-content\/uploads\/usu1673\/2020\/04\/Probabilitat-768x432.png 768w, https:\/\/agora.xtec.cat\/ceiptorreroja\/wp-content\/uploads\/usu1673\/2020\/04\/Probabilitat-1024x575.png 1024w, https:\/\/agora.xtec.cat\/ceiptorreroja\/wp-content\/uploads\/usu1673\/2020\/04\/Probabilitat.png 1920w\" sizes=\"auto, (max-width: 267px) 100vw, 267px\" \/><\/a><\/p>\n<\/td>\n<td>\n<h2 style=\"text-align: center;\"><\/h2>\n<\/td>\n<\/tr>\n<\/tbody>\n<\/table>\n<p>&nbsp;<\/p>\n<h4 id=\"PERCENTATGES\">5.3.PERCENTATGES<\/h4>\n<table style=\"width: 100%;\">\n<tbody>\n<tr>\n<td style=\"width: 50%;\">\n<h2 style=\"text-align: center;\"><a href=\"https:\/\/clic.xtec.cat\/projects\/propiper\/jclic.js\/index.html\" target=\"_blank\" rel=\"noopener noreferrer\">Proporcionalitat i percentatges<\/a><\/h2>\n<h2 style=\"text-align: center;\"><a href=\"https:\/\/clic.xtec.cat\/projects\/propiper\/jclic.js\/index.html\" target=\"_blank\" rel=\"noopener noreferrer\"><img loading=\"lazy\" decoding=\"async\" class=\"aligncenter wp-image-1954\" src=\"https:\/\/agora.xtec.cat\/ceiptorreroja\/wp-content\/uploads\/usu1673\/2020\/04\/Proporcionalitat-i-percentatges-300x169.png\" alt=\"\" width=\"267\" height=\"150\" srcset=\"https:\/\/agora.xtec.cat\/ceiptorreroja\/wp-content\/uploads\/usu1673\/2020\/04\/Proporcionalitat-i-percentatges-300x169.png 300w, https:\/\/agora.xtec.cat\/ceiptorreroja\/wp-content\/uploads\/usu1673\/2020\/04\/Proporcionalitat-i-percentatges-768x432.png 768w, https:\/\/agora.xtec.cat\/ceiptorreroja\/wp-content\/uploads\/usu1673\/2020\/04\/Proporcionalitat-i-percentatges-1024x575.png 1024w, https:\/\/agora.xtec.cat\/ceiptorreroja\/wp-content\/uploads\/usu1673\/2020\/04\/Proporcionalitat-i-percentatges.png 1920w\" sizes=\"auto, (max-width: 267px) 100vw, 267px\" \/><\/a><\/h2>\n<\/td>\n<td style=\"width: 50%;\">\n<h2 style=\"text-align: center;\"><\/h2>\n<\/td>\n<\/tr>\n<\/tbody>\n<\/table>\n<p>&nbsp;<\/p>\n<h4 id=\"REPRESENTACI\u00d3-I-AN\u00c0LISI-DE-DADES\">5.4.REPRESENTACI\u00d3 I AN\u00c0LISI DE DADES<\/h4>\n<table style=\"width: 100%; height: 418px;\">\n<tbody>\n<tr style=\"height: 335px;\">\n<td style=\"width: 50%; height: 335px;\">\n<h2 style=\"text-align: center;\"><a href=\"https:\/\/www.matematicasonline.es\/anaya\/primaria\/primaria5\/ud15\/1\/01.htm\" target=\"_blank\" rel=\"noopener noreferrer\">Representaci\u00f3 de dades en diagrames de barres i gr\u00e0fics de sectors<\/a><\/h2>\n<p style=\"text-align: center;\"><a href=\"https:\/\/www.matematicasonline.es\/anaya\/primaria\/primaria5\/ud15\/1\/01.htm\" target=\"_blank\" rel=\"noopener noreferrer\"><img loading=\"lazy\" decoding=\"async\" class=\"aligncenter wp-image-1955\" src=\"https:\/\/agora.xtec.cat\/ceiptorreroja\/wp-content\/uploads\/usu1673\/2020\/04\/Representaci\u00f3-de-dades-en-diagrames-de-barres-i-gr\u00e0fics-de-sectors-300x222.png\" alt=\"\" width=\"203\" height=\"150\" srcset=\"https:\/\/agora.xtec.cat\/ceiptorreroja\/wp-content\/uploads\/usu1673\/2020\/04\/Representaci\u00f3-de-dades-en-diagrames-de-barres-i-gr\u00e0fics-de-sectors-300x222.png 300w, https:\/\/agora.xtec.cat\/ceiptorreroja\/wp-content\/uploads\/usu1673\/2020\/04\/Representaci\u00f3-de-dades-en-diagrames-de-barres-i-gr\u00e0fics-de-sectors-768x567.png 768w, https:\/\/agora.xtec.cat\/ceiptorreroja\/wp-content\/uploads\/usu1673\/2020\/04\/Representaci\u00f3-de-dades-en-diagrames-de-barres-i-gr\u00e0fics-de-sectors.png 800w\" sizes=\"auto, (max-width: 203px) 100vw, 203px\" \/><\/a><\/p>\n<p style=\"text-align: center;\"><a href=\"http:\/\/agora.xtec.cat\/ceiptorreroja\/adobe-flash-player\/\" target=\"_blank\" rel=\"noopener noreferrer\">(Necessari Adobe Flash Player)<\/a><\/p>\n<\/td>\n<td style=\"width: 50%; height: 335px;\">\n<h2 style=\"text-align: center;\"><a href=\"http:\/\/www.educa3d.com\/ud\/est-fre\/story_html5.html\" target=\"_blank\" rel=\"noopener noreferrer\">Taules de freq\u00fc\u00e8ncies<\/a><\/h2>\n<h2 style=\"text-align: center;\"><a href=\"http:\/\/www.educa3d.com\/ud\/est-fre\/story_html5.html\" target=\"_blank\" rel=\"noopener noreferrer\"><img loading=\"lazy\" decoding=\"async\" class=\"aligncenter wp-image-1956\" src=\"https:\/\/agora.xtec.cat\/ceiptorreroja\/wp-content\/uploads\/usu1673\/2020\/04\/Taules-de-freq\u00fc\u00e8ncies-300x169.png\" alt=\"\" width=\"267\" height=\"150\" srcset=\"https:\/\/agora.xtec.cat\/ceiptorreroja\/wp-content\/uploads\/usu1673\/2020\/04\/Taules-de-freq\u00fc\u00e8ncies-300x169.png 300w, https:\/\/agora.xtec.cat\/ceiptorreroja\/wp-content\/uploads\/usu1673\/2020\/04\/Taules-de-freq\u00fc\u00e8ncies-768x432.png 768w, https:\/\/agora.xtec.cat\/ceiptorreroja\/wp-content\/uploads\/usu1673\/2020\/04\/Taules-de-freq\u00fc\u00e8ncies-1024x576.png 1024w, https:\/\/agora.xtec.cat\/ceiptorreroja\/wp-content\/uploads\/usu1673\/2020\/04\/Taules-de-freq\u00fc\u00e8ncies.png 1845w\" sizes=\"auto, (max-width: 267px) 100vw, 267px\" \/><\/a><\/h2>\n<\/td>\n<\/tr>\n<tr style=\"height: 31px;\">\n<td style=\"height: 83px;\">\n<h2 style=\"text-align: center;\"><a href=\"http:\/\/www.educa3d.com\/ud\/est-gra\/story_html5.html\" target=\"_blank\" rel=\"noopener noreferrer\">Gr\u00e0fics estad\u00edstics<\/a><\/h2>\n<h2 style=\"text-align: center;\"><a href=\"http:\/\/www.educa3d.com\/ud\/est-gra\/story_html5.html\" target=\"_blank\" rel=\"noopener noreferrer\"><img loading=\"lazy\" decoding=\"async\" class=\"aligncenter wp-image-1957\" src=\"https:\/\/agora.xtec.cat\/ceiptorreroja\/wp-content\/uploads\/usu1673\/2020\/04\/Gr\u00e0fics-estad\u00edstics-300x169.png\" alt=\"\" width=\"267\" height=\"150\" srcset=\"https:\/\/agora.xtec.cat\/ceiptorreroja\/wp-content\/uploads\/usu1673\/2020\/04\/Gr\u00e0fics-estad\u00edstics-300x169.png 300w, https:\/\/agora.xtec.cat\/ceiptorreroja\/wp-content\/uploads\/usu1673\/2020\/04\/Gr\u00e0fics-estad\u00edstics-768x432.png 768w, https:\/\/agora.xtec.cat\/ceiptorreroja\/wp-content\/uploads\/usu1673\/2020\/04\/Gr\u00e0fics-estad\u00edstics-1024x576.png 1024w, https:\/\/agora.xtec.cat\/ceiptorreroja\/wp-content\/uploads\/usu1673\/2020\/04\/Gr\u00e0fics-estad\u00edstics.png 1845w\" sizes=\"auto, (max-width: 267px) 100vw, 267px\" \/><\/a><\/h2>\n<\/td>\n<td style=\"height: 83px;\">\n<h2 style=\"text-align: center;\"><a href=\"https:\/\/www.matematicasonline.es\/flash\/grafica_temperatura.html\" target=\"_blank\" rel=\"noopener noreferrer\">Gr\u00e0fics (temperatures)<\/a><\/h2>\n<p style=\"text-align: center;\"><a href=\"https:\/\/www.matematicasonline.es\/flash\/grafica_temperatura.html\" target=\"_blank\" rel=\"noopener noreferrer\"><img loading=\"lazy\" decoding=\"async\" class=\"aligncenter wp-image-1958\" src=\"https:\/\/agora.xtec.cat\/ceiptorreroja\/wp-content\/uploads\/usu1673\/2020\/04\/Gr\u00e0fics-temperatures-300x169.png\" alt=\"\" width=\"267\" height=\"150\" srcset=\"https:\/\/agora.xtec.cat\/ceiptorreroja\/wp-content\/uploads\/usu1673\/2020\/04\/Gr\u00e0fics-temperatures-300x169.png 300w, https:\/\/agora.xtec.cat\/ceiptorreroja\/wp-content\/uploads\/usu1673\/2020\/04\/Gr\u00e0fics-temperatures-768x432.png 768w, https:\/\/agora.xtec.cat\/ceiptorreroja\/wp-content\/uploads\/usu1673\/2020\/04\/Gr\u00e0fics-temperatures-1024x576.png 1024w, https:\/\/agora.xtec.cat\/ceiptorreroja\/wp-content\/uploads\/usu1673\/2020\/04\/Gr\u00e0fics-temperatures.png 1030w\" sizes=\"auto, (max-width: 267px) 100vw, 267px\" \/><\/a><\/p>\n<p style=\"text-align: center;\"><a href=\"http:\/\/agora.xtec.cat\/ceiptorreroja\/adobe-flash-player\/\" target=\"_blank\" rel=\"noopener noreferrer\">(Necessari Adobe Flash Player)<\/a><\/p>\n<\/td>\n<\/tr>\n<\/tbody>\n<\/table>\n<p>&nbsp;<\/p>\n","protected":false},"excerpt":{"rendered":"<p><a href=\"..\"><\/a><\/p>\n<ol>\n<li><a href=\"#NUMERACI\u00d3-I-C\u00c0LCUL\">NUMERACI\u00d3 I C\u00c0LCUL<\/a>\n<ol>\n<li><a href=\"#N\u00daMEROS-NATURALS\">N\u00daMEROS NATURALS<\/a><\/li>\n<li><a href=\"#N\u00daMEROS-DECIMALS\">N\u00daMEROS DECIMALS<\/a><\/li>\n<li><a href=\"#M\u00daLTIPLES-I-DIVISORS\">M\u00daLTIPLES I DIVISORS<\/a><\/li>\n<li><a href=\"#JERARQUIA-D\u2019OPERACIONS\">JERARQUIA D\u2019OPERACIONS<\/a><\/li>\n<li><a href=\"#N\u00daMEROS-ROMANS\">N\u00daMEROS ROMANS<\/a><\/li>\n<li><a href=\"#FRACCIONS\">FRACCIONS<\/a><\/li>\n<li><a href=\"#NOMBRES-ENTERS\">NOMBRES ENTERS (positius i negatius)<\/a><\/li>\n<li><a href=\"#POT\u00c8NCIES\">POT\u00c8NCIES<\/a><\/li>\n<li><a href=\"#C\u00c0LCUL-MENTAL\">C\u00c0LCUL MENTAL<\/a><\/li>\n<\/ol>\n<\/li>\n<li><a href=\"#RELACIONS-I-CANVI\">RELACIONS I CANVI<\/a>\n<ol>\n<li><a href=\"#S\u00c8RIES-I-PATRONS\">S\u00c8RIES I PATRONS<\/a><\/li>\n<li><a href=\"#RAONAMENT-L\u00d2GIC\">RAONAMENT L\u00d2GIC<\/a><\/li>\n<li><a href=\"#PROBLEMES\">PROBLEMES<\/a><\/li>\n<\/ol>\n<\/li>\n<li><a href=\"#ESPAI-I-FORMA\">ESPAI I FORMA<\/a>\n<ol>\n<li><a href=\"#RECTES-I-ANGLES\">RECTES I ANGLES<\/a><\/li>\n<li><a href=\"#FIGURES-PLANES\">FIGURES PLANES<\/a><\/li>\n<li><a href=\"#COSSOS-GEOM\u00c8TRICS\">COSSOS GEOM\u00c8TRICS<\/a><\/li>\n<li><a href=\"#PL\u00c0NOLS-I-COORDENADES\">PL\u00c0NOLS&hellip;  <a href=\"https:\/\/agora.xtec.cat\/ceiptorreroja\/el-rebost\/matematiques\/matematiques-cs\/\" title=\"Read Matem\u00e0tiques &#8211; CS\">Llegeix m\u00e9s\u00bb<\/a><br \/>\n","protected":false},"author":1,"featured_media":0,"parent":1519,"menu_order":4,"comment_status":"closed","ping_status":"closed","template":"page-templates\/side-menu.php","meta":{"_bbp_topic_count":0,"_bbp_reply_count":0,"_bbp_total_topic_count":0,"_bbp_total_reply_count":0,"_bbp_voice_count":0,"_bbp_anonymous_reply_count":0,"_bbp_topic_count_hidden":0,"_bbp_reply_count_hidden":0,"_bbp_forum_subforum_count":0,"footnotes":""},"class_list":["post-1930","page","type-page","status-publish","hentry"],"post_mailing_queue_ids":[],"_links":{"self":[{"href":"https:\/\/agora.xtec.cat\/ceiptorreroja\/wp-json\/wp\/v2\/pages\/1930","targetHints":{"allow":["GET"]}}],"collection":[{"href":"https:\/\/agora.xtec.cat\/ceiptorreroja\/wp-json\/wp\/v2\/pages"}],"about":[{"href":"https:\/\/agora.xtec.cat\/ceiptorreroja\/wp-json\/wp\/v2\/types\/page"}],"author":[{"embeddable":true,"href":"https:\/\/agora.xtec.cat\/ceiptorreroja\/wp-json\/wp\/v2\/users\/1"}],"replies":[{"embeddable":true,"href":"https:\/\/agora.xtec.cat\/ceiptorreroja\/wp-json\/wp\/v2\/comments?post=1930"}],"version-history":[{"count":3,"href":"https:\/\/agora.xtec.cat\/ceiptorreroja\/wp-json\/wp\/v2\/pages\/1930\/revisions"}],"predecessor-version":[{"id":2602,"href":"https:\/\/agora.xtec.cat\/ceiptorreroja\/wp-json\/wp\/v2\/pages\/1930\/revisions\/2602"}],"up":[{"embeddable":true,"href":"https:\/\/agora.xtec.cat\/ceiptorreroja\/wp-json\/wp\/v2\/pages\/1519"}],"wp:attachment":[{"href":"https:\/\/agora.xtec.cat\/ceiptorreroja\/wp-json\/wp\/v2\/media?parent=1930"}],"curies":[{"name":"wp","href":"https:\/\/api.w.org\/{rel}","templated":true}]}}